{"id":67681,"date":"2026-04-28T13:00:06","date_gmt":"2026-04-28T11:00:06","guid":{"rendered":"https:\/\/buo.de\/bau\/karriere\/job\/bim-planer-architekt-m-w-d-im-seriellen-holz-hybrid-bau\/"},"modified":"2026-04-28T13:00:06","modified_gmt":"2026-04-28T11:00:06","slug":"bim-planer-architekt-m-w-d-im-seriellen-holz-hybrid-bau","status":"publish","type":"job","link":"https:\/\/buo.de\/bau\/karriere\/job\/bim-planer-architekt-m-w-d-im-seriellen-holz-hybrid-bau\/","title":{"rendered":"BIM &#8211; Planer\/ Architekt (m\/w\/d) im seriellen Holz-Hybrid-Bau"},"content":{"rendered":"<p><strong>B&amp;O Bau \u2013 Wir denken Bauen neu.<\/strong><\/p>\n<p>Als Generalunternehmer gestalten wir deutschlandweit bezahlbaren Wohnraum \u2013 durch Sanierung, Modernisierung, Aufstockung und Neubau. Mit Holz- und Hybridbauweise aus eigener Produktion setzen wir auf nachhaltige L\u00f6sungen. In unserem Forschungszentrum in Bad Aibling entwickeln wir innovative Baukonzepte, die Klimaschutz, Wirtschaftlichkeit und soziale Verantwortung vereinen. Mit \u00fcber 900 Mitarbeitenden gestalten wir ein dynamisches Unternehmen im Wandel \u2013 mit einer klaren Vision: Bauen radikal neu denken \u2013 nachhaltig, effizient, bezahlbar.<\/p>\n<p>Suchen Sie eine neue Herausforderung in der zukunftsorientierten Architektur-Planung? F\u00fcr unseren Standort in <strong>Hamburg<\/strong> suchen wir einen erfahrenen&nbsp;<strong>BIM-Planer\/ Architekt (m\/w\/d)<\/strong>. Als Teil des Projektteams erstellen Sie pr\u00e4zise Projektpl\u00e4ne und tragen zur Sicherstellung der BIM-Methodik unseres Unternehmens bei.<\/p>\n<p><b>Das erwartet Sie<\/b><\/p>\n<ul>\n<li>Mitwirkung am architektonischen Entwurfsprozess bis zur <strong>Ausf\u00fchrungsplanung (Lph&nbsp;1-5)<\/strong> auf Grundlage des von Ihnen in <strong>Revit<\/strong> modellierten und attribuierten&nbsp;<strong>BIM-Modells<\/strong>.<\/li>\n<li>Sicherstellung der&nbsp;<strong>Einhaltung&nbsp;<\/strong>aller&nbsp;<strong>baurechtlichen&nbsp;<\/strong>Vorschriften und Normen sowie Koordination<strong>&nbsp;<\/strong>mit den entsprechenden&nbsp;<strong>Beh\u00f6rden<\/strong><\/li>\n<li>Integration und Koordination der<strong> Fachmodelle<\/strong><\/li>\n<li>Enge <strong>Zusammenarbeit&nbsp;<\/strong>und Abstimmung mit anderen&nbsp;<strong>Fachdisziplinen <\/strong>unter Einhaltung des abgestimmten<strong> &nbsp;BIM-Workflows<\/strong><\/li>\n<\/ul>\n<p><b>Das bringen Sie mit<\/b><\/p>\n<ul>\n<li>Abgeschlossenes<strong> Studium in Architektur<\/strong>, <strong>Bauingenieurwesen<\/strong> oder Abschluss als<strong> Bauzeichner (m\/w\/d) <\/strong>mit Spezialisierung auf<strong> BIM-Konstruktion in Revit<\/strong><\/li>\n<li>Mehrj\u00e4hrige&nbsp;<strong>Berufserfahrung&nbsp;<\/strong>in der&nbsp;<strong>Planung (Lph 1-5 HOAI)<\/strong><\/li>\n<li>Sicherer Umgang mit <strong>BIM-spezifischen<\/strong> CAD-Programmen, insbesondere <strong>Autodesk Revit<\/strong><\/li>\n<li>Ausgepr\u00e4gtes&nbsp;<strong>analytisches Denkverm\u00f6gen<\/strong> und <strong>ergebnisorientiere<\/strong> Arbeitsweise<\/li>\n<li>Gute Kommunikationsf\u00e4higkeiten und <strong>Teamgeist<\/strong><\/li>\n<\/ul>\n<p><b>Das bieten wir Ihnen<\/b><\/p>\n<p><span>\ud83d\udd12<\/span><strong>&nbsp;Sicherer Arbeitsplatz &#8211;&nbsp;<\/strong>langfristige Perspektive in einem wachsenden Unternehmen<br \/><span>\u2696<\/span>&nbsp;<strong>Work-Life-Balance<\/strong> &#8211; Gleitzeit \/ M\u00f6glichkeit des mobilen Arbeiten \/ 30 Tage Urlaub<br \/><span>\ud83d\udcda<\/span>&nbsp;<strong>Zukunft gestalten<\/strong> &#8211; durch Fort- und Weiterbildungsm\u00f6glichkeiten und praxisnahe Inhouse-Seminare<br \/><span>\ud83e\udd1d<\/span>&nbsp;<strong>Teamspirit&nbsp;<\/strong>&#8211; Unterst\u00fctzendes und offenes Miteinander &amp; regelm\u00e4\u00dfige Teamevents<br \/><span>\ud83d\udc68\u200d\ud83d\udc69\u200d\ud83d\udc67<\/span> <strong>Zuschuss zur Kinderbetreuung<\/strong> bis zum Schulalter<br \/><span>\ud83c\udf81<\/span>&nbsp;<strong>Attraktive Mitarbeiterbenefits<\/strong> &#8211; JobRad, Mitarbeiterrabatte, Wellpass, Sonderkonditionen im B&amp;O Parkhotel<\/p>\n<p><strong>Sie finden sich hier wieder und wollen mit uns in eine gemeinsame und nachhaltige Zukunft starten?<\/strong><br \/>Dann bewerben Sie sich jetzt.<\/p>\n<p>Weitere Informationen erhalten Sie unter:&nbsp;<a target=\"_blank\" rel=\"nofollow\" href=\"https:\/\/buo.de\/bau\/karriere\/?utm_source=stellenanzeige&amp;utm_medium=referral&amp;utm_campaign=bauingenieur%2Farchitektalsprojektleiter&amp;utm_id=Bauingenieur%2FArchitekt+als+Projektleiter\">www.buo.de\/bau\/karriere<\/a><\/p>\n","protected":false},"featured_media":0,"template":"","class_list":["post-67681","job","type-job","status-publish","hentry"],"acf":[],"yoast_head":"<!-- This site is optimized with the Yoast SEO plugin v27.1.1 - https:\/\/yoast.com\/product\/yoast-seo-wordpress\/ -->\n<title>BIM - Planer\/ Architekt (m\/w\/d) im seriellen Holz-Hybrid-Bau - B&amp;O Bau<\/title>\n<meta name=\"robots\" content=\"index, follow, max-snippet:-1, max-image-preview:large, max-video-preview:-1\" \/>\n<link rel=\"canonical\" href=\"https:\/\/buo.de\/bau\/karriere\/job\/bim-planer-architekt-m-w-d-im-seriellen-holz-hybrid-bau\/\" \/>\n<meta property=\"og:locale\" content=\"de_DE\" \/>\n<meta property=\"og:type\" content=\"article\" \/>\n<meta property=\"og:title\" content=\"BIM - Planer\/ Architekt (m\/w\/d) im seriellen Holz-Hybrid-Bau - B&amp;O Bau\" \/>\n<meta property=\"og:description\" content=\"B&amp;O Bau \u2013 Wir denken Bauen neu. Als Generalunternehmer gestalten wir deutschlandweit bezahlbaren Wohnraum \u2013 durch Sanierung, Modernisierung, Aufstockung und Neubau. Mit Holz- und Hybridbauweise aus eigener Produktion setzen wir auf nachhaltige L\u00f6sungen. In unserem Forschungszentrum in Bad Aibling entwickeln wir innovative Baukonzepte, die Klimaschutz, Wirtschaftlichkeit und soziale Verantwortung vereinen. Mit \u00fcber 900 Mitarbeitenden gestalten...\" \/>\n<meta property=\"og:url\" content=\"https:\/\/buo.de\/bau\/karriere\/job\/bim-planer-architekt-m-w-d-im-seriellen-holz-hybrid-bau\/\" \/>\n<meta property=\"og:site_name\" content=\"B&amp;O Bau\" \/>\n<meta property=\"article:publisher\" content=\"https:\/\/www.youtube.com\/@BuOBau\" \/>\n<meta property=\"og:image\" content=\"https:\/\/buo.de\/bau\/wp-content\/uploads\/sites\/2\/2025\/07\/Holz_8_Bad_Aibling-1-1024x576.png\" \/>\n\t<meta property=\"og:image:width\" content=\"1024\" \/>\n\t<meta property=\"og:image:height\" content=\"576\" \/>\n\t<meta property=\"og:image:type\" content=\"image\/png\" \/>\n<meta name=\"twitter:card\" content=\"summary_large_image\" \/>\n<meta name=\"twitter:label1\" content=\"Gesch\u00e4tzte Lesezeit\" \/>\n\t<meta name=\"twitter:data1\" content=\"2\u00a0Minuten\" \/>\n<script type=\"application\/ld+json\" class=\"yoast-schema-graph\">{\"@context\":\"https:\/\/schema.org\",\"@graph\":[{\"@type\":\"WebPage\",\"@id\":\"https:\/\/buo.de\/bau\/karriere\/job\/bim-planer-architekt-m-w-d-im-seriellen-holz-hybrid-bau\/\",\"url\":\"https:\/\/buo.de\/bau\/karriere\/job\/bim-planer-architekt-m-w-d-im-seriellen-holz-hybrid-bau\/\",\"name\":\"BIM - Planer\/ Architekt (m\/w\/d) im seriellen Holz-Hybrid-Bau - B&O Bau\",\"isPartOf\":{\"@id\":\"https:\/\/buo.de\/bau\/#website\"},\"datePublished\":\"2026-04-28T11:00:06+00:00\",\"breadcrumb\":{\"@id\":\"https:\/\/buo.de\/bau\/karriere\/job\/bim-planer-architekt-m-w-d-im-seriellen-holz-hybrid-bau\/#breadcrumb\"},\"inLanguage\":\"de\",\"potentialAction\":[{\"@type\":\"ReadAction\",\"target\":[\"https:\/\/buo.de\/bau\/karriere\/job\/bim-planer-architekt-m-w-d-im-seriellen-holz-hybrid-bau\/\"]}]},{\"@type\":\"BreadcrumbList\",\"@id\":\"https:\/\/buo.de\/bau\/karriere\/job\/bim-planer-architekt-m-w-d-im-seriellen-holz-hybrid-bau\/#breadcrumb\",\"itemListElement\":[{\"@type\":\"ListItem\",\"position\":1,\"name\":\"Start\",\"item\":\"https:\/\/buo.de\/bau\/\"},{\"@type\":\"ListItem\",\"position\":2,\"name\":\"BIM &#8211; Planer\/ Architekt (m\/w\/d) im seriellen Holz-Hybrid-Bau\"}]},{\"@type\":\"WebSite\",\"@id\":\"https:\/\/buo.de\/bau\/#website\",\"url\":\"https:\/\/buo.de\/bau\/\",\"name\":\"B&O Bau\",\"description\":\"Das Pilotprojekt\u202fumfasst eine dreigeschossige Nachverdichtung ohne Fl\u00e4chenversiegelung, gepaart mit einer f\u00fcnfgeschossigen seriellen Fassadensanierung im bewohnten Zustand.\u00a0\",\"publisher\":{\"@id\":\"https:\/\/buo.de\/bau\/#organization\"},\"potentialAction\":[{\"@type\":\"SearchAction\",\"target\":{\"@type\":\"EntryPoint\",\"urlTemplate\":\"https:\/\/buo.de\/bau\/?s={search_term_string}\"},\"query-input\":{\"@type\":\"PropertyValueSpecification\",\"valueRequired\":true,\"valueName\":\"search_term_string\"}}],\"inLanguage\":\"de\"},{\"@type\":\"Organization\",\"@id\":\"https:\/\/buo.de\/bau\/#organization\",\"name\":\"B&O Bau GmbH\",\"url\":\"https:\/\/buo.de\/bau\/\",\"logo\":{\"@type\":\"ImageObject\",\"inLanguage\":\"de\",\"@id\":\"https:\/\/buo.de\/bau\/#\/schema\/logo\/image\/\",\"url\":\"https:\/\/buo.de\/bau\/wp-content\/uploads\/sites\/2\/2026\/03\/Logo_BO_Bau_RGB-1.png\",\"contentUrl\":\"https:\/\/buo.de\/bau\/wp-content\/uploads\/sites\/2\/2026\/03\/Logo_BO_Bau_RGB-1.png\",\"width\":1095,\"height\":827,\"caption\":\"B&O Bau GmbH\"},\"image\":{\"@id\":\"https:\/\/buo.de\/bau\/#\/schema\/logo\/image\/\"},\"sameAs\":[\"https:\/\/www.youtube.com\/@BuOBau\",\"https:\/\/www.linkedin.com\/company\/18550887\/\"]}]}<\/script>\n<!-- \/ Yoast SEO plugin. -->","yoast_head_json":{"title":"BIM - Planer\/ Architekt (m\/w\/d) im seriellen Holz-Hybrid-Bau - B&O Bau","robots":{"index":"index","follow":"follow","max-snippet":"max-snippet:-1","max-image-preview":"max-image-preview:large","max-video-preview":"max-video-preview:-1"},"canonical":"https:\/\/buo.de\/bau\/karriere\/job\/bim-planer-architekt-m-w-d-im-seriellen-holz-hybrid-bau\/","og_locale":"de_DE","og_type":"article","og_title":"BIM - Planer\/ Architekt (m\/w\/d) im seriellen Holz-Hybrid-Bau - B&O Bau","og_description":"B&amp;O Bau \u2013 Wir denken Bauen neu. Als Generalunternehmer gestalten wir deutschlandweit bezahlbaren Wohnraum \u2013 durch Sanierung, Modernisierung, Aufstockung und Neubau. Mit Holz- und Hybridbauweise aus eigener Produktion setzen wir auf nachhaltige L\u00f6sungen. In unserem Forschungszentrum in Bad Aibling entwickeln wir innovative Baukonzepte, die Klimaschutz, Wirtschaftlichkeit und soziale Verantwortung vereinen. Mit \u00fcber 900 Mitarbeitenden gestalten...","og_url":"https:\/\/buo.de\/bau\/karriere\/job\/bim-planer-architekt-m-w-d-im-seriellen-holz-hybrid-bau\/","og_site_name":"B&O Bau","article_publisher":"https:\/\/www.youtube.com\/@BuOBau","og_image":[{"width":1024,"height":576,"url":"https:\/\/buo.de\/bau\/wp-content\/uploads\/sites\/2\/2025\/07\/Holz_8_Bad_Aibling-1-1024x576.png","type":"image\/png"}],"twitter_card":"summary_large_image","twitter_misc":{"Gesch\u00e4tzte Lesezeit":"2\u00a0Minuten"},"schema":{"@context":"https:\/\/schema.org","@graph":[{"@type":"WebPage","@id":"https:\/\/buo.de\/bau\/karriere\/job\/bim-planer-architekt-m-w-d-im-seriellen-holz-hybrid-bau\/","url":"https:\/\/buo.de\/bau\/karriere\/job\/bim-planer-architekt-m-w-d-im-seriellen-holz-hybrid-bau\/","name":"BIM - Planer\/ Architekt (m\/w\/d) im seriellen Holz-Hybrid-Bau - B&O Bau","isPartOf":{"@id":"https:\/\/buo.de\/bau\/#website"},"datePublished":"2026-04-28T11:00:06+00:00","breadcrumb":{"@id":"https:\/\/buo.de\/bau\/karriere\/job\/bim-planer-architekt-m-w-d-im-seriellen-holz-hybrid-bau\/#breadcrumb"},"inLanguage":"de","potentialAction":[{"@type":"ReadAction","target":["https:\/\/buo.de\/bau\/karriere\/job\/bim-planer-architekt-m-w-d-im-seriellen-holz-hybrid-bau\/"]}]},{"@type":"BreadcrumbList","@id":"https:\/\/buo.de\/bau\/karriere\/job\/bim-planer-architekt-m-w-d-im-seriellen-holz-hybrid-bau\/#breadcrumb","itemListElement":[{"@type":"ListItem","position":1,"name":"Start","item":"https:\/\/buo.de\/bau\/"},{"@type":"ListItem","position":2,"name":"BIM &#8211; Planer\/ Architekt (m\/w\/d) im seriellen Holz-Hybrid-Bau"}]},{"@type":"WebSite","@id":"https:\/\/buo.de\/bau\/#website","url":"https:\/\/buo.de\/bau\/","name":"B&O Bau","description":"Das Pilotprojekt\u202fumfasst eine dreigeschossige Nachverdichtung ohne Fl\u00e4chenversiegelung, gepaart mit einer f\u00fcnfgeschossigen seriellen Fassadensanierung im bewohnten Zustand.\u00a0","publisher":{"@id":"https:\/\/buo.de\/bau\/#organization"},"potentialAction":[{"@type":"SearchAction","target":{"@type":"EntryPoint","urlTemplate":"https:\/\/buo.de\/bau\/?s={search_term_string}"},"query-input":{"@type":"PropertyValueSpecification","valueRequired":true,"valueName":"search_term_string"}}],"inLanguage":"de"},{"@type":"Organization","@id":"https:\/\/buo.de\/bau\/#organization","name":"B&O Bau GmbH","url":"https:\/\/buo.de\/bau\/","logo":{"@type":"ImageObject","inLanguage":"de","@id":"https:\/\/buo.de\/bau\/#\/schema\/logo\/image\/","url":"https:\/\/buo.de\/bau\/wp-content\/uploads\/sites\/2\/2026\/03\/Logo_BO_Bau_RGB-1.png","contentUrl":"https:\/\/buo.de\/bau\/wp-content\/uploads\/sites\/2\/2026\/03\/Logo_BO_Bau_RGB-1.png","width":1095,"height":827,"caption":"B&O Bau GmbH"},"image":{"@id":"https:\/\/buo.de\/bau\/#\/schema\/logo\/image\/"},"sameAs":["https:\/\/www.youtube.com\/@BuOBau","https:\/\/www.linkedin.com\/company\/18550887\/"]}]}},"_links":{"self":[{"href":"https:\/\/buo.de\/bau\/wp-json\/wp\/v2\/job\/67681","targetHints":{"allow":["GET"]}}],"collection":[{"href":"https:\/\/buo.de\/bau\/wp-json\/wp\/v2\/job"}],"about":[{"href":"https:\/\/buo.de\/bau\/wp-json\/wp\/v2\/types\/job"}],"wp:attachment":[{"href":"https:\/\/buo.de\/bau\/wp-json\/wp\/v2\/media?parent=67681"}],"curies":[{"name":"wp","href":"https:\/\/api.w.org\/{rel}","templated":true}]}}