{"id":67792,"date":"2026-04-29T13:00:08","date_gmt":"2026-04-29T11:00:08","guid":{"rendered":"https:\/\/buo.de\/bau\/karriere\/job\/polier-holzbau-m-w-d\/"},"modified":"2026-04-29T13:00:08","modified_gmt":"2026-04-29T11:00:08","slug":"polier-holzbau-m-w-d","status":"publish","type":"job","link":"https:\/\/buo.de\/bau\/karriere\/job\/polier-holzbau-m-w-d\/","title":{"rendered":"Polier Holzbau (m\/w\/d)"},"content":{"rendered":"<p class=\"MsoNormal\"><strong><span style=\"font-size: 12.0pt;color: #241d4c\">B&amp;O Bau \u2013 Wir denken Bauen neu.<\/span><\/strong><\/p>\n<p class=\"MsoNormal\"><span style=\"font-size: 12.0pt;color: #241d4c\">Als Generalunternehmer gestalten wir deutschlandweit bezahlbaren Wohnraum \u2013 durch Sanierung, Modernisierung, Aufstockung und Neubau. Mit Holz- und Hybridbauweise aus eigener Produktion setzen wir auf nachhaltige L\u00f6sungen. In unserem Forschungszentrum in Bad Aibling entwickeln wir innovative Baukonzepte, die Klimaschutz, Wirtschaftlichkeit und soziale Verantwortung vereinen. Mit \u00fcber 900 Mitarbeitenden gestalten wir ein dynamisches Unternehmen im Wandel \u2013 mit einer klaren Vision:<\/span> <span style=\"font-size: 12.0pt;color: #241d4c\">Bauen radikal neu denken \u2013 nachhaltig, effizient, bezahlbar.<\/span><\/p>\n<p class=\"MsoNormal\"><span style=\"font-size: 12.0pt;color: #241d4c\">Im Raum Berlin suchen wir einen erfahrenen<\/span> <strong><span style=\"font-size: 12.0pt;color: #241d4c\">Polier im Holzbau \/ Holzbaupolier (m\/w\/d)<\/span><\/strong> <span style=\"font-size: 12.0pt;color: #241d4c\">f\u00fcr unsere Neubauprojekte.<\/span><\/p>\n<p><b>Das erwartet dich<\/b><\/p>\n<ul style=\"margin-top: 0cm\" type=\"disc\">\n<li class=\"MsoNormal\" style=\"color: #241d4c;background: white\"><strong><span style=\"font-size: 12.0pt\">Betreuung<\/span><\/strong><span style=\"font-size: 12.0pt\"> und Organisation unserer Neubauprojekte<\/span><\/li>\n<li class=\"MsoNormal\" style=\"color: #241d4c;background: white\"><span style=\"font-size: 12.0pt\">F\u00fchrung, Koordination und Anleitung interner und externer Montageteams<\/span><\/li>\n<li class=\"MsoNormal\" style=\"color: #241d4c;background: white\"><span style=\"font-size: 12.0pt\">\u00dcberwachung der Bauausf\u00fchrung hinsichtlich&nbsp;Qualit\u00e4t, Termine&nbsp;und&nbsp;<strong>Arbeitssicherheit<\/strong><\/span><\/li>\n<li class=\"MsoNormal\" style=\"color: #241d4c;background: white\"><span style=\"font-size: 12.0pt\">Sicherstellung der Einhaltung von <strong>Baupl\u00e4nen<\/strong>, Leistungsverzeichnissen und <strong>technischen Vorschriften<\/strong><\/span><\/li>\n<li class=\"MsoNormal\" style=\"color: #241d4c;background: white\"><strong><span style=\"font-size: 12.0pt\">Zusammenarbeit<\/span><\/strong><span style=\"font-size: 12.0pt\"> mit Bauleitung, Nachunternehmern und anderen Projektbeteiligten<\/span><\/li>\n<li class=\"MsoNormal\" style=\"color: #241d4c;background: white\"><span style=\"font-size: 12.0pt\">Unterst\u00fctzung bei der <strong>Materialdisposition<\/strong> und Ger\u00e4teplanung gem\u00e4\u00df Bauablaufplan<\/span><\/li>\n<li class=\"MsoNormal\" style=\"color: #241d4c;background: white\"><span style=\"font-size: 12.0pt\">Erstellung von Baufortschrittsberichten und <strong>Bautagesberichten<\/strong><\/span><\/li>\n<\/ul>\n<p><b>Das bringst du mit<\/b><\/p>\n<ul style=\"margin-top: 0cm\" type=\"disc\">\n<li class=\"MsoNormal\" style=\"color: #241d4c;background: white\"><span style=\"font-size: 12.0pt\">Abgeschlossene Ausbildung im <strong>handwerklichen Bereich<\/strong> (z.\u202fB. Bautischler, Zimmerer)<\/span><\/li>\n<li class=\"MsoNormal\" style=\"color: #241d4c;background: white\"><span style=\"font-size: 12.0pt\">Idealerweise Weiterbildung zum gepr\u00fcften <strong>Polier \/ Werkpolier<\/strong> oder <strong>Meister\/Techniker<\/strong> (Hoch- oder Holzbau)<\/span><\/li>\n<li class=\"MsoNormal\" style=\"color: #241d4c;background: white\"><strong><span style=\"font-size: 12.0pt\">Mehrj\u00e4hrige Erfahrung <\/span><\/strong><span style=\"font-size: 12.0pt\">im Holzbau oder Hochbau, idealerweise im Wohnungsneubau<\/span><\/li>\n<li class=\"MsoNormal\" style=\"color: #241d4c;background: white\"><span style=\"font-size: 12.0pt\">Mehrj\u00e4hrige Erfahrung in Montagearbeiten, vorzugsweise im Holzbau\/Holzhybridbau oder Hochbau<\/span><\/li>\n<li class=\"MsoNormal\" style=\"color: #241d4c;background: white\"><span style=\"font-size: 12.0pt\">F\u00fchrungsst\u00e4rke, <strong>Organisationstalent<\/strong> und Verantwortungsbewusstsein<\/span><\/li>\n<li class=\"MsoNormal\" style=\"color: #241d4c;background: white\"><span style=\"font-size: 12.0pt\">Sichere Kenntnisse im Lesen von Pl\u00e4nen, <strong>Bauvorschriften und Arbeitssicherheit<\/strong><\/span><\/li>\n<li class=\"MsoNormal\" style=\"color: #241d4c;background: white\"><strong><span style=\"font-size: 12.0pt\">F\u00fchrerschein<\/span><\/strong><span style=\"font-size: 12.0pt\"> Klasse B<\/span><\/li>\n<\/ul>\n<p><b>Das bieten wir dir<\/b><\/p>\n<p>\ud83d\udd12<strong>&nbsp;Sicherer Arbeitsplatz \u2013&nbsp;<\/strong>langfristige Perspektive in einem wachsenden Unternehmen<br \/>\u2696\ufe0f&nbsp;<strong>Work-Life-Balance<\/strong>&nbsp;\u2013 30 Tage Urlaub&nbsp;<br \/>\ud83d\ude97&nbsp;<strong>Firmenwagen<\/strong>&nbsp;\u2013 auch zur privaten Nutzung<br \/>\ud83d\udcda&nbsp;<strong>Zukunft gestalten<\/strong>&nbsp;\u2013 Fort- und Weiterbildungsm\u00f6glichkeiten<br \/>\ud83e\udd1d&nbsp;<strong>Teamspirit&nbsp;<\/strong>\u2013 Unterst\u00fctzendes und offenes Miteinander &amp; regelm\u00e4\u00dfige Teamevents<br \/>\ud83c\udf81&nbsp;<strong>Attraktive Mitarbeiterbenefits<\/strong> \u2013 JobRad, Mitarbeiterrabatte, Wellpass, Sonderkonditionen im B&amp;O Parkhotel<\/p>\n<p><strong>Sie finden sich hier wieder und wollen mit uns in eine gemeinsame und nachhaltige Zukunft starten?<\/strong><br \/>Dann bewerben Sie sich jetzt.<\/p>\n<p>Weitere Informationen erhalten Sie unter:&nbsp;<a href=\"https:\/\/buo.de\/bau\/karriere\/?utm_source=stellenanzeige&amp;utm_medium=referral&amp;utm_campaign=holzbaupolier\" rel=\"nofollow\">www.buo.de\/bau\/karriere<\/a><\/p>\n","protected":false},"featured_media":0,"template":"","class_list":["post-67792","job","type-job","status-publish","hentry"],"acf":[],"yoast_head":"<!-- This site is optimized with the Yoast SEO plugin v27.1.1 - https:\/\/yoast.com\/product\/yoast-seo-wordpress\/ -->\n<title>Polier Holzbau (m\/w\/d) - B&amp;O Bau<\/title>\n<meta name=\"robots\" content=\"index, follow, max-snippet:-1, max-image-preview:large, max-video-preview:-1\" \/>\n<link rel=\"canonical\" href=\"https:\/\/buo.de\/bau\/karriere\/job\/polier-holzbau-m-w-d\/\" \/>\n<meta property=\"og:locale\" content=\"de_DE\" \/>\n<meta property=\"og:type\" content=\"article\" \/>\n<meta property=\"og:title\" content=\"Polier Holzbau (m\/w\/d) - B&amp;O Bau\" \/>\n<meta property=\"og:description\" content=\"B&amp;O Bau \u2013 Wir denken Bauen neu. Als Generalunternehmer gestalten wir deutschlandweit bezahlbaren Wohnraum \u2013 durch Sanierung, Modernisierung, Aufstockung und Neubau. Mit Holz- und Hybridbauweise aus eigener Produktion setzen wir auf nachhaltige L\u00f6sungen. In unserem Forschungszentrum in Bad Aibling entwickeln wir innovative Baukonzepte, die Klimaschutz, Wirtschaftlichkeit und soziale Verantwortung vereinen. Mit \u00fcber 900 Mitarbeitenden gestalten...\" \/>\n<meta property=\"og:url\" content=\"https:\/\/buo.de\/bau\/karriere\/job\/polier-holzbau-m-w-d\/\" \/>\n<meta property=\"og:site_name\" content=\"B&amp;O Bau\" \/>\n<meta property=\"article:publisher\" content=\"https:\/\/www.youtube.com\/@BuOBau\" \/>\n<meta property=\"og:image\" content=\"https:\/\/buo.de\/bau\/wp-content\/uploads\/sites\/2\/2025\/07\/Holz_8_Bad_Aibling-1-1024x576.png\" \/>\n\t<meta property=\"og:image:width\" content=\"1024\" \/>\n\t<meta property=\"og:image:height\" content=\"576\" \/>\n\t<meta property=\"og:image:type\" content=\"image\/png\" \/>\n<meta name=\"twitter:card\" content=\"summary_large_image\" \/>\n<meta name=\"twitter:label1\" content=\"Gesch\u00e4tzte Lesezeit\" \/>\n\t<meta name=\"twitter:data1\" content=\"2\u00a0Minuten\" \/>\n<script type=\"application\/ld+json\" class=\"yoast-schema-graph\">{\"@context\":\"https:\/\/schema.org\",\"@graph\":[{\"@type\":\"WebPage\",\"@id\":\"https:\/\/buo.de\/bau\/karriere\/job\/polier-holzbau-m-w-d\/\",\"url\":\"https:\/\/buo.de\/bau\/karriere\/job\/polier-holzbau-m-w-d\/\",\"name\":\"Polier Holzbau (m\/w\/d) - B&O Bau\",\"isPartOf\":{\"@id\":\"https:\/\/buo.de\/bau\/#website\"},\"datePublished\":\"2026-04-29T11:00:08+00:00\",\"breadcrumb\":{\"@id\":\"https:\/\/buo.de\/bau\/karriere\/job\/polier-holzbau-m-w-d\/#breadcrumb\"},\"inLanguage\":\"de\",\"potentialAction\":[{\"@type\":\"ReadAction\",\"target\":[\"https:\/\/buo.de\/bau\/karriere\/job\/polier-holzbau-m-w-d\/\"]}]},{\"@type\":\"BreadcrumbList\",\"@id\":\"https:\/\/buo.de\/bau\/karriere\/job\/polier-holzbau-m-w-d\/#breadcrumb\",\"itemListElement\":[{\"@type\":\"ListItem\",\"position\":1,\"name\":\"Start\",\"item\":\"https:\/\/buo.de\/bau\/\"},{\"@type\":\"ListItem\",\"position\":2,\"name\":\"Polier Holzbau (m\/w\/d)\"}]},{\"@type\":\"WebSite\",\"@id\":\"https:\/\/buo.de\/bau\/#website\",\"url\":\"https:\/\/buo.de\/bau\/\",\"name\":\"B&O Bau\",\"description\":\"Das Pilotprojekt\u202fumfasst eine dreigeschossige Nachverdichtung ohne Fl\u00e4chenversiegelung, gepaart mit einer f\u00fcnfgeschossigen seriellen Fassadensanierung im bewohnten Zustand.\u00a0\",\"publisher\":{\"@id\":\"https:\/\/buo.de\/bau\/#organization\"},\"potentialAction\":[{\"@type\":\"SearchAction\",\"target\":{\"@type\":\"EntryPoint\",\"urlTemplate\":\"https:\/\/buo.de\/bau\/?s={search_term_string}\"},\"query-input\":{\"@type\":\"PropertyValueSpecification\",\"valueRequired\":true,\"valueName\":\"search_term_string\"}}],\"inLanguage\":\"de\"},{\"@type\":\"Organization\",\"@id\":\"https:\/\/buo.de\/bau\/#organization\",\"name\":\"B&O Bau GmbH\",\"url\":\"https:\/\/buo.de\/bau\/\",\"logo\":{\"@type\":\"ImageObject\",\"inLanguage\":\"de\",\"@id\":\"https:\/\/buo.de\/bau\/#\/schema\/logo\/image\/\",\"url\":\"https:\/\/buo.de\/bau\/wp-content\/uploads\/sites\/2\/2026\/03\/Logo_BO_Bau_RGB-1.png\",\"contentUrl\":\"https:\/\/buo.de\/bau\/wp-content\/uploads\/sites\/2\/2026\/03\/Logo_BO_Bau_RGB-1.png\",\"width\":1095,\"height\":827,\"caption\":\"B&O Bau GmbH\"},\"image\":{\"@id\":\"https:\/\/buo.de\/bau\/#\/schema\/logo\/image\/\"},\"sameAs\":[\"https:\/\/www.youtube.com\/@BuOBau\",\"https:\/\/www.linkedin.com\/company\/18550887\/\"]}]}<\/script>\n<!-- \/ Yoast SEO plugin. -->","yoast_head_json":{"title":"Polier Holzbau (m\/w\/d) - B&O Bau","robots":{"index":"index","follow":"follow","max-snippet":"max-snippet:-1","max-image-preview":"max-image-preview:large","max-video-preview":"max-video-preview:-1"},"canonical":"https:\/\/buo.de\/bau\/karriere\/job\/polier-holzbau-m-w-d\/","og_locale":"de_DE","og_type":"article","og_title":"Polier Holzbau (m\/w\/d) - B&O Bau","og_description":"B&amp;O Bau \u2013 Wir denken Bauen neu. Als Generalunternehmer gestalten wir deutschlandweit bezahlbaren Wohnraum \u2013 durch Sanierung, Modernisierung, Aufstockung und Neubau. Mit Holz- und Hybridbauweise aus eigener Produktion setzen wir auf nachhaltige L\u00f6sungen. In unserem Forschungszentrum in Bad Aibling entwickeln wir innovative Baukonzepte, die Klimaschutz, Wirtschaftlichkeit und soziale Verantwortung vereinen. Mit \u00fcber 900 Mitarbeitenden gestalten...","og_url":"https:\/\/buo.de\/bau\/karriere\/job\/polier-holzbau-m-w-d\/","og_site_name":"B&O Bau","article_publisher":"https:\/\/www.youtube.com\/@BuOBau","og_image":[{"width":1024,"height":576,"url":"https:\/\/buo.de\/bau\/wp-content\/uploads\/sites\/2\/2025\/07\/Holz_8_Bad_Aibling-1-1024x576.png","type":"image\/png"}],"twitter_card":"summary_large_image","twitter_misc":{"Gesch\u00e4tzte Lesezeit":"2\u00a0Minuten"},"schema":{"@context":"https:\/\/schema.org","@graph":[{"@type":"WebPage","@id":"https:\/\/buo.de\/bau\/karriere\/job\/polier-holzbau-m-w-d\/","url":"https:\/\/buo.de\/bau\/karriere\/job\/polier-holzbau-m-w-d\/","name":"Polier Holzbau (m\/w\/d) - B&O Bau","isPartOf":{"@id":"https:\/\/buo.de\/bau\/#website"},"datePublished":"2026-04-29T11:00:08+00:00","breadcrumb":{"@id":"https:\/\/buo.de\/bau\/karriere\/job\/polier-holzbau-m-w-d\/#breadcrumb"},"inLanguage":"de","potentialAction":[{"@type":"ReadAction","target":["https:\/\/buo.de\/bau\/karriere\/job\/polier-holzbau-m-w-d\/"]}]},{"@type":"BreadcrumbList","@id":"https:\/\/buo.de\/bau\/karriere\/job\/polier-holzbau-m-w-d\/#breadcrumb","itemListElement":[{"@type":"ListItem","position":1,"name":"Start","item":"https:\/\/buo.de\/bau\/"},{"@type":"ListItem","position":2,"name":"Polier Holzbau (m\/w\/d)"}]},{"@type":"WebSite","@id":"https:\/\/buo.de\/bau\/#website","url":"https:\/\/buo.de\/bau\/","name":"B&O Bau","description":"Das Pilotprojekt\u202fumfasst eine dreigeschossige Nachverdichtung ohne Fl\u00e4chenversiegelung, gepaart mit einer f\u00fcnfgeschossigen seriellen Fassadensanierung im bewohnten Zustand.\u00a0","publisher":{"@id":"https:\/\/buo.de\/bau\/#organization"},"potentialAction":[{"@type":"SearchAction","target":{"@type":"EntryPoint","urlTemplate":"https:\/\/buo.de\/bau\/?s={search_term_string}"},"query-input":{"@type":"PropertyValueSpecification","valueRequired":true,"valueName":"search_term_string"}}],"inLanguage":"de"},{"@type":"Organization","@id":"https:\/\/buo.de\/bau\/#organization","name":"B&O Bau GmbH","url":"https:\/\/buo.de\/bau\/","logo":{"@type":"ImageObject","inLanguage":"de","@id":"https:\/\/buo.de\/bau\/#\/schema\/logo\/image\/","url":"https:\/\/buo.de\/bau\/wp-content\/uploads\/sites\/2\/2026\/03\/Logo_BO_Bau_RGB-1.png","contentUrl":"https:\/\/buo.de\/bau\/wp-content\/uploads\/sites\/2\/2026\/03\/Logo_BO_Bau_RGB-1.png","width":1095,"height":827,"caption":"B&O Bau GmbH"},"image":{"@id":"https:\/\/buo.de\/bau\/#\/schema\/logo\/image\/"},"sameAs":["https:\/\/www.youtube.com\/@BuOBau","https:\/\/www.linkedin.com\/company\/18550887\/"]}]}},"_links":{"self":[{"href":"https:\/\/buo.de\/bau\/wp-json\/wp\/v2\/job\/67792","targetHints":{"allow":["GET"]}}],"collection":[{"href":"https:\/\/buo.de\/bau\/wp-json\/wp\/v2\/job"}],"about":[{"href":"https:\/\/buo.de\/bau\/wp-json\/wp\/v2\/types\/job"}],"wp:attachment":[{"href":"https:\/\/buo.de\/bau\/wp-json\/wp\/v2\/media?parent=67792"}],"curies":[{"name":"wp","href":"https:\/\/api.w.org\/{rel}","templated":true}]}}