{"id":67817,"date":"2026-04-29T13:00:12","date_gmt":"2026-04-29T11:00:12","guid":{"rendered":"https:\/\/buo.de\/bau\/karriere\/job\/bauleiter-serielle-sanierung-m-w-d\/"},"modified":"2026-04-29T13:00:12","modified_gmt":"2026-04-29T11:00:12","slug":"bauleiter-serielle-sanierung-m-w-d","status":"publish","type":"job","link":"https:\/\/buo.de\/bau\/karriere\/job\/bauleiter-serielle-sanierung-m-w-d\/","title":{"rendered":"Bauleiter Serielle Sanierung (m\/w\/d)"},"content":{"rendered":"<p><strong>B&amp;O Bau \u2013 Wir denken Bauen neu.<\/strong><\/p>\n<p>Als Generalunternehmer gestalten wir deutschlandweit bezahlbaren Wohnraum \u2013 durch Sanierung, Modernisierung, Aufstockung und Neubau. Mit Holz- und Hybridbauweise aus eigener Produktion setzen wir auf nachhaltige L\u00f6sungen. In unserem Forschungszentrum in Bad Aibling entwickeln wir innovative Baukonzepte, die Klimaschutz, Wirtschaftlichkeit und soziale Verantwortung vereinen. Mit \u00fcber 900 Mitarbeitenden gestalten wir ein dynamisches Unternehmen im Wandel \u2013 mit einer klaren Vision: Bauen radikal neu denken \u2013 nachhaltig, effizient, bezahlbar.<\/p>\n<p>F\u00fcr unseren Standort&nbsp;<strong>Wolfsburg, Niedersachen<\/strong>&nbsp;suchen wir einen motivierten <strong>Bauleiter (m\/w\/d)<\/strong> f\u00fcr den Bereich<strong> serielle Sanierung.<\/strong><\/p>\n<p>&nbsp;<\/p>\n<p>&nbsp;<\/p>\n<p><b>Das erwartet Sie <\/b><\/p>\n<ul>\n<li>Verantwortung f\u00fcr die<strong>&nbsp;Bauleitung im Bereich Neubau und Sanierung<\/strong><\/li>\n<li><strong>Eigenst\u00e4ndige Kostenkontrolle&nbsp;<\/strong>und Erstellung von Abrechnungen<\/li>\n<li>Sicherstellung der&nbsp;<strong>Wirtschaftlichkeit und Effizienz&nbsp;<\/strong>von Bauprojekten<\/li>\n<li><strong>Terminplanung, \u00dcberwachung und Einhaltung<\/strong>&nbsp;der Bauzeitenpl\u00e4ne<\/li>\n<li>Koordination der Gewerke und reibungslose Zusammenarbeit aller am Bau beteiligten Partner<\/li>\n<li><strong>Technische Kl\u00e4rung<\/strong>&nbsp;sowie Vergabe und Steuerung von&nbsp;<strong>Nachunternehmerleistungen<\/strong><\/li>\n<li><strong>Leitung von Baubesprechungen&nbsp;<\/strong>mit allen Projektbeteiligten<\/li>\n<li><strong>Unterst\u00fctzung der Projektleitung<\/strong>&nbsp;in allen operativen und technischen Belangen<\/li>\n<\/ul>\n<p><b>Das bringen Sie mit<\/b><\/p>\n<ul>\n<li>Abgeschlossenes Studium im <strong>Bauingenieurwesen, Architektur&nbsp;<\/strong>oder eine vergleichbare technische Ausbildung (z.B.&nbsp;<strong>Bautechniker (m\/w\/d)<\/strong>&nbsp;oder&nbsp;<strong>Meister (m\/w\/d) im Bauhandwerk<\/strong><\/li>\n<li>Mehrj\u00e4hrige Berufserfahrung in&nbsp;<strong>Bauleitung&nbsp;<\/strong>im Bereich&nbsp;<strong>Wohnungsbau<\/strong>, insbesondere im&nbsp;<strong>Neubau<\/strong>&nbsp;und in der&nbsp;<strong>Sanierung<\/strong> bzw.<strong> serielle Fassadensanierung<\/strong><\/li>\n<li>Fundierte Kenntnisse in<strong>&nbsp;Baurecht, VOB, Bautechnik&nbsp;und&nbsp;Bauleitung<\/strong><\/li>\n<li>Sicherer Umgang mit&nbsp;<strong>Bausoftware&nbsp;<\/strong>(z.B.<strong>&nbsp;AVA, MS Project<\/strong>) und den g\u00e4ngigen MS-Office-Anwendungen<\/li>\n<li>Hohes Ma\u00df an&nbsp;<strong>Organisationstalent<\/strong>, <strong>Durchsetzungsf\u00e4higkeit&nbsp;<\/strong>und eine l\u00f6sungsorientierte Arbeitsweise<\/li>\n<li>F\u00fchrerschein der<strong> Klasse B<\/strong> erforderlich<\/li>\n<li><span>Sehr gute <strong>Deutschkenntnisse <\/strong>in Wort und Schrift (mindestens <strong>C1-Niveau<\/strong>)<\/span><\/li>\n<\/ul>\n<p><b>Das bieten wir Ihnen<\/b><\/p>\n<p>\ud83d\udd12<strong>&nbsp;Sicherer Arbeitsplatz &#8211;&nbsp;<\/strong>langfristige Perspektive in einem wachsenden Unternehmen<br \/>\u2696\ufe0f&nbsp;<strong>Work-Life-Balance<\/strong>&nbsp;&#8211; 30 Tage Urlaub&nbsp;<br \/>\ud83d\ude97&nbsp;<strong>Firmenwagen<\/strong>&nbsp;&#8211; auch zur privaten Nutzung<br \/>\ud83d\udcda&nbsp;<strong>Zukunft gestalten<\/strong>&nbsp;&#8211; Fort- und Weiterbildungsm\u00f6glichkeiten<br \/>\ud83e\udd1d&nbsp;<strong>Teamspirit&nbsp;<\/strong>&#8211; Unterst\u00fctzendes und offenes Miteinander &amp; regelm\u00e4\u00dfige Teamevents<br \/>\ud83c\udf81&nbsp;<strong>Attraktive Mitarbeiterbenefits<\/strong> &#8211; <span>JobRad, Mitarbeiterrabatte, Wellpass, Sonderkonditionen im B&amp;O Parkhotel<\/span><\/p>\n<p><strong>Sie finden sich hier wieder und wollen mit uns in eine gemeinsame und nachhaltige Zukunft starten?<\/strong><br \/>Dann bewerben Sie sich jetzt.<\/p>\n<p>Weitere Informationen erhalten Sie unter: <a href=\"https:\/\/buo.de\/bau\/karriere\/?utm_source=Stellenanzeige&amp;utm_medium=referral&amp;utm_campaign=bauleiterseriellesanierung&amp;utm_id=Bauleiter+Serielle+Sanierung\" rel=\"nofollow\">https:\/\/buo.de\/bau\/karriere<\/a><\/p>\n","protected":false},"featured_media":0,"template":"","class_list":["post-67817","job","type-job","status-publish","hentry"],"acf":[],"yoast_head":"<!-- This site is optimized with the Yoast SEO plugin v27.1.1 - https:\/\/yoast.com\/product\/yoast-seo-wordpress\/ -->\n<title>Bauleiter Serielle Sanierung (m\/w\/d) - B&amp;O Bau<\/title>\n<meta name=\"robots\" content=\"index, follow, max-snippet:-1, max-image-preview:large, max-video-preview:-1\" \/>\n<link rel=\"canonical\" href=\"https:\/\/buo.de\/bau\/karriere\/job\/bauleiter-serielle-sanierung-m-w-d\/\" \/>\n<meta property=\"og:locale\" content=\"de_DE\" \/>\n<meta property=\"og:type\" content=\"article\" \/>\n<meta property=\"og:title\" content=\"Bauleiter Serielle Sanierung (m\/w\/d) - B&amp;O Bau\" \/>\n<meta property=\"og:description\" content=\"B&amp;O Bau \u2013 Wir denken Bauen neu. Als Generalunternehmer gestalten wir deutschlandweit bezahlbaren Wohnraum \u2013 durch Sanierung, Modernisierung, Aufstockung und Neubau. Mit Holz- und Hybridbauweise aus eigener Produktion setzen wir auf nachhaltige L\u00f6sungen. In unserem Forschungszentrum in Bad Aibling entwickeln wir innovative Baukonzepte, die Klimaschutz, Wirtschaftlichkeit und soziale Verantwortung vereinen. Mit \u00fcber 900 Mitarbeitenden gestalten...\" \/>\n<meta property=\"og:url\" content=\"https:\/\/buo.de\/bau\/karriere\/job\/bauleiter-serielle-sanierung-m-w-d\/\" \/>\n<meta property=\"og:site_name\" content=\"B&amp;O Bau\" \/>\n<meta property=\"article:publisher\" content=\"https:\/\/www.youtube.com\/@BuOBau\" \/>\n<meta property=\"og:image\" content=\"https:\/\/buo.de\/bau\/wp-content\/uploads\/sites\/2\/2025\/07\/Holz_8_Bad_Aibling-1-1024x576.png\" \/>\n\t<meta property=\"og:image:width\" content=\"1024\" \/>\n\t<meta property=\"og:image:height\" content=\"576\" \/>\n\t<meta property=\"og:image:type\" content=\"image\/png\" \/>\n<meta name=\"twitter:card\" content=\"summary_large_image\" \/>\n<meta name=\"twitter:label1\" content=\"Gesch\u00e4tzte Lesezeit\" \/>\n\t<meta name=\"twitter:data1\" content=\"2\u00a0Minuten\" \/>\n<script type=\"application\/ld+json\" class=\"yoast-schema-graph\">{\"@context\":\"https:\/\/schema.org\",\"@graph\":[{\"@type\":\"WebPage\",\"@id\":\"https:\/\/buo.de\/bau\/karriere\/job\/bauleiter-serielle-sanierung-m-w-d\/\",\"url\":\"https:\/\/buo.de\/bau\/karriere\/job\/bauleiter-serielle-sanierung-m-w-d\/\",\"name\":\"Bauleiter Serielle Sanierung (m\/w\/d) - B&O Bau\",\"isPartOf\":{\"@id\":\"https:\/\/buo.de\/bau\/#website\"},\"datePublished\":\"2026-04-29T11:00:12+00:00\",\"breadcrumb\":{\"@id\":\"https:\/\/buo.de\/bau\/karriere\/job\/bauleiter-serielle-sanierung-m-w-d\/#breadcrumb\"},\"inLanguage\":\"de\",\"potentialAction\":[{\"@type\":\"ReadAction\",\"target\":[\"https:\/\/buo.de\/bau\/karriere\/job\/bauleiter-serielle-sanierung-m-w-d\/\"]}]},{\"@type\":\"BreadcrumbList\",\"@id\":\"https:\/\/buo.de\/bau\/karriere\/job\/bauleiter-serielle-sanierung-m-w-d\/#breadcrumb\",\"itemListElement\":[{\"@type\":\"ListItem\",\"position\":1,\"name\":\"Start\",\"item\":\"https:\/\/buo.de\/bau\/\"},{\"@type\":\"ListItem\",\"position\":2,\"name\":\"Bauleiter Serielle Sanierung (m\/w\/d)\"}]},{\"@type\":\"WebSite\",\"@id\":\"https:\/\/buo.de\/bau\/#website\",\"url\":\"https:\/\/buo.de\/bau\/\",\"name\":\"B&O Bau\",\"description\":\"Das Pilotprojekt\u202fumfasst eine dreigeschossige Nachverdichtung ohne Fl\u00e4chenversiegelung, gepaart mit einer f\u00fcnfgeschossigen seriellen Fassadensanierung im bewohnten Zustand.\u00a0\",\"publisher\":{\"@id\":\"https:\/\/buo.de\/bau\/#organization\"},\"potentialAction\":[{\"@type\":\"SearchAction\",\"target\":{\"@type\":\"EntryPoint\",\"urlTemplate\":\"https:\/\/buo.de\/bau\/?s={search_term_string}\"},\"query-input\":{\"@type\":\"PropertyValueSpecification\",\"valueRequired\":true,\"valueName\":\"search_term_string\"}}],\"inLanguage\":\"de\"},{\"@type\":\"Organization\",\"@id\":\"https:\/\/buo.de\/bau\/#organization\",\"name\":\"B&O Bau GmbH\",\"url\":\"https:\/\/buo.de\/bau\/\",\"logo\":{\"@type\":\"ImageObject\",\"inLanguage\":\"de\",\"@id\":\"https:\/\/buo.de\/bau\/#\/schema\/logo\/image\/\",\"url\":\"https:\/\/buo.de\/bau\/wp-content\/uploads\/sites\/2\/2026\/03\/Logo_BO_Bau_RGB-1.png\",\"contentUrl\":\"https:\/\/buo.de\/bau\/wp-content\/uploads\/sites\/2\/2026\/03\/Logo_BO_Bau_RGB-1.png\",\"width\":1095,\"height\":827,\"caption\":\"B&O Bau GmbH\"},\"image\":{\"@id\":\"https:\/\/buo.de\/bau\/#\/schema\/logo\/image\/\"},\"sameAs\":[\"https:\/\/www.youtube.com\/@BuOBau\",\"https:\/\/www.linkedin.com\/company\/18550887\/\"]}]}<\/script>\n<!-- \/ Yoast SEO plugin. -->","yoast_head_json":{"title":"Bauleiter Serielle Sanierung (m\/w\/d) - B&O Bau","robots":{"index":"index","follow":"follow","max-snippet":"max-snippet:-1","max-image-preview":"max-image-preview:large","max-video-preview":"max-video-preview:-1"},"canonical":"https:\/\/buo.de\/bau\/karriere\/job\/bauleiter-serielle-sanierung-m-w-d\/","og_locale":"de_DE","og_type":"article","og_title":"Bauleiter Serielle Sanierung (m\/w\/d) - B&O Bau","og_description":"B&amp;O Bau \u2013 Wir denken Bauen neu. Als Generalunternehmer gestalten wir deutschlandweit bezahlbaren Wohnraum \u2013 durch Sanierung, Modernisierung, Aufstockung und Neubau. Mit Holz- und Hybridbauweise aus eigener Produktion setzen wir auf nachhaltige L\u00f6sungen. In unserem Forschungszentrum in Bad Aibling entwickeln wir innovative Baukonzepte, die Klimaschutz, Wirtschaftlichkeit und soziale Verantwortung vereinen. Mit \u00fcber 900 Mitarbeitenden gestalten...","og_url":"https:\/\/buo.de\/bau\/karriere\/job\/bauleiter-serielle-sanierung-m-w-d\/","og_site_name":"B&O Bau","article_publisher":"https:\/\/www.youtube.com\/@BuOBau","og_image":[{"width":1024,"height":576,"url":"https:\/\/buo.de\/bau\/wp-content\/uploads\/sites\/2\/2025\/07\/Holz_8_Bad_Aibling-1-1024x576.png","type":"image\/png"}],"twitter_card":"summary_large_image","twitter_misc":{"Gesch\u00e4tzte Lesezeit":"2\u00a0Minuten"},"schema":{"@context":"https:\/\/schema.org","@graph":[{"@type":"WebPage","@id":"https:\/\/buo.de\/bau\/karriere\/job\/bauleiter-serielle-sanierung-m-w-d\/","url":"https:\/\/buo.de\/bau\/karriere\/job\/bauleiter-serielle-sanierung-m-w-d\/","name":"Bauleiter Serielle Sanierung (m\/w\/d) - B&O Bau","isPartOf":{"@id":"https:\/\/buo.de\/bau\/#website"},"datePublished":"2026-04-29T11:00:12+00:00","breadcrumb":{"@id":"https:\/\/buo.de\/bau\/karriere\/job\/bauleiter-serielle-sanierung-m-w-d\/#breadcrumb"},"inLanguage":"de","potentialAction":[{"@type":"ReadAction","target":["https:\/\/buo.de\/bau\/karriere\/job\/bauleiter-serielle-sanierung-m-w-d\/"]}]},{"@type":"BreadcrumbList","@id":"https:\/\/buo.de\/bau\/karriere\/job\/bauleiter-serielle-sanierung-m-w-d\/#breadcrumb","itemListElement":[{"@type":"ListItem","position":1,"name":"Start","item":"https:\/\/buo.de\/bau\/"},{"@type":"ListItem","position":2,"name":"Bauleiter Serielle Sanierung (m\/w\/d)"}]},{"@type":"WebSite","@id":"https:\/\/buo.de\/bau\/#website","url":"https:\/\/buo.de\/bau\/","name":"B&O Bau","description":"Das Pilotprojekt\u202fumfasst eine dreigeschossige Nachverdichtung ohne Fl\u00e4chenversiegelung, gepaart mit einer f\u00fcnfgeschossigen seriellen Fassadensanierung im bewohnten Zustand.\u00a0","publisher":{"@id":"https:\/\/buo.de\/bau\/#organization"},"potentialAction":[{"@type":"SearchAction","target":{"@type":"EntryPoint","urlTemplate":"https:\/\/buo.de\/bau\/?s={search_term_string}"},"query-input":{"@type":"PropertyValueSpecification","valueRequired":true,"valueName":"search_term_string"}}],"inLanguage":"de"},{"@type":"Organization","@id":"https:\/\/buo.de\/bau\/#organization","name":"B&O Bau GmbH","url":"https:\/\/buo.de\/bau\/","logo":{"@type":"ImageObject","inLanguage":"de","@id":"https:\/\/buo.de\/bau\/#\/schema\/logo\/image\/","url":"https:\/\/buo.de\/bau\/wp-content\/uploads\/sites\/2\/2026\/03\/Logo_BO_Bau_RGB-1.png","contentUrl":"https:\/\/buo.de\/bau\/wp-content\/uploads\/sites\/2\/2026\/03\/Logo_BO_Bau_RGB-1.png","width":1095,"height":827,"caption":"B&O Bau GmbH"},"image":{"@id":"https:\/\/buo.de\/bau\/#\/schema\/logo\/image\/"},"sameAs":["https:\/\/www.youtube.com\/@BuOBau","https:\/\/www.linkedin.com\/company\/18550887\/"]}]}},"_links":{"self":[{"href":"https:\/\/buo.de\/bau\/wp-json\/wp\/v2\/job\/67817","targetHints":{"allow":["GET"]}}],"collection":[{"href":"https:\/\/buo.de\/bau\/wp-json\/wp\/v2\/job"}],"about":[{"href":"https:\/\/buo.de\/bau\/wp-json\/wp\/v2\/types\/job"}],"wp:attachment":[{"href":"https:\/\/buo.de\/bau\/wp-json\/wp\/v2\/media?parent=67817"}],"curies":[{"name":"wp","href":"https:\/\/api.w.org\/{rel}","templated":true}]}}