{"id":80670,"date":"2026-09-05T13:02:27","date_gmt":"2026-09-05T11:02:27","guid":{"rendered":"https:\/\/buo.de\/bau\/karriere\/job\/kaufmaennischer-sachbearbeiter-bau-m-w-d\/"},"modified":"2026-09-05T13:02:27","modified_gmt":"2026-09-05T11:02:27","slug":"kaufmaennischer-sachbearbeiter-bau-m-w-d","status":"publish","type":"job","link":"https:\/\/buo.de\/bau\/karriere\/job\/kaufmaennischer-sachbearbeiter-bau-m-w-d\/","title":{"rendered":"Kaufm\u00e4nnischer Sachbearbeiter Bau (m\/w\/d)"},"content":{"rendered":"<p><b>B&amp;O Bau \u2013 Wir denken Bauen neu.<\/b><\/p>\n<p>Als Generalunternehmer gestalten wir deutschlandweit bezahlbaren Wohnraum \u2013 durch Sanierung, Modernisierung, Aufstockung und Neubau. Mit Holz- und Hybridbauweise aus eigener Produktion setzen wir auf nachhaltige L\u00f6sungen. In unserem Forschungszentrum in Bad Aibling entwickeln wir innovative Baukonzepte, die Klimaschutz, Wirtschaftlichkeit und soziale Verantwortung vereinen. Mit \u00fcber 1.000 Mitarbeitenden gestalten wir ein dynamisches Unternehmen im Wandel \u2013 mit einer klaren Vision: Bauen radikal neu denken \u2013 nachhaltig, effizient, bezahlbar.<\/p>\n<p>F\u00fcr die Realisierung unseres <strong>Neubaugro\u00dfprojekts \u201eKurt-Schumacher-Quartier\u201c<\/strong> auf dem ehemaligen Flughafenareal Berlin Tegel suchen wir zur Verst\u00e4rkung unseres Teams einen erfahrenen<strong> Kaufm\u00e4nnischen Sachbearbeiter Bau<\/strong> <strong>(m\/w\/d)<\/strong>.<\/p>\n<p><b> Das erwartet Sie  <\/b><\/p>\n<ul>\n<li>Pflege, Strukturierung und Weiterentwicklung von Projektdaten im ERP-System <strong>(RIB iTWO)<\/strong><\/li>\n<li>Erfassung, Auswertung und Bewertung von Bauleistungen anhand der Leistungsst\u00e4nde auf den Baustellen in enger Abstimmung mit Bau- und Projektleitern, bei Bedarf auch <strong>direkt vor Ort auf der Baustelle<\/strong><\/li>\n<li>Zuordnung und Pflege von <strong>Kosten<\/strong>, Erl\u00f6sen, Nachunternehmervertr\u00e4gen und Nachtr\u00e4gen im System<\/li>\n<li>Durchf\u00fchrung der monatlichen <strong>Leistungs-, Kosten- und Projektbewertung<\/strong><\/li>\n<li>Erstellung von Auswertungen sowie Unterst\u00fctzung bei der Vorbereitung von Ausgangsrechnungen<\/li>\n<li>Perspektivische Unterst\u00fctzung bei weiteren&nbsp;<strong>kaufm\u00e4nnischen Aufgaben<\/strong> sowie <strong>einkaufsnahen <\/strong>Themen im Projektumfeld<\/li>\n<\/ul>\n<p><b>Das bringen Sie mit  <\/b><\/p>\n<ul>\n<li>Abgeschlossene kaufm\u00e4nnische Ausbildung, oder Studium im Bereich Bauwesen, Wirtschaftsingenieurwesen bzw. eine vergleichbare Qualifikation<\/li>\n<li>Berufserfahrung im <strong>Bauwesen<\/strong>, Bauprojektumfeld oder einer vergleichbaren kaufm\u00e4nnischen Funktion<\/li>\n<li>Fundierte Kenntnisse in ERP-Systemen <strong>(RIB iTWO)<\/strong> sowie ein sicherer Umgang mit <strong>MS Office<\/strong>, insbesondere Excel<\/li>\n<li>Technisches Verst\u00e4ndnis f\u00fcr Bauprozesse und Baumaterialien; Erfahrungen im <strong>technischen Einkauf<\/strong> sind w\u00fcnschenswert<\/li>\n<li>Selbstst\u00e4ndige Arbeitsweise, <strong>Zahlenaffinit\u00e4t<\/strong>, Teamf\u00e4higkeit und Kommunikationsst\u00e4rke<\/li>\n<\/ul>\n<p><b>Das bieten wir Ihnen<\/b><\/p>\n<p><span>\ud83d\udd12<\/span><span style=\"font-size: inherit\"> <strong>Sicherer Arbeitsplatz<\/strong> \u2013 Unbefristete Einstellung in einem krisensicheren Umfeld<\/span><\/p>\n<p><span>\ud83c\udfdd<\/span><span style=\"font-size: inherit\"> <strong>Work-Life-Balance<\/strong> \u2013 30 Tage Urlaub<\/span><\/p>\n<p><span>\ud83e\udd1d<\/span><span style=\"font-size: inherit\"> <strong>Teamspirit<\/strong> \u2013 Unterst\u00fctzendes und offenes Miteinander &amp; regelm\u00e4\u00dfige Teamevents<\/span><\/p>\n<p><span>\ud83e\uddd8<\/span><span style=\"font-size: inherit\"><strong>Gesundheit &amp; Vorsorge<\/strong> \u2013 Gruppenunfallversicherung (auch in der Freizeit), betriebliche Altersvorsorge, EGYM Wellpass sowie JobRad<\/span><\/p>\n<p><span>\ud83d\udc68\u200d\ud83d\udc69\u200d\ud83d\udc67<\/span><span style=\"font-size: inherit\"> <strong>Zuschuss zur Kinderbetreuung<\/strong> \u2013 bis zum Schulalter<\/span><\/p>\n<p><span>\ud83c\udf81<\/span><span style=\"font-size: inherit\"> <strong>Weitere Mitarbeiterbenefits<\/strong> \u2013 Mitarbeiterrabatte bei Partnerunternehmen, Sonderkonditionen im B&amp;O Parkhotel<\/span><\/p>\n<p><strong>Sie finden sich hier wieder und wollen mit uns in eine gemeinsame und nachhaltige Zukunft starten?<\/strong><br \/>Dann bewerben Sie sich jetzt.<\/p>\n<p>Weitere Informationen erhalten Sie unter:&nbsp;<a target=\"_blank\" rel=\"nofollow\" href=\"https:\/\/buo.de\/bau\/karriere?utm_source=Projektcontroller+Bau&amp;utm_medium=referral\">https:\/\/buo.de\/bau\/karriere<\/a><\/p>\n","protected":false},"featured_media":0,"template":"","class_list":["post-80670","job","type-job","status-publish","hentry"],"acf":[],"yoast_head":"<!-- This site is optimized with the Yoast SEO plugin v28.3 - https:\/\/yoast.com\/product\/yoast-seo-wordpress\/ -->\n<title>Kaufm\u00e4nnischer Sachbearbeiter Bau (m\/w\/d) - B&amp;O Bau<\/title>\n<meta name=\"robots\" content=\"index, follow, max-snippet:-1, max-image-preview:large, max-video-preview:-1\" \/>\n<link rel=\"canonical\" href=\"https:\/\/buo.de\/bau\/karriere\/job\/kaufmaennischer-sachbearbeiter-bau-m-w-d\/\" \/>\n<meta property=\"og:locale\" content=\"de_DE\" \/>\n<meta property=\"og:type\" content=\"article\" \/>\n<meta property=\"og:title\" content=\"Kaufm\u00e4nnischer Sachbearbeiter Bau (m\/w\/d) - B&amp;O Bau\" \/>\n<meta property=\"og:description\" content=\"B&amp;O Bau \u2013 Wir denken Bauen neu. Als Generalunternehmer gestalten wir deutschlandweit bezahlbaren Wohnraum \u2013 durch Sanierung, Modernisierung, Aufstockung und Neubau. Mit Holz- und Hybridbauweise aus eigener Produktion setzen wir auf nachhaltige L\u00f6sungen. In unserem Forschungszentrum in Bad Aibling entwickeln wir innovative Baukonzepte, die Klimaschutz, Wirtschaftlichkeit und soziale Verantwortung vereinen. Mit \u00fcber 1.000 Mitarbeitenden gestalten...\" \/>\n<meta property=\"og:url\" content=\"https:\/\/buo.de\/bau\/karriere\/job\/kaufmaennischer-sachbearbeiter-bau-m-w-d\/\" \/>\n<meta property=\"og:site_name\" content=\"B&amp;O Bau\" \/>\n<meta property=\"article:publisher\" content=\"https:\/\/www.youtube.com\/@BuOBau\" \/>\n<meta property=\"og:image\" content=\"https:\/\/buo.de\/bau\/wp-content\/uploads\/sites\/2\/2025\/07\/Holz_8_Bad_Aibling-1-1024x576.png\" \/>\n\t<meta property=\"og:image:width\" content=\"1024\" \/>\n\t<meta property=\"og:image:height\" content=\"576\" \/>\n\t<meta property=\"og:image:type\" content=\"image\/png\" \/>\n<meta name=\"twitter:card\" content=\"summary_large_image\" \/>\n<meta name=\"twitter:label1\" content=\"Gesch\u00e4tzte Lesezeit\" \/>\n\t<meta name=\"twitter:data1\" content=\"2\u00a0Minuten\" \/>\n<script type=\"application\/ld+json\" class=\"yoast-schema-graph\">{\"@context\":\"https:\\\/\\\/schema.org\",\"@graph\":[{\"@type\":\"WebPage\",\"@id\":\"https:\\\/\\\/buo.de\\\/bau\\\/karriere\\\/job\\\/kaufmaennischer-sachbearbeiter-bau-m-w-d\\\/\",\"url\":\"https:\\\/\\\/buo.de\\\/bau\\\/karriere\\\/job\\\/kaufmaennischer-sachbearbeiter-bau-m-w-d\\\/\",\"name\":\"Kaufm\u00e4nnischer Sachbearbeiter Bau (m\\\/w\\\/d) - B&O Bau\",\"isPartOf\":{\"@id\":\"https:\\\/\\\/buo.de\\\/bau\\\/#website\"},\"datePublished\":\"2026-09-05T11:02:27+00:00\",\"breadcrumb\":{\"@id\":\"https:\\\/\\\/buo.de\\\/bau\\\/karriere\\\/job\\\/kaufmaennischer-sachbearbeiter-bau-m-w-d\\\/#breadcrumb\"},\"inLanguage\":\"de\",\"potentialAction\":[{\"@type\":\"ReadAction\",\"target\":[\"https:\\\/\\\/buo.de\\\/bau\\\/karriere\\\/job\\\/kaufmaennischer-sachbearbeiter-bau-m-w-d\\\/\"]}]},{\"@type\":\"BreadcrumbList\",\"@id\":\"https:\\\/\\\/buo.de\\\/bau\\\/karriere\\\/job\\\/kaufmaennischer-sachbearbeiter-bau-m-w-d\\\/#breadcrumb\",\"itemListElement\":[{\"@type\":\"ListItem\",\"position\":1,\"name\":\"Start\",\"item\":\"https:\\\/\\\/buo.de\\\/bau\\\/\"},{\"@type\":\"ListItem\",\"position\":2,\"name\":\"Kaufm\u00e4nnischer Sachbearbeiter Bau (m\\\/w\\\/d)\"}]},{\"@type\":\"WebSite\",\"@id\":\"https:\\\/\\\/buo.de\\\/bau\\\/#website\",\"url\":\"https:\\\/\\\/buo.de\\\/bau\\\/\",\"name\":\"B&O Bau\",\"description\":\"Das Pilotprojekt\u202fumfasst eine dreigeschossige Nachverdichtung ohne Fl\u00e4chenversiegelung, gepaart mit einer f\u00fcnfgeschossigen seriellen Fassadensanierung im bewohnten Zustand.\u00a0\",\"publisher\":{\"@id\":\"https:\\\/\\\/buo.de\\\/bau\\\/#organization\"},\"potentialAction\":[{\"@type\":\"SearchAction\",\"target\":{\"@type\":\"EntryPoint\",\"urlTemplate\":\"https:\\\/\\\/buo.de\\\/bau\\\/?s={search_term_string}\"},\"query-input\":{\"@type\":\"PropertyValueSpecification\",\"valueRequired\":true,\"valueName\":\"search_term_string\"}}],\"inLanguage\":\"de\"},{\"@type\":\"Organization\",\"@id\":\"https:\\\/\\\/buo.de\\\/bau\\\/#organization\",\"name\":\"B&O Bau GmbH\",\"url\":\"https:\\\/\\\/buo.de\\\/bau\\\/\",\"logo\":{\"@type\":\"ImageObject\",\"inLanguage\":\"de\",\"@id\":\"https:\\\/\\\/buo.de\\\/bau\\\/#\\\/schema\\\/logo\\\/image\\\/\",\"url\":\"https:\\\/\\\/buo.de\\\/bau\\\/wp-content\\\/uploads\\\/sites\\\/2\\\/2026\\\/03\\\/Logo_BO_Bau_RGB-1.png\",\"contentUrl\":\"https:\\\/\\\/buo.de\\\/bau\\\/wp-content\\\/uploads\\\/sites\\\/2\\\/2026\\\/03\\\/Logo_BO_Bau_RGB-1.png\",\"width\":1095,\"height\":827,\"caption\":\"B&O Bau GmbH\"},\"image\":{\"@id\":\"https:\\\/\\\/buo.de\\\/bau\\\/#\\\/schema\\\/logo\\\/image\\\/\"},\"sameAs\":[\"https:\\\/\\\/www.youtube.com\\\/@BuOBau\",\"https:\\\/\\\/www.linkedin.com\\\/company\\\/18550887\\\/\"]}]}<\/script>\n<!-- \/ Yoast SEO plugin. -->","yoast_head_json":{"title":"Kaufm\u00e4nnischer Sachbearbeiter Bau (m\/w\/d) - B&O Bau","robots":{"index":"index","follow":"follow","max-snippet":"max-snippet:-1","max-image-preview":"max-image-preview:large","max-video-preview":"max-video-preview:-1"},"canonical":"https:\/\/buo.de\/bau\/karriere\/job\/kaufmaennischer-sachbearbeiter-bau-m-w-d\/","og_locale":"de_DE","og_type":"article","og_title":"Kaufm\u00e4nnischer Sachbearbeiter Bau (m\/w\/d) - B&O Bau","og_description":"B&amp;O Bau \u2013 Wir denken Bauen neu. Als Generalunternehmer gestalten wir deutschlandweit bezahlbaren Wohnraum \u2013 durch Sanierung, Modernisierung, Aufstockung und Neubau. Mit Holz- und Hybridbauweise aus eigener Produktion setzen wir auf nachhaltige L\u00f6sungen. In unserem Forschungszentrum in Bad Aibling entwickeln wir innovative Baukonzepte, die Klimaschutz, Wirtschaftlichkeit und soziale Verantwortung vereinen. Mit \u00fcber 1.000 Mitarbeitenden gestalten...","og_url":"https:\/\/buo.de\/bau\/karriere\/job\/kaufmaennischer-sachbearbeiter-bau-m-w-d\/","og_site_name":"B&O Bau","article_publisher":"https:\/\/www.youtube.com\/@BuOBau","og_image":[{"width":1024,"height":576,"url":"https:\/\/buo.de\/bau\/wp-content\/uploads\/sites\/2\/2025\/07\/Holz_8_Bad_Aibling-1-1024x576.png","type":"image\/png"}],"twitter_card":"summary_large_image","twitter_misc":{"Gesch\u00e4tzte Lesezeit":"2\u00a0Minuten"},"schema":{"@context":"https:\/\/schema.org","@graph":[{"@type":"WebPage","@id":"https:\/\/buo.de\/bau\/karriere\/job\/kaufmaennischer-sachbearbeiter-bau-m-w-d\/","url":"https:\/\/buo.de\/bau\/karriere\/job\/kaufmaennischer-sachbearbeiter-bau-m-w-d\/","name":"Kaufm\u00e4nnischer Sachbearbeiter Bau (m\/w\/d) - B&O Bau","isPartOf":{"@id":"https:\/\/buo.de\/bau\/#website"},"datePublished":"2026-09-05T11:02:27+00:00","breadcrumb":{"@id":"https:\/\/buo.de\/bau\/karriere\/job\/kaufmaennischer-sachbearbeiter-bau-m-w-d\/#breadcrumb"},"inLanguage":"de","potentialAction":[{"@type":"ReadAction","target":["https:\/\/buo.de\/bau\/karriere\/job\/kaufmaennischer-sachbearbeiter-bau-m-w-d\/"]}]},{"@type":"BreadcrumbList","@id":"https:\/\/buo.de\/bau\/karriere\/job\/kaufmaennischer-sachbearbeiter-bau-m-w-d\/#breadcrumb","itemListElement":[{"@type":"ListItem","position":1,"name":"Start","item":"https:\/\/buo.de\/bau\/"},{"@type":"ListItem","position":2,"name":"Kaufm\u00e4nnischer Sachbearbeiter Bau (m\/w\/d)"}]},{"@type":"WebSite","@id":"https:\/\/buo.de\/bau\/#website","url":"https:\/\/buo.de\/bau\/","name":"B&O Bau","description":"Das Pilotprojekt\u202fumfasst eine dreigeschossige Nachverdichtung ohne Fl\u00e4chenversiegelung, gepaart mit einer f\u00fcnfgeschossigen seriellen Fassadensanierung im bewohnten Zustand.\u00a0","publisher":{"@id":"https:\/\/buo.de\/bau\/#organization"},"potentialAction":[{"@type":"SearchAction","target":{"@type":"EntryPoint","urlTemplate":"https:\/\/buo.de\/bau\/?s={search_term_string}"},"query-input":{"@type":"PropertyValueSpecification","valueRequired":true,"valueName":"search_term_string"}}],"inLanguage":"de"},{"@type":"Organization","@id":"https:\/\/buo.de\/bau\/#organization","name":"B&O Bau GmbH","url":"https:\/\/buo.de\/bau\/","logo":{"@type":"ImageObject","inLanguage":"de","@id":"https:\/\/buo.de\/bau\/#\/schema\/logo\/image\/","url":"https:\/\/buo.de\/bau\/wp-content\/uploads\/sites\/2\/2026\/03\/Logo_BO_Bau_RGB-1.png","contentUrl":"https:\/\/buo.de\/bau\/wp-content\/uploads\/sites\/2\/2026\/03\/Logo_BO_Bau_RGB-1.png","width":1095,"height":827,"caption":"B&O Bau GmbH"},"image":{"@id":"https:\/\/buo.de\/bau\/#\/schema\/logo\/image\/"},"sameAs":["https:\/\/www.youtube.com\/@BuOBau","https:\/\/www.linkedin.com\/company\/18550887\/"]}]}},"_links":{"self":[{"href":"https:\/\/buo.de\/bau\/wp-json\/wp\/v2\/job\/80670","targetHints":{"allow":["GET"]}}],"collection":[{"href":"https:\/\/buo.de\/bau\/wp-json\/wp\/v2\/job"}],"about":[{"href":"https:\/\/buo.de\/bau\/wp-json\/wp\/v2\/types\/job"}],"wp:attachment":[{"href":"https:\/\/buo.de\/bau\/wp-json\/wp\/v2\/media?parent=80670"}],"curies":[{"name":"wp","href":"https:\/\/api.w.org\/{rel}","templated":true}]}}