{"id":80671,"date":"2026-09-05T13:02:28","date_gmt":"2026-09-05T11:02:28","guid":{"rendered":"https:\/\/buo.de\/bau\/karriere\/job\/projektassistenz-sachbearbeiter-elektrotechnik-m-w-d\/"},"modified":"2026-09-05T13:02:28","modified_gmt":"2026-09-05T11:02:28","slug":"projektassistenz-sachbearbeiter-elektrotechnik-m-w-d","status":"publish","type":"job","link":"https:\/\/buo.de\/bau\/karriere\/job\/projektassistenz-sachbearbeiter-elektrotechnik-m-w-d\/","title":{"rendered":"Projektassistenz \/ Sachbearbeiter Elektrotechnik (m\/w\/d)"},"content":{"rendered":"<p><strong>B&amp;O Bau \u2013 Wir denken Bauen neu.<\/strong><\/p>\n<p>Als Generalunternehmer gestalten wir deutschlandweit bezahlbaren Wohnraum \u2013 durch Sanierung, Modernisierung, Aufstockung und Neubau. Mit Holz- und Hybridbauweise aus eigener Produktion setzen wir auf nachhaltige L\u00f6sungen. In unserem Forschungszentrum in Bad Aibling entwickeln wir innovative Baukonzepte, die Klimaschutz, Wirtschaftlichkeit und soziale Verantwortung vereinen. Mit \u00fcber 900 Mitarbeitenden gestalten wir ein dynamisches Unternehmen im Wandel \u2013 mit einer klaren Vision: Bauen radikal neu denken \u2013 nachhaltig, effizient, bezahlbar.<\/p>\n<p>Verst\u00e4rken Sie&nbsp;unser Team am Standort <strong>Berlin\u202f<\/strong>als\u202f<strong>Projektassistenz \/ Sachbearbeiter<\/strong> (m\/w\/d)\u202fin der Abteilung Elektrotechnik.&nbsp;<\/p>\n<p><b>Das erwartet Sie<\/b><\/p>\n<ul>\n<li><strong>Bearbeitung <\/strong>und <strong>Verwaltung&nbsp;<\/strong>von Anfragen und Auftr\u00e4gen im Projektgesch\u00e4ft<\/li>\n<li><strong>Rechnungsbearbeitung&nbsp;<\/strong>mit JobRouter \/ <strong>Rechnungsstellung <\/strong>mit RIB iTWO<\/li>\n<li><strong>Erstellung<\/strong>,&nbsp;<strong>Pflege&nbsp;<\/strong>und <strong>Archivierung <\/strong>von Dokumenten und Datenbanken<\/li>\n<li><strong>Terminstellung&nbsp;<\/strong>und Kontrolle im Rahmen des Terminmanagements zum Bauablauf der Projekte<\/li>\n<li><strong>Externe <\/strong>und<strong> interne Kommunikation<\/strong>&nbsp;\u00fcber alle Medien u.a. mit Beh\u00f6rden und Dienstleistern<\/li>\n<\/ul>\n<p><b>Das bringen Sie mit<\/b><\/p>\n<ul>\n<li>Abgeschlossene <strong>kaufm\u00e4nnische Ausbildung<\/strong>&nbsp;oder vergleichbare (mehrj\u00e4hrige) Berufserfahrung in der Assistenz, Sachbearbeitung oder vergleichbar<\/li>\n<li><strong>Erfahrungen <\/strong>in der Bau- bzw. Wohnungswirtschaft im Bereich Elektrotechnik sind von Vorteil<\/li>\n<li>Gute Kenntnisse in&nbsp;<strong>MS Office<\/strong> (Word, Excel, Teams)<\/li>\n<li>Sie sind&nbsp;<strong>motiviert<\/strong>, <strong>aufgeschlossen<\/strong>, kommunikativ, zuverl\u00e4ssig und arbeiten&nbsp;<strong>selbstst\u00e4ndig<\/strong><\/li>\n<li>Sie zeichnen sich&nbsp;durch eine strukturierte und <strong>sorgf\u00e4ltige Arbeitsweise<\/strong>&nbsp;aus<\/li>\n<\/ul>\n<p><b>Das bieten wir Ihnen<\/b><\/p>\n<p><span>\ud83d\udd12<\/span><span style=\"font-family: Inter, &quot;Helvetica Neue&quot;, Helvetica, Arial, sans-serif;font-size: 16px\">&nbsp;<\/span><strong>Sicherer Arbeitsplatz <\/strong>\u2013 Unbefristete Einstellung in einem krisensicheren Umfeld<br \/><span>\ud83c\udf34<\/span><span style=\"font-family: Inter, &quot;Helvetica Neue&quot;, Helvetica, Arial, sans-serif;font-size: 16px\">&nbsp;<\/span><strong>Work-Life-Balance<\/strong><span style=\"font-family: Inter, &quot;Helvetica Neue&quot;, Helvetica, Arial, sans-serif;font-size: 16px\">&nbsp;<\/span>\u2013 30 Tage Urlaub&nbsp;<br \/><span>\ud83e\udd1d<\/span><span style=\"font-family: Inter, &quot;Helvetica Neue&quot;, Helvetica, Arial, sans-serif;font-size: 16px\">&nbsp;<\/span><strong>Teamspirit&nbsp;<\/strong>\u2013 Unterst\u00fctzendes und offenes Miteinander &amp; regelm\u00e4\u00dfige Teamevents<br \/><span>\ud83e\uddd8<\/span><span style=\"font-family: Inter, &quot;Helvetica Neue&quot;, Helvetica, Arial, sans-serif;font-size: 16px\">&nbsp;<\/span><strong>Gesundheit &amp; Vorsorge<\/strong><span style=\"font-family: Inter, &quot;Helvetica Neue&quot;, Helvetica, Arial, sans-serif;font-size: 16px\">&nbsp;<\/span>\u2013 Gruppenunfallversicherung (auch in der Freizeit), betriebliche Altersvorsorge, EGYM Wellpass sowie JobRad<br \/><span>\ud83c\udf81<\/span><strong> Weitere Mitarbeiterbenefits<\/strong><span style=\"font-family: Inter, &quot;Helvetica Neue&quot;, Helvetica, Arial, sans-serif;font-size: 16px\"> <\/span>\u2013 Mitarbeiterrabatte bei Partnerunternehmen, Sonderkonditionen im B&amp;O Parkhotel<\/p>\n<p><strong>Sie finden sich hier wieder und wollen mit uns in eine gemeinsame und nachhaltige Zukunft starten?<\/strong><br \/>Dann bewerben Sie sich jetzt.<\/p>\n<p>Weitere Informationen erhalten Sie unter:&nbsp;<a target=\"_blank\" rel=\"nofollow\" href=\"https:\/\/buo.de\/bau\/karriere\/\">https:\/\/buo.de\/bau\/karriere\/<\/a><\/p>\n","protected":false},"featured_media":0,"template":"","class_list":["post-80671","job","type-job","status-publish","hentry"],"acf":[],"yoast_head":"<!-- This site is optimized with the Yoast SEO plugin v28.3 - https:\/\/yoast.com\/product\/yoast-seo-wordpress\/ -->\n<title>Projektassistenz \/ Sachbearbeiter Elektrotechnik (m\/w\/d) - B&amp;O Bau<\/title>\n<meta name=\"robots\" content=\"index, follow, max-snippet:-1, max-image-preview:large, max-video-preview:-1\" \/>\n<link rel=\"canonical\" href=\"https:\/\/buo.de\/bau\/karriere\/job\/projektassistenz-sachbearbeiter-elektrotechnik-m-w-d\/\" \/>\n<meta property=\"og:locale\" content=\"de_DE\" \/>\n<meta property=\"og:type\" content=\"article\" \/>\n<meta property=\"og:title\" content=\"Projektassistenz \/ Sachbearbeiter Elektrotechnik (m\/w\/d) - B&amp;O Bau\" \/>\n<meta property=\"og:description\" content=\"B&amp;O Bau \u2013 Wir denken Bauen neu. Als Generalunternehmer gestalten wir deutschlandweit bezahlbaren Wohnraum \u2013 durch Sanierung, Modernisierung, Aufstockung und Neubau. Mit Holz- und Hybridbauweise aus eigener Produktion setzen wir auf nachhaltige L\u00f6sungen. In unserem Forschungszentrum in Bad Aibling entwickeln wir innovative Baukonzepte, die Klimaschutz, Wirtschaftlichkeit und soziale Verantwortung vereinen. Mit \u00fcber 900 Mitarbeitenden gestalten...\" \/>\n<meta property=\"og:url\" content=\"https:\/\/buo.de\/bau\/karriere\/job\/projektassistenz-sachbearbeiter-elektrotechnik-m-w-d\/\" \/>\n<meta property=\"og:site_name\" content=\"B&amp;O Bau\" \/>\n<meta property=\"article:publisher\" content=\"https:\/\/www.youtube.com\/@BuOBau\" \/>\n<meta property=\"og:image\" content=\"https:\/\/buo.de\/bau\/wp-content\/uploads\/sites\/2\/2025\/07\/Holz_8_Bad_Aibling-1-1024x576.png\" \/>\n\t<meta property=\"og:image:width\" content=\"1024\" \/>\n\t<meta property=\"og:image:height\" content=\"576\" \/>\n\t<meta property=\"og:image:type\" content=\"image\/png\" \/>\n<meta name=\"twitter:card\" content=\"summary_large_image\" \/>\n<meta name=\"twitter:label1\" content=\"Gesch\u00e4tzte Lesezeit\" \/>\n\t<meta name=\"twitter:data1\" content=\"2\u00a0Minuten\" \/>\n<script type=\"application\/ld+json\" class=\"yoast-schema-graph\">{\"@context\":\"https:\\\/\\\/schema.org\",\"@graph\":[{\"@type\":\"WebPage\",\"@id\":\"https:\\\/\\\/buo.de\\\/bau\\\/karriere\\\/job\\\/projektassistenz-sachbearbeiter-elektrotechnik-m-w-d\\\/\",\"url\":\"https:\\\/\\\/buo.de\\\/bau\\\/karriere\\\/job\\\/projektassistenz-sachbearbeiter-elektrotechnik-m-w-d\\\/\",\"name\":\"Projektassistenz \\\/ Sachbearbeiter Elektrotechnik (m\\\/w\\\/d) - B&O Bau\",\"isPartOf\":{\"@id\":\"https:\\\/\\\/buo.de\\\/bau\\\/#website\"},\"datePublished\":\"2026-09-05T11:02:28+00:00\",\"breadcrumb\":{\"@id\":\"https:\\\/\\\/buo.de\\\/bau\\\/karriere\\\/job\\\/projektassistenz-sachbearbeiter-elektrotechnik-m-w-d\\\/#breadcrumb\"},\"inLanguage\":\"de\",\"potentialAction\":[{\"@type\":\"ReadAction\",\"target\":[\"https:\\\/\\\/buo.de\\\/bau\\\/karriere\\\/job\\\/projektassistenz-sachbearbeiter-elektrotechnik-m-w-d\\\/\"]}]},{\"@type\":\"BreadcrumbList\",\"@id\":\"https:\\\/\\\/buo.de\\\/bau\\\/karriere\\\/job\\\/projektassistenz-sachbearbeiter-elektrotechnik-m-w-d\\\/#breadcrumb\",\"itemListElement\":[{\"@type\":\"ListItem\",\"position\":1,\"name\":\"Start\",\"item\":\"https:\\\/\\\/buo.de\\\/bau\\\/\"},{\"@type\":\"ListItem\",\"position\":2,\"name\":\"Projektassistenz \\\/ Sachbearbeiter Elektrotechnik (m\\\/w\\\/d)\"}]},{\"@type\":\"WebSite\",\"@id\":\"https:\\\/\\\/buo.de\\\/bau\\\/#website\",\"url\":\"https:\\\/\\\/buo.de\\\/bau\\\/\",\"name\":\"B&O Bau\",\"description\":\"Das Pilotprojekt\u202fumfasst eine dreigeschossige Nachverdichtung ohne Fl\u00e4chenversiegelung, gepaart mit einer f\u00fcnfgeschossigen seriellen Fassadensanierung im bewohnten Zustand.\u00a0\",\"publisher\":{\"@id\":\"https:\\\/\\\/buo.de\\\/bau\\\/#organization\"},\"potentialAction\":[{\"@type\":\"SearchAction\",\"target\":{\"@type\":\"EntryPoint\",\"urlTemplate\":\"https:\\\/\\\/buo.de\\\/bau\\\/?s={search_term_string}\"},\"query-input\":{\"@type\":\"PropertyValueSpecification\",\"valueRequired\":true,\"valueName\":\"search_term_string\"}}],\"inLanguage\":\"de\"},{\"@type\":\"Organization\",\"@id\":\"https:\\\/\\\/buo.de\\\/bau\\\/#organization\",\"name\":\"B&O Bau GmbH\",\"url\":\"https:\\\/\\\/buo.de\\\/bau\\\/\",\"logo\":{\"@type\":\"ImageObject\",\"inLanguage\":\"de\",\"@id\":\"https:\\\/\\\/buo.de\\\/bau\\\/#\\\/schema\\\/logo\\\/image\\\/\",\"url\":\"https:\\\/\\\/buo.de\\\/bau\\\/wp-content\\\/uploads\\\/sites\\\/2\\\/2026\\\/03\\\/Logo_BO_Bau_RGB-1.png\",\"contentUrl\":\"https:\\\/\\\/buo.de\\\/bau\\\/wp-content\\\/uploads\\\/sites\\\/2\\\/2026\\\/03\\\/Logo_BO_Bau_RGB-1.png\",\"width\":1095,\"height\":827,\"caption\":\"B&O Bau GmbH\"},\"image\":{\"@id\":\"https:\\\/\\\/buo.de\\\/bau\\\/#\\\/schema\\\/logo\\\/image\\\/\"},\"sameAs\":[\"https:\\\/\\\/www.youtube.com\\\/@BuOBau\",\"https:\\\/\\\/www.linkedin.com\\\/company\\\/18550887\\\/\"]}]}<\/script>\n<!-- \/ Yoast SEO plugin. -->","yoast_head_json":{"title":"Projektassistenz \/ Sachbearbeiter Elektrotechnik (m\/w\/d) - B&O Bau","robots":{"index":"index","follow":"follow","max-snippet":"max-snippet:-1","max-image-preview":"max-image-preview:large","max-video-preview":"max-video-preview:-1"},"canonical":"https:\/\/buo.de\/bau\/karriere\/job\/projektassistenz-sachbearbeiter-elektrotechnik-m-w-d\/","og_locale":"de_DE","og_type":"article","og_title":"Projektassistenz \/ Sachbearbeiter Elektrotechnik (m\/w\/d) - B&O Bau","og_description":"B&amp;O Bau \u2013 Wir denken Bauen neu. Als Generalunternehmer gestalten wir deutschlandweit bezahlbaren Wohnraum \u2013 durch Sanierung, Modernisierung, Aufstockung und Neubau. Mit Holz- und Hybridbauweise aus eigener Produktion setzen wir auf nachhaltige L\u00f6sungen. In unserem Forschungszentrum in Bad Aibling entwickeln wir innovative Baukonzepte, die Klimaschutz, Wirtschaftlichkeit und soziale Verantwortung vereinen. Mit \u00fcber 900 Mitarbeitenden gestalten...","og_url":"https:\/\/buo.de\/bau\/karriere\/job\/projektassistenz-sachbearbeiter-elektrotechnik-m-w-d\/","og_site_name":"B&O Bau","article_publisher":"https:\/\/www.youtube.com\/@BuOBau","og_image":[{"width":1024,"height":576,"url":"https:\/\/buo.de\/bau\/wp-content\/uploads\/sites\/2\/2025\/07\/Holz_8_Bad_Aibling-1-1024x576.png","type":"image\/png"}],"twitter_card":"summary_large_image","twitter_misc":{"Gesch\u00e4tzte Lesezeit":"2\u00a0Minuten"},"schema":{"@context":"https:\/\/schema.org","@graph":[{"@type":"WebPage","@id":"https:\/\/buo.de\/bau\/karriere\/job\/projektassistenz-sachbearbeiter-elektrotechnik-m-w-d\/","url":"https:\/\/buo.de\/bau\/karriere\/job\/projektassistenz-sachbearbeiter-elektrotechnik-m-w-d\/","name":"Projektassistenz \/ Sachbearbeiter Elektrotechnik (m\/w\/d) - B&O Bau","isPartOf":{"@id":"https:\/\/buo.de\/bau\/#website"},"datePublished":"2026-09-05T11:02:28+00:00","breadcrumb":{"@id":"https:\/\/buo.de\/bau\/karriere\/job\/projektassistenz-sachbearbeiter-elektrotechnik-m-w-d\/#breadcrumb"},"inLanguage":"de","potentialAction":[{"@type":"ReadAction","target":["https:\/\/buo.de\/bau\/karriere\/job\/projektassistenz-sachbearbeiter-elektrotechnik-m-w-d\/"]}]},{"@type":"BreadcrumbList","@id":"https:\/\/buo.de\/bau\/karriere\/job\/projektassistenz-sachbearbeiter-elektrotechnik-m-w-d\/#breadcrumb","itemListElement":[{"@type":"ListItem","position":1,"name":"Start","item":"https:\/\/buo.de\/bau\/"},{"@type":"ListItem","position":2,"name":"Projektassistenz \/ Sachbearbeiter Elektrotechnik (m\/w\/d)"}]},{"@type":"WebSite","@id":"https:\/\/buo.de\/bau\/#website","url":"https:\/\/buo.de\/bau\/","name":"B&O Bau","description":"Das Pilotprojekt\u202fumfasst eine dreigeschossige Nachverdichtung ohne Fl\u00e4chenversiegelung, gepaart mit einer f\u00fcnfgeschossigen seriellen Fassadensanierung im bewohnten Zustand.\u00a0","publisher":{"@id":"https:\/\/buo.de\/bau\/#organization"},"potentialAction":[{"@type":"SearchAction","target":{"@type":"EntryPoint","urlTemplate":"https:\/\/buo.de\/bau\/?s={search_term_string}"},"query-input":{"@type":"PropertyValueSpecification","valueRequired":true,"valueName":"search_term_string"}}],"inLanguage":"de"},{"@type":"Organization","@id":"https:\/\/buo.de\/bau\/#organization","name":"B&O Bau GmbH","url":"https:\/\/buo.de\/bau\/","logo":{"@type":"ImageObject","inLanguage":"de","@id":"https:\/\/buo.de\/bau\/#\/schema\/logo\/image\/","url":"https:\/\/buo.de\/bau\/wp-content\/uploads\/sites\/2\/2026\/03\/Logo_BO_Bau_RGB-1.png","contentUrl":"https:\/\/buo.de\/bau\/wp-content\/uploads\/sites\/2\/2026\/03\/Logo_BO_Bau_RGB-1.png","width":1095,"height":827,"caption":"B&O Bau GmbH"},"image":{"@id":"https:\/\/buo.de\/bau\/#\/schema\/logo\/image\/"},"sameAs":["https:\/\/www.youtube.com\/@BuOBau","https:\/\/www.linkedin.com\/company\/18550887\/"]}]}},"_links":{"self":[{"href":"https:\/\/buo.de\/bau\/wp-json\/wp\/v2\/job\/80671","targetHints":{"allow":["GET"]}}],"collection":[{"href":"https:\/\/buo.de\/bau\/wp-json\/wp\/v2\/job"}],"about":[{"href":"https:\/\/buo.de\/bau\/wp-json\/wp\/v2\/types\/job"}],"wp:attachment":[{"href":"https:\/\/buo.de\/bau\/wp-json\/wp\/v2\/media?parent=80671"}],"curies":[{"name":"wp","href":"https:\/\/api.w.org\/{rel}","templated":true}]}}