{"id":2566,"date":"2023-06-13T15:21:21","date_gmt":"2023-06-13T13:21:21","guid":{"rendered":"https:\/\/buo.de\/bau\/?page_id=2566"},"modified":"2026-03-12T14:19:01","modified_gmt":"2026-03-12T13:19:01","slug":"forschung","status":"publish","type":"page","link":"https:\/\/buo.de\/bau\/forschung\/","title":{"rendered":"Forschung"},"content":{"rendered":"<div id=\"text-and-image-block_80961890a960223edc2ba28e69e6d6c6\"\n     class=\"text-and-image-container ltr\">\n\n    <style>\n        #text-and-image-block_80961890a960223edc2ba28e69e6d6c6 {\n            --textAndImageHeight: 70vh;\n            --textAndImageBackgroundColor: ;\n            --textAndImageTextColor: ;\n        }\n        @media screen and (max-width: 1024px) {\n        #text-and-image-block_80961890a960223edc2ba28e69e6d6c6 {\n            --textAndImageHeight: 50vh;\n        }\n        }\n    <\/style>\n\n                <div class=\"image-wrapper cover\">\n                <div class=\"image-outer\">\n                                        <img decoding=\"async\" loading=\"lazy\" alt=\"\" style=\"height: var(--textAndImageHeight);object-position: center center\" sizes=\"(max-width: 1828px) 100vw, 1828px\" srcset=\"https:\/\/buo.de\/bau\/wp-content\/uploads\/sites\/2\/2023\/05\/Schels_DSC08792-3-scaled.jpg 1828w, https:\/\/buo.de\/bau\/wp-content\/uploads\/sites\/2\/2023\/05\/Schels_DSC08792-3-214x300.jpg 214w, https:\/\/buo.de\/bau\/wp-content\/uploads\/sites\/2\/2023\/05\/Schels_DSC08792-3-731x1024.jpg 731w, https:\/\/buo.de\/bau\/wp-content\/uploads\/sites\/2\/2023\/05\/Schels_DSC08792-3-768x1075.jpg 768w, https:\/\/buo.de\/bau\/wp-content\/uploads\/sites\/2\/2023\/05\/Schels_DSC08792-3-1097x1536.jpg 1097w, https:\/\/buo.de\/bau\/wp-content\/uploads\/sites\/2\/2023\/05\/Schels_DSC08792-3-1463x2048.jpg 1463w, https:\/\/buo.de\/bau\/wp-content\/uploads\/sites\/2\/2023\/05\/Schels_DSC08792-3-771x1080.jpg 771w\" src=\"https:\/\/buo.de\/bau\/wp-content\/uploads\/sites\/2\/2023\/05\/Schels_DSC08792-3-scaled.jpg\" class=\"image\">\n                <\/div>\n            <\/div>\n                        <div class=\"text \">\n            <h2 class=\"over-content\">B&amp;O Parkgel\u00e4nde<\/h2>\n            <div class=\"content \"><h2>Forschungsh\u00e4user I.<\/h2>\n<p><span dir=\"ltr\" role=\"presentation\">Kann man heute H\u00e4user bauen, die durch ein Weniger an <\/span><br role=\"presentation\" \/><span dir=\"ltr\" role=\"presentation\">Komplexit\u00e4t, Technik, Rohstoffen und eine umweltver<\/span><span dir=\"ltr\" role=\"presentation\">&#8211;<\/span><br role=\"presentation\" \/><span dir=\"ltr\" role=\"presentation\">tr\u00e4gliche Herstellung sich lange nutzen lassen? <\/span><span dir=\"ltr\" role=\"presentation\">Ja. Im <\/span><br role=\"presentation\" \/><span dir=\"ltr\" role=\"presentation\">Zusammenspiel mit Architekten und Ingenieuren der TU <\/span><br role=\"presentation\" \/><span dir=\"ltr\" role=\"presentation\">M\u00fcnchen setzt B&amp;O die vision\u00e4re Strategie \u201cEinfach Bauen\u201d <\/span><br role=\"presentation\" \/><span dir=\"ltr\" role=\"presentation\">um. Unter Federf\u00fchrung von Prof. Nagler sind auf dem <\/span><br role=\"presentation\" \/><span dir=\"ltr\" role=\"presentation\">B&amp;O Parkgel\u00e4nde in Bad Aibling drei Forschungsh\u00e4user <\/span><br role=\"presentation\" \/><span dir=\"ltr\" role=\"presentation\">entstanden, die auf das Wesentliche reduziert sind und dabei <\/span><br role=\"presentation\" \/><span dir=\"ltr\" role=\"presentation\">zu einer neuen Architektursprache finden. Wer die Welt <\/span><br role=\"presentation\" \/><span dir=\"ltr\" role=\"presentation\">verbessern will, muss Bauen <\/span> <span dir=\"ltr\" role=\"presentation\">anders <\/span> <span dir=\"ltr\" role=\"presentation\">denken.<\/span><\/p>\n<p>Die CO2 Bilanz finden Sie <a href=\"https:\/\/buo.de\/bau\/wp-content\/uploads\/sites\/2\/2023\/06\/CO2-Bilanz_BO-Forschungshaeuser-2.jpg\">hier.<\/a><\/p>\n<p>&nbsp;<\/p>\n<\/div>\n\n            \n            <div class=\"read-more-content\"><\/div>\n                    <\/div>\n        <\/div>\n\n\n\n<div style=\"height:180px\" aria-hidden=\"true\" class=\"wp-block-spacer\"><\/div>\n\n\n<div id=\"text-and-image-block_addf58b9ba272b1f0b39b28dd1f2dced\"\n     class=\"text-and-image-container rtl\">\n\n    <style>\n        #text-and-image-block_addf58b9ba272b1f0b39b28dd1f2dced {\n            --textAndImageHeight: 70vh;\n            --textAndImageBackgroundColor: ;\n            --textAndImageTextColor: ;\n        }\n        @media screen and (max-width: 1024px) {\n        #text-and-image-block_addf58b9ba272b1f0b39b28dd1f2dced {\n            --textAndImageHeight: 50vh;\n        }\n        }\n    <\/style>\n\n                <div class=\"image-wrapper cover\">\n                <div class=\"image-outer\">\n                                        <img decoding=\"async\" loading=\"lazy\" alt=\"\" style=\"height: var(--textAndImageHeight);object-position: center center\" sizes=\"(max-width: 1920px) 100vw, 1920px\" srcset=\"https:\/\/buo.de\/bau\/wp-content\/uploads\/sites\/2\/2023\/06\/Schels_DSC01680-Pano-scaled.jpg 2560w, https:\/\/buo.de\/bau\/wp-content\/uploads\/sites\/2\/2023\/06\/Schels_DSC01680-Pano-300x240.jpg 300w, https:\/\/buo.de\/bau\/wp-content\/uploads\/sites\/2\/2023\/06\/Schels_DSC01680-Pano-1024x819.jpg 1024w, https:\/\/buo.de\/bau\/wp-content\/uploads\/sites\/2\/2023\/06\/Schels_DSC01680-Pano-768x614.jpg 768w, https:\/\/buo.de\/bau\/wp-content\/uploads\/sites\/2\/2023\/06\/Schels_DSC01680-Pano-1536x1229.jpg 1536w, https:\/\/buo.de\/bau\/wp-content\/uploads\/sites\/2\/2023\/06\/Schels_DSC01680-Pano-2048x1638.jpg 2048w, https:\/\/buo.de\/bau\/wp-content\/uploads\/sites\/2\/2023\/06\/Schels_DSC01680-Pano-1350x1080.jpg 1350w\" src=\"https:\/\/buo.de\/bau\/wp-content\/uploads\/sites\/2\/2023\/06\/Schels_DSC01680-Pano-scaled.jpg\" class=\"image\">\n                <\/div>\n            <\/div>\n                        <div class=\"text \">\n            <h2 class=\"over-content\">B&amp;O Parkgel\u00e4nde<\/h2>\n            <div class=\"content \"><h2>Holzparkdeck.<\/h2>\n<p><span dir=\"ltr\" role=\"presentation\">Kann man umweltvertr\u00e4gliche Parkh\u00e4user bauen? <\/span><span dir=\"ltr\" role=\"presentation\">Ja, <\/span><br role=\"presentation\" \/><span dir=\"ltr\" role=\"presentation\">indem man die ressourcenintensiven Tiefgaragen aus Beton <\/span><br role=\"presentation\" \/><span dir=\"ltr\" role=\"presentation\">durch eine klimapositive Holzbauweise ersetzt. Gemeinsam <\/span><br role=\"presentation\" \/><span dir=\"ltr\" role=\"presentation\">mit Hermann Kaufmann Architekten hat B&amp;O das erste klima-<\/span><br role=\"presentation\" \/><span dir=\"ltr\" role=\"presentation\">freundliche Holz-Parkdeck f\u00fcr den B&amp;O Experimentierpark <\/span><br role=\"presentation\" \/><span dir=\"ltr\" role=\"presentation\">in Bad Aibling entwickelt und mit der Zimmerei Eder ver-<\/span><br role=\"presentation\" \/><span dir=\"ltr\" role=\"presentation\">wirklicht. Der lichtdurchflutete Prototyp bietet Platz f\u00fcr gut <\/span><br role=\"presentation\" \/><span dir=\"ltr\" role=\"presentation\">100 Autos. Die modulare Bauweise erlaubt eine Erweite-<\/span><br role=\"presentation\" \/><span dir=\"ltr\" role=\"presentation\">rung, einen R\u00fcckbau sowie eine Umnutzung. Dahinter steht <\/span><br role=\"presentation\" \/><span dir=\"ltr\" role=\"presentation\">der Gedanke, wandelbare Strukturen mit nutzungsneutralen <\/span><br role=\"presentation\" \/><span dir=\"ltr\" role=\"presentation\">Grundrissen zu schaffen. Die Zukunft des Bauens beginnt <\/span><br role=\"presentation\" \/><span dir=\"ltr\" role=\"presentation\">mit dem Umparken im Kopf.<\/span><\/p>\n<p>Die CO2 Bilanz finden Sie <a href=\"https:\/\/buo.de\/bau\/wp-content\/uploads\/sites\/2\/2023\/06\/Kopie-von-Grafik-CO2-Parkhaus.jpg\">hier.<\/a><\/p>\n<p>&nbsp;<\/p>\n<p>&nbsp;<\/p>\n<\/div>\n\n            \n            <div class=\"read-more-content\"><\/div>\n                    <\/div>\n        <\/div>\n\n\n\n<div style=\"height:180px\" aria-hidden=\"true\" class=\"wp-block-spacer\"><\/div>\n\n\n<div id=\"text-and-image-block_93ce90adbea65d5a1fab253f11db8386\"\n     class=\"text-and-image-container ltr\">\n\n    <style>\n        #text-and-image-block_93ce90adbea65d5a1fab253f11db8386 {\n            --textAndImageHeight: 70vh;\n            --textAndImageBackgroundColor: ;\n            --textAndImageTextColor: ;\n        }\n        @media screen and (max-width: 1024px) {\n        #text-and-image-block_93ce90adbea65d5a1fab253f11db8386 {\n            --textAndImageHeight: 50vh;\n        }\n        }\n    <\/style>\n\n                <div class=\"image-wrapper cover\">\n                <div class=\"image-outer\">\n                                        <img decoding=\"async\" loading=\"lazy\" alt=\"\" style=\"height: var(--textAndImageHeight);object-position: center center\" sizes=\"(max-width: 642px) 100vw, 642px\" srcset=\"https:\/\/buo.de\/bau\/wp-content\/uploads\/sites\/2\/2023\/06\/FH-II.png 642w, https:\/\/buo.de\/bau\/wp-content\/uploads\/sites\/2\/2023\/06\/FH-II-300x206.png 300w\" src=\"https:\/\/buo.de\/bau\/wp-content\/uploads\/sites\/2\/2023\/06\/FH-II.png\" class=\"image\">\n                <\/div>\n            <\/div>\n                        <div class=\"text \">\n            <h2 class=\"over-content\">B&amp;O Parkgel\u00e4nde<\/h2>\n            <div class=\"content \"><h2>Forschungsh\u00e4user II.<\/h2>\n<p>Die Forschungsh\u00e4user entwickeln sich weiter. Das erste der drei neuen Forschungsh\u00e4user setzt auf traditionelle Baustoffe und neue Ideen. Mit Lehmziegeln und Halbholzw\u00e4nden realisiert B&amp;O ein klimaneutrales Wohnhaus.<\/p>\n<p>Die CO2 Bilanz finden Sie <a href=\"https:\/\/buo.de\/bau\/wp-content\/uploads\/sites\/2\/2023\/06\/Bilanz-fh2.png\">hier.<\/a><\/p>\n<p>&nbsp;<\/p>\n<\/div>\n\n            \n            <div class=\"read-more-content\"><\/div>\n                    <\/div>\n        <\/div>\n","protected":false},"excerpt":{"rendered":"","protected":false},"author":8,"featured_media":0,"parent":0,"menu_order":0,"comment_status":"closed","ping_status":"closed","template":"","meta":{"_acf_changed":false,"_relevanssi_hide_post":"","_relevanssi_hide_content":"","_relevanssi_pin_for_all":"","_relevanssi_pin_keywords":"","_relevanssi_unpin_keywords":"","_relevanssi_related_keywords":"","_relevanssi_related_include_ids":"","_relevanssi_related_exclude_ids":"","_relevanssi_related_no_append":"","_relevanssi_related_not_related":"","_relevanssi_related_posts":"1","_relevanssi_noindex_reason":"","footnotes":""},"class_list":["post-2566","page","type-page","status-publish","hentry"],"acf":[],"yoast_head":"<!-- This site is optimized with the Yoast SEO plugin v27.1.1 - https:\/\/yoast.com\/product\/yoast-seo-wordpress\/ -->\n<title>Forschung - B&amp;O Bau<\/title>\n<meta name=\"robots\" content=\"index, follow, max-snippet:-1, max-image-preview:large, max-video-preview:-1\" \/>\n<link rel=\"canonical\" href=\"https:\/\/buo.de\/bau\/forschung\/\" \/>\n<meta property=\"og:locale\" content=\"de_DE\" \/>\n<meta property=\"og:type\" content=\"article\" \/>\n<meta property=\"og:title\" content=\"Forschung - B&amp;O Bau\" \/>\n<meta property=\"og:url\" content=\"https:\/\/buo.de\/bau\/forschung\/\" \/>\n<meta property=\"og:site_name\" content=\"B&amp;O Bau\" \/>\n<meta property=\"article:publisher\" content=\"https:\/\/www.youtube.com\/@BuOBau\" \/>\n<meta property=\"article:modified_time\" content=\"2026-03-12T13:19:01+00:00\" \/>\n<meta property=\"og:image\" content=\"https:\/\/buo.de\/bau\/wp-content\/uploads\/sites\/2\/2025\/07\/Holz_8_Bad_Aibling-1-1024x576.png\" \/>\n\t<meta property=\"og:image:width\" content=\"1024\" \/>\n\t<meta property=\"og:image:height\" content=\"576\" \/>\n\t<meta property=\"og:image:type\" content=\"image\/png\" \/>\n<meta name=\"twitter:card\" content=\"summary_large_image\" \/>\n<script type=\"application\/ld+json\" class=\"yoast-schema-graph\">{\"@context\":\"https:\/\/schema.org\",\"@graph\":[{\"@type\":\"WebPage\",\"@id\":\"https:\/\/buo.de\/bau\/forschung\/\",\"url\":\"https:\/\/buo.de\/bau\/forschung\/\",\"name\":\"Forschung - B&O Bau\",\"isPartOf\":{\"@id\":\"https:\/\/buo.de\/bau\/#website\"},\"datePublished\":\"2023-06-13T13:21:21+00:00\",\"dateModified\":\"2026-03-12T13:19:01+00:00\",\"breadcrumb\":{\"@id\":\"https:\/\/buo.de\/bau\/forschung\/#breadcrumb\"},\"inLanguage\":\"de\",\"potentialAction\":[{\"@type\":\"ReadAction\",\"target\":[\"https:\/\/buo.de\/bau\/forschung\/\"]}]},{\"@type\":\"BreadcrumbList\",\"@id\":\"https:\/\/buo.de\/bau\/forschung\/#breadcrumb\",\"itemListElement\":[{\"@type\":\"ListItem\",\"position\":1,\"name\":\"Start\",\"item\":\"https:\/\/buo.de\/bau\/\"},{\"@type\":\"ListItem\",\"position\":2,\"name\":\"Forschung\"}]},{\"@type\":\"WebSite\",\"@id\":\"https:\/\/buo.de\/bau\/#website\",\"url\":\"https:\/\/buo.de\/bau\/\",\"name\":\"B&O Bau\",\"description\":\"Das Pilotprojekt\u202fumfasst eine dreigeschossige Nachverdichtung ohne Fl\u00e4chenversiegelung, gepaart mit einer f\u00fcnfgeschossigen seriellen Fassadensanierung im bewohnten Zustand.\u00a0\",\"publisher\":{\"@id\":\"https:\/\/buo.de\/bau\/#organization\"},\"potentialAction\":[{\"@type\":\"SearchAction\",\"target\":{\"@type\":\"EntryPoint\",\"urlTemplate\":\"https:\/\/buo.de\/bau\/?s={search_term_string}\"},\"query-input\":{\"@type\":\"PropertyValueSpecification\",\"valueRequired\":true,\"valueName\":\"search_term_string\"}}],\"inLanguage\":\"de\"},{\"@type\":\"Organization\",\"@id\":\"https:\/\/buo.de\/bau\/#organization\",\"name\":\"B&O Bau GmbH\",\"url\":\"https:\/\/buo.de\/bau\/\",\"logo\":{\"@type\":\"ImageObject\",\"inLanguage\":\"de\",\"@id\":\"https:\/\/buo.de\/bau\/#\/schema\/logo\/image\/\",\"url\":\"https:\/\/buo.de\/bau\/wp-content\/uploads\/sites\/2\/2026\/03\/Logo_BO_Bau_RGB-1.png\",\"contentUrl\":\"https:\/\/buo.de\/bau\/wp-content\/uploads\/sites\/2\/2026\/03\/Logo_BO_Bau_RGB-1.png\",\"width\":1095,\"height\":827,\"caption\":\"B&O Bau GmbH\"},\"image\":{\"@id\":\"https:\/\/buo.de\/bau\/#\/schema\/logo\/image\/\"},\"sameAs\":[\"https:\/\/www.youtube.com\/@BuOBau\",\"https:\/\/www.linkedin.com\/company\/18550887\/\"]}]}<\/script>\n<!-- \/ Yoast SEO plugin. -->","yoast_head_json":{"title":"Forschung - B&O Bau","robots":{"index":"index","follow":"follow","max-snippet":"max-snippet:-1","max-image-preview":"max-image-preview:large","max-video-preview":"max-video-preview:-1"},"canonical":"https:\/\/buo.de\/bau\/forschung\/","og_locale":"de_DE","og_type":"article","og_title":"Forschung - B&O Bau","og_url":"https:\/\/buo.de\/bau\/forschung\/","og_site_name":"B&O Bau","article_publisher":"https:\/\/www.youtube.com\/@BuOBau","article_modified_time":"2026-03-12T13:19:01+00:00","og_image":[{"width":1024,"height":576,"url":"https:\/\/buo.de\/bau\/wp-content\/uploads\/sites\/2\/2025\/07\/Holz_8_Bad_Aibling-1-1024x576.png","type":"image\/png"}],"twitter_card":"summary_large_image","schema":{"@context":"https:\/\/schema.org","@graph":[{"@type":"WebPage","@id":"https:\/\/buo.de\/bau\/forschung\/","url":"https:\/\/buo.de\/bau\/forschung\/","name":"Forschung - B&O Bau","isPartOf":{"@id":"https:\/\/buo.de\/bau\/#website"},"datePublished":"2023-06-13T13:21:21+00:00","dateModified":"2026-03-12T13:19:01+00:00","breadcrumb":{"@id":"https:\/\/buo.de\/bau\/forschung\/#breadcrumb"},"inLanguage":"de","potentialAction":[{"@type":"ReadAction","target":["https:\/\/buo.de\/bau\/forschung\/"]}]},{"@type":"BreadcrumbList","@id":"https:\/\/buo.de\/bau\/forschung\/#breadcrumb","itemListElement":[{"@type":"ListItem","position":1,"name":"Start","item":"https:\/\/buo.de\/bau\/"},{"@type":"ListItem","position":2,"name":"Forschung"}]},{"@type":"WebSite","@id":"https:\/\/buo.de\/bau\/#website","url":"https:\/\/buo.de\/bau\/","name":"B&O Bau","description":"Das Pilotprojekt\u202fumfasst eine dreigeschossige Nachverdichtung ohne Fl\u00e4chenversiegelung, gepaart mit einer f\u00fcnfgeschossigen seriellen Fassadensanierung im bewohnten Zustand.\u00a0","publisher":{"@id":"https:\/\/buo.de\/bau\/#organization"},"potentialAction":[{"@type":"SearchAction","target":{"@type":"EntryPoint","urlTemplate":"https:\/\/buo.de\/bau\/?s={search_term_string}"},"query-input":{"@type":"PropertyValueSpecification","valueRequired":true,"valueName":"search_term_string"}}],"inLanguage":"de"},{"@type":"Organization","@id":"https:\/\/buo.de\/bau\/#organization","name":"B&O Bau GmbH","url":"https:\/\/buo.de\/bau\/","logo":{"@type":"ImageObject","inLanguage":"de","@id":"https:\/\/buo.de\/bau\/#\/schema\/logo\/image\/","url":"https:\/\/buo.de\/bau\/wp-content\/uploads\/sites\/2\/2026\/03\/Logo_BO_Bau_RGB-1.png","contentUrl":"https:\/\/buo.de\/bau\/wp-content\/uploads\/sites\/2\/2026\/03\/Logo_BO_Bau_RGB-1.png","width":1095,"height":827,"caption":"B&O Bau GmbH"},"image":{"@id":"https:\/\/buo.de\/bau\/#\/schema\/logo\/image\/"},"sameAs":["https:\/\/www.youtube.com\/@BuOBau","https:\/\/www.linkedin.com\/company\/18550887\/"]}]}},"_links":{"self":[{"href":"https:\/\/buo.de\/bau\/wp-json\/wp\/v2\/pages\/2566","targetHints":{"allow":["GET"]}}],"collection":[{"href":"https:\/\/buo.de\/bau\/wp-json\/wp\/v2\/pages"}],"about":[{"href":"https:\/\/buo.de\/bau\/wp-json\/wp\/v2\/types\/page"}],"author":[{"embeddable":true,"href":"https:\/\/buo.de\/bau\/wp-json\/wp\/v2\/users\/8"}],"replies":[{"embeddable":true,"href":"https:\/\/buo.de\/bau\/wp-json\/wp\/v2\/comments?post=2566"}],"version-history":[{"count":20,"href":"https:\/\/buo.de\/bau\/wp-json\/wp\/v2\/pages\/2566\/revisions"}],"predecessor-version":[{"id":29713,"href":"https:\/\/buo.de\/bau\/wp-json\/wp\/v2\/pages\/2566\/revisions\/29713"}],"wp:attachment":[{"href":"https:\/\/buo.de\/bau\/wp-json\/wp\/v2\/media?parent=2566"}],"curies":[{"name":"wp","href":"https:\/\/api.w.org\/{rel}","templated":true}]}}