{"id":382,"date":"2023-05-04T17:56:33","date_gmt":"2023-05-04T15:56:33","guid":{"rendered":"https:\/\/buo.de\/bau\/?page_id=382"},"modified":"2026-04-02T15:34:59","modified_gmt":"2026-04-02T13:34:59","slug":"systembau","status":"publish","type":"page","link":"https:\/\/buo.de\/bau\/wohnraum-schaffen\/systembau\/","title":{"rendered":"Serielles Bauen"},"content":{"rendered":"\n<div class=\"wp-block-columns has-white-color has-dark-blue-background-color has-text-color has-background has-full-width is-layout-flex wp-container-core-columns-is-layout-9d6595d7 wp-block-columns-is-layout-flex\">\n<div class=\"wp-block-column is-vertically-aligned-top is-layout-flow wp-block-column-is-layout-flow\" style=\"flex-basis:100%\">\n<div class=\"wp-block-columns is-layout-flex wp-container-core-columns-is-layout-9d6595d7 wp-block-columns-is-layout-flex\">\n<div class=\"wp-block-column is-layout-flow wp-block-column-is-layout-flow\" style=\"flex-basis:50%\">\n<div style=\"height:30px\" aria-hidden=\"true\" class=\"wp-block-spacer\"><\/div>\n\n\n\n<p class=\"has-medium-font-size\">Serielles<\/p>\n\n\n\n<h2 class=\"wp-block-heading\">Bauen.<\/h2>\n<\/div>\n\n\n\n<div class=\"wp-block-column is-layout-flow wp-block-column-is-layout-flow\" style=\"flex-basis:50%\">\n<div style=\"height:30px\" aria-hidden=\"true\" class=\"wp-block-spacer\"><\/div>\n\n\n\n<p>Der Bedarf an bezahlbarem Wohnraum steigt. Konventionelle Bauweisen mit dezentraler Wertsch\u00f6pfung sto\u00dfen an ihre Grenzen. Unsere L\u00f6sung hei\u00dft: Serielles Bauen. Sie folgt einer simplen Logik, die den Bauprozess neu strukturiert und organisiert. Sprich: Wir bauen zukunftsf\u00e4hige Systemh\u00e4user mit vorgefertigten Modulen und nachhaltigen Rohstoffen. Dieses serielle Format in Holz-Hybrid-Bauweise kombiniert Holz-Wandelemente mit Decken und Treppenhauskernen aus Stahlbeton. Es eignet sich besonders zur Nachverdichtung im st\u00e4dtischen Bereich.<\/p>\n\n\n\n<div style=\"height:20px\" aria-hidden=\"true\" class=\"wp-block-spacer\"><\/div>\n<\/div>\n<\/div>\n<\/div>\n<\/div>\n\n\n\n<div style=\"height:90px\" aria-hidden=\"true\" class=\"wp-block-spacer\"><\/div>\n\n\n\n<figure class=\"wp-block-image size-full\"><img loading=\"lazy\" decoding=\"async\" width=\"2560\" height=\"400\" src=\"https:\/\/buo.de\/bau\/wp-content\/uploads\/sites\/2\/2026\/04\/BO_Bau_Banner_Website_Real-Estate-Arena_3200x500_final-2-scaled.png\" alt=\"\" class=\"wp-image-65070\" srcset=\"https:\/\/buo.de\/bau\/wp-content\/uploads\/sites\/2\/2026\/04\/BO_Bau_Banner_Website_Real-Estate-Arena_3200x500_final-2-scaled.png 2560w, https:\/\/buo.de\/bau\/wp-content\/uploads\/sites\/2\/2026\/04\/BO_Bau_Banner_Website_Real-Estate-Arena_3200x500_final-2-300x47.png 300w, https:\/\/buo.de\/bau\/wp-content\/uploads\/sites\/2\/2026\/04\/BO_Bau_Banner_Website_Real-Estate-Arena_3200x500_final-2-1024x160.png 1024w, https:\/\/buo.de\/bau\/wp-content\/uploads\/sites\/2\/2026\/04\/BO_Bau_Banner_Website_Real-Estate-Arena_3200x500_final-2-768x120.png 768w, https:\/\/buo.de\/bau\/wp-content\/uploads\/sites\/2\/2026\/04\/BO_Bau_Banner_Website_Real-Estate-Arena_3200x500_final-2-1536x240.png 1536w, https:\/\/buo.de\/bau\/wp-content\/uploads\/sites\/2\/2026\/04\/BO_Bau_Banner_Website_Real-Estate-Arena_3200x500_final-2-2048x320.png 2048w, https:\/\/buo.de\/bau\/wp-content\/uploads\/sites\/2\/2026\/04\/BO_Bau_Banner_Website_Real-Estate-Arena_3200x500_final-2-1920x300.png 1920w, https:\/\/buo.de\/bau\/wp-content\/uploads\/sites\/2\/2026\/04\/BO_Bau_Banner_Website_Real-Estate-Arena_3200x500_final-2-1320x206.png 1320w\" sizes=\"auto, (max-width: 2560px) 100vw, 2560px\" \/><\/figure>\n\n\n\n<div style=\"height:100px\" aria-hidden=\"true\" class=\"wp-block-spacer\"><\/div>\n\n\n<div id=\"text-and-image-block_cd0fa8da177470a2f1f18f6981ec0d85\"\n     class=\"text-and-image-container ltr slide_in_animation\">\n\n    <style>\n        #text-and-image-block_cd0fa8da177470a2f1f18f6981ec0d85 {\n            --textAndImageHeight: 550px;\n            --textAndImageBackgroundColor: ;\n            --textAndImageTextColor: ;\n        }\n        @media screen and (max-width: 1024px) {\n        #text-and-image-block_cd0fa8da177470a2f1f18f6981ec0d85 {\n            --textAndImageHeight: 300px;\n        }\n        }\n    <\/style>\n\n                <div class=\"image-wrapper cover\">\n                <div class=\"image-outer\">\n                                        <img decoding=\"async\" loading=\"lazy\" alt=\"\" style=\"height: var(--textAndImageHeight);object-position: center center\" sizes=\"(max-width: 1920px) 100vw, 1920px\" srcset=\"https:\/\/buo.de\/bau\/wp-content\/uploads\/sites\/2\/2023\/05\/DSC04726-Pano-scaled.jpg 2560w, https:\/\/buo.de\/bau\/wp-content\/uploads\/sites\/2\/2023\/05\/DSC04726-Pano-300x240.jpg 300w, https:\/\/buo.de\/bau\/wp-content\/uploads\/sites\/2\/2023\/05\/DSC04726-Pano-1024x819.jpg 1024w, https:\/\/buo.de\/bau\/wp-content\/uploads\/sites\/2\/2023\/05\/DSC04726-Pano-768x614.jpg 768w, https:\/\/buo.de\/bau\/wp-content\/uploads\/sites\/2\/2023\/05\/DSC04726-Pano-1536x1229.jpg 1536w, https:\/\/buo.de\/bau\/wp-content\/uploads\/sites\/2\/2023\/05\/DSC04726-Pano-2048x1638.jpg 2048w, https:\/\/buo.de\/bau\/wp-content\/uploads\/sites\/2\/2023\/05\/DSC04726-Pano-1350x1080.jpg 1350w\" src=\"https:\/\/buo.de\/bau\/wp-content\/uploads\/sites\/2\/2023\/05\/DSC04726-Pano-scaled.jpg\" class=\"image\">\n                <\/div>\n            <\/div>\n                        <div class=\"text \">\n            <h2 class=\"over-content\">Bauen mit<\/h2>\n            <div class=\"content \"><h2>System.<\/h2>\n<p>Will man schnell und unkompliziert bauen, ist das Systemhaus eine gute Wahl und die perfekte Basis f\u00fcr ein noch ausstehendes Bebauungsplanverfahren. Von der Planung bis zur Gestaltung der Au\u00dfenanlagen sind alle Leistungsphasen optimal koordiniert oder unter einem Dach. Das verringert den Abstimmungsaufwand und die Kosten enorm. Das Systemhaus ist fertig geplant, l\u00e4sst sich aber innerhalb eines gewissen Rasters flexibel an \u00f6rtliche Bed\u00fcrfnisse anpassen. Es kann als Punkthaus wie auch als Riegelbau ausgef\u00fchrt werden und bis zu acht Geschosse f\u00fchren. Der Erstentwurf steht innerhalb von 2 Wochen.<\/p>\n<\/div>\n\n            \n            <div class=\"read-more-content\"><\/div>\n                    <\/div>\n        <\/div>\n\n\n\n<div style=\"height:102px\" aria-hidden=\"true\" class=\"wp-block-spacer\"><\/div>\n\n\n<div id=\"text-and-image-block_a35a1e965c75388dc47ce6f996946e79\"\n     class=\"text-and-image-container rtl slide_in_animation\">\n\n    <style>\n        #text-and-image-block_a35a1e965c75388dc47ce6f996946e79 {\n            --textAndImageHeight: 550px;\n            --textAndImageBackgroundColor: ;\n            --textAndImageTextColor: ;\n        }\n        @media screen and (max-width: 1024px) {\n        #text-and-image-block_a35a1e965c75388dc47ce6f996946e79 {\n            --textAndImageHeight: 300px;\n        }\n        }\n    <\/style>\n\n                <div class=\"image-wrapper cover\">\n                <div class=\"image-outer\">\n                                        <img decoding=\"async\" loading=\"lazy\" alt=\"\" style=\"height: var(--textAndImageHeight);object-position: center center\" sizes=\"(max-width: 1772px) 100vw, 1772px\" srcset=\"https:\/\/buo.de\/bau\/wp-content\/uploads\/sites\/2\/2023\/05\/4375_BLAUWERK-blus-171212-0966-03.jpg 1772w, https:\/\/buo.de\/bau\/wp-content\/uploads\/sites\/2\/2023\/05\/4375_BLAUWERK-blus-171212-0966-03-300x225.jpg 300w, https:\/\/buo.de\/bau\/wp-content\/uploads\/sites\/2\/2023\/05\/4375_BLAUWERK-blus-171212-0966-03-1024x767.jpg 1024w, https:\/\/buo.de\/bau\/wp-content\/uploads\/sites\/2\/2023\/05\/4375_BLAUWERK-blus-171212-0966-03-768x575.jpg 768w, https:\/\/buo.de\/bau\/wp-content\/uploads\/sites\/2\/2023\/05\/4375_BLAUWERK-blus-171212-0966-03-1536x1150.jpg 1536w, https:\/\/buo.de\/bau\/wp-content\/uploads\/sites\/2\/2023\/05\/4375_BLAUWERK-blus-171212-0966-03-1442x1080.jpg 1442w\" src=\"https:\/\/buo.de\/bau\/wp-content\/uploads\/sites\/2\/2023\/05\/4375_BLAUWERK-blus-171212-0966-03.jpg\" class=\"image\">\n                <\/div>\n            <\/div>\n                        <div class=\"text \">\n            <h2 class=\"over-content\">Industrielles<\/h2>\n            <div class=\"content \"><h2>Prefab.<\/h2>\n<p>Unsere standardisierten Fertigb\u00e4der stellen wir seit 2017 in unserem Werk in Prelog\/Kroatien her. Sie haben ein Zellengewicht von unter 300 kg\/m\u00b2 und sind mit allen Funktionen, erforderlichen Materialien und Einrichtungsgegenst\u00e4nden ausgestattet.<\/p>\n<p>Die fertigen Badzellen werden <em>just in time<\/em> auf die Baustelle geliefert und nach dem Plug &amp; Play Prinzip im Rohbau angeschlossen. Sie sind gleichzeitig Bad und zentrale Technikzelle f\u00fcr die Wohnung, inklusive der Anschl\u00fcsse f\u00fcr die Heizung, Elektroinstallationen und die K\u00fcche.<\/p>\n<\/div>\n\n            \n            <div class=\"read-more-content\"><\/div>\n                    <\/div>\n        <\/div>\n\n\n\n<div style=\"height:100px\" aria-hidden=\"true\" class=\"wp-block-spacer\"><\/div>\n\n\n<div id=\"text-and-image-block_cba0d2740868e0702c1c9089ab256a44\"\n     class=\"text-and-image-container ltr slide_in_animation\">\n\n    <style>\n        #text-and-image-block_cba0d2740868e0702c1c9089ab256a44 {\n            --textAndImageHeight: 550px;\n            --textAndImageBackgroundColor: ;\n            --textAndImageTextColor: ;\n        }\n        @media screen and (max-width: 1024px) {\n        #text-and-image-block_cba0d2740868e0702c1c9089ab256a44 {\n            --textAndImageHeight: 300px;\n        }\n        }\n    <\/style>\n\n                <div class=\"image-wrapper cover\">\n                <div class=\"image-outer\">\n                                        <img decoding=\"async\" loading=\"lazy\" alt=\"\" style=\"height: var(--textAndImageHeight);object-position: center top\" sizes=\"(max-width: 1920px) 100vw, 1920px\" srcset=\"https:\/\/buo.de\/bau\/wp-content\/uploads\/sites\/2\/2023\/05\/M_Schittgabler_2940-scaled.jpg 2560w, https:\/\/buo.de\/bau\/wp-content\/uploads\/sites\/2\/2023\/05\/M_Schittgabler_2940-300x200.jpg 300w, https:\/\/buo.de\/bau\/wp-content\/uploads\/sites\/2\/2023\/05\/M_Schittgabler_2940-1024x683.jpg 1024w, https:\/\/buo.de\/bau\/wp-content\/uploads\/sites\/2\/2023\/05\/M_Schittgabler_2940-768x512.jpg 768w, https:\/\/buo.de\/bau\/wp-content\/uploads\/sites\/2\/2023\/05\/M_Schittgabler_2940-1536x1024.jpg 1536w, https:\/\/buo.de\/bau\/wp-content\/uploads\/sites\/2\/2023\/05\/M_Schittgabler_2940-2048x1365.jpg 2048w, https:\/\/buo.de\/bau\/wp-content\/uploads\/sites\/2\/2023\/05\/M_Schittgabler_2940-1620x1080.jpg 1620w\" src=\"https:\/\/buo.de\/bau\/wp-content\/uploads\/sites\/2\/2023\/05\/M_Schittgabler_2940-scaled.jpg\" class=\"image\">\n                <\/div>\n            <\/div>\n                        <div class=\"text \">\n            <h2 class=\"over-content\">Wand vom<\/h2>\n            <div class=\"content more-content-available\"><h2>Flie\u00dfband.<\/h2>\n<p>In unserem Produktionswerk in Frankfurt (Oder) werden die Holzw\u00e4nde hergestellt. Die eingesetzten H\u00f6lzer stammen aus nachhaltiger, regionaler Forstwirtschaft. Aktuell erproben wir eine neue Fertigungsmethode mit M\u00e4rkischer Kiefer. Kiefernholz ist eine reichlich vorhandene, bisher f\u00fcr den Hausbau wenig genutzte Ressource, die enormes Potenzial hat.<\/p>\n<p>Mit einer neuartigen Konstruktion gelingt es, eine wahlweise monolithische Bauweise umzusetzen. Die Wandelemente sind hier komplett montiert inkl. Fenster, D\u00e4mmung und Schalung. Das verk\u00fcrzt die Bauzeit vor Ort drastisch. Ebenfalls ber\u00fccksichtigt werden die weiteren Leitungsf\u00fchrungen. So fallen viele Detailarbeiten auf der Baustelle weg. Kombiniert mit der Badzelle kann so die Zeit der haustechnischen Gewerke je Wohneinheit um 80 % reduziert werden.<\/p>\n<p><\/div>\n\n                            <button class=\"read-more-button\"><i class=\"fa-solid fa-chevron-right\"><\/i>WEITERLESEN<\/button>\n                \n            <div class=\"read-more-content\"><\/p>\n<p>Au\u00dferdem wird die Beeintr\u00e4chtigung der Anwohner einer Baustelle auf ein Minimum reduziert. Gerade in innerst\u00e4dtischen Lagen und im Falle der Nachverdichtung oder von Ersatzbauten ein wichtiges Argument f\u00fcr die Akzeptanz der Beteiligten.<\/p>\n<p>Vorfertigung in unseren unternehmenseigenen Werken erledigt zeitaufw\u00e4ndige und technisch herausfordernde Arbeiten frei von Witterungseinfl\u00fcssen und unter h\u00f6chsten Qualit\u00e4tsanspr\u00fcchen.<\/p>\n<\/div>\n                    <\/div>\n        <\/div>\n\n\n\n<div style=\"height:100px\" aria-hidden=\"true\" class=\"wp-block-spacer\"><\/div>\n\n\n<div id=\"text-and-image-block_08a5b76c9e8eb2728f907aae241aff37\"\n     class=\"text-and-image-container rtl slide_in_animation\">\n\n    <style>\n        #text-and-image-block_08a5b76c9e8eb2728f907aae241aff37 {\n            --textAndImageHeight: 550px;\n            --textAndImageBackgroundColor: ;\n            --textAndImageTextColor: ;\n        }\n        @media screen and (max-width: 1024px) {\n        #text-and-image-block_08a5b76c9e8eb2728f907aae241aff37 {\n            --textAndImageHeight: 300px;\n        }\n        }\n    <\/style>\n\n                <div class=\"image-wrapper cover\">\n                <div class=\"image-outer\">\n                                        <img decoding=\"async\" loading=\"lazy\" alt=\"\" style=\"height: var(--textAndImageHeight);object-position: center center\" sizes=\"(max-width: 1920px) 100vw, 1920px\" srcset=\"https:\/\/buo.de\/bau\/wp-content\/uploads\/sites\/2\/2023\/05\/BOHH_CE_Wittinger-Str-01-1-scaled-e1683531075388.jpg 2489w, https:\/\/buo.de\/bau\/wp-content\/uploads\/sites\/2\/2023\/05\/BOHH_CE_Wittinger-Str-01-1-scaled-e1683531075388-300x203.jpg 300w, https:\/\/buo.de\/bau\/wp-content\/uploads\/sites\/2\/2023\/05\/BOHH_CE_Wittinger-Str-01-1-scaled-e1683531075388-1024x692.jpg 1024w, https:\/\/buo.de\/bau\/wp-content\/uploads\/sites\/2\/2023\/05\/BOHH_CE_Wittinger-Str-01-1-scaled-e1683531075388-768x519.jpg 768w, https:\/\/buo.de\/bau\/wp-content\/uploads\/sites\/2\/2023\/05\/BOHH_CE_Wittinger-Str-01-1-scaled-e1683531075388-1536x1039.jpg 1536w, https:\/\/buo.de\/bau\/wp-content\/uploads\/sites\/2\/2023\/05\/BOHH_CE_Wittinger-Str-01-1-scaled-e1683531075388-2048x1385.jpg 2048w, https:\/\/buo.de\/bau\/wp-content\/uploads\/sites\/2\/2023\/05\/BOHH_CE_Wittinger-Str-01-1-scaled-e1683531075388-1597x1080.jpg 1597w\" src=\"https:\/\/buo.de\/bau\/wp-content\/uploads\/sites\/2\/2023\/05\/BOHH_CE_Wittinger-Str-01-1-scaled-e1683531075388.jpg\" class=\"image\">\n                <\/div>\n            <\/div>\n                        <div class=\"text \">\n            <h2 class=\"over-content\">Kurze<\/h2>\n            <div class=\"content more-content-available\"><h2>Bauzeit.<\/h2>\n<p>So k\u00f6nnen wir auch ganze Quartiere innerhalb k\u00fcrzester Zeit schaffen. In nur 2 Jahren haben wir beispielsweise im nieders\u00e4chsischen Celle ein ganzes Quartier mit insgesamt 90 Wohneinheiten in sieben Geb\u00e4uden in Holz-Hybrid-Bauweise umgesetzt.<\/p>\n<p>Die Au\u00dfenw\u00e4nde wurden als fertige Elemente inklusive der Fenster direkt an die Baustelle geliefert und dort montiert. Zusammen mit ebenfalls vorgefertigten Spannbeton-Deckenkonstruktionen konnten so vor Ort Geschosse an einem Tag errichtet werden.<\/p>\n<p><\/div>\n\n                            <button class=\"read-more-button\"><i class=\"fa-solid fa-chevron-right\"><\/i>WEITERLESEN<\/button>\n                \n            <div class=\"read-more-content\"><\/p>\n<p>Die massiven Holzw\u00e4nde sorgen nicht nur f\u00fcr eine ad\u00e4quate D\u00e4mmung &#8211; das Raumklima der Wohneinheiten profitiert auch von der Verwendung des nat\u00fcrlichen Baustoffes. Die thermische Speichermasse der Decken und des Treppenhauses aus Beton sowie die Dachbegr\u00fcnung leisten zus\u00e4tzlich ihren Beitrag, um die Wohneinheiten im Sommer vor hohen Temperaturen und im Winter vor K\u00e4lte zu sch\u00fctzen. Die Geb\u00e4ude des klimafreundlichen Quartiers wurden zudem mit Photovoltaik-Anlagen und Geothermie ausgestattet.<\/p>\n<\/div>\n                    <\/div>\n        <\/div>\n\n\n\n<div style=\"height:100px\" aria-hidden=\"true\" class=\"wp-block-spacer\"><\/div>\n\n\n\n<h2 class=\"wp-block-heading\">Referenzen zu Systembau<\/h2>\n\n\n\n<div style=\"height:50px\" aria-hidden=\"true\" class=\"wp-block-spacer\"><\/div>\n\n\n\n<div id=\"buo-projects-grid-carousel-block_69c420910d9ebde3c82ec7d76339827d\"\n     data-columns=\"3\"\n     data-gap=\"32\"\n     data-cta=\"Weiterlesen\"\n     data-filter-by=\"\"\n     data-filter-ids=\"\"\n     class=\"buo-projects-grid-carousel-container is-carousel columns-3 buo-projects-filter-overlay\">\n    <div class=\"buo-overlay\">\n        <div class=\"buo-overlay-content-wrapper\">\n            <div class=\"buo-overlay-content\">\n                <div class=\"buo-overlay-filter-content\">\n                    <div class=\"buo-mobile-filter-header\">\n                        <div class=\"buo-logo-wrapper\">\n                            <img decoding=\"async\" alt=\"Logo\" src=\"https:\/\/buo.de\/bau\/wp-content\/themes\/qbits-theme-buo-bau\/images\/logo.svg\">\n                        <\/div>\n                        <div class=\"buo-filter-close-wrapper\">\n                            <span class=\"buo-filter-close-button\"><\/span>\n                        <\/div>\n                    <\/div>\n\n                    <div class=\"buo-filter-wrapper\">\n                        \n    <div class=\"buo-projects-filter buo-outer-projects-filter-wrapper buo-filter-wrapper\">\n        <form action=\"https:\/\/buo.de\/bau\/wohnraum-schaffen\/systembau\/\" method=\"get\" class=\"buo-projects-filter-wrapper\">\n                        <div class=\"buo-accordeon-container projekte\">\n                <div class=\"buo-accordeon-wrapper\">\n                    <div class=\"buo-accordeon\">\n\n                        <label class=\"buo-accordeon-title buo-single-checkbox\" for=\"buo-accordeon-Projekte\">\n                            <input checked id=\"buo-accordeon-Projekte\" class=\"buo-checkbox-group\" type=\"checkbox\">\n                            <span class=\"buo-checkbox-group-text\">Projekte<\/span>\n                        <\/label>\n\n                        <label for=\"buo-accordeon-trigger-Projekte\" class=\"buo-accordeon-trigger-label\"><\/label>\n\n                        <div class=\"buo-accordeon-content-wrapper\">\n                            <div class=\"buo-project-filter-prefix\">Projekte filtern:<\/div>\n\n                            <div class=\"buo-accordeon-content\">\n                                <div class=\"buo-content-wrapper\">\n                                    <label for=\"buo-select-all-projects\" class=\"buo-single-checkbox buo-select-all\">\n                                        <input  type=\"checkbox\" id=\"buo-select-all-projects\" name=\"select-all-projects\">\n                                        <span class=\"buo-checkbox-text\">Alle Projekte<\/span>\n                                    <\/label>\n                                <\/div>\n\n                                                                    <div class=\"buo-checkbox-wrapper buo-parent \">\n                                        <label for=\"buo-cat-13\" class=\"buo-single-checkbox buo-parent \">\n                                            <input  data-cat-id=\"project-cat-13\" type=\"checkbox\" id=\"buo-cat-13\" name=\"project[]\">\n                                            <span class=\"buo-checkbox-text\">Forschung<\/span>\n                                        <\/label>\n                                    <\/div>\n                                                                                                            <div class=\"buo-checkbox-wrapper buo-parent buo-has-children\">\n                                        <label for=\"buo-cat-5\" class=\"buo-single-checkbox buo-parent buo-has-children\">\n                                            <input  data-cat-id=\"project-cat-5\" type=\"checkbox\" id=\"buo-cat-5\" name=\"project[]\">\n                                            <span class=\"buo-checkbox-text\">Wohnraum erhalten<\/span>\n                                        <\/label>\n                                    <\/div>\n                                                                            <div class=\"buo-checkbox-wrapper\">\n                                            <label for=\"buo-cat-6\" class=\"buo-single-checkbox buo-child\">\n                                                <input  data-cat-id=\"project-cat-6\" type=\"checkbox\" id=\"buo-cat-6\" name=\"project[]\">\n                                                <span class=\"buo-checkbox-text\">serielle Sanierung<\/span>\n                                            <\/label>\n                                        <\/div>\n                                                                                <div class=\"buo-checkbox-wrapper\">\n                                            <label for=\"buo-cat-8\" class=\"buo-single-checkbox buo-child\">\n                                                <input  data-cat-id=\"project-cat-8\" type=\"checkbox\" id=\"buo-cat-8\" name=\"project[]\">\n                                                <span class=\"buo-checkbox-text\">Strangsanierung<\/span>\n                                            <\/label>\n                                        <\/div>\n                                                                                                                <div class=\"buo-checkbox-wrapper buo-parent buo-has-children\">\n                                        <label for=\"buo-cat-9\" class=\"buo-single-checkbox buo-parent buo-has-children\">\n                                            <input  data-cat-id=\"project-cat-9\" type=\"checkbox\" id=\"buo-cat-9\" name=\"project[]\">\n                                            <span class=\"buo-checkbox-text\">Wohnraum schaffen<\/span>\n                                        <\/label>\n                                    <\/div>\n                                                                            <div class=\"buo-checkbox-wrapper\">\n                                            <label for=\"buo-cat-11\" class=\"buo-single-checkbox buo-child\">\n                                                <input  data-cat-id=\"project-cat-11\" type=\"checkbox\" id=\"buo-cat-11\" name=\"project[]\">\n                                                <span class=\"buo-checkbox-text\">Dachaufstockung<\/span>\n                                            <\/label>\n                                        <\/div>\n                                                                                <div class=\"buo-checkbox-wrapper\">\n                                            <label for=\"buo-cat-12\" class=\"buo-single-checkbox buo-child\">\n                                                <input  data-cat-id=\"project-cat-12\" type=\"checkbox\" id=\"buo-cat-12\" name=\"project[]\">\n                                                <span class=\"buo-checkbox-text\">Parkplatz\u00fcberbauung<\/span>\n                                            <\/label>\n                                        <\/div>\n                                                                                <div class=\"buo-checkbox-wrapper\">\n                                            <label for=\"buo-cat-10\" class=\"buo-single-checkbox buo-child\">\n                                                <input checked data-cat-id=\"project-cat-10\" type=\"checkbox\" id=\"buo-cat-10\" name=\"project[]\">\n                                                <span class=\"buo-checkbox-text\">Systembau<\/span>\n                                            <\/label>\n                                        <\/div>\n                                                                                                        <\/div>\n                        <\/div>\n                    <\/div>\n                <\/div>\n            <\/div>\n        <\/form>\n    <\/div>\n    \n                    <\/div>\n\n                    <div class=\"buo-mobile-filter-footer\">\n                        <div class=\"buo-show-results-button-wrapper\">\n                            <button type=\"button\" class=\"buo-filter-close-button buo-button buo-results-button buo-active\">\n                                <span class=\"buo-total-projects-count\"><\/span> Projekte anzeigen                            <\/button>\n                        <\/div>\n                    <\/div>\n                <\/div>\n\n                <div class=\"buo-sort-and-filter-handler-wrapper buo-mobile-only\">\n                    <div class=\"buo-filter-button\">\n                        <i class=\"fa-regular fa-filter\"><\/i>\n                        <span class=\"buo-filter-button-text\">Filter<\/span>\n                    <\/div>\n                <\/div>\n            <\/div>\n        <\/div>\n    <\/div>\n            <div class=\"buo-carousel-container\">\n            <div class=\"buo-grid-carousel-posts-swiper swiper\">\n                \n\n\n    <div class=\"buo-projects-container swiper-wrapper\">\n        \n<a class=\"buo-projects-filter-card project-card swiper-slide\" data-terms=\"[&quot;project-cat-13&quot;]\" data-id=\"66527\" href=\"https:\/\/buo.de\/bau\/referenzen\/holz-lehmbau-campus-berlin\/\" target=\"_blank\">\n    <div class=\"entry-image-wrapper\">\n        <img decoding=\"async\" class=\"project-image\"\n             src=\"https:\/\/buo.de\/bau\/wp-content\/uploads\/sites\/2\/2026\/04\/P1030166-1920x1442.jpg-1.webp\"\n             sizes=\"(max-width: 1920px) 100vw, 1920px\" srcset=\"https:\/\/buo.de\/bau\/wp-content\/uploads\/sites\/2\/2026\/04\/P1030166-1920x1442.jpg-1.webp 1920w, https:\/\/buo.de\/bau\/wp-content\/uploads\/sites\/2\/2026\/04\/P1030166-1920x1442.jpg-1-300x225.webp 300w, https:\/\/buo.de\/bau\/wp-content\/uploads\/sites\/2\/2026\/04\/P1030166-1920x1442.jpg-1-1024x769.webp 1024w, https:\/\/buo.de\/bau\/wp-content\/uploads\/sites\/2\/2026\/04\/P1030166-1920x1442.jpg-1-768x577.webp 768w, https:\/\/buo.de\/bau\/wp-content\/uploads\/sites\/2\/2026\/04\/P1030166-1920x1442.jpg-1-1536x1154.webp 1536w, https:\/\/buo.de\/bau\/wp-content\/uploads\/sites\/2\/2026\/04\/P1030166-1920x1442.jpg-1-1438x1080.webp 1438w, https:\/\/buo.de\/bau\/wp-content\/uploads\/sites\/2\/2026\/04\/P1030166-1920x1442.jpg-1-1320x991.webp 1320w\"\n             alt=\"HLCB\"\n            loading=\"lazy\"        >\n        <div class=\"swiper-lazy-preloader\"><\/div>        <div class=\"project-linear-gradient\"><\/div>\n    <\/div>\n    <div class=\"project-content\">\n        <p class=\"project-term-name\">Forschung<\/p>\n        <div class=\"project-info\">\n            <p class=\"project-title\">HLCB<\/p>\n            <p class=\"project-address\">B\u00f6rnestra\u00dfe 37-41, Berlin-Bezirk Pankow, Deutschland<\/p>\n        <\/div>\n    <\/div>\n<\/a>\n\n<a class=\"buo-projects-filter-card project-card swiper-slide\" data-terms=\"[&quot;project-cat-13&quot;]\" data-id=\"66925\" href=\"https:\/\/buo.de\/bau\/referenzen\/forschungshaus-5\/\" target=\"_blank\">\n    <div class=\"entry-image-wrapper\">\n        <img decoding=\"async\" class=\"project-image\"\n             src=\"https:\/\/buo.de\/bau\/wp-content\/uploads\/sites\/2\/2026\/04\/DJI_20260210170019_0436_D-1920x1440-1.webp\"\n             sizes=\"(max-width: 1920px) 100vw, 1920px\" srcset=\"https:\/\/buo.de\/bau\/wp-content\/uploads\/sites\/2\/2026\/04\/DJI_20260210170019_0436_D-1920x1440-1.webp 1920w, https:\/\/buo.de\/bau\/wp-content\/uploads\/sites\/2\/2026\/04\/DJI_20260210170019_0436_D-1920x1440-1-300x225.webp 300w, https:\/\/buo.de\/bau\/wp-content\/uploads\/sites\/2\/2026\/04\/DJI_20260210170019_0436_D-1920x1440-1-1024x768.webp 1024w, https:\/\/buo.de\/bau\/wp-content\/uploads\/sites\/2\/2026\/04\/DJI_20260210170019_0436_D-1920x1440-1-768x576.webp 768w, https:\/\/buo.de\/bau\/wp-content\/uploads\/sites\/2\/2026\/04\/DJI_20260210170019_0436_D-1920x1440-1-1536x1152.webp 1536w, https:\/\/buo.de\/bau\/wp-content\/uploads\/sites\/2\/2026\/04\/DJI_20260210170019_0436_D-1920x1440-1-1440x1080.webp 1440w, https:\/\/buo.de\/bau\/wp-content\/uploads\/sites\/2\/2026\/04\/DJI_20260210170019_0436_D-1920x1440-1-1320x990.webp 1320w\"\n             alt=\"Forschungshaus 5\"\n            loading=\"lazy\"        >\n        <div class=\"swiper-lazy-preloader\"><\/div>        <div class=\"project-linear-gradient\"><\/div>\n    <\/div>\n    <div class=\"project-content\">\n        <p class=\"project-term-name\">Forschung<\/p>\n        <div class=\"project-info\">\n            <p class=\"project-title\">Forschungshaus 5<\/p>\n            <p class=\"project-address\">B&amp;O Bau Bayern GmbH, Dietrich-Bonhoeffer-Stra\u00dfe, Bad Aibling-Mietraching, Deutschland<\/p>\n        <\/div>\n    <\/div>\n<\/a>\n\n<a class=\"buo-projects-filter-card project-card swiper-slide\" data-terms=\"[&quot;project-cat-10&quot;,&quot;project-cat-9&quot;]\" data-id=\"67124\" href=\"https:\/\/buo.de\/bau\/referenzen\/holzhybrid-neubau-moessingen\/\" target=\"_blank\">\n    <div class=\"entry-image-wrapper\">\n        <img decoding=\"async\" class=\"project-image\"\n             src=\"https:\/\/buo.de\/bau\/wp-content\/uploads\/sites\/2\/2026\/04\/kh736-08-scaled-e1776932789350-1920x1223.jpg\"\n             sizes=\"(max-width: 1920px) 100vw, 1920px\" srcset=\"https:\/\/buo.de\/bau\/wp-content\/uploads\/sites\/2\/2026\/04\/kh736-08-scaled-e1776932789350-1920x1223.jpg 1920w, https:\/\/buo.de\/bau\/wp-content\/uploads\/sites\/2\/2026\/04\/kh736-08-scaled-e1776932789350-300x191.jpg 300w, https:\/\/buo.de\/bau\/wp-content\/uploads\/sites\/2\/2026\/04\/kh736-08-scaled-e1776932789350-1024x652.jpg 1024w, https:\/\/buo.de\/bau\/wp-content\/uploads\/sites\/2\/2026\/04\/kh736-08-scaled-e1776932789350-768x489.jpg 768w, https:\/\/buo.de\/bau\/wp-content\/uploads\/sites\/2\/2026\/04\/kh736-08-scaled-e1776932789350-1536x978.jpg 1536w, https:\/\/buo.de\/bau\/wp-content\/uploads\/sites\/2\/2026\/04\/kh736-08-scaled-e1776932789350-2048x1304.jpg 2048w, https:\/\/buo.de\/bau\/wp-content\/uploads\/sites\/2\/2026\/04\/kh736-08-scaled-e1776932789350-1696x1080.jpg 1696w, https:\/\/buo.de\/bau\/wp-content\/uploads\/sites\/2\/2026\/04\/kh736-08-scaled-e1776932789350-1320x840.jpg 1320w\"\n             alt=\"Holzhybrid-Neubau f\u00fcr den Landkreis T\u00fcbingen\"\n            loading=\"lazy\"        >\n        <div class=\"swiper-lazy-preloader\"><\/div>        <div class=\"project-linear-gradient\"><\/div>\n    <\/div>\n    <div class=\"project-content\">\n        <p class=\"project-term-name\">Systembau<\/p>\n        <div class=\"project-info\">\n            <p class=\"project-title\">Holzhybrid-Neubau f\u00fcr den Landkreis T\u00fcbingen<\/p>\n            <p class=\"project-address\">Eschenstra\u00dfe 12 &#8211; 18, Haselweg 1, M\u00f6ssingen  <\/p>\n        <\/div>\n    <\/div>\n<\/a>\n\n<a class=\"buo-projects-filter-card project-card swiper-slide\" data-terms=\"[&quot;project-cat-6&quot;,&quot;project-cat-5&quot;]\" data-id=\"67133\" href=\"https:\/\/buo.de\/bau\/referenzen\/quartierssanierung-jellinekplatz-heidelberg\/\" target=\"_blank\">\n    <div class=\"entry-image-wrapper\">\n        <img decoding=\"async\" class=\"project-image\"\n             src=\"https:\/\/buo.de\/bau\/wp-content\/uploads\/sites\/2\/2026\/04\/kh720-14-scaled-e1776942648928-1920x1503.jpg\"\n             sizes=\"(max-width: 1920px) 100vw, 1920px\" srcset=\"https:\/\/buo.de\/bau\/wp-content\/uploads\/sites\/2\/2026\/04\/kh720-14-scaled-e1776942648928-1920x1503.jpg 1920w, https:\/\/buo.de\/bau\/wp-content\/uploads\/sites\/2\/2026\/04\/kh720-14-scaled-e1776942648928-300x235.jpg 300w, https:\/\/buo.de\/bau\/wp-content\/uploads\/sites\/2\/2026\/04\/kh720-14-scaled-e1776942648928-1024x802.jpg 1024w, https:\/\/buo.de\/bau\/wp-content\/uploads\/sites\/2\/2026\/04\/kh720-14-scaled-e1776942648928-768x601.jpg 768w, https:\/\/buo.de\/bau\/wp-content\/uploads\/sites\/2\/2026\/04\/kh720-14-scaled-e1776942648928-1536x1202.jpg 1536w, https:\/\/buo.de\/bau\/wp-content\/uploads\/sites\/2\/2026\/04\/kh720-14-scaled-e1776942648928-2048x1603.jpg 2048w, https:\/\/buo.de\/bau\/wp-content\/uploads\/sites\/2\/2026\/04\/kh720-14-scaled-e1776942648928-1380x1080.jpg 1380w, https:\/\/buo.de\/bau\/wp-content\/uploads\/sites\/2\/2026\/04\/kh720-14-scaled-e1776942648928-1320x1033.jpg 1320w\"\n             alt=\"Quartierssanierung am Jellinekplatz\u00a0in Heidelberg\u00a0\"\n            loading=\"lazy\"        >\n        <div class=\"swiper-lazy-preloader\"><\/div>        <div class=\"project-linear-gradient\"><\/div>\n    <\/div>\n    <div class=\"project-content\">\n        <p class=\"project-term-name\">serielle Sanierung<\/p>\n        <div class=\"project-info\">\n            <p class=\"project-title\">Quartierssanierung am Jellinekplatz\u00a0in Heidelberg\u00a0<\/p>\n            <p class=\"project-address\">Jellinekplatz 1, 3 ,5 ,7 ,9 ,11, 13, 15 in Heidelberg <\/p>\n        <\/div>\n    <\/div>\n<\/a>\n\n<a class=\"buo-projects-filter-card project-card swiper-slide\" data-terms=\"[&quot;project-cat-6&quot;,&quot;project-cat-8&quot;,&quot;project-cat-5&quot;]\" data-id=\"67136\" href=\"https:\/\/buo.de\/bau\/referenzen\/erste-serielle-sanierung-in-baden-wuerttemberg\/\" target=\"_blank\">\n    <div class=\"entry-image-wrapper\">\n        <img decoding=\"async\" class=\"project-image\"\n             src=\"https:\/\/buo.de\/bau\/wp-content\/uploads\/sites\/2\/2026\/04\/kh821-04-1920x1440.jpg\"\n             sizes=\"(max-width: 1920px) 100vw, 1920px\" srcset=\"https:\/\/buo.de\/bau\/wp-content\/uploads\/sites\/2\/2026\/04\/kh821-04-1920x1440.jpg 1920w, https:\/\/buo.de\/bau\/wp-content\/uploads\/sites\/2\/2026\/04\/kh821-04-300x225.jpg 300w, https:\/\/buo.de\/bau\/wp-content\/uploads\/sites\/2\/2026\/04\/kh821-04-1024x768.jpg 1024w, https:\/\/buo.de\/bau\/wp-content\/uploads\/sites\/2\/2026\/04\/kh821-04-768x576.jpg 768w, https:\/\/buo.de\/bau\/wp-content\/uploads\/sites\/2\/2026\/04\/kh821-04-1536x1152.jpg 1536w, https:\/\/buo.de\/bau\/wp-content\/uploads\/sites\/2\/2026\/04\/kh821-04-2048x1536.jpg 2048w, https:\/\/buo.de\/bau\/wp-content\/uploads\/sites\/2\/2026\/04\/kh821-04-1440x1080.jpg 1440w, https:\/\/buo.de\/bau\/wp-content\/uploads\/sites\/2\/2026\/04\/kh821-04-1320x990.jpg 1320w\"\n             alt=\"Erste Serielle Sanierung in Baden-W\u00fcrttemberg\u00a0\u00a0\"\n            loading=\"lazy\"        >\n        <div class=\"swiper-lazy-preloader\"><\/div>        <div class=\"project-linear-gradient\"><\/div>\n    <\/div>\n    <div class=\"project-content\">\n        <p class=\"project-term-name\">serielle Sanierung &amp; Strangsanierung<\/p>\n        <div class=\"project-info\">\n            <p class=\"project-title\">Erste Serielle Sanierung in Baden-W\u00fcrttemberg\u00a0\u00a0<\/p>\n            <p class=\"project-address\">Kurt-Schuhmacher-Stra\u00dfe 237 \u2013 241, Stuttgart <\/p>\n        <\/div>\n    <\/div>\n<\/a>\n\n<a class=\"buo-projects-filter-card project-card swiper-slide\" data-terms=\"[&quot;project-cat-13&quot;]\" data-id=\"67647\" href=\"https:\/\/buo.de\/bau\/referenzen\/holzbau-aula-dietrich-bonhoeffer-campus-bad-aibling\/\" target=\"_blank\">\n    <div class=\"entry-image-wrapper\">\n        <img decoding=\"async\" class=\"project-image\"\n             src=\"https:\/\/buo.de\/bau\/wp-content\/uploads\/sites\/2\/2026\/04\/DJI_20260210163315_0406_D-1920x1280.jpg\"\n             sizes=\"(max-width: 1920px) 100vw, 1920px\" srcset=\"https:\/\/buo.de\/bau\/wp-content\/uploads\/sites\/2\/2026\/04\/DJI_20260210163315_0406_D-1920x1280.jpg 1920w, https:\/\/buo.de\/bau\/wp-content\/uploads\/sites\/2\/2026\/04\/DJI_20260210163315_0406_D-300x200.jpg 300w, https:\/\/buo.de\/bau\/wp-content\/uploads\/sites\/2\/2026\/04\/DJI_20260210163315_0406_D-1024x683.jpg 1024w, https:\/\/buo.de\/bau\/wp-content\/uploads\/sites\/2\/2026\/04\/DJI_20260210163315_0406_D-768x512.jpg 768w, https:\/\/buo.de\/bau\/wp-content\/uploads\/sites\/2\/2026\/04\/DJI_20260210163315_0406_D-1536x1024.jpg 1536w, https:\/\/buo.de\/bau\/wp-content\/uploads\/sites\/2\/2026\/04\/DJI_20260210163315_0406_D-2048x1365.jpg 2048w, https:\/\/buo.de\/bau\/wp-content\/uploads\/sites\/2\/2026\/04\/DJI_20260210163315_0406_D-1620x1080.jpg 1620w, https:\/\/buo.de\/bau\/wp-content\/uploads\/sites\/2\/2026\/04\/DJI_20260210163315_0406_D-1320x880.jpg 1320w\"\n             alt=\"Holzbau-Aula Dietrich-Bonhoeffer-Campus Bad Aibling\"\n            loading=\"lazy\"        >\n        <div class=\"swiper-lazy-preloader\"><\/div>        <div class=\"project-linear-gradient\"><\/div>\n    <\/div>\n    <div class=\"project-content\">\n        <p class=\"project-term-name\">Forschung<\/p>\n        <div class=\"project-info\">\n            <p class=\"project-title\">Holzbau-Aula Dietrich-Bonhoeffer-Campus Bad Aibling<\/p>\n            <p class=\"project-address\">Dietrich-Bonhoeffer-Stra\u00dfe 28, Bad Aibling-Mietraching, Deutschland<\/p>\n        <\/div>\n    <\/div>\n<\/a>\n\n<a class=\"buo-projects-filter-card project-card swiper-slide\" data-terms=\"[&quot;project-cat-10&quot;]\" data-id=\"62693\" href=\"https:\/\/buo.de\/bau\/referenzen\/neubau-zweier-punkthaeuser-in-massivbauweise-in-wolfsburg\/\" target=\"_blank\">\n    <div class=\"entry-image-wrapper\">\n        <img decoding=\"async\" class=\"project-image\"\n             src=\"https:\/\/buo.de\/bau\/wp-content\/uploads\/sites\/2\/2026\/03\/WEB-2025-09-22-BO-WOLFSBURG-ths-11-538-1920x1280.jpg\"\n             sizes=\"(max-width: 1920px) 100vw, 1920px\" srcset=\"https:\/\/buo.de\/bau\/wp-content\/uploads\/sites\/2\/2026\/03\/WEB-2025-09-22-BO-WOLFSBURG-ths-11-538-1920x1280.jpg 1920w, https:\/\/buo.de\/bau\/wp-content\/uploads\/sites\/2\/2026\/03\/WEB-2025-09-22-BO-WOLFSBURG-ths-11-538-300x200.jpg 300w, https:\/\/buo.de\/bau\/wp-content\/uploads\/sites\/2\/2026\/03\/WEB-2025-09-22-BO-WOLFSBURG-ths-11-538-1024x682.jpg 1024w, https:\/\/buo.de\/bau\/wp-content\/uploads\/sites\/2\/2026\/03\/WEB-2025-09-22-BO-WOLFSBURG-ths-11-538-768x512.jpg 768w, https:\/\/buo.de\/bau\/wp-content\/uploads\/sites\/2\/2026\/03\/WEB-2025-09-22-BO-WOLFSBURG-ths-11-538-1536x1024.jpg 1536w, https:\/\/buo.de\/bau\/wp-content\/uploads\/sites\/2\/2026\/03\/WEB-2025-09-22-BO-WOLFSBURG-ths-11-538-1620x1080.jpg 1620w, https:\/\/buo.de\/bau\/wp-content\/uploads\/sites\/2\/2026\/03\/WEB-2025-09-22-BO-WOLFSBURG-ths-11-538-1320x880.jpg 1320w, https:\/\/buo.de\/bau\/wp-content\/uploads\/sites\/2\/2026\/03\/WEB-2025-09-22-BO-WOLFSBURG-ths-11-538.jpg 2000w\"\n             alt=\"Neubau zweier Punkth\u00e4user in Massivbauweise in Wolfsburg\"\n            loading=\"lazy\"        >\n        <div class=\"swiper-lazy-preloader\"><\/div>        <div class=\"project-linear-gradient\"><\/div>\n    <\/div>\n    <div class=\"project-content\">\n        <p class=\"project-term-name\">Systembau<\/p>\n        <div class=\"project-info\">\n            <p class=\"project-title\">Neubau zweier Punkth\u00e4user in Massivbauweise in Wolfsburg<\/p>\n            <p class=\"project-address\">Theodor-Heuss-Stra\u00dfe 11, Wolfsburg-Detmerode, Deutschland<\/p>\n        <\/div>\n    <\/div>\n<\/a>\n\n<a class=\"buo-projects-filter-card project-card swiper-slide\" data-terms=\"[&quot;project-cat-8&quot;]\" data-id=\"62450\" href=\"https:\/\/buo.de\/bau\/referenzen\/sanierung-don-camillo-und-peppone-wolfsburg\/\" target=\"_blank\">\n    <div class=\"entry-image-wrapper\">\n        <img decoding=\"async\" class=\"project-image\"\n             src=\"https:\/\/buo.de\/bau\/wp-content\/uploads\/sites\/2\/2026\/03\/WEB-2025-09-24-BO-WOLFSBURG-ths-72-133-2-1920x1280.jpg\"\n             sizes=\"(max-width: 1920px) 100vw, 1920px\" srcset=\"https:\/\/buo.de\/bau\/wp-content\/uploads\/sites\/2\/2026\/03\/WEB-2025-09-24-BO-WOLFSBURG-ths-72-133-2-1920x1280.jpg 1920w, https:\/\/buo.de\/bau\/wp-content\/uploads\/sites\/2\/2026\/03\/WEB-2025-09-24-BO-WOLFSBURG-ths-72-133-2-300x200.jpg 300w, https:\/\/buo.de\/bau\/wp-content\/uploads\/sites\/2\/2026\/03\/WEB-2025-09-24-BO-WOLFSBURG-ths-72-133-2-1024x682.jpg 1024w, https:\/\/buo.de\/bau\/wp-content\/uploads\/sites\/2\/2026\/03\/WEB-2025-09-24-BO-WOLFSBURG-ths-72-133-2-768x512.jpg 768w, https:\/\/buo.de\/bau\/wp-content\/uploads\/sites\/2\/2026\/03\/WEB-2025-09-24-BO-WOLFSBURG-ths-72-133-2-1536x1024.jpg 1536w, https:\/\/buo.de\/bau\/wp-content\/uploads\/sites\/2\/2026\/03\/WEB-2025-09-24-BO-WOLFSBURG-ths-72-133-2-1620x1080.jpg 1620w, https:\/\/buo.de\/bau\/wp-content\/uploads\/sites\/2\/2026\/03\/WEB-2025-09-24-BO-WOLFSBURG-ths-72-133-2-1320x880.jpg 1320w, https:\/\/buo.de\/bau\/wp-content\/uploads\/sites\/2\/2026\/03\/WEB-2025-09-24-BO-WOLFSBURG-ths-72-133-2.jpg 2000w\"\n             alt=\"Mammut-Sanierung\u00a0Don Camillo und Peppone\u00a0in Wolfsburg\u00a0\"\n            loading=\"lazy\"        >\n        <div class=\"swiper-lazy-preloader\"><\/div>        <div class=\"project-linear-gradient\"><\/div>\n    <\/div>\n    <div class=\"project-content\">\n        <p class=\"project-term-name\">Strangsanierung<\/p>\n        <div class=\"project-info\">\n            <p class=\"project-title\">Mammut-Sanierung\u00a0Don Camillo und Peppone\u00a0in Wolfsburg\u00a0<\/p>\n            <p class=\"project-address\">Theodor-Heuss-Stra\u00dfe 72, Wolfsburg-Detmerode, Deutschland<\/p>\n        <\/div>\n    <\/div>\n<\/a>\n\n<a class=\"buo-projects-filter-card project-card swiper-slide\" data-terms=\"[&quot;project-cat-12&quot;]\" data-id=\"57281\" href=\"https:\/\/buo.de\/bau\/referenzen\/parkplatzueberbauung-in-schwabing-urbane-und-umweltfreundliche-nachverdichtung\/\" target=\"_blank\">\n    <div class=\"entry-image-wrapper\">\n        <img decoding=\"async\" class=\"project-image\"\n             src=\"https:\/\/buo.de\/bau\/wp-content\/uploads\/sites\/2\/2026\/01\/DSC08769-1920x1371.jpg\"\n             sizes=\"(max-width: 1920px) 100vw, 1920px\" srcset=\"https:\/\/buo.de\/bau\/wp-content\/uploads\/sites\/2\/2026\/01\/DSC08769-1920x1371.jpg 1920w, https:\/\/buo.de\/bau\/wp-content\/uploads\/sites\/2\/2026\/01\/DSC08769-300x214.jpg 300w, https:\/\/buo.de\/bau\/wp-content\/uploads\/sites\/2\/2026\/01\/DSC08769-1024x731.jpg 1024w, https:\/\/buo.de\/bau\/wp-content\/uploads\/sites\/2\/2026\/01\/DSC08769-768x549.jpg 768w, https:\/\/buo.de\/bau\/wp-content\/uploads\/sites\/2\/2026\/01\/DSC08769-1536x1097.jpg 1536w, https:\/\/buo.de\/bau\/wp-content\/uploads\/sites\/2\/2026\/01\/DSC08769-2048x1463.jpg 2048w, https:\/\/buo.de\/bau\/wp-content\/uploads\/sites\/2\/2026\/01\/DSC08769-1512x1080.jpg 1512w, https:\/\/buo.de\/bau\/wp-content\/uploads\/sites\/2\/2026\/01\/DSC08769-1320x943.jpg 1320w\"\n             alt=\"Parkplatz\u00fcberbauung in Schwabing \u2013 urbane und umweltfreundliche Nachverdichtung\"\n            loading=\"lazy\"        >\n        <div class=\"swiper-lazy-preloader\"><\/div>        <div class=\"project-linear-gradient\"><\/div>\n    <\/div>\n    <div class=\"project-content\">\n        <p class=\"project-term-name\">Parkplatz\u00fcberbauung<\/p>\n        <div class=\"project-info\">\n            <p class=\"project-title\">Parkplatz\u00fcberbauung in Schwabing \u2013 urbane und umweltfreundliche Nachverdichtung<\/p>\n            <p class=\"project-address\">R\u00fcmannstra\u00dfe 54\/56, M\u00fcnchen-Schwabing-West, Deutschland<\/p>\n        <\/div>\n    <\/div>\n<\/a>\n\n<a class=\"buo-projects-filter-card project-card swiper-slide\" data-terms=\"[&quot;project-cat-13&quot;]\" data-id=\"48937\" href=\"https:\/\/buo.de\/bau\/referenzen\/bo-bau-forschungsquartier\/\" target=\"_blank\">\n    <div class=\"entry-image-wrapper\">\n        <img decoding=\"async\" class=\"project-image\"\n             src=\"https:\/\/buo.de\/bau\/wp-content\/uploads\/sites\/2\/2025\/10\/Holz8-1920x1280.jpg\"\n             sizes=\"(max-width: 1920px) 100vw, 1920px\" srcset=\"https:\/\/buo.de\/bau\/wp-content\/uploads\/sites\/2\/2025\/10\/Holz8-1920x1280.jpg 1920w, https:\/\/buo.de\/bau\/wp-content\/uploads\/sites\/2\/2025\/10\/Holz8-300x200.jpg 300w, https:\/\/buo.de\/bau\/wp-content\/uploads\/sites\/2\/2025\/10\/Holz8-1024x683.jpg 1024w, https:\/\/buo.de\/bau\/wp-content\/uploads\/sites\/2\/2025\/10\/Holz8-768x512.jpg 768w, https:\/\/buo.de\/bau\/wp-content\/uploads\/sites\/2\/2025\/10\/Holz8-1536x1024.jpg 1536w, https:\/\/buo.de\/bau\/wp-content\/uploads\/sites\/2\/2025\/10\/Holz8-2048x1365.jpg 2048w, https:\/\/buo.de\/bau\/wp-content\/uploads\/sites\/2\/2025\/10\/Holz8-1620x1080.jpg 1620w, https:\/\/buo.de\/bau\/wp-content\/uploads\/sites\/2\/2025\/10\/Holz8-1320x880.jpg 1320w\"\n             alt=\"B&amp;O Bau ForschungsQuartier\"\n            loading=\"lazy\"        >\n        <div class=\"swiper-lazy-preloader\"><\/div>        <div class=\"project-linear-gradient\"><\/div>\n    <\/div>\n    <div class=\"project-content\">\n        <p class=\"project-term-name\">Forschung<\/p>\n        <div class=\"project-info\">\n            <p class=\"project-title\">B&amp;O Bau ForschungsQuartier<\/p>\n            <p class=\"project-address\">B&amp;O Bau ForschungsQuartier, Bad Aibling-Mietraching, Deutschland<\/p>\n        <\/div>\n    <\/div>\n<\/a>\n\n<a class=\"buo-projects-filter-card project-card swiper-slide\" data-terms=\"[&quot;project-cat-13&quot;]\" data-id=\"53808\" href=\"https:\/\/buo.de\/bau\/referenzen\/forschungshaus-1\/\" target=\"_blank\">\n    <div class=\"entry-image-wrapper\">\n        <img decoding=\"async\" class=\"project-image\"\n             src=\"https:\/\/buo.de\/bau\/wp-content\/uploads\/sites\/2\/2025\/12\/ForschungsQuartier_Jan_Hilling-35-scaled-1.jpg\"\n             sizes=\"(max-width: 1920px) 100vw, 1920px\" srcset=\"https:\/\/buo.de\/bau\/wp-content\/uploads\/sites\/2\/2025\/12\/ForschungsQuartier_Jan_Hilling-35-scaled-1.jpg 1920w, https:\/\/buo.de\/bau\/wp-content\/uploads\/sites\/2\/2025\/12\/ForschungsQuartier_Jan_Hilling-35-scaled-1-225x300.jpg 225w, https:\/\/buo.de\/bau\/wp-content\/uploads\/sites\/2\/2025\/12\/ForschungsQuartier_Jan_Hilling-35-scaled-1-768x1024.jpg 768w, https:\/\/buo.de\/bau\/wp-content\/uploads\/sites\/2\/2025\/12\/ForschungsQuartier_Jan_Hilling-35-scaled-1-1152x1536.jpg 1152w, https:\/\/buo.de\/bau\/wp-content\/uploads\/sites\/2\/2025\/12\/ForschungsQuartier_Jan_Hilling-35-scaled-1-1536x2048.jpg 1536w, https:\/\/buo.de\/bau\/wp-content\/uploads\/sites\/2\/2025\/12\/ForschungsQuartier_Jan_Hilling-35-scaled-1-810x1080.jpg 810w, https:\/\/buo.de\/bau\/wp-content\/uploads\/sites\/2\/2025\/12\/ForschungsQuartier_Jan_Hilling-35-scaled-1-1320x1760.jpg 1320w\"\n             alt=\"Forschungshaus 1\"\n            loading=\"lazy\"        >\n        <div class=\"swiper-lazy-preloader\"><\/div>        <div class=\"project-linear-gradient\"><\/div>\n    <\/div>\n    <div class=\"project-content\">\n        <p class=\"project-term-name\">Forschung<\/p>\n        <div class=\"project-info\">\n            <p class=\"project-title\">Forschungshaus 1<\/p>\n            <p class=\"project-address\">B&amp;O Bau ForschungsQuartier, Dietrich-Bonhoeffer-Stra\u00dfe 5b, Bad Aibling-Mietraching, Deutschland<\/p>\n        <\/div>\n    <\/div>\n<\/a>\n\n<a class=\"buo-projects-filter-card project-card swiper-slide\" data-terms=\"[&quot;project-cat-13&quot;]\" data-id=\"53807\" href=\"https:\/\/buo.de\/bau\/referenzen\/forschungshaus-2\/\" target=\"_blank\">\n    <div class=\"entry-image-wrapper\">\n        <img decoding=\"async\" class=\"project-image\"\n             src=\"https:\/\/buo.de\/bau\/wp-content\/uploads\/sites\/2\/2025\/12\/ForschungsQuartier_Jan_Hilling-33-scaled-1.jpg\"\n             sizes=\"(max-width: 1920px) 100vw, 1920px\" srcset=\"https:\/\/buo.de\/bau\/wp-content\/uploads\/sites\/2\/2025\/12\/ForschungsQuartier_Jan_Hilling-33-scaled-1.jpg 1920w, https:\/\/buo.de\/bau\/wp-content\/uploads\/sites\/2\/2025\/12\/ForschungsQuartier_Jan_Hilling-33-scaled-1-225x300.jpg 225w, https:\/\/buo.de\/bau\/wp-content\/uploads\/sites\/2\/2025\/12\/ForschungsQuartier_Jan_Hilling-33-scaled-1-768x1024.jpg 768w, https:\/\/buo.de\/bau\/wp-content\/uploads\/sites\/2\/2025\/12\/ForschungsQuartier_Jan_Hilling-33-scaled-1-1152x1536.jpg 1152w, https:\/\/buo.de\/bau\/wp-content\/uploads\/sites\/2\/2025\/12\/ForschungsQuartier_Jan_Hilling-33-scaled-1-1536x2048.jpg 1536w, https:\/\/buo.de\/bau\/wp-content\/uploads\/sites\/2\/2025\/12\/ForschungsQuartier_Jan_Hilling-33-scaled-1-810x1080.jpg 810w, https:\/\/buo.de\/bau\/wp-content\/uploads\/sites\/2\/2025\/12\/ForschungsQuartier_Jan_Hilling-33-scaled-1-1320x1760.jpg 1320w\"\n             alt=\"Forschungshaus 2\"\n            loading=\"lazy\"        >\n        <div class=\"swiper-lazy-preloader\"><\/div>        <div class=\"project-linear-gradient\"><\/div>\n    <\/div>\n    <div class=\"project-content\">\n        <p class=\"project-term-name\">Forschung<\/p>\n        <div class=\"project-info\">\n            <p class=\"project-title\">Forschungshaus 2<\/p>\n            <p class=\"project-address\">B&amp;O Bau ForschungsQuartier, Dietrich-Bonhoeffer-Stra\u00dfe 5a, Bad Aibling-Mietraching, Deutschland<\/p>\n        <\/div>\n    <\/div>\n<\/a>\n\n<a class=\"buo-projects-filter-card project-card swiper-slide\" data-terms=\"[&quot;project-cat-13&quot;]\" data-id=\"53806\" href=\"https:\/\/buo.de\/bau\/referenzen\/forschungshaus-3\/\" target=\"_blank\">\n    <div class=\"entry-image-wrapper\">\n        <img decoding=\"async\" class=\"project-image\"\n             src=\"https:\/\/buo.de\/bau\/wp-content\/uploads\/sites\/2\/2025\/12\/ForschungsQuartier_Jan_Hilling-29-scaled-1.jpg\"\n             sizes=\"(max-width: 1920px) 100vw, 1920px\" srcset=\"https:\/\/buo.de\/bau\/wp-content\/uploads\/sites\/2\/2025\/12\/ForschungsQuartier_Jan_Hilling-29-scaled-1.jpg 1920w, https:\/\/buo.de\/bau\/wp-content\/uploads\/sites\/2\/2025\/12\/ForschungsQuartier_Jan_Hilling-29-scaled-1-225x300.jpg 225w, https:\/\/buo.de\/bau\/wp-content\/uploads\/sites\/2\/2025\/12\/ForschungsQuartier_Jan_Hilling-29-scaled-1-768x1024.jpg 768w, https:\/\/buo.de\/bau\/wp-content\/uploads\/sites\/2\/2025\/12\/ForschungsQuartier_Jan_Hilling-29-scaled-1-1152x1536.jpg 1152w, https:\/\/buo.de\/bau\/wp-content\/uploads\/sites\/2\/2025\/12\/ForschungsQuartier_Jan_Hilling-29-scaled-1-1536x2048.jpg 1536w, https:\/\/buo.de\/bau\/wp-content\/uploads\/sites\/2\/2025\/12\/ForschungsQuartier_Jan_Hilling-29-scaled-1-810x1080.jpg 810w, https:\/\/buo.de\/bau\/wp-content\/uploads\/sites\/2\/2025\/12\/ForschungsQuartier_Jan_Hilling-29-scaled-1-1320x1760.jpg 1320w\"\n             alt=\"Forschungshaus 3\"\n            loading=\"lazy\"        >\n        <div class=\"swiper-lazy-preloader\"><\/div>        <div class=\"project-linear-gradient\"><\/div>\n    <\/div>\n    <div class=\"project-content\">\n        <p class=\"project-term-name\">Forschung<\/p>\n        <div class=\"project-info\">\n            <p class=\"project-title\">Forschungshaus 3<\/p>\n            <p class=\"project-address\">B&amp;O Bau ForschungsQuartier, Dietrich-Bonhoeffer-Stra\u00dfe 5, Bad Aibling-Mietraching, Deutschland<\/p>\n        <\/div>\n    <\/div>\n<\/a>\n\n<a class=\"buo-projects-filter-card project-card swiper-slide\" data-terms=\"[&quot;project-cat-6&quot;,&quot;project-cat-5&quot;]\" data-id=\"27931\" href=\"https:\/\/buo.de\/bau\/referenzen\/serielle-sanierung-nach-dem-energiesprongprinzip\/\" target=\"_blank\">\n    <div class=\"entry-image-wrapper\">\n        <img decoding=\"async\" class=\"project-image\"\n             src=\"https:\/\/buo.de\/bau\/wp-content\/uploads\/sites\/2\/2025\/02\/malikstudio-buo-nuernberg-2024-06-26-5579-scaled.jpg\"\n             sizes=\"(max-width: 1920px) 100vw, 1920px\" srcset=\"https:\/\/buo.de\/bau\/wp-content\/uploads\/sites\/2\/2025\/02\/malikstudio-buo-nuernberg-2024-06-26-5579-scaled.jpg 2560w, https:\/\/buo.de\/bau\/wp-content\/uploads\/sites\/2\/2025\/02\/malikstudio-buo-nuernberg-2024-06-26-5579-300x200.jpg 300w, https:\/\/buo.de\/bau\/wp-content\/uploads\/sites\/2\/2025\/02\/malikstudio-buo-nuernberg-2024-06-26-5579-1024x683.jpg 1024w, https:\/\/buo.de\/bau\/wp-content\/uploads\/sites\/2\/2025\/02\/malikstudio-buo-nuernberg-2024-06-26-5579-768x512.jpg 768w, https:\/\/buo.de\/bau\/wp-content\/uploads\/sites\/2\/2025\/02\/malikstudio-buo-nuernberg-2024-06-26-5579-1536x1025.jpg 1536w, https:\/\/buo.de\/bau\/wp-content\/uploads\/sites\/2\/2025\/02\/malikstudio-buo-nuernberg-2024-06-26-5579-2048x1366.jpg 2048w, https:\/\/buo.de\/bau\/wp-content\/uploads\/sites\/2\/2025\/02\/malikstudio-buo-nuernberg-2024-06-26-5579-1619x1080.jpg 1619w\"\n             alt=\"Serielle Sanierung nach dem Energiesprongprinzip\"\n            loading=\"lazy\"        >\n        <div class=\"swiper-lazy-preloader\"><\/div>        <div class=\"project-linear-gradient\"><\/div>\n    <\/div>\n    <div class=\"project-content\">\n        <p class=\"project-term-name\">serielle Sanierung<\/p>\n        <div class=\"project-info\">\n            <p class=\"project-title\">Serielle Sanierung nach dem Energiesprongprinzip<\/p>\n            <p class=\"project-address\">Reinerzener Stra\u00dfe in Langwasser, N\u00fcrnberg<\/p>\n        <\/div>\n    <\/div>\n<\/a>\n\n<a class=\"buo-projects-filter-card project-card swiper-slide\" data-terms=\"[&quot;project-cat-12&quot;]\" data-id=\"27185\" href=\"https:\/\/buo.de\/bau\/referenzen\/parkplatz-ueberbauung-in-holzhybrid-bauweise-in-hamburg\/\" target=\"_blank\">\n    <div class=\"entry-image-wrapper\">\n        <img decoding=\"async\" class=\"project-image\"\n             src=\"https:\/\/buo.de\/bau\/wp-content\/uploads\/sites\/2\/2026\/03\/WEB-2025-09-17-BO-Wagenfeldstr-3-e1773152010989-1920x996.jpg\"\n             sizes=\"(max-width: 1920px) 100vw, 1920px\" srcset=\"https:\/\/buo.de\/bau\/wp-content\/uploads\/sites\/2\/2026\/03\/WEB-2025-09-17-BO-Wagenfeldstr-3-e1773152010989-1920x996.jpg 1920w, https:\/\/buo.de\/bau\/wp-content\/uploads\/sites\/2\/2026\/03\/WEB-2025-09-17-BO-Wagenfeldstr-3-e1773152010989-300x156.jpg 300w, https:\/\/buo.de\/bau\/wp-content\/uploads\/sites\/2\/2026\/03\/WEB-2025-09-17-BO-Wagenfeldstr-3-e1773152010989-1024x531.jpg 1024w, https:\/\/buo.de\/bau\/wp-content\/uploads\/sites\/2\/2026\/03\/WEB-2025-09-17-BO-Wagenfeldstr-3-e1773152010989-768x398.jpg 768w, https:\/\/buo.de\/bau\/wp-content\/uploads\/sites\/2\/2026\/03\/WEB-2025-09-17-BO-Wagenfeldstr-3-e1773152010989-1536x796.jpg 1536w, https:\/\/buo.de\/bau\/wp-content\/uploads\/sites\/2\/2026\/03\/WEB-2025-09-17-BO-Wagenfeldstr-3-e1773152010989-1320x684.jpg 1320w, https:\/\/buo.de\/bau\/wp-content\/uploads\/sites\/2\/2026\/03\/WEB-2025-09-17-BO-Wagenfeldstr-3-e1773152010989.jpg 2000w\"\n             alt=\"Parkplatz\u00fcberbauung in Holzhybrid-Bauweise in Hamburg\"\n            loading=\"lazy\"        >\n        <div class=\"swiper-lazy-preloader\"><\/div>        <div class=\"project-linear-gradient\"><\/div>\n    <\/div>\n    <div class=\"project-content\">\n        <p class=\"project-term-name\">Parkplatz\u00fcberbauung<\/p>\n        <div class=\"project-info\">\n            <p class=\"project-title\">Parkplatz\u00fcberbauung in Holzhybrid-Bauweise in Hamburg<\/p>\n            <p class=\"project-address\">Wagenfeldstra\u00dfe 5-7, Hamburg, Hamburg-Nord, Deutschland<\/p>\n        <\/div>\n    <\/div>\n<\/a>\n\n<a class=\"buo-projects-filter-card project-card swiper-slide\" data-terms=\"[&quot;project-cat-8&quot;,&quot;project-cat-5&quot;]\" data-id=\"26927\" href=\"https:\/\/buo.de\/bau\/referenzen\/erweiterte-heizungs-und-strangsanierung-in-pankow-niederschoenhausen\/\" target=\"_blank\">\n    <div class=\"entry-image-wrapper\">\n        <img decoding=\"async\" class=\"project-image\"\n             src=\"https:\/\/buo.de\/bau\/wp-content\/uploads\/sites\/2\/2025\/02\/malikstudio-buo-berlin-2024-06-24-0019-scaled.jpg\"\n             sizes=\"(max-width: 1920px) 100vw, 1920px\" srcset=\"https:\/\/buo.de\/bau\/wp-content\/uploads\/sites\/2\/2025\/02\/malikstudio-buo-berlin-2024-06-24-0019-scaled.jpg 2560w, https:\/\/buo.de\/bau\/wp-content\/uploads\/sites\/2\/2025\/02\/malikstudio-buo-berlin-2024-06-24-0019-300x225.jpg 300w, https:\/\/buo.de\/bau\/wp-content\/uploads\/sites\/2\/2025\/02\/malikstudio-buo-berlin-2024-06-24-0019-1024x767.jpg 1024w, https:\/\/buo.de\/bau\/wp-content\/uploads\/sites\/2\/2025\/02\/malikstudio-buo-berlin-2024-06-24-0019-768x575.jpg 768w, https:\/\/buo.de\/bau\/wp-content\/uploads\/sites\/2\/2025\/02\/malikstudio-buo-berlin-2024-06-24-0019-1536x1150.jpg 1536w, https:\/\/buo.de\/bau\/wp-content\/uploads\/sites\/2\/2025\/02\/malikstudio-buo-berlin-2024-06-24-0019-2048x1534.jpg 2048w, https:\/\/buo.de\/bau\/wp-content\/uploads\/sites\/2\/2025\/02\/malikstudio-buo-berlin-2024-06-24-0019-1442x1080.jpg 1442w\"\n             alt=\"Erweiterte Heizungs- und Strangsanierung in Pankow-Niedersch\u00f6nhausen\"\n            loading=\"lazy\"        >\n        <div class=\"swiper-lazy-preloader\"><\/div>        <div class=\"project-linear-gradient\"><\/div>\n    <\/div>\n    <div class=\"project-content\">\n        <p class=\"project-term-name\">Strangsanierung<\/p>\n        <div class=\"project-info\">\n            <p class=\"project-title\">Erweiterte Heizungs- und Strangsanierung in Pankow-Niedersch\u00f6nhausen<\/p>\n            <p class=\"project-address\">Rolandstra\u00dfe, Blankenburger Stra\u00dfe, Klothildestra\u00dfe, Berlin<\/p>\n        <\/div>\n    <\/div>\n<\/a>\n\n<a class=\"buo-projects-filter-card project-card swiper-slide\" data-terms=\"[&quot;project-cat-10&quot;,&quot;project-cat-9&quot;]\" data-id=\"26827\" href=\"https:\/\/buo.de\/bau\/referenzen\/quartiersnachverdichtung-jaminpark-zwei-systemhaeuser-in-holzhybrid-bauweise\/\" target=\"_blank\">\n    <div class=\"entry-image-wrapper\">\n        <img decoding=\"async\" class=\"project-image\"\n             src=\"https:\/\/buo.de\/bau\/wp-content\/uploads\/sites\/2\/2025\/02\/malikstudio-buo-erlangen2-20241113-6916-scaled.jpg\"\n             sizes=\"(max-width: 1920px) 100vw, 1920px\" srcset=\"https:\/\/buo.de\/bau\/wp-content\/uploads\/sites\/2\/2025\/02\/malikstudio-buo-erlangen2-20241113-6916-scaled.jpg 2560w, https:\/\/buo.de\/bau\/wp-content\/uploads\/sites\/2\/2025\/02\/malikstudio-buo-erlangen2-20241113-6916-300x200.jpg 300w, https:\/\/buo.de\/bau\/wp-content\/uploads\/sites\/2\/2025\/02\/malikstudio-buo-erlangen2-20241113-6916-1024x683.jpg 1024w, https:\/\/buo.de\/bau\/wp-content\/uploads\/sites\/2\/2025\/02\/malikstudio-buo-erlangen2-20241113-6916-768x512.jpg 768w, https:\/\/buo.de\/bau\/wp-content\/uploads\/sites\/2\/2025\/02\/malikstudio-buo-erlangen2-20241113-6916-1536x1025.jpg 1536w, https:\/\/buo.de\/bau\/wp-content\/uploads\/sites\/2\/2025\/02\/malikstudio-buo-erlangen2-20241113-6916-2048x1366.jpg 2048w, https:\/\/buo.de\/bau\/wp-content\/uploads\/sites\/2\/2025\/02\/malikstudio-buo-erlangen2-20241113-6916-1619x1080.jpg 1619w\"\n             alt=\"Quartiersnachverdichtung Jaminpark \u2013 Zwei Systemh\u00e4user in Holzhybrid-Bauweise\"\n            loading=\"lazy\"        >\n        <div class=\"swiper-lazy-preloader\"><\/div>        <div class=\"project-linear-gradient\"><\/div>\n    <\/div>\n    <div class=\"project-content\">\n        <p class=\"project-term-name\">Systembau<\/p>\n        <div class=\"project-info\">\n            <p class=\"project-title\">Quartiersnachverdichtung Jaminpark \u2013 Zwei Systemh\u00e4user in Holzhybrid-Bauweise<\/p>\n            <p class=\"project-address\">Jaminpark,Hans-Geiger-Stra\u00dfe 39, Erlangen, Deutschland<\/p>\n        <\/div>\n    <\/div>\n<\/a>\n\n<a class=\"buo-projects-filter-card project-card swiper-slide\" data-terms=\"[&quot;project-cat-10&quot;,&quot;project-cat-9&quot;]\" data-id=\"26813\" href=\"https:\/\/buo.de\/bau\/referenzen\/jaminpark-jaminstr-4a-4b-4c-4d-wehneltstr-4a-4b-schaffung-neuen-wohnraums-in-gruenem-quartier\/\" target=\"_blank\">\n    <div class=\"entry-image-wrapper\">\n        <img decoding=\"async\" class=\"project-image\"\n             src=\"https:\/\/buo.de\/bau\/wp-content\/uploads\/sites\/2\/2025\/02\/malikstudio-buo-erlangen2-20241105-22-scaled.jpg\"\n             sizes=\"(max-width: 1920px) 100vw, 1920px\" srcset=\"https:\/\/buo.de\/bau\/wp-content\/uploads\/sites\/2\/2025\/02\/malikstudio-buo-erlangen2-20241105-22-scaled.jpg 2560w, https:\/\/buo.de\/bau\/wp-content\/uploads\/sites\/2\/2025\/02\/malikstudio-buo-erlangen2-20241105-22-300x225.jpg 300w, https:\/\/buo.de\/bau\/wp-content\/uploads\/sites\/2\/2025\/02\/malikstudio-buo-erlangen2-20241105-22-1024x767.jpg 1024w, https:\/\/buo.de\/bau\/wp-content\/uploads\/sites\/2\/2025\/02\/malikstudio-buo-erlangen2-20241105-22-768x575.jpg 768w, https:\/\/buo.de\/bau\/wp-content\/uploads\/sites\/2\/2025\/02\/malikstudio-buo-erlangen2-20241105-22-1536x1150.jpg 1536w, https:\/\/buo.de\/bau\/wp-content\/uploads\/sites\/2\/2025\/02\/malikstudio-buo-erlangen2-20241105-22-2048x1534.jpg 2048w, https:\/\/buo.de\/bau\/wp-content\/uploads\/sites\/2\/2025\/02\/malikstudio-buo-erlangen2-20241105-22-1442x1080.jpg 1442w\"\n             alt=\"Quartiersnachverdichtung Jaminpark \u2013 drei Systemh\u00e4user in Holzhybrid-Bauweise\"\n            loading=\"lazy\"        >\n        <div class=\"swiper-lazy-preloader\"><\/div>        <div class=\"project-linear-gradient\"><\/div>\n    <\/div>\n    <div class=\"project-content\">\n        <p class=\"project-term-name\">Systembau<\/p>\n        <div class=\"project-info\">\n            <p class=\"project-title\">Quartiersnachverdichtung Jaminpark \u2013 drei Systemh\u00e4user in Holzhybrid-Bauweise<\/p>\n            <p class=\"project-address\">Jaminpark, Jaminstr. 4a, 4b, 4c, 4d, Wehneltstr. 4a, 4b Erlangen, Deutschland <\/p>\n        <\/div>\n    <\/div>\n<\/a>\n\n<a class=\"buo-projects-filter-card project-card swiper-slide\" data-terms=\"[&quot;project-cat-10&quot;]\" data-id=\"26121\" href=\"https:\/\/buo.de\/bau\/referenzen\/mehrfamilienhaus-in-holzhybrid-bauweise-mit-satteldach-in-heidelberg\/\" target=\"_blank\">\n    <div class=\"entry-image-wrapper\">\n        <img decoding=\"async\" class=\"project-image\"\n             src=\"https:\/\/buo.de\/bau\/wp-content\/uploads\/sites\/2\/2025\/01\/malikstudio-BuO-Heidelberg-2024-04-11--scaled.jpg\"\n             sizes=\"(max-width: 1920px) 100vw, 1920px\" srcset=\"https:\/\/buo.de\/bau\/wp-content\/uploads\/sites\/2\/2025\/01\/malikstudio-BuO-Heidelberg-2024-04-11--scaled.jpg 2560w, https:\/\/buo.de\/bau\/wp-content\/uploads\/sites\/2\/2025\/01\/malikstudio-BuO-Heidelberg-2024-04-11--300x200.jpg 300w, https:\/\/buo.de\/bau\/wp-content\/uploads\/sites\/2\/2025\/01\/malikstudio-BuO-Heidelberg-2024-04-11--1024x683.jpg 1024w, https:\/\/buo.de\/bau\/wp-content\/uploads\/sites\/2\/2025\/01\/malikstudio-BuO-Heidelberg-2024-04-11--768x512.jpg 768w, https:\/\/buo.de\/bau\/wp-content\/uploads\/sites\/2\/2025\/01\/malikstudio-BuO-Heidelberg-2024-04-11--1536x1024.jpg 1536w, https:\/\/buo.de\/bau\/wp-content\/uploads\/sites\/2\/2025\/01\/malikstudio-BuO-Heidelberg-2024-04-11--2048x1365.jpg 2048w, https:\/\/buo.de\/bau\/wp-content\/uploads\/sites\/2\/2025\/01\/malikstudio-BuO-Heidelberg-2024-04-11--1620x1080.jpg 1620w\"\n             alt=\"Mehrfamilienhaus in Holzhybrid-Bauweise mit Satteldach in Heidelberg\"\n            loading=\"lazy\"        >\n        <div class=\"swiper-lazy-preloader\"><\/div>        <div class=\"project-linear-gradient\"><\/div>\n    <\/div>\n    <div class=\"project-content\">\n        <p class=\"project-term-name\">Systembau<\/p>\n        <div class=\"project-info\">\n            <p class=\"project-title\">Mehrfamilienhaus in Holzhybrid-Bauweise mit Satteldach in Heidelberg<\/p>\n            <p class=\"project-address\">Obere Seegasse, Heidelberg, Deutschland<\/p>\n        <\/div>\n    <\/div>\n<\/a>\n\n<a class=\"buo-projects-filter-card project-card swiper-slide\" data-terms=\"[&quot;project-cat-8&quot;,&quot;project-cat-5&quot;]\" data-id=\"26129\" href=\"https:\/\/buo.de\/bau\/referenzen\/bisher-umfangreichste-strangsanierung-in-leipzig-gruenau\/\" target=\"_blank\">\n    <div class=\"entry-image-wrapper\">\n        <img decoding=\"async\" class=\"project-image\"\n             src=\"https:\/\/buo.de\/bau\/wp-content\/uploads\/sites\/2\/2025\/07\/Bau-und-Projekte_Leipzig-e1757934515549.webp\"\n             sizes=\"(max-width: 1920px) 100vw, 1920px\" srcset=\"https:\/\/buo.de\/bau\/wp-content\/uploads\/sites\/2\/2025\/07\/Bau-und-Projekte_Leipzig-e1757934515549.webp 1920w, https:\/\/buo.de\/bau\/wp-content\/uploads\/sites\/2\/2025\/07\/Bau-und-Projekte_Leipzig-e1757934515549-300x118.webp 300w, https:\/\/buo.de\/bau\/wp-content\/uploads\/sites\/2\/2025\/07\/Bau-und-Projekte_Leipzig-e1757934515549-1024x401.webp 1024w, https:\/\/buo.de\/bau\/wp-content\/uploads\/sites\/2\/2025\/07\/Bau-und-Projekte_Leipzig-e1757934515549-768x301.webp 768w, https:\/\/buo.de\/bau\/wp-content\/uploads\/sites\/2\/2025\/07\/Bau-und-Projekte_Leipzig-e1757934515549-1536x602.webp 1536w, https:\/\/buo.de\/bau\/wp-content\/uploads\/sites\/2\/2025\/07\/Bau-und-Projekte_Leipzig-e1757934515549-1320x517.webp 1320w\"\n             alt=\"Umfangreichste Strangsanierung in Leipzig-Gr\u00fcnau\"\n            loading=\"lazy\"        >\n        <div class=\"swiper-lazy-preloader\"><\/div>        <div class=\"project-linear-gradient\"><\/div>\n    <\/div>\n    <div class=\"project-content\">\n        <p class=\"project-term-name\">Strangsanierung<\/p>\n        <div class=\"project-info\">\n            <p class=\"project-title\">Umfangreichste Strangsanierung in Leipzig-Gr\u00fcnau<\/p>\n            <p class=\"project-address\">K\u00f6nigsteinstra\u00dfe, Leipzig, Deutschland<\/p>\n        <\/div>\n    <\/div>\n<\/a>\n\n<a class=\"buo-projects-filter-card project-card swiper-slide\" data-terms=\"[&quot;project-cat-10&quot;]\" data-id=\"25224\" href=\"https:\/\/buo.de\/bau\/referenzen\/fq1-fuerstenried-west-mixed-use-neubau-mit-pv-anlage-auf-dem-dach\/\" target=\"_blank\">\n    <div class=\"entry-image-wrapper\">\n        <img decoding=\"async\" class=\"project-image\"\n             src=\"https:\/\/buo.de\/bau\/wp-content\/uploads\/sites\/2\/2025\/01\/malikstudio-BuO-Muenchen-2024-07-24-2.jpg\"\n             sizes=\"(max-width: 1200px) 100vw, 1200px\" srcset=\"https:\/\/buo.de\/bau\/wp-content\/uploads\/sites\/2\/2025\/01\/malikstudio-BuO-Muenchen-2024-07-24-2.jpg 1200w, https:\/\/buo.de\/bau\/wp-content\/uploads\/sites\/2\/2025\/01\/malikstudio-BuO-Muenchen-2024-07-24-2-300x225.jpg 300w, https:\/\/buo.de\/bau\/wp-content\/uploads\/sites\/2\/2025\/01\/malikstudio-BuO-Muenchen-2024-07-24-2-1024x767.jpg 1024w, https:\/\/buo.de\/bau\/wp-content\/uploads\/sites\/2\/2025\/01\/malikstudio-BuO-Muenchen-2024-07-24-2-768x575.jpg 768w\"\n             alt=\"FQ1 F\u00dcRstenried West \u2013 Mixed-Use-Neubau mit PV-Anlage auf dem Dach\"\n            loading=\"lazy\"        >\n        <div class=\"swiper-lazy-preloader\"><\/div>        <div class=\"project-linear-gradient\"><\/div>\n    <\/div>\n    <div class=\"project-content\">\n        <p class=\"project-term-name\">Systembau<\/p>\n        <div class=\"project-info\">\n            <p class=\"project-title\">FQ1 F\u00dcRstenried West \u2013 Mixed-Use-Neubau mit PV-Anlage auf dem Dach<\/p>\n            <p class=\"project-address\">Appenzeller Stra\u00dfe 94a, M\u00fcnchen-F\u00fcrstenried, Deutschland<\/p>\n        <\/div>\n    <\/div>\n<\/a>\n\n<a class=\"buo-projects-filter-card project-card swiper-slide\" data-terms=\"[&quot;project-cat-10&quot;]\" data-id=\"25252\" href=\"https:\/\/buo.de\/bau\/referenzen\/fo2-fuerstenried-west-wohnen-und-kinderbetreuung-unter-einem-dach\/\" target=\"_blank\">\n    <div class=\"entry-image-wrapper\">\n        <img decoding=\"async\" class=\"project-image\"\n             src=\"https:\/\/buo.de\/bau\/wp-content\/uploads\/sites\/2\/2025\/01\/malikstudio-BuO-Muenchen-2024-07-24-9.jpg\"\n             sizes=\"(max-width: 1200px) 100vw, 1200px\" srcset=\"https:\/\/buo.de\/bau\/wp-content\/uploads\/sites\/2\/2025\/01\/malikstudio-BuO-Muenchen-2024-07-24-9.jpg 1200w, https:\/\/buo.de\/bau\/wp-content\/uploads\/sites\/2\/2025\/01\/malikstudio-BuO-Muenchen-2024-07-24-9-300x225.jpg 300w, https:\/\/buo.de\/bau\/wp-content\/uploads\/sites\/2\/2025\/01\/malikstudio-BuO-Muenchen-2024-07-24-9-1024x767.jpg 1024w, https:\/\/buo.de\/bau\/wp-content\/uploads\/sites\/2\/2025\/01\/malikstudio-BuO-Muenchen-2024-07-24-9-768x575.jpg 768w\"\n             alt=\"FO2 F\u00dcRstenried West \u2013 Wohnen und Kinderbetreuung unter einem Dach\"\n            loading=\"lazy\"        >\n        <div class=\"swiper-lazy-preloader\"><\/div>        <div class=\"project-linear-gradient\"><\/div>\n    <\/div>\n    <div class=\"project-content\">\n        <p class=\"project-term-name\">Systembau<\/p>\n        <div class=\"project-info\">\n            <p class=\"project-title\">FO2 F\u00dcRstenried West \u2013 Wohnen und Kinderbetreuung unter einem Dach<\/p>\n            <p class=\"project-address\">Appenzeller Stra\u00dfe 95a\/95b, M\u00fcnchen-F\u00fcrstenried, Deutschland<\/p>\n        <\/div>\n    <\/div>\n<\/a>\n\n<a class=\"buo-projects-filter-card project-card swiper-slide\" data-terms=\"[&quot;project-cat-10&quot;,&quot;project-cat-9&quot;]\" data-id=\"25211\" href=\"https:\/\/buo.de\/bau\/referenzen\/serielles-bauen-in-kronau-zwei-systemhaeuser-in-holzhybrid-bauweise\/\" target=\"_blank\">\n    <div class=\"entry-image-wrapper\">\n        <img decoding=\"async\" class=\"project-image\"\n             src=\"https:\/\/buo.de\/bau\/wp-content\/uploads\/sites\/2\/2025\/01\/malikstudio-buo-kronau-6-scaled.jpg\"\n             sizes=\"(max-width: 1920px) 100vw, 1920px\" srcset=\"https:\/\/buo.de\/bau\/wp-content\/uploads\/sites\/2\/2025\/01\/malikstudio-buo-kronau-6-scaled.jpg 2560w, https:\/\/buo.de\/bau\/wp-content\/uploads\/sites\/2\/2025\/01\/malikstudio-buo-kronau-6-300x225.jpg 300w, https:\/\/buo.de\/bau\/wp-content\/uploads\/sites\/2\/2025\/01\/malikstudio-buo-kronau-6-1024x767.jpg 1024w, https:\/\/buo.de\/bau\/wp-content\/uploads\/sites\/2\/2025\/01\/malikstudio-buo-kronau-6-768x575.jpg 768w, https:\/\/buo.de\/bau\/wp-content\/uploads\/sites\/2\/2025\/01\/malikstudio-buo-kronau-6-1536x1150.jpg 1536w, https:\/\/buo.de\/bau\/wp-content\/uploads\/sites\/2\/2025\/01\/malikstudio-buo-kronau-6-2048x1534.jpg 2048w, https:\/\/buo.de\/bau\/wp-content\/uploads\/sites\/2\/2025\/01\/malikstudio-buo-kronau-6-1442x1080.jpg 1442w\"\n             alt=\"Serielles Bauen in Kronau \u2013 zwei Systemh\u00e4user in Holzhybrid-Bauweise\"\n            loading=\"lazy\"        >\n        <div class=\"swiper-lazy-preloader\"><\/div>        <div class=\"project-linear-gradient\"><\/div>\n    <\/div>\n    <div class=\"project-content\">\n        <p class=\"project-term-name\">Systembau<\/p>\n        <div class=\"project-info\">\n            <p class=\"project-title\">Serielles Bauen in Kronau \u2013 zwei Systemh\u00e4user in Holzhybrid-Bauweise<\/p>\n            <p class=\"project-address\">Jahnstra\u00dfe &amp; Laurentiusstra\u00dfe, Kronau, Deutschland<\/p>\n        <\/div>\n    <\/div>\n<\/a>\n\n<a class=\"buo-projects-filter-card project-card swiper-slide\" data-terms=\"[&quot;project-cat-10&quot;,&quot;project-cat-9&quot;]\" data-id=\"23170\" href=\"https:\/\/buo.de\/bau\/referenzen\/komotauer-strasse-deutschlands-hoechstes-mietshaus-mit-tragenden-massivholzwaenden\/\" target=\"_blank\">\n    <div class=\"entry-image-wrapper\">\n        <img decoding=\"async\" class=\"project-image\"\n             src=\"https:\/\/buo.de\/bau\/wp-content\/uploads\/sites\/2\/2024\/12\/Komotauer-Str-14-Fuerth_2024_11_BO-Gruppe-SIMONMALIK_010-scaled.jpg\"\n             sizes=\"(max-width: 1920px) 100vw, 1920px\" srcset=\"https:\/\/buo.de\/bau\/wp-content\/uploads\/sites\/2\/2024\/12\/Komotauer-Str-14-Fuerth_2024_11_BO-Gruppe-SIMONMALIK_010-scaled.jpg 2560w, https:\/\/buo.de\/bau\/wp-content\/uploads\/sites\/2\/2024\/12\/Komotauer-Str-14-Fuerth_2024_11_BO-Gruppe-SIMONMALIK_010-300x200.jpg 300w, https:\/\/buo.de\/bau\/wp-content\/uploads\/sites\/2\/2024\/12\/Komotauer-Str-14-Fuerth_2024_11_BO-Gruppe-SIMONMALIK_010-1024x681.jpg 1024w, https:\/\/buo.de\/bau\/wp-content\/uploads\/sites\/2\/2024\/12\/Komotauer-Str-14-Fuerth_2024_11_BO-Gruppe-SIMONMALIK_010-768x511.jpg 768w, https:\/\/buo.de\/bau\/wp-content\/uploads\/sites\/2\/2024\/12\/Komotauer-Str-14-Fuerth_2024_11_BO-Gruppe-SIMONMALIK_010-1536x1022.jpg 1536w, https:\/\/buo.de\/bau\/wp-content\/uploads\/sites\/2\/2024\/12\/Komotauer-Str-14-Fuerth_2024_11_BO-Gruppe-SIMONMALIK_010-2048x1363.jpg 2048w, https:\/\/buo.de\/bau\/wp-content\/uploads\/sites\/2\/2024\/12\/Komotauer-Str-14-Fuerth_2024_11_BO-Gruppe-SIMONMALIK_010-1623x1080.jpg 1623w\"\n             alt=\"Komotauer Stra\u00dfe \u2013 Deutschlands h\u00f6chstes Mietshaus mit tragenden Massivholzw\u00e4nden\"\n            loading=\"lazy\"        >\n        <div class=\"swiper-lazy-preloader\"><\/div>        <div class=\"project-linear-gradient\"><\/div>\n    <\/div>\n    <div class=\"project-content\">\n        <p class=\"project-term-name\">Systembau<\/p>\n        <div class=\"project-info\">\n            <p class=\"project-title\">Komotauer Stra\u00dfe \u2013 Deutschlands h\u00f6chstes Mietshaus mit tragenden Massivholzw\u00e4nden<\/p>\n            <p class=\"project-address\">Komotauer Stra\u00dfe, F\u00fcrth, Deutschland<\/p>\n        <\/div>\n    <\/div>\n<\/a>\n\n<a class=\"buo-projects-filter-card project-card swiper-slide\" data-terms=\"[&quot;project-cat-11&quot;]\" data-id=\"6009\" href=\"https:\/\/buo.de\/bau\/referenzen\/bradleystrasse-dachaufstockung\/\" target=\"_blank\">\n    <div class=\"entry-image-wrapper\">\n        <img decoding=\"async\" class=\"project-image\"\n             src=\"https:\/\/buo.de\/bau\/wp-content\/uploads\/sites\/2\/2024\/05\/malikstudio-BUO-Neu-Ulm-2-20240828-5311-scaled.jpg\"\n             sizes=\"(max-width: 1920px) 100vw, 1920px\" srcset=\"https:\/\/buo.de\/bau\/wp-content\/uploads\/sites\/2\/2024\/05\/malikstudio-BUO-Neu-Ulm-2-20240828-5311-scaled.jpg 2560w, https:\/\/buo.de\/bau\/wp-content\/uploads\/sites\/2\/2024\/05\/malikstudio-BUO-Neu-Ulm-2-20240828-5311-300x200.jpg 300w, https:\/\/buo.de\/bau\/wp-content\/uploads\/sites\/2\/2024\/05\/malikstudio-BUO-Neu-Ulm-2-20240828-5311-1024x683.jpg 1024w, https:\/\/buo.de\/bau\/wp-content\/uploads\/sites\/2\/2024\/05\/malikstudio-BUO-Neu-Ulm-2-20240828-5311-768x512.jpg 768w, https:\/\/buo.de\/bau\/wp-content\/uploads\/sites\/2\/2024\/05\/malikstudio-BUO-Neu-Ulm-2-20240828-5311-1536x1025.jpg 1536w, https:\/\/buo.de\/bau\/wp-content\/uploads\/sites\/2\/2024\/05\/malikstudio-BUO-Neu-Ulm-2-20240828-5311-2048x1366.jpg 2048w, https:\/\/buo.de\/bau\/wp-content\/uploads\/sites\/2\/2024\/05\/malikstudio-BUO-Neu-Ulm-2-20240828-5311-1619x1080.jpg 1619w, https:\/\/buo.de\/bau\/wp-content\/uploads\/sites\/2\/2024\/05\/malikstudio-BUO-Neu-Ulm-2-20240828-5311-1320x880.jpg 1320w\"\n             alt=\"Bradleystra\u00dfe &#8211; Dachaufstockung &#038; Sanierung\"\n            loading=\"lazy\"        >\n        <div class=\"swiper-lazy-preloader\"><\/div>        <div class=\"project-linear-gradient\"><\/div>\n    <\/div>\n    <div class=\"project-content\">\n        <p class=\"project-term-name\">Dachaufstockung<\/p>\n        <div class=\"project-info\">\n            <p class=\"project-title\">Bradleystra\u00dfe &#8211; Dachaufstockung &#038; Sanierung<\/p>\n            <p class=\"project-address\">Bradleystra\u00dfe, Neu-Ulm, Deutschland<\/p>\n        <\/div>\n    <\/div>\n<\/a>\n\n<a class=\"buo-projects-filter-card project-card swiper-slide\" data-terms=\"[&quot;project-cat-11&quot;,&quot;project-cat-6&quot;]\" data-id=\"2762\" href=\"https:\/\/buo.de\/bau\/referenzen\/allacher-str\/\" target=\"_blank\">\n    <div class=\"entry-image-wrapper\">\n        <img decoding=\"async\" class=\"project-image\"\n             src=\"https:\/\/buo.de\/bau\/wp-content\/uploads\/sites\/2\/2025\/07\/BO-Bau-Bayern_Allacher-Strasse.png\"\n             sizes=\"(max-width: 1920px) 100vw, 1920px\" srcset=\"https:\/\/buo.de\/bau\/wp-content\/uploads\/sites\/2\/2025\/07\/BO-Bau-Bayern_Allacher-Strasse.png 1920w, https:\/\/buo.de\/bau\/wp-content\/uploads\/sites\/2\/2025\/07\/BO-Bau-Bayern_Allacher-Strasse-300x169.png 300w, https:\/\/buo.de\/bau\/wp-content\/uploads\/sites\/2\/2025\/07\/BO-Bau-Bayern_Allacher-Strasse-1024x576.png 1024w, https:\/\/buo.de\/bau\/wp-content\/uploads\/sites\/2\/2025\/07\/BO-Bau-Bayern_Allacher-Strasse-768x432.png 768w, https:\/\/buo.de\/bau\/wp-content\/uploads\/sites\/2\/2025\/07\/BO-Bau-Bayern_Allacher-Strasse-1536x864.png 1536w, https:\/\/buo.de\/bau\/wp-content\/uploads\/sites\/2\/2025\/07\/BO-Bau-Bayern_Allacher-Strasse-1320x743.png 1320w\"\n             alt=\"Allacher Stra\u00dfe \u2013 Aufstockung &#038; Modernisierung\"\n            loading=\"lazy\"        >\n        <div class=\"swiper-lazy-preloader\"><\/div>        <div class=\"project-linear-gradient\"><\/div>\n    <\/div>\n    <div class=\"project-content\">\n        <p class=\"project-term-name\">Dachaufstockung &amp; serielle Sanierung<\/p>\n        <div class=\"project-info\">\n            <p class=\"project-title\">Allacher Stra\u00dfe \u2013 Aufstockung &#038; Modernisierung<\/p>\n            <p class=\"project-address\">Allacher Str. 90\/92, M\u00fcnchen, Deutschland<\/p>\n        <\/div>\n    <\/div>\n<\/a>\n\n<a class=\"buo-projects-filter-card project-card swiper-slide\" data-terms=\"[&quot;project-cat-13&quot;]\" data-id=\"2560\" href=\"https:\/\/buo.de\/bau\/referenzen\/holzparkdeck\/\" target=\"_blank\">\n    <div class=\"entry-image-wrapper\">\n        <img decoding=\"async\" class=\"project-image\"\n             src=\"https:\/\/buo.de\/bau\/wp-content\/uploads\/sites\/2\/2023\/06\/Schels_DSC01680-Pano-scaled.jpg\"\n             sizes=\"(max-width: 1920px) 100vw, 1920px\" srcset=\"https:\/\/buo.de\/bau\/wp-content\/uploads\/sites\/2\/2023\/06\/Schels_DSC01680-Pano-scaled.jpg 2560w, https:\/\/buo.de\/bau\/wp-content\/uploads\/sites\/2\/2023\/06\/Schels_DSC01680-Pano-300x240.jpg 300w, https:\/\/buo.de\/bau\/wp-content\/uploads\/sites\/2\/2023\/06\/Schels_DSC01680-Pano-1024x819.jpg 1024w, https:\/\/buo.de\/bau\/wp-content\/uploads\/sites\/2\/2023\/06\/Schels_DSC01680-Pano-768x614.jpg 768w, https:\/\/buo.de\/bau\/wp-content\/uploads\/sites\/2\/2023\/06\/Schels_DSC01680-Pano-1536x1229.jpg 1536w, https:\/\/buo.de\/bau\/wp-content\/uploads\/sites\/2\/2023\/06\/Schels_DSC01680-Pano-2048x1638.jpg 2048w, https:\/\/buo.de\/bau\/wp-content\/uploads\/sites\/2\/2023\/06\/Schels_DSC01680-Pano-1350x1080.jpg 1350w\"\n             alt=\"Holzparkdeck\"\n            loading=\"lazy\"        >\n        <div class=\"swiper-lazy-preloader\"><\/div>        <div class=\"project-linear-gradient\"><\/div>\n    <\/div>\n    <div class=\"project-content\">\n        <p class=\"project-term-name\">Forschung<\/p>\n        <div class=\"project-info\">\n            <p class=\"project-title\">Holzparkdeck<\/p>\n            <p class=\"project-address\">B&amp;O Bau ForschungsQuartier, Pater-Rupert-Mayer-Stra\u00dfe 1, 83043 Bad Aibling, Deutschland<\/p>\n        <\/div>\n    <\/div>\n<\/a>\n\n<a class=\"buo-projects-filter-card project-card swiper-slide\" data-terms=\"[&quot;project-cat-13&quot;]\" data-id=\"2559\" href=\"https:\/\/buo.de\/bau\/referenzen\/forschungshaus-4\/\" target=\"_blank\">\n    <div class=\"entry-image-wrapper\">\n        <img decoding=\"async\" class=\"project-image\"\n             src=\"https:\/\/buo.de\/bau\/wp-content\/uploads\/sites\/2\/2023\/06\/XT51227-scaled-1-1920x1280.jpg\"\n             sizes=\"(max-width: 1920px) 100vw, 1920px\" srcset=\"https:\/\/buo.de\/bau\/wp-content\/uploads\/sites\/2\/2023\/06\/XT51227-scaled-1-1920x1280.jpg 1920w, https:\/\/buo.de\/bau\/wp-content\/uploads\/sites\/2\/2023\/06\/XT51227-scaled-1-300x200.jpg 300w, https:\/\/buo.de\/bau\/wp-content\/uploads\/sites\/2\/2023\/06\/XT51227-scaled-1-1024x683.jpg 1024w, https:\/\/buo.de\/bau\/wp-content\/uploads\/sites\/2\/2023\/06\/XT51227-scaled-1-768x512.jpg 768w, https:\/\/buo.de\/bau\/wp-content\/uploads\/sites\/2\/2023\/06\/XT51227-scaled-1-1536x1024.jpg 1536w, https:\/\/buo.de\/bau\/wp-content\/uploads\/sites\/2\/2023\/06\/XT51227-scaled-1-2048x1366.jpg 2048w, https:\/\/buo.de\/bau\/wp-content\/uploads\/sites\/2\/2023\/06\/XT51227-scaled-1-1620x1080.jpg 1620w, https:\/\/buo.de\/bau\/wp-content\/uploads\/sites\/2\/2023\/06\/XT51227-scaled-1-1320x880.jpg 1320w\"\n             alt=\"Forschungshaus 4 : Halbholz und Lehmziegel\"\n            loading=\"lazy\"        >\n        <div class=\"swiper-lazy-preloader\"><\/div>        <div class=\"project-linear-gradient\"><\/div>\n    <\/div>\n    <div class=\"project-content\">\n        <p class=\"project-term-name\">Forschung<\/p>\n        <div class=\"project-info\">\n            <p class=\"project-title\">Forschungshaus 4 : Halbholz und Lehmziegel<\/p>\n            <p class=\"project-address\">B&amp;O Bau ForschungsQuartier, Dietrich-Bonhoeffer-Stra\u00dfe 3b, Bad Aibling-Mietraching, Deutschland<\/p>\n        <\/div>\n    <\/div>\n<\/a>\n\n<a class=\"buo-projects-filter-card project-card swiper-slide\" data-terms=\"[&quot;project-cat-10&quot;]\" data-id=\"1212\" href=\"https:\/\/buo.de\/bau\/referenzen\/neubau-prinz-eugen-park\/\" target=\"_blank\">\n    <div class=\"entry-image-wrapper\">\n        <img decoding=\"async\" class=\"project-image\"\n             src=\"https:\/\/buo.de\/bau\/wp-content\/uploads\/sites\/2\/2023\/05\/200301_BO-Prinz-Eugen-Park-Muc-\u00a9SIMONMALIK_011-scaled.jpg\"\n             sizes=\"(max-width: 1920px) 100vw, 1920px\" srcset=\"https:\/\/buo.de\/bau\/wp-content\/uploads\/sites\/2\/2023\/05\/200301_BO-Prinz-Eugen-Park-Muc-\u00a9SIMONMALIK_011-scaled.jpg 2560w, https:\/\/buo.de\/bau\/wp-content\/uploads\/sites\/2\/2023\/05\/200301_BO-Prinz-Eugen-Park-Muc-\u00a9SIMONMALIK_011-300x200.jpg 300w, https:\/\/buo.de\/bau\/wp-content\/uploads\/sites\/2\/2023\/05\/200301_BO-Prinz-Eugen-Park-Muc-\u00a9SIMONMALIK_011-1024x683.jpg 1024w, https:\/\/buo.de\/bau\/wp-content\/uploads\/sites\/2\/2023\/05\/200301_BO-Prinz-Eugen-Park-Muc-\u00a9SIMONMALIK_011-768x512.jpg 768w, https:\/\/buo.de\/bau\/wp-content\/uploads\/sites\/2\/2023\/05\/200301_BO-Prinz-Eugen-Park-Muc-\u00a9SIMONMALIK_011-1536x1024.jpg 1536w, https:\/\/buo.de\/bau\/wp-content\/uploads\/sites\/2\/2023\/05\/200301_BO-Prinz-Eugen-Park-Muc-\u00a9SIMONMALIK_011-2048x1365.jpg 2048w, https:\/\/buo.de\/bau\/wp-content\/uploads\/sites\/2\/2023\/05\/200301_BO-Prinz-Eugen-Park-Muc-\u00a9SIMONMALIK_011-1620x1080.jpg 1620w\"\n             alt=\"Prinz-Eugen-Park &#8211; Neubau\"\n            loading=\"lazy\"        >\n        <div class=\"swiper-lazy-preloader\"><\/div>        <div class=\"project-linear-gradient\"><\/div>\n    <\/div>\n    <div class=\"project-content\">\n        <p class=\"project-term-name\">Systembau<\/p>\n        <div class=\"project-info\">\n            <p class=\"project-title\">Prinz-Eugen-Park &#8211; Neubau<\/p>\n            <p class=\"project-address\">J\u00f6rg-Hube-Stra\u00dfe 4-30, M\u00fcnchen, Deutschland<\/p>\n        <\/div>\n    <\/div>\n<\/a>\n\n<a class=\"buo-projects-filter-card project-card swiper-slide\" data-terms=\"[&quot;project-cat-10&quot;]\" data-id=\"1207\" href=\"https:\/\/buo.de\/bau\/referenzen\/neubau-speedsignal-kolbermoor\/\" target=\"_blank\">\n    <div class=\"entry-image-wrapper\">\n        <img decoding=\"async\" class=\"project-image\"\n             src=\"https:\/\/buo.de\/bau\/wp-content\/uploads\/sites\/2\/2023\/05\/Speedsignal-Kolbermoor.png\"\n             sizes=\"(max-width: 507px) 100vw, 507px\" srcset=\"https:\/\/buo.de\/bau\/wp-content\/uploads\/sites\/2\/2023\/05\/Speedsignal-Kolbermoor.png 507w, https:\/\/buo.de\/bau\/wp-content\/uploads\/sites\/2\/2023\/05\/Speedsignal-Kolbermoor-300x202.png 300w\"\n             alt=\"Neubau Speedsignal Kolbermoor\"\n            loading=\"lazy\"        >\n        <div class=\"swiper-lazy-preloader\"><\/div>        <div class=\"project-linear-gradient\"><\/div>\n    <\/div>\n    <div class=\"project-content\">\n        <p class=\"project-term-name\">Systembau<\/p>\n        <div class=\"project-info\">\n            <p class=\"project-title\">Neubau Speedsignal Kolbermoor<\/p>\n            <p class=\"project-address\">Conradtystra\u00dfe 13\/14, Kolbermoor, Deutschland<\/p>\n        <\/div>\n    <\/div>\n<\/a>\n\n<a class=\"buo-projects-filter-card project-card swiper-slide\" data-terms=\"[&quot;project-cat-12&quot;]\" data-id=\"1203\" href=\"https:\/\/buo.de\/bau\/referenzen\/dante-i-wohnen-am-dantebad\/\" target=\"_blank\">\n    <div class=\"entry-image-wrapper\">\n        <img decoding=\"async\" class=\"project-image\"\n             src=\"https:\/\/buo.de\/bau\/wp-content\/uploads\/sites\/2\/2023\/05\/Dantebad_gekauft-zur-Mehrfachverwendung-2.jpg\"\n             sizes=\"(max-width: 1500px) 100vw, 1500px\" srcset=\"https:\/\/buo.de\/bau\/wp-content\/uploads\/sites\/2\/2023\/05\/Dantebad_gekauft-zur-Mehrfachverwendung-2.jpg 1500w, https:\/\/buo.de\/bau\/wp-content\/uploads\/sites\/2\/2023\/05\/Dantebad_gekauft-zur-Mehrfachverwendung-2-300x250.jpg 300w, https:\/\/buo.de\/bau\/wp-content\/uploads\/sites\/2\/2023\/05\/Dantebad_gekauft-zur-Mehrfachverwendung-2-1024x853.jpg 1024w, https:\/\/buo.de\/bau\/wp-content\/uploads\/sites\/2\/2023\/05\/Dantebad_gekauft-zur-Mehrfachverwendung-2-768x639.jpg 768w, https:\/\/buo.de\/bau\/wp-content\/uploads\/sites\/2\/2023\/05\/Dantebad_gekauft-zur-Mehrfachverwendung-2-1297x1080.jpg 1297w\"\n             alt=\"Dante 1 &#8211; Parkplatz\u00fcberbauung\"\n            loading=\"lazy\"        >\n        <div class=\"swiper-lazy-preloader\"><\/div>        <div class=\"project-linear-gradient\"><\/div>\n    <\/div>\n    <div class=\"project-content\">\n        <p class=\"project-term-name\">Parkplatz\u00fcberbauung<\/p>\n        <div class=\"project-info\">\n            <p class=\"project-title\">Dante 1 &#8211; Parkplatz\u00fcberbauung<\/p>\n            <p class=\"project-address\">Postillonstra\u00dfe, M\u00fcnchen, Deutschland<\/p>\n        <\/div>\n    <\/div>\n<\/a>\n\n<a class=\"buo-projects-filter-card project-card swiper-slide\" data-terms=\"[&quot;project-cat-12&quot;]\" data-id=\"1202\" href=\"https:\/\/buo.de\/bau\/referenzen\/dante-ii\/\" target=\"_blank\">\n    <div class=\"entry-image-wrapper\">\n        <img decoding=\"async\" class=\"project-image\"\n             src=\"https:\/\/buo.de\/bau\/wp-content\/uploads\/sites\/2\/2023\/05\/9-A_DSC03519-Pano-1-scaled.jpg\"\n             sizes=\"(max-width: 1920px) 100vw, 1920px\" srcset=\"https:\/\/buo.de\/bau\/wp-content\/uploads\/sites\/2\/2023\/05\/9-A_DSC03519-Pano-1-scaled.jpg 2560w, https:\/\/buo.de\/bau\/wp-content\/uploads\/sites\/2\/2023\/05\/9-A_DSC03519-Pano-1-300x240.jpg 300w, https:\/\/buo.de\/bau\/wp-content\/uploads\/sites\/2\/2023\/05\/9-A_DSC03519-Pano-1-1024x819.jpg 1024w, https:\/\/buo.de\/bau\/wp-content\/uploads\/sites\/2\/2023\/05\/9-A_DSC03519-Pano-1-768x614.jpg 768w, https:\/\/buo.de\/bau\/wp-content\/uploads\/sites\/2\/2023\/05\/9-A_DSC03519-Pano-1-1536x1229.jpg 1536w, https:\/\/buo.de\/bau\/wp-content\/uploads\/sites\/2\/2023\/05\/9-A_DSC03519-Pano-1-2048x1638.jpg 2048w, https:\/\/buo.de\/bau\/wp-content\/uploads\/sites\/2\/2023\/05\/9-A_DSC03519-Pano-1-1350x1080.jpg 1350w\"\n             alt=\"Dante 2 &#8211; Parkplatz\u00fcberbauung\"\n            loading=\"lazy\"        >\n        <div class=\"swiper-lazy-preloader\"><\/div>        <div class=\"project-linear-gradient\"><\/div>\n    <\/div>\n    <div class=\"project-content\">\n        <p class=\"project-term-name\">Parkplatz\u00fcberbauung<\/p>\n        <div class=\"project-info\">\n            <p class=\"project-title\">Dante 2 &#8211; Parkplatz\u00fcberbauung<\/p>\n            <p class=\"project-address\">Reinmarplatz, M\u00fcnchen<\/p>\n        <\/div>\n    <\/div>\n<\/a>\n\n<a class=\"buo-projects-filter-card project-card swiper-slide\" data-terms=\"[&quot;project-cat-10&quot;]\" data-id=\"1196\" href=\"https:\/\/buo.de\/bau\/referenzen\/neubau-bosch-wohnen\/\" target=\"_blank\">\n    <div class=\"entry-image-wrapper\">\n        <img decoding=\"async\" class=\"project-image\"\n             src=\"https:\/\/buo.de\/bau\/wp-content\/uploads\/sites\/2\/2023\/05\/IMG_4458-1-scaled.jpg\"\n             sizes=\"(max-width: 1920px) 100vw, 1920px\" srcset=\"https:\/\/buo.de\/bau\/wp-content\/uploads\/sites\/2\/2023\/05\/IMG_4458-1-scaled.jpg 2560w, https:\/\/buo.de\/bau\/wp-content\/uploads\/sites\/2\/2023\/05\/IMG_4458-1-300x200.jpg 300w, https:\/\/buo.de\/bau\/wp-content\/uploads\/sites\/2\/2023\/05\/IMG_4458-1-1024x683.jpg 1024w, https:\/\/buo.de\/bau\/wp-content\/uploads\/sites\/2\/2023\/05\/IMG_4458-1-768x512.jpg 768w, https:\/\/buo.de\/bau\/wp-content\/uploads\/sites\/2\/2023\/05\/IMG_4458-1-1536x1024.jpg 1536w, https:\/\/buo.de\/bau\/wp-content\/uploads\/sites\/2\/2023\/05\/IMG_4458-1-2048x1365.jpg 2048w, https:\/\/buo.de\/bau\/wp-content\/uploads\/sites\/2\/2023\/05\/IMG_4458-1-1620x1080.jpg 1620w\"\n             alt=\"Bosch Wohnen &#8211; Neubau\"\n            loading=\"lazy\"        >\n        <div class=\"swiper-lazy-preloader\"><\/div>        <div class=\"project-linear-gradient\"><\/div>\n    <\/div>\n    <div class=\"project-content\">\n        <p class=\"project-term-name\">Systembau<\/p>\n        <div class=\"project-info\">\n            <p class=\"project-title\">Bosch Wohnen &#8211; Neubau<\/p>\n            <p class=\"project-address\">Pater-Rupert-Mayer-Stra\u00dfe 2-4, Bad Aibling, Deutschland<\/p>\n        <\/div>\n    <\/div>\n<\/a>\n\n<a class=\"buo-projects-filter-card project-card swiper-slide\" data-terms=\"[&quot;project-cat-11&quot;,&quot;project-cat-8&quot;]\" data-id=\"1195\" href=\"https:\/\/buo.de\/bau\/referenzen\/blus-ii-sanierung-und-dachaufstockung\/\" target=\"_blank\">\n    <div class=\"entry-image-wrapper\">\n        <img decoding=\"async\" class=\"project-image\"\n             src=\"https:\/\/buo.de\/bau\/wp-content\/uploads\/sites\/2\/2023\/05\/220908_BO-Gruppe-Muenchen-BLUS-II-Whg-X-Aussenansicht-\u00a9SIMONMALIK_146-scaled.jpg\"\n             sizes=\"(max-width: 1920px) 100vw, 1920px\" srcset=\"https:\/\/buo.de\/bau\/wp-content\/uploads\/sites\/2\/2023\/05\/220908_BO-Gruppe-Muenchen-BLUS-II-Whg-X-Aussenansicht-\u00a9SIMONMALIK_146-scaled.jpg 2560w, https:\/\/buo.de\/bau\/wp-content\/uploads\/sites\/2\/2023\/05\/220908_BO-Gruppe-Muenchen-BLUS-II-Whg-X-Aussenansicht-\u00a9SIMONMALIK_146-300x200.jpg 300w, https:\/\/buo.de\/bau\/wp-content\/uploads\/sites\/2\/2023\/05\/220908_BO-Gruppe-Muenchen-BLUS-II-Whg-X-Aussenansicht-\u00a9SIMONMALIK_146-1024x681.jpg 1024w, https:\/\/buo.de\/bau\/wp-content\/uploads\/sites\/2\/2023\/05\/220908_BO-Gruppe-Muenchen-BLUS-II-Whg-X-Aussenansicht-\u00a9SIMONMALIK_146-768x511.jpg 768w, https:\/\/buo.de\/bau\/wp-content\/uploads\/sites\/2\/2023\/05\/220908_BO-Gruppe-Muenchen-BLUS-II-Whg-X-Aussenansicht-\u00a9SIMONMALIK_146-1536x1022.jpg 1536w, https:\/\/buo.de\/bau\/wp-content\/uploads\/sites\/2\/2023\/05\/220908_BO-Gruppe-Muenchen-BLUS-II-Whg-X-Aussenansicht-\u00a9SIMONMALIK_146-2048x1363.jpg 2048w, https:\/\/buo.de\/bau\/wp-content\/uploads\/sites\/2\/2023\/05\/220908_BO-Gruppe-Muenchen-BLUS-II-Whg-X-Aussenansicht-\u00a9SIMONMALIK_146-1623x1080.jpg 1623w\"\n             alt=\"BLUS 2 &#8211; Sanierung und Dachaufstockung\"\n            loading=\"lazy\"        >\n        <div class=\"swiper-lazy-preloader\"><\/div>        <div class=\"project-linear-gradient\"><\/div>\n    <\/div>\n    <div class=\"project-content\">\n        <p class=\"project-term-name\">Dachaufstockung &amp; Strangsanierung<\/p>\n        <div class=\"project-info\">\n            <p class=\"project-title\">BLUS 2 &#8211; Sanierung und Dachaufstockung<\/p>\n            <p class=\"project-address\">Stengelstra\u00dfe 1-17, M\u00fcnchen, Deutschland<\/p>\n        <\/div>\n    <\/div>\n<\/a>\n\n<a class=\"buo-projects-filter-card project-card swiper-slide\" data-terms=\"[&quot;project-cat-11&quot;]\" data-id=\"1185\" href=\"https:\/\/buo.de\/bau\/referenzen\/dachaufstockung-fuer-die-howoge\/\" target=\"_blank\">\n    <div class=\"entry-image-wrapper\">\n        <img decoding=\"async\" class=\"project-image\"\n             src=\"https:\/\/buo.de\/bau\/wp-content\/uploads\/sites\/2\/2023\/05\/aaBild4_Howoge.png\"\n             sizes=\"(max-width: 1257px) 100vw, 1257px\" srcset=\"https:\/\/buo.de\/bau\/wp-content\/uploads\/sites\/2\/2023\/05\/aaBild4_Howoge.png 1257w, https:\/\/buo.de\/bau\/wp-content\/uploads\/sites\/2\/2023\/05\/aaBild4_Howoge-300x218.png 300w, https:\/\/buo.de\/bau\/wp-content\/uploads\/sites\/2\/2023\/05\/aaBild4_Howoge-1024x745.png 1024w, https:\/\/buo.de\/bau\/wp-content\/uploads\/sites\/2\/2023\/05\/aaBild4_Howoge-768x559.png 768w\"\n             alt=\"Franz-Schmid-Stra\u00dfe &#8211; Dachaufstockung\"\n            loading=\"lazy\"        >\n        <div class=\"swiper-lazy-preloader\"><\/div>        <div class=\"project-linear-gradient\"><\/div>\n    <\/div>\n    <div class=\"project-content\">\n        <p class=\"project-term-name\">Dachaufstockung<\/p>\n        <div class=\"project-info\">\n            <p class=\"project-title\">Franz-Schmid-Stra\u00dfe &#8211; Dachaufstockung<\/p>\n            <p class=\"project-address\">Franz-Schmidt-Stra\u00dfe 11-17, Berlin, Deutschland<\/p>\n        <\/div>\n    <\/div>\n<\/a>\n        <div class=\"buo-no-results\">\n            <div class=\"buo-no-results-headline\">\n                Keine Projekt gefunden            <\/div>\n\n            <div class=\"buo-no-results-below-headline\">\n                \u00c4ndern Sie die Filtereinstellungen, um mehr Projekte anzuzeigen.            <\/div>\n        <\/div>\n    <\/div>\n\n                <\/div>\n            <div class=\"swiper-pagination\"><\/div>\n        <\/div>\n        <\/div>\n\n\n\n<div style=\"height:100px\" aria-hidden=\"true\" class=\"wp-block-spacer\"><\/div>\n\n\n\n<h3 class=\"wp-block-heading\">Sie m\u00f6chten mit uns ein Projekt realisieren oder haben Fragen rund um das Thema Serielles Bauen?<\/h3>\n\n\n\n<p><strong>Wir freuen uns auf Ihre Nachricht!<\/strong><\/p>\n\n\n\n<div class=\"wp-block-contact-form-7-contact-form-selector\">\n<div class=\"wpcf7 no-js\" id=\"wpcf7-f45595-o1\" lang=\"de-DE\" dir=\"ltr\" data-wpcf7-id=\"45595\">\n<div class=\"screen-reader-response\"><p role=\"status\" aria-live=\"polite\" aria-atomic=\"true\"><\/p> <ul><\/ul><\/div>\n<form action=\"\/bau\/wp-json\/wp\/v2\/pages\/382#wpcf7-f45595-o1\" method=\"post\" class=\"wpcf7-form init\" aria-label=\"Kontaktformular\" novalidate=\"novalidate\" data-status=\"init\">\n<fieldset class=\"hidden-fields-container\"><input type=\"hidden\" name=\"_wpcf7\" value=\"45595\" \/><input type=\"hidden\" name=\"_wpcf7_version\" value=\"6.1.5\" \/><input type=\"hidden\" name=\"_wpcf7_locale\" value=\"de_DE\" \/><input type=\"hidden\" name=\"_wpcf7_unit_tag\" value=\"wpcf7-f45595-o1\" \/><input type=\"hidden\" name=\"_wpcf7_container_post\" value=\"0\" \/><input type=\"hidden\" name=\"_wpcf7_posted_data_hash\" value=\"\" \/>\n<\/fieldset>\n<div class=\"form\">\n <div class=\"form-row\">\n  <!-- Anrede-Checkboxen -->\n  <div class=\"column-full\">\n    <label>Anrede*<\/label><br>\n    <span class=\"wpcf7-form-control-wrap\" data-name=\"anrede\"><span class=\"wpcf7-form-control wpcf7-checkbox wpcf7-validates-as-required\"><span class=\"wpcf7-list-item first\"><label><input type=\"checkbox\" name=\"anrede[]\" value=\"Herr\" \/><span class=\"wpcf7-list-item-label\">Herr<\/span><\/label><\/span><span class=\"wpcf7-list-item\"><label><input type=\"checkbox\" name=\"anrede[]\" value=\"Frau\" \/><span class=\"wpcf7-list-item-label\">Frau<\/span><\/label><\/span><span class=\"wpcf7-list-item last\"><label><input type=\"checkbox\" name=\"anrede[]\" value=\"Divers\" \/><span class=\"wpcf7-list-item-label\">Divers<\/span><\/label><\/span><\/span><\/span>\n  <\/div>\n <\/div>\n\n <div class=\"form-row\">\n  <div class=\"column-half\"><label>Ihr Vorname* <span class=\"wpcf7-form-control-wrap\" data-name=\"text-firstname\"><input size=\"40\" maxlength=\"400\" class=\"wpcf7-form-control wpcf7-text wpcf7-validates-as-required\" aria-required=\"true\" aria-invalid=\"false\" placeholder=\"Geben Sie Ihren Vornamen ein\" value=\"\" type=\"text\" name=\"text-firstname\" \/><\/span><\/label><\/div>\n  <div class=\"column-half\"><label>Ihr Nachname* <span class=\"wpcf7-form-control-wrap\" data-name=\"text-secondname\"><input size=\"40\" maxlength=\"400\" class=\"wpcf7-form-control wpcf7-text wpcf7-validates-as-required\" aria-required=\"true\" aria-invalid=\"false\" placeholder=\"Geben Sie Ihren Nachnamen ein\" value=\"\" type=\"text\" name=\"text-secondname\" \/><\/span><\/label><\/div>\n <\/div>\n\n <div class=\"form-row\">\n  <div class=\"column-half\"><label>Ihr Unternehmen* <span class=\"wpcf7-form-control-wrap\" data-name=\"text-company\"><input size=\"40\" maxlength=\"400\" class=\"wpcf7-form-control wpcf7-text wpcf7-validates-as-required\" aria-required=\"true\" aria-invalid=\"false\" placeholder=\"Geben Sie den Namen Ihres Unternehmens ein\" value=\"\" type=\"text\" name=\"text-company\" \/><\/span><\/label><\/div>\n  <div class=\"column-half\"><label>Ihre E-Mail-Adresse* <span class=\"wpcf7-form-control-wrap\" data-name=\"your-email\"><input size=\"40\" maxlength=\"400\" class=\"wpcf7-form-control wpcf7-email wpcf7-validates-as-required wpcf7-text wpcf7-validates-as-email\" aria-required=\"true\" aria-invalid=\"false\" placeholder=\"beispiel@email.com\" value=\"\" type=\"email\" name=\"your-email\" \/><\/span><\/label><\/div>\n <\/div>\n\n <div class=\"form-row\">\n  <!-- Position Textfeld -->\n  <div class=\"column-full\"><label>Ihre Position <span class=\"wpcf7-form-control-wrap\" data-name=\"text-position\"><input size=\"40\" maxlength=\"400\" class=\"wpcf7-form-control wpcf7-text\" aria-invalid=\"false\" placeholder=\"Geben Sie Ihre Position im Unternehmen ein\" value=\"\" type=\"text\" name=\"text-position\" \/><\/span><\/label><\/div>\n <\/div>\n\n <div class=\"form-row\">\n  <div class=\"column-full\"><label>Ihre Nachricht* <span class=\"wpcf7-form-control-wrap\" data-name=\"textarea-235\"><textarea cols=\"40\" rows=\"10\" maxlength=\"2000\" class=\"wpcf7-form-control wpcf7-textarea wpcf7-validates-as-required\" aria-required=\"true\" aria-invalid=\"false\" placeholder=\"Geben Sie Ihre Nachricht ein...\" name=\"textarea-235\"><\/textarea><\/span><\/label><\/div>\n <\/div>\n\n\n<div class=\"form-row\"> <!-- Datenschutz --> <div class=\"column-full\"> <label class=\"acceptance\"> <span class=\"wpcf7-form-control-wrap\" data-name=\"datenschutz\"><span class=\"wpcf7-form-control wpcf7-acceptance\"><span class=\"wpcf7-list-item\"><label><input type=\"checkbox\" name=\"datenschutz\" value=\"1\" aria-invalid=\"false\" \/><span class=\"wpcf7-list-item-label\">Ich akzeptiere die <a href=\".\/datenschutzerklaerung\" target=\"_blank\">Datenschutzbestimmungen<\/a> dieser Website und stimme der Verarbeitung meiner Daten zu.*<\/span><\/label><\/span><\/span><\/span> <\/label> <\/div> <\/div> <div class=\"form-row\"> <!-- Werbezwecke (freiwillig) --> <div class=\"column-full\"> <label> <span class=\"wpcf7-form-control-wrap\" data-name=\"Werbezwecke\"><span class=\"wpcf7-form-control wpcf7-checkbox\"><span class=\"wpcf7-list-item first last\"><label><input type=\"checkbox\" name=\"Werbezwecke[]\" value=\"Ich willige ein, weitergehende Informationen und Details in Form von Marketing-E-Mails oder Anrufen zu Produkten und Dienstleistungen von B&amp;O Bau zu erhalten. Meine Einwilligung kann ich jederzeit per E-Mail an unsubscribe@bo-bau.de widerrufen.\" \/><span class=\"wpcf7-list-item-label\">Ich willige ein, weitergehende Informationen und Details in Form von Marketing-E-Mails oder Anrufen zu Produkten und Dienstleistungen von B&amp;O Bau zu erhalten. Meine Einwilligung kann ich jederzeit per E-Mail an unsubscribe@bo-bau.de widerrufen.<\/span><\/label><\/span><\/span><\/span> <\/label> <\/div> <\/div> <div class=\"form-row submit\"> <input class=\"wpcf7-form-control wpcf7-submit has-spinner\" type=\"submit\" value=\"Nachricht senden\" \/> <\/div> <\/div><div class=\"wpcf7-response-output\" aria-hidden=\"true\"><\/div>\n<\/form>\n<\/div>\n<\/div>\n","protected":false},"excerpt":{"rendered":"<p>Serielles Bauen. Der Bedarf an bezahlbarem Wohnraum steigt. Konventionelle Bauweisen mit dezentraler Wertsch\u00f6pfung sto\u00dfen an ihre Grenzen. Unsere L\u00f6sung hei\u00dft: Serielles Bauen. Sie folgt einer simplen Logik, die den Bauprozess neu strukturiert und organisiert. Sprich: Wir bauen zukunftsf\u00e4hige Systemh\u00e4user mit vorgefertigten Modulen und nachhaltigen Rohstoffen. Dieses serielle Format in Holz-Hybrid-Bauweise kombiniert Holz-Wandelemente mit Decken und&#8230;<\/p>\n","protected":false},"author":8,"featured_media":0,"parent":9,"menu_order":0,"comment_status":"closed","ping_status":"closed","template":"","meta":{"_acf_changed":false,"_relevanssi_hide_post":"","_relevanssi_hide_content":"","_relevanssi_pin_for_all":"","_relevanssi_pin_keywords":"","_relevanssi_unpin_keywords":"","_relevanssi_related_keywords":"","_relevanssi_related_include_ids":"","_relevanssi_related_exclude_ids":"","_relevanssi_related_no_append":"","_relevanssi_related_not_related":"","_relevanssi_related_posts":"1","_relevanssi_noindex_reason":"","footnotes":""},"class_list":["post-382","page","type-page","status-publish","hentry"],"acf":[],"yoast_head":"<!-- This site is optimized with the Yoast SEO plugin v27.1.1 - https:\/\/yoast.com\/product\/yoast-seo-wordpress\/ -->\n<title>Serielles Bauen - B&amp;O Bau<\/title>\n<meta name=\"robots\" content=\"index, follow, max-snippet:-1, max-image-preview:large, max-video-preview:-1\" \/>\n<link rel=\"canonical\" href=\"https:\/\/buo.de\/bau\/wohnraum-schaffen\/systembau\/\" \/>\n<meta property=\"og:locale\" content=\"de_DE\" \/>\n<meta property=\"og:type\" content=\"article\" \/>\n<meta property=\"og:title\" content=\"Serielles Bauen - B&amp;O Bau\" \/>\n<meta property=\"og:description\" content=\"Serielles Bauen. Der Bedarf an bezahlbarem Wohnraum steigt. Konventionelle Bauweisen mit dezentraler Wertsch\u00f6pfung sto\u00dfen an ihre Grenzen. Unsere L\u00f6sung hei\u00dft: Serielles Bauen. Sie folgt einer simplen Logik, die den Bauprozess neu strukturiert und organisiert. Sprich: Wir bauen zukunftsf\u00e4hige Systemh\u00e4user mit vorgefertigten Modulen und nachhaltigen Rohstoffen. Dieses serielle Format in Holz-Hybrid-Bauweise kombiniert Holz-Wandelemente mit Decken und...\" \/>\n<meta property=\"og:url\" content=\"https:\/\/buo.de\/bau\/wohnraum-schaffen\/systembau\/\" \/>\n<meta property=\"og:site_name\" content=\"B&amp;O Bau\" \/>\n<meta property=\"article:publisher\" content=\"https:\/\/www.youtube.com\/@BuOBau\" \/>\n<meta property=\"article:modified_time\" content=\"2026-04-02T13:34:59+00:00\" \/>\n<meta property=\"og:image\" content=\"https:\/\/buo.de\/bau\/wp-content\/uploads\/sites\/2\/2026\/04\/BO_Bau_Banner_Website_Real-Estate-Arena_3200x500_final-2-scaled.png\" \/>\n\t<meta property=\"og:image:width\" content=\"2560\" \/>\n\t<meta property=\"og:image:height\" content=\"400\" \/>\n\t<meta property=\"og:image:type\" content=\"image\/png\" \/>\n<meta name=\"twitter:card\" content=\"summary_large_image\" \/>\n<meta name=\"twitter:label1\" content=\"Gesch\u00e4tzte Lesezeit\" \/>\n\t<meta name=\"twitter:data1\" content=\"1\u00a0Minute\" \/>\n<script type=\"application\/ld+json\" class=\"yoast-schema-graph\">{\"@context\":\"https:\/\/schema.org\",\"@graph\":[{\"@type\":\"WebPage\",\"@id\":\"https:\/\/buo.de\/bau\/wohnraum-schaffen\/systembau\/\",\"url\":\"https:\/\/buo.de\/bau\/wohnraum-schaffen\/systembau\/\",\"name\":\"Serielles Bauen - B&O Bau\",\"isPartOf\":{\"@id\":\"https:\/\/buo.de\/bau\/#website\"},\"primaryImageOfPage\":{\"@id\":\"https:\/\/buo.de\/bau\/wohnraum-schaffen\/systembau\/#primaryimage\"},\"image\":{\"@id\":\"https:\/\/buo.de\/bau\/wohnraum-schaffen\/systembau\/#primaryimage\"},\"thumbnailUrl\":\"https:\/\/buo.de\/bau\/wp-content\/uploads\/sites\/2\/2026\/04\/BO_Bau_Banner_Website_Real-Estate-Arena_3200x500_final-2-scaled.png\",\"datePublished\":\"2023-05-04T15:56:33+00:00\",\"dateModified\":\"2026-04-02T13:34:59+00:00\",\"breadcrumb\":{\"@id\":\"https:\/\/buo.de\/bau\/wohnraum-schaffen\/systembau\/#breadcrumb\"},\"inLanguage\":\"de\",\"potentialAction\":[{\"@type\":\"ReadAction\",\"target\":[\"https:\/\/buo.de\/bau\/wohnraum-schaffen\/systembau\/\"]}]},{\"@type\":\"ImageObject\",\"inLanguage\":\"de\",\"@id\":\"https:\/\/buo.de\/bau\/wohnraum-schaffen\/systembau\/#primaryimage\",\"url\":\"https:\/\/buo.de\/bau\/wp-content\/uploads\/sites\/2\/2026\/04\/BO_Bau_Banner_Website_Real-Estate-Arena_3200x500_final-2-scaled.png\",\"contentUrl\":\"https:\/\/buo.de\/bau\/wp-content\/uploads\/sites\/2\/2026\/04\/BO_Bau_Banner_Website_Real-Estate-Arena_3200x500_final-2-scaled.png\",\"width\":2560,\"height\":400},{\"@type\":\"BreadcrumbList\",\"@id\":\"https:\/\/buo.de\/bau\/wohnraum-schaffen\/systembau\/#breadcrumb\",\"itemListElement\":[{\"@type\":\"ListItem\",\"position\":1,\"name\":\"Start\",\"item\":\"https:\/\/buo.de\/bau\/\"},{\"@type\":\"ListItem\",\"position\":2,\"name\":\"Wohnraum schaffen\",\"item\":\"https:\/\/buo.de\/bau\/wohnraum-schaffen\/\"},{\"@type\":\"ListItem\",\"position\":3,\"name\":\"Serielles Bauen\"}]},{\"@type\":\"WebSite\",\"@id\":\"https:\/\/buo.de\/bau\/#website\",\"url\":\"https:\/\/buo.de\/bau\/\",\"name\":\"B&O Bau\",\"description\":\"Das Pilotprojekt\u202fumfasst eine dreigeschossige Nachverdichtung ohne Fl\u00e4chenversiegelung, gepaart mit einer f\u00fcnfgeschossigen seriellen Fassadensanierung im bewohnten Zustand.\u00a0\",\"publisher\":{\"@id\":\"https:\/\/buo.de\/bau\/#organization\"},\"potentialAction\":[{\"@type\":\"SearchAction\",\"target\":{\"@type\":\"EntryPoint\",\"urlTemplate\":\"https:\/\/buo.de\/bau\/?s={search_term_string}\"},\"query-input\":{\"@type\":\"PropertyValueSpecification\",\"valueRequired\":true,\"valueName\":\"search_term_string\"}}],\"inLanguage\":\"de\"},{\"@type\":\"Organization\",\"@id\":\"https:\/\/buo.de\/bau\/#organization\",\"name\":\"B&O Bau GmbH\",\"url\":\"https:\/\/buo.de\/bau\/\",\"logo\":{\"@type\":\"ImageObject\",\"inLanguage\":\"de\",\"@id\":\"https:\/\/buo.de\/bau\/#\/schema\/logo\/image\/\",\"url\":\"https:\/\/buo.de\/bau\/wp-content\/uploads\/sites\/2\/2026\/03\/Logo_BO_Bau_RGB-1.png\",\"contentUrl\":\"https:\/\/buo.de\/bau\/wp-content\/uploads\/sites\/2\/2026\/03\/Logo_BO_Bau_RGB-1.png\",\"width\":1095,\"height\":827,\"caption\":\"B&O Bau GmbH\"},\"image\":{\"@id\":\"https:\/\/buo.de\/bau\/#\/schema\/logo\/image\/\"},\"sameAs\":[\"https:\/\/www.youtube.com\/@BuOBau\",\"https:\/\/www.linkedin.com\/company\/18550887\/\"]}]}<\/script>\n<!-- \/ Yoast SEO plugin. -->","yoast_head_json":{"title":"Serielles Bauen - B&O Bau","robots":{"index":"index","follow":"follow","max-snippet":"max-snippet:-1","max-image-preview":"max-image-preview:large","max-video-preview":"max-video-preview:-1"},"canonical":"https:\/\/buo.de\/bau\/wohnraum-schaffen\/systembau\/","og_locale":"de_DE","og_type":"article","og_title":"Serielles Bauen - B&O Bau","og_description":"Serielles Bauen. Der Bedarf an bezahlbarem Wohnraum steigt. Konventionelle Bauweisen mit dezentraler Wertsch\u00f6pfung sto\u00dfen an ihre Grenzen. Unsere L\u00f6sung hei\u00dft: Serielles Bauen. Sie folgt einer simplen Logik, die den Bauprozess neu strukturiert und organisiert. Sprich: Wir bauen zukunftsf\u00e4hige Systemh\u00e4user mit vorgefertigten Modulen und nachhaltigen Rohstoffen. Dieses serielle Format in Holz-Hybrid-Bauweise kombiniert Holz-Wandelemente mit Decken und...","og_url":"https:\/\/buo.de\/bau\/wohnraum-schaffen\/systembau\/","og_site_name":"B&O Bau","article_publisher":"https:\/\/www.youtube.com\/@BuOBau","article_modified_time":"2026-04-02T13:34:59+00:00","og_image":[{"width":2560,"height":400,"url":"https:\/\/buo.de\/bau\/wp-content\/uploads\/sites\/2\/2026\/04\/BO_Bau_Banner_Website_Real-Estate-Arena_3200x500_final-2-scaled.png","type":"image\/png"}],"twitter_card":"summary_large_image","twitter_misc":{"Gesch\u00e4tzte Lesezeit":"1\u00a0Minute"},"schema":{"@context":"https:\/\/schema.org","@graph":[{"@type":"WebPage","@id":"https:\/\/buo.de\/bau\/wohnraum-schaffen\/systembau\/","url":"https:\/\/buo.de\/bau\/wohnraum-schaffen\/systembau\/","name":"Serielles Bauen - B&O Bau","isPartOf":{"@id":"https:\/\/buo.de\/bau\/#website"},"primaryImageOfPage":{"@id":"https:\/\/buo.de\/bau\/wohnraum-schaffen\/systembau\/#primaryimage"},"image":{"@id":"https:\/\/buo.de\/bau\/wohnraum-schaffen\/systembau\/#primaryimage"},"thumbnailUrl":"https:\/\/buo.de\/bau\/wp-content\/uploads\/sites\/2\/2026\/04\/BO_Bau_Banner_Website_Real-Estate-Arena_3200x500_final-2-scaled.png","datePublished":"2023-05-04T15:56:33+00:00","dateModified":"2026-04-02T13:34:59+00:00","breadcrumb":{"@id":"https:\/\/buo.de\/bau\/wohnraum-schaffen\/systembau\/#breadcrumb"},"inLanguage":"de","potentialAction":[{"@type":"ReadAction","target":["https:\/\/buo.de\/bau\/wohnraum-schaffen\/systembau\/"]}]},{"@type":"ImageObject","inLanguage":"de","@id":"https:\/\/buo.de\/bau\/wohnraum-schaffen\/systembau\/#primaryimage","url":"https:\/\/buo.de\/bau\/wp-content\/uploads\/sites\/2\/2026\/04\/BO_Bau_Banner_Website_Real-Estate-Arena_3200x500_final-2-scaled.png","contentUrl":"https:\/\/buo.de\/bau\/wp-content\/uploads\/sites\/2\/2026\/04\/BO_Bau_Banner_Website_Real-Estate-Arena_3200x500_final-2-scaled.png","width":2560,"height":400},{"@type":"BreadcrumbList","@id":"https:\/\/buo.de\/bau\/wohnraum-schaffen\/systembau\/#breadcrumb","itemListElement":[{"@type":"ListItem","position":1,"name":"Start","item":"https:\/\/buo.de\/bau\/"},{"@type":"ListItem","position":2,"name":"Wohnraum schaffen","item":"https:\/\/buo.de\/bau\/wohnraum-schaffen\/"},{"@type":"ListItem","position":3,"name":"Serielles Bauen"}]},{"@type":"WebSite","@id":"https:\/\/buo.de\/bau\/#website","url":"https:\/\/buo.de\/bau\/","name":"B&O Bau","description":"Das Pilotprojekt\u202fumfasst eine dreigeschossige Nachverdichtung ohne Fl\u00e4chenversiegelung, gepaart mit einer f\u00fcnfgeschossigen seriellen Fassadensanierung im bewohnten Zustand.\u00a0","publisher":{"@id":"https:\/\/buo.de\/bau\/#organization"},"potentialAction":[{"@type":"SearchAction","target":{"@type":"EntryPoint","urlTemplate":"https:\/\/buo.de\/bau\/?s={search_term_string}"},"query-input":{"@type":"PropertyValueSpecification","valueRequired":true,"valueName":"search_term_string"}}],"inLanguage":"de"},{"@type":"Organization","@id":"https:\/\/buo.de\/bau\/#organization","name":"B&O Bau GmbH","url":"https:\/\/buo.de\/bau\/","logo":{"@type":"ImageObject","inLanguage":"de","@id":"https:\/\/buo.de\/bau\/#\/schema\/logo\/image\/","url":"https:\/\/buo.de\/bau\/wp-content\/uploads\/sites\/2\/2026\/03\/Logo_BO_Bau_RGB-1.png","contentUrl":"https:\/\/buo.de\/bau\/wp-content\/uploads\/sites\/2\/2026\/03\/Logo_BO_Bau_RGB-1.png","width":1095,"height":827,"caption":"B&O Bau GmbH"},"image":{"@id":"https:\/\/buo.de\/bau\/#\/schema\/logo\/image\/"},"sameAs":["https:\/\/www.youtube.com\/@BuOBau","https:\/\/www.linkedin.com\/company\/18550887\/"]}]}},"_links":{"self":[{"href":"https:\/\/buo.de\/bau\/wp-json\/wp\/v2\/pages\/382","targetHints":{"allow":["GET"]}}],"collection":[{"href":"https:\/\/buo.de\/bau\/wp-json\/wp\/v2\/pages"}],"about":[{"href":"https:\/\/buo.de\/bau\/wp-json\/wp\/v2\/types\/page"}],"author":[{"embeddable":true,"href":"https:\/\/buo.de\/bau\/wp-json\/wp\/v2\/users\/8"}],"replies":[{"embeddable":true,"href":"https:\/\/buo.de\/bau\/wp-json\/wp\/v2\/comments?post=382"}],"version-history":[{"count":138,"href":"https:\/\/buo.de\/bau\/wp-json\/wp\/v2\/pages\/382\/revisions"}],"predecessor-version":[{"id":65084,"href":"https:\/\/buo.de\/bau\/wp-json\/wp\/v2\/pages\/382\/revisions\/65084"}],"up":[{"embeddable":true,"href":"https:\/\/buo.de\/bau\/wp-json\/wp\/v2\/pages\/9"}],"wp:attachment":[{"href":"https:\/\/buo.de\/bau\/wp-json\/wp\/v2\/media?parent=382"}],"curies":[{"name":"wp","href":"https:\/\/api.w.org\/{rel}","templated":true}]}}