{"id":49043,"date":"2025-10-09T14:05:54","date_gmt":"2025-10-09T12:05:54","guid":{"rendered":"https:\/\/buo.de\/bau\/?page_id=49043"},"modified":"2025-11-04T11:47:01","modified_gmt":"2025-11-04T10:47:01","slug":"bewerbungsprozess","status":"publish","type":"page","link":"https:\/\/buo.de\/bau\/karriere\/bewerbungsprozess\/","title":{"rendered":"Bewerbungsprozess"},"content":{"rendered":"\n<div class=\"wp-block-columns are-vertically-aligned-bottom has-dark-blue-background-color has-background has-full-width is-layout-flex wp-container-core-columns-is-layout-9d6595d7 wp-block-columns-is-layout-flex\">\n<div class=\"wp-block-column is-vertically-aligned-bottom is-layout-flow wp-block-column-is-layout-flow\" style=\"flex-basis:100%\">\n<div class=\"wp-block-columns are-vertically-aligned-bottom has-white-color has-text-color is-layout-flex wp-container-core-columns-is-layout-9d6595d7 wp-block-columns-is-layout-flex\">\n<div class=\"wp-block-column is-vertically-aligned-bottom is-layout-flow wp-block-column-is-layout-flow\" style=\"flex-basis:42.11%\">\n<div style=\"height:30px\" aria-hidden=\"true\" class=\"wp-block-spacer\"><\/div>\n\n\n\n<p class=\"has-medium-font-size\">Dein<\/p>\n\n\n\n<h2 class=\"wp-block-heading\">Bewerbungsprozess<\/h2>\n<\/div>\n\n\n\n<div class=\"wp-block-column is-vertically-aligned-bottom is-layout-flow wp-block-column-is-layout-flow\" style=\"flex-basis:42.11%\">\n<div style=\"height:30px\" aria-hidden=\"true\" class=\"wp-block-spacer\"><\/div>\n\n\n\n<p>Du bist an einer Bewerbung bei B&amp;O Bau interessiert? Im Folgenden findest Du unseren allgemeinen Einstellungsprozess in f\u00fcnf Schritten. Je nach Region und Art der Stelle, auf die Du dich bewirbst, kann der Prozess variieren.<\/p>\n<\/div>\n\n\n\n<div class=\"wp-block-column is-vertically-aligned-bottom is-layout-flow wp-block-column-is-layout-flow\" style=\"flex-basis:15.79%\">\n<div align=\"right\"><a href=\"https:\/\/kununu.com\/de\/bo-bau?utm_medium=affiliate&amp;utm_source=widget&amp;utm_content=widget_score_review_count_logo_small&amp;rfr=affiliate_widget\" rel=\"nofollow noopener\" target=\"_blank\"><img decoding=\"async\" alt=\"kununu widget\" src=\"https:\/\/widgets.kununu.com\/widget_score_review_count_logo_small\/profiles\/84ae57e5-9684-4de0-9ce3-51afacc57e75\" \/><\/a><\/div>\n<\/div>\n<\/div>\n<\/div>\n<\/div>\n\n\n\n<div style=\"height:100px\" aria-hidden=\"true\" class=\"wp-block-spacer\"><\/div>\n\n\n\n<div id=\"cards-grid-carousel-block_af044e096e4219f17c2a5b10bb6610c9\"\n     data-columns=\"3\"\n     data-gap=\"32\"\n     data-swiper-config=\"{&quot;direction&quot;:&quot;horizontal&quot;,&quot;slidesPerView&quot;:1,&quot;loop&quot;:false,&quot;autoHeight&quot;:false,&quot;observer&quot;:true,&quot;touchEventsTarget&quot;:&quot;container&quot;,&quot;centerInsufficientSlides&quot;:true,&quot;navigation&quot;:{&quot;nextEl&quot;:&quot;.swiper-button-next&quot;,&quot;prevEl&quot;:&quot;.swiper-button-prev&quot;},&quot;spaceBetween&quot;:&quot;32&quot;,&quot;breakpoints&quot;:{&quot;768&quot;:{&quot;slidesPerView&quot;:2},&quot;1024&quot;:{&quot;slidesPerView&quot;:3}},&quot;pagination&quot;:{&quot;el&quot;:&quot;.swiper-pagination&quot;,&quot;clickable&quot;:true}}\"\n     class=\"cards-grid-carousel-container is-carousel columns-3\">\n            <div class=\"carousel-container\">\n            <div class=\"grid-carousel-individual-swiper swiper\">\n                <div class=\"swiper-wrapper\">\n                    \n<div class=\"entry swiper-slide icon-image-card-container\" id=\"icon-image-card-69f42507a64ba\">\n    <style>\n        #icon-image-card-69f42507a64ba {\n            --cardsTextColor: #241D4C;\n            --cardsBackgroundColor: #fffff;\n        }\n    <\/style>\n    <div class=\"entry-wrapper has_icon\">\n        <div class=\"entry-fields\">\n            <div class=\"entry-content-wrapper\">\n                                    <div class=\"icon-box\">\n                        <i class=\"fa-regular fa-fa-solid fa-laptop-file\"><\/i>\n                    <\/div>\n                    \n                <div class=\"entry-content left\">\n                    <div class=\"wysiwyg-content\"><div style=\"text-align: center\">\n<h3 style=\"text-align: center\"><strong>#1: <\/strong><strong>Bewerbung einreichen<\/strong><\/h3>\n<p style=\"text-align: left\">Deine Karriere bei B&amp;O Bau beginnt mit der Einreichung deiner Bewerbung. Lade deinen Lebenslauf sowie eventuelle weitere Unterlagen (z. B. Anschreiben, Zertifikate) \u00fcber unser Online-Bewerbungsportal hoch. Sobald deine Bewerbung erfolgreich eingegangen ist, erh\u00e4ltst du eine automatische Eingangsbest\u00e4tigung per E-Mail. So kannst du sicher sein, dass deine Unterlagen bei uns angekommen sind und dein Bewerbungsprozess offiziell gestartet ist.<\/p>\n<\/div>\n<\/div>\n\n                                    <\/div>\n            <\/div>\n        <\/div>\n    <\/div>\n<\/div>\n\n<div class=\"entry swiper-slide icon-image-card-container\" id=\"icon-image-card-69f42507a65f6\">\n    <style>\n        #icon-image-card-69f42507a65f6 {\n            --cardsTextColor: #241D4C;\n            --cardsBackgroundColor: #fffff;\n        }\n    <\/style>\n    <div class=\"entry-wrapper has_icon\">\n        <div class=\"entry-fields\">\n            <div class=\"entry-content-wrapper\">\n                                    <div class=\"icon-box\">\n                        <i class=\"fa-regular fa-fa-solid fa-memo-circle-check\"><\/i>\n                    <\/div>\n                    \n                <div class=\"entry-content left\">\n                    <div class=\"wysiwyg-content\"><div style=\"text-align: center\">\n<h3 style=\"text-align: center\"><strong>#2: <\/strong><strong>Wir pr\u00fcfen deine Bewerbung<\/strong><\/h3>\n<p style=\"text-align: left\">Nachdem wir deine Bewerbung erhalten haben, pr\u00fcft unser Recruiting-Team sorgf\u00e4ltig deine Unterlagen. Es analysiert deine berufliche Erfahrung, deine F\u00e4higkeiten und deine Eignung f\u00fcr die ausgeschriebene Position. Dieser Prozess erfolgt schnellstm\u00f6glich, sodass wir uns zeitnah mit dir in Verbindung setzen k\u00f6nnen. Wir m\u00f6chten sicherstellen, dass der Bewerbungsprozess effizient verl\u00e4uft und du zeitnah R\u00fcckmeldung erh\u00e4ltst.<\/p>\n<\/div>\n<\/div>\n\n                                    <\/div>\n            <\/div>\n        <\/div>\n    <\/div>\n<\/div>\n\n<div class=\"entry swiper-slide icon-image-card-container\" id=\"icon-image-card-69f42507a6646\">\n    <style>\n        #icon-image-card-69f42507a6646 {\n            --cardsTextColor: #241D4C;\n            --cardsBackgroundColor: #fffff;\n        }\n    <\/style>\n    <div class=\"entry-wrapper has_icon\">\n        <div class=\"entry-fields\">\n            <div class=\"entry-content-wrapper\">\n                                    <div class=\"icon-box\">\n                        <i class=\"fa-regular fa-fa-solid fa-people\"><\/i>\n                    <\/div>\n                    \n                <div class=\"entry-content left\">\n                    <div class=\"wysiwyg-content\"><div style=\"text-align: center\">\n<h3 style=\"text-align: center\"><strong>#3: <\/strong><strong>Wir lernen uns kennen<\/strong><\/h3>\n<p style=\"text-align: left\">Wenn deine Bewerbung \u00fcberzeugt, laden wir dich zu einem ersten Kennenlerngespr\u00e4ch ein. Dieses Gespr\u00e4ch kann telefonisch, \u00fcber Microsoft Teams oder pers\u00f6nlich stattfinden. Es bietet uns die Gelegenheit, mehr \u00fcber dich und deine beruflichen Ziele zu erfahren, und f\u00fcr dich, mehr \u00fcber B&amp;O Bau zu lernen.<\/p>\n<p style=\"text-align: left\"><strong>Erstes Gespr\u00e4ch:<\/strong> Hier kl\u00e4ren wir grundlegende Fragen zu deiner beruflichen Erfahrung und der offenen Position.<br \/>\n<strong>Zweites Gespr\u00e4ch:<\/strong> Falls das erste Gespr\u00e4ch erfolgreich verl\u00e4uft, laden wir dich zu einem zweiten Interview ein. Hier lernst du das Team und deine zuk\u00fcnftigen Aufgaben noch besser kennen.<\/p>\n<\/div>\n<\/div>\n\n                                    <\/div>\n            <\/div>\n        <\/div>\n    <\/div>\n<\/div>\n\n<div class=\"entry swiper-slide icon-image-card-container\" id=\"icon-image-card-69f42507a66a2\">\n    <style>\n        #icon-image-card-69f42507a66a2 {\n            --cardsTextColor: #241D4C;\n            --cardsBackgroundColor: #fffff;\n        }\n    <\/style>\n    <div class=\"entry-wrapper has_icon\">\n        <div class=\"entry-fields\">\n            <div class=\"entry-content-wrapper\">\n                                    <div class=\"icon-box\">\n                        <i class=\"fa-regular fa-fa-solid fa-memo\"><\/i>\n                    <\/div>\n                    \n                <div class=\"entry-content left\">\n                    <div class=\"wysiwyg-content\"><div style=\"text-align: center\">\n<h3 style=\"text-align: center\"><strong>#4: <\/strong><strong>Wir machen dir ein Angebot<\/strong><\/h3>\n<p style=\"text-align: left\">Nach den Interviews und einem erfolgreichen Bewerbungsprozess erh\u00e4ltst du ein ma\u00dfgeschneidertes Jobangebot von uns. In deinem Angebot findest du alle Details zu deiner Position, dem Gehalt und den Vorteilen, die du als Teil unseres Teams genie\u00dfen wirst. Du hast Zeit, das Angebot zu pr\u00fcfen, Fragen zu stellen und die n\u00e4chsten Schritte zu besprechen.<\/p>\n<\/div>\n<\/div>\n\n                                    <\/div>\n            <\/div>\n        <\/div>\n    <\/div>\n<\/div>\n\n<div class=\"entry swiper-slide icon-image-card-container\" id=\"icon-image-card-69f42507a66e6\">\n    <style>\n        #icon-image-card-69f42507a66e6 {\n            --cardsTextColor: #241D4C;\n            --cardsBackgroundColor: #fffff;\n        }\n    <\/style>\n    <div class=\"entry-wrapper has_icon\">\n        <div class=\"entry-fields\">\n            <div class=\"entry-content-wrapper\">\n                                    <div class=\"icon-box\">\n                        <i class=\"fa-regular fa-fa-solid fa-pencil-mechanical\"><\/i>\n                    <\/div>\n                    \n                <div class=\"entry-content left\">\n                    <div class=\"wysiwyg-content\"><div style=\"text-align: center\">\n<h3 style=\"text-align: center\"><strong>#5: <\/strong><strong>Vertragsunterzeichnung<\/strong><\/h3>\n<p style=\"text-align: left\">Herzlichen Gl\u00fcckwunsch! Mit der Vertragsunterzeichnung beginnt dein Weg bei B&amp;O Bau. Gemeinsam besprechen wir die letzten Details und bereiten alles f\u00fcr deinen Einstieg vor.<\/p>\n<\/div>\n<\/div>\n\n                                    <\/div>\n            <\/div>\n        <\/div>\n    <\/div>\n<\/div>\n\n<div class=\"entry swiper-slide icon-image-card-container\" id=\"icon-image-card-69f42507a672a\">\n    <style>\n        #icon-image-card-69f42507a672a {\n            --cardsTextColor: #241D4C;\n            --cardsBackgroundColor: #fffff;\n        }\n    <\/style>\n    <div class=\"entry-wrapper has_icon\">\n        <div class=\"entry-fields\">\n            <div class=\"entry-content-wrapper\">\n                                    <div class=\"icon-box\">\n                        <i class=\"fa-regular fa-fa-solid fa-buildings\"><\/i>\n                    <\/div>\n                    \n                <div class=\"entry-content left\">\n                    <div class=\"wysiwyg-content\"><div style=\"text-align: center\">\n<h3 style=\"text-align: center\"><strong>#6: <\/strong><strong>Dein erster Tag bei B&amp;O Bau<\/strong><\/h3>\n<p style=\"text-align: left\">Willkommen bei B&amp;O Bau! Dein erster Tag beginnt mit einem umfassenden Onboarding-Prozess. Du wirst dein Team kennenlernen und erh\u00e4ltst eine Einf\u00fchrung in die Unternehmenskultur und Arbeitsprozesse. Wir sorgen daf\u00fcr, dass du optimal auf deine neuen Aufgaben vorbereitet bist.<\/p>\n<p style=\"text-align: left\"><strong>Onboarding &amp; Einarbeitung: <\/strong>W\u00e4hrend deiner ersten Woche wirst du alle notwendigen Schulungen und Ressourcen erhalten, um erfolgreich in deiner neuen Rolle zu starten.<\/p>\n<\/div>\n<\/div>\n\n                                    <\/div>\n            <\/div>\n        <\/div>\n    <\/div>\n<\/div>\n                <\/div>\n            <\/div>\n            <div class=\"swiper-pagination\"><\/div>\n        <\/div>\n        <\/div>\n\n\n\n<div style=\"height:100px\" aria-hidden=\"true\" class=\"wp-block-spacer\"><\/div>\n\n\n\n<div class=\"wp-block-group is-layout-constrained wp-block-group-is-layout-constrained\">\n<h2 class=\"wp-block-heading has-text-align-center has-dark-blue-color has-text-color has-link-color wp-elements-025c32831791b53da658ee36169c1e4b\">Deine Ansprechpartner <br>bei B&amp;O Bau<\/h2>\n\n\n\n<div style=\"height:40px\" aria-hidden=\"true\" class=\"wp-block-spacer\"><\/div>\n<\/div>\n\n\n\n<div id=\"cards-grid-carousel-block_99e7f5918f2e919cc24f3d3f86b6571e\"\n     data-columns=\"4\"\n     data-gap=\"32\"\n     data-swiper-config=\"{&quot;direction&quot;:&quot;horizontal&quot;,&quot;slidesPerView&quot;:1,&quot;loop&quot;:false,&quot;autoHeight&quot;:false,&quot;observer&quot;:true,&quot;touchEventsTarget&quot;:&quot;container&quot;,&quot;centerInsufficientSlides&quot;:true,&quot;navigation&quot;:{&quot;nextEl&quot;:&quot;.swiper-button-next&quot;,&quot;prevEl&quot;:&quot;.swiper-button-prev&quot;},&quot;spaceBetween&quot;:&quot;32&quot;,&quot;breakpoints&quot;:{&quot;768&quot;:{&quot;slidesPerView&quot;:2},&quot;1024&quot;:{&quot;slidesPerView&quot;:3},&quot;1366&quot;:{&quot;slidesPerView&quot;:4}},&quot;pagination&quot;:{&quot;el&quot;:&quot;.swiper-pagination&quot;,&quot;clickable&quot;:true}}\"\n     class=\"cards-grid-carousel-container is-carousel columns-4\">\n            <div class=\"carousel-container\">\n            <div class=\"grid-carousel-individual-swiper swiper\">\n                <div class=\"swiper-wrapper\">\n                    \n<div class=\"entry swiper-slide icon-image-card-container\" id=\"icon-image-card-69f42507a7717\">\n    <style>\n        #icon-image-card-69f42507a7717 {\n            --cardsTextColor: #241D4C;\n            --cardsBackgroundColor: #fffff;\n        }\n    <\/style>\n    <div class=\"entry-wrapper has_image\">\n        <div class=\"entry-fields\">\n            <div class=\"entry-content-wrapper\">\n                                    <div class=\"entry-image-wrapper\">\n                        <img decoding=\"async\" alt=\"\" sizes=\"(max-width: 1080px) 100vw, 1080px\" srcset=\"https:\/\/buo.de\/bau\/wp-content\/uploads\/sites\/2\/2026\/02\/Ann-Sophie_Karriereseite.png 1080w, https:\/\/buo.de\/bau\/wp-content\/uploads\/sites\/2\/2026\/02\/Ann-Sophie_Karriereseite-300x300.png 300w, https:\/\/buo.de\/bau\/wp-content\/uploads\/sites\/2\/2026\/02\/Ann-Sophie_Karriereseite-1024x1024.png 1024w, https:\/\/buo.de\/bau\/wp-content\/uploads\/sites\/2\/2026\/02\/Ann-Sophie_Karriereseite-150x150.png 150w, https:\/\/buo.de\/bau\/wp-content\/uploads\/sites\/2\/2026\/02\/Ann-Sophie_Karriereseite-768x768.png 768w\" src=\"https:\/\/buo.de\/bau\/wp-content\/uploads\/sites\/2\/2026\/02\/Ann-Sophie_Karriereseite.png\" class=\"entry-image\">\n                    <\/div>\n                \n                <div class=\"entry-content left\">\n                    <div class=\"wysiwyg-content\"><h3>Ann Sophie Weber<\/h3>\n<p>&nbsp;<\/p>\n<p><strong>Personalreferentin Recruiting<\/strong><br \/>\nB&amp;O Bau Baden-W\u00fcrttemberg GmbH<br \/>\nB&amp;O Bau NRW GmbH<br \/>\nB&amp;O Seriell GmbH<br \/>\nB&amp;O Bau Werke GmbH<br \/>\nB&amp;O Bau und Projekte GmbH (Standort Rhein-Main)<\/p>\n<p>+49 175 6864342<br \/>\n<a href=\"mailto:a.weber@bo-bau.de\">a.weber@bo-bau.de<\/a><\/p>\n<\/div>\n\n                                    <\/div>\n            <\/div>\n        <\/div>\n    <\/div>\n<\/div>\n\n<div class=\"entry swiper-slide icon-image-card-container\" id=\"icon-image-card-69f42507a77df\">\n    <style>\n        #icon-image-card-69f42507a77df {\n            --cardsTextColor: #241D4C;\n            --cardsBackgroundColor: #fffff;\n        }\n    <\/style>\n    <div class=\"entry-wrapper has_image\">\n        <div class=\"entry-fields\">\n            <div class=\"entry-content-wrapper\">\n                                    <div class=\"entry-image-wrapper\">\n                        <img decoding=\"async\" alt=\"\" sizes=\"(max-width: 1080px) 100vw, 1080px\" srcset=\"https:\/\/buo.de\/bau\/wp-content\/uploads\/sites\/2\/2025\/10\/Foto-Karriereseite_Syring-Stefanie.png 1080w, https:\/\/buo.de\/bau\/wp-content\/uploads\/sites\/2\/2025\/10\/Foto-Karriereseite_Syring-Stefanie-300x300.png 300w, https:\/\/buo.de\/bau\/wp-content\/uploads\/sites\/2\/2025\/10\/Foto-Karriereseite_Syring-Stefanie-1024x1024.png 1024w, https:\/\/buo.de\/bau\/wp-content\/uploads\/sites\/2\/2025\/10\/Foto-Karriereseite_Syring-Stefanie-150x150.png 150w, https:\/\/buo.de\/bau\/wp-content\/uploads\/sites\/2\/2025\/10\/Foto-Karriereseite_Syring-Stefanie-768x768.png 768w\" src=\"https:\/\/buo.de\/bau\/wp-content\/uploads\/sites\/2\/2025\/10\/Foto-Karriereseite_Syring-Stefanie.png\" class=\"entry-image\">\n                    <\/div>\n                \n                <div class=\"entry-content left\">\n                    <div class=\"wysiwyg-content\"><h3>Stefanie Syring<\/h3>\n<p>&nbsp;<\/p>\n<p><strong>Personalreferentin Recruiting<\/strong><br \/>\nB&amp;O Bau Bayern GmbH<br \/>\nB&amp;O Bau GmbH<br \/>\nB&amp;O Bau Hamburg GmbH<br \/>\nB&amp;O Bau und Projekte GmbH (Standort Franken)<\/p>\n<p>+49 151 54917060<br \/>\n<a href=\"mailto:s.syring@bo-bau.de\">s.syring@bo-bau.de<\/a><\/p>\n<\/div>\n\n                                    <\/div>\n            <\/div>\n        <\/div>\n    <\/div>\n<\/div>\n\n<div class=\"entry swiper-slide icon-image-card-container\" id=\"icon-image-card-69f42507a7847\">\n    <style>\n        #icon-image-card-69f42507a7847 {\n            --cardsTextColor: #241D4C;\n            --cardsBackgroundColor: #fffff;\n        }\n    <\/style>\n    <div class=\"entry-wrapper has_image\">\n        <div class=\"entry-fields\">\n            <div class=\"entry-content-wrapper\">\n                                    <div class=\"entry-image-wrapper\">\n                        <img decoding=\"async\" alt=\"\" sizes=\"(max-width: 1080px) 100vw, 1080px\" srcset=\"https:\/\/buo.de\/bau\/wp-content\/uploads\/sites\/2\/2025\/12\/Katharina-Wendel_Karriereseite.png 1080w, https:\/\/buo.de\/bau\/wp-content\/uploads\/sites\/2\/2025\/12\/Katharina-Wendel_Karriereseite-300x300.png 300w, https:\/\/buo.de\/bau\/wp-content\/uploads\/sites\/2\/2025\/12\/Katharina-Wendel_Karriereseite-1024x1024.png 1024w, https:\/\/buo.de\/bau\/wp-content\/uploads\/sites\/2\/2025\/12\/Katharina-Wendel_Karriereseite-150x150.png 150w, https:\/\/buo.de\/bau\/wp-content\/uploads\/sites\/2\/2025\/12\/Katharina-Wendel_Karriereseite-768x768.png 768w\" src=\"https:\/\/buo.de\/bau\/wp-content\/uploads\/sites\/2\/2025\/12\/Katharina-Wendel_Karriereseite.png\" class=\"entry-image\">\n                    <\/div>\n                \n                <div class=\"entry-content left\">\n                    <div class=\"wysiwyg-content\"><h3>Katharina Wendel<\/h3>\n<p>&nbsp;<\/p>\n<p><strong>Personalreferentin Recruiting<\/strong><br \/>\nB&amp;O Bau und Geb\u00e4udetechnik GmbH &amp; Co. KG<\/p>\n<p>+49 170 5475992<br \/>\n<a href=\"mailto:k.wendel@bo-bau.de\">k.wendel@bo-bau.de<\/a> <\/p>\n<\/div>\n\n                                    <\/div>\n            <\/div>\n        <\/div>\n    <\/div>\n<\/div>\n\n<div class=\"entry swiper-slide icon-image-card-container\" id=\"icon-image-card-69f42507a7896\">\n    <style>\n        #icon-image-card-69f42507a7896 {\n            --cardsTextColor: #241D4C;\n            --cardsBackgroundColor: #fffff;\n        }\n    <\/style>\n    <div class=\"entry-wrapper has_image\">\n        <div class=\"entry-fields\">\n            <div class=\"entry-content-wrapper\">\n                                    <div class=\"entry-image-wrapper\">\n                        <img decoding=\"async\" alt=\"\" sizes=\"(max-width: 1080px) 100vw, 1080px\" srcset=\"https:\/\/buo.de\/bau\/wp-content\/uploads\/sites\/2\/2025\/10\/2.png 1080w, https:\/\/buo.de\/bau\/wp-content\/uploads\/sites\/2\/2025\/10\/2-300x300.png 300w, https:\/\/buo.de\/bau\/wp-content\/uploads\/sites\/2\/2025\/10\/2-1024x1024.png 1024w, https:\/\/buo.de\/bau\/wp-content\/uploads\/sites\/2\/2025\/10\/2-150x150.png 150w, https:\/\/buo.de\/bau\/wp-content\/uploads\/sites\/2\/2025\/10\/2-768x768.png 768w\" src=\"https:\/\/buo.de\/bau\/wp-content\/uploads\/sites\/2\/2025\/10\/2.png\" class=\"entry-image\">\n                    <\/div>\n                \n                <div class=\"entry-content left\">\n                    <div class=\"wysiwyg-content\"><h3>Pascal Heimann<\/h3>\n<p>&nbsp;<\/p>\n<p><strong>Personalreferent Active Sourcing &amp;<br \/>\nTalent Scouting<\/strong><br \/>\nDeutschlandweit<\/p>\n<p>+49 152 39530565<br \/>\n<a href=\"mailto:p.heimann@bo-bau.de\">p.heimann@bo-bau.de<\/a><\/p>\n<\/div>\n\n                                    <\/div>\n            <\/div>\n        <\/div>\n    <\/div>\n<\/div>\n\n<div class=\"entry swiper-slide icon-image-card-container\" id=\"icon-image-card-69f42507a78e0\">\n    <style>\n        #icon-image-card-69f42507a78e0 {\n            --cardsTextColor: #241D4C;\n            --cardsBackgroundColor: #fffff;\n        }\n    <\/style>\n    <div class=\"entry-wrapper has_image\">\n        <div class=\"entry-fields\">\n            <div class=\"entry-content-wrapper\">\n                                    <div class=\"entry-image-wrapper\">\n                        <img decoding=\"async\" alt=\"\" sizes=\"(max-width: 1080px) 100vw, 1080px\" srcset=\"https:\/\/buo.de\/bau\/wp-content\/uploads\/sites\/2\/2025\/10\/4.png 1080w, https:\/\/buo.de\/bau\/wp-content\/uploads\/sites\/2\/2025\/10\/4-300x300.png 300w, https:\/\/buo.de\/bau\/wp-content\/uploads\/sites\/2\/2025\/10\/4-1024x1024.png 1024w, https:\/\/buo.de\/bau\/wp-content\/uploads\/sites\/2\/2025\/10\/4-150x150.png 150w, https:\/\/buo.de\/bau\/wp-content\/uploads\/sites\/2\/2025\/10\/4-768x768.png 768w\" src=\"https:\/\/buo.de\/bau\/wp-content\/uploads\/sites\/2\/2025\/10\/4.png\" class=\"entry-image\">\n                    <\/div>\n                \n                <div class=\"entry-content left\">\n                    <div class=\"wysiwyg-content\"><h3>Sarah Kohl<\/h3>\n<p>&nbsp;<\/p>\n<p><strong>Werkstudentin Recruiting<\/strong><br \/>\nMitteldeutschland<\/p>\n<p>&nbsp;<\/p>\n<p><a href=\"mailto:karriere@bo-bau.de\">karriere@bo-bau.de<\/a><\/p>\n<\/div>\n\n                                    <\/div>\n            <\/div>\n        <\/div>\n    <\/div>\n<\/div>\n\n<div class=\"entry swiper-slide icon-image-card-container\" id=\"icon-image-card-69f42507a7927\">\n    <style>\n        #icon-image-card-69f42507a7927 {\n            --cardsTextColor: #241D4C;\n            --cardsBackgroundColor: #fffff;\n        }\n    <\/style>\n    <div class=\"entry-wrapper has_image\">\n        <div class=\"entry-fields\">\n            <div class=\"entry-content-wrapper\">\n                                    <div class=\"entry-image-wrapper\">\n                        <img decoding=\"async\" alt=\"\" sizes=\"(max-width: 1080px) 100vw, 1080px\" srcset=\"https:\/\/buo.de\/bau\/wp-content\/uploads\/sites\/2\/2026\/04\/Janis-Bauer.png 1080w, https:\/\/buo.de\/bau\/wp-content\/uploads\/sites\/2\/2026\/04\/Janis-Bauer-300x300.png 300w, https:\/\/buo.de\/bau\/wp-content\/uploads\/sites\/2\/2026\/04\/Janis-Bauer-1024x1024.png 1024w, https:\/\/buo.de\/bau\/wp-content\/uploads\/sites\/2\/2026\/04\/Janis-Bauer-150x150.png 150w, https:\/\/buo.de\/bau\/wp-content\/uploads\/sites\/2\/2026\/04\/Janis-Bauer-768x768.png 768w\" src=\"https:\/\/buo.de\/bau\/wp-content\/uploads\/sites\/2\/2026\/04\/Janis-Bauer.png\" class=\"entry-image\">\n                    <\/div>\n                \n                <div class=\"entry-content left\">\n                    <div class=\"wysiwyg-content\"><h3>Janis Bauer<\/h3>\n<p>&nbsp;<\/p>\n<p><strong>Werkstudent Recruiting<\/strong><br \/>\nS\u00fcddeutschland<\/p>\n<p>&nbsp;<\/p>\n<p><a href=\"mailto:karriere@bo-bau.de\">karriere@bo-bau.de<\/a><\/p>\n<\/div>\n\n                                    <\/div>\n            <\/div>\n        <\/div>\n    <\/div>\n<\/div>\n\n<div class=\"entry swiper-slide icon-image-card-container\" id=\"icon-image-card-69f42507a796d\">\n    <style>\n        #icon-image-card-69f42507a796d {\n            --cardsTextColor: #241D4C;\n            --cardsBackgroundColor: #fffff;\n        }\n    <\/style>\n    <div class=\"entry-wrapper has_image\">\n        <div class=\"entry-fields\">\n            <div class=\"entry-content-wrapper\">\n                                    <div class=\"entry-image-wrapper\">\n                        <img decoding=\"async\" alt=\"\" sizes=\"(max-width: 1080px) 100vw, 1080px\" srcset=\"https:\/\/buo.de\/bau\/wp-content\/uploads\/sites\/2\/2026\/04\/Annika-Oberlaender.png 1080w, https:\/\/buo.de\/bau\/wp-content\/uploads\/sites\/2\/2026\/04\/Annika-Oberlaender-300x300.png 300w, https:\/\/buo.de\/bau\/wp-content\/uploads\/sites\/2\/2026\/04\/Annika-Oberlaender-1024x1024.png 1024w, https:\/\/buo.de\/bau\/wp-content\/uploads\/sites\/2\/2026\/04\/Annika-Oberlaender-150x150.png 150w, https:\/\/buo.de\/bau\/wp-content\/uploads\/sites\/2\/2026\/04\/Annika-Oberlaender-768x768.png 768w\" src=\"https:\/\/buo.de\/bau\/wp-content\/uploads\/sites\/2\/2026\/04\/Annika-Oberlaender.png\" class=\"entry-image\">\n                    <\/div>\n                \n                <div class=\"entry-content left\">\n                    <div class=\"wysiwyg-content\"><h3>Annika Oberl\u00e4nder<\/h3>\n<p>&nbsp;<\/p>\n<p><strong>Personalreferentin Recruiting<\/strong><br \/>\nB&amp;O Bau und Projekte GmbH (Standort Sachsen, Sachsen-Anhalt und Th\u00fcringen)<\/p>\n<p>+49 171 5308416<br \/>\n<a href=\"mailto:a.oberlaender@bo-bau.de\">a.oberlaender@bo-bau.de<\/a> <\/p>\n<\/div>\n\n                                    <\/div>\n            <\/div>\n        <\/div>\n    <\/div>\n<\/div>\n                <\/div>\n            <\/div>\n            <div class=\"swiper-pagination\"><\/div>\n        <\/div>\n        <\/div>\n\n\n\n<p><\/p>\n","protected":false},"excerpt":{"rendered":"<p>Dein Bewerbungsprozess Du bist an einer Bewerbung bei B&amp;O Bau interessiert? Im Folgenden findest Du unseren allgemeinen Einstellungsprozess in f\u00fcnf Schritten. Je nach Region und Art der Stelle, auf die Du dich bewirbst, kann der Prozess variieren. Deine Ansprechpartner bei B&amp;O Bau<\/p>\n","protected":false},"author":8,"featured_media":0,"parent":14076,"menu_order":0,"comment_status":"closed","ping_status":"closed","template":"","meta":{"_acf_changed":false,"_relevanssi_hide_post":"","_relevanssi_hide_content":"","_relevanssi_pin_for_all":"","_relevanssi_pin_keywords":"","_relevanssi_unpin_keywords":"","_relevanssi_related_keywords":"","_relevanssi_related_include_ids":"","_relevanssi_related_exclude_ids":"","_relevanssi_related_no_append":"","_relevanssi_related_not_related":"","_relevanssi_related_posts":"1","_relevanssi_noindex_reason":"","footnotes":""},"class_list":["post-49043","page","type-page","status-publish","hentry"],"acf":[],"yoast_head":"<!-- This site is optimized with the Yoast SEO plugin v27.1.1 - https:\/\/yoast.com\/product\/yoast-seo-wordpress\/ -->\n<title>Bewerbungsprozess - B&amp;O Bau<\/title>\n<meta name=\"robots\" content=\"index, follow, max-snippet:-1, max-image-preview:large, max-video-preview:-1\" \/>\n<link rel=\"canonical\" href=\"https:\/\/buo.de\/bau\/karriere\/bewerbungsprozess\/\" \/>\n<meta property=\"og:locale\" content=\"de_DE\" \/>\n<meta property=\"og:type\" content=\"article\" \/>\n<meta property=\"og:title\" content=\"Bewerbungsprozess - B&amp;O Bau\" \/>\n<meta property=\"og:description\" content=\"Dein Bewerbungsprozess Du bist an einer Bewerbung bei B&amp;O Bau interessiert? Im Folgenden findest Du unseren allgemeinen Einstellungsprozess in f\u00fcnf Schritten. Je nach Region und Art der Stelle, auf die Du dich bewirbst, kann der Prozess variieren. Deine Ansprechpartner bei B&amp;O Bau\" \/>\n<meta property=\"og:url\" content=\"https:\/\/buo.de\/bau\/karriere\/bewerbungsprozess\/\" \/>\n<meta property=\"og:site_name\" content=\"B&amp;O Bau\" \/>\n<meta property=\"article:publisher\" content=\"https:\/\/www.youtube.com\/@BuOBau\" \/>\n<meta property=\"article:modified_time\" content=\"2025-11-04T10:47:01+00:00\" \/>\n<meta property=\"og:image\" content=\"https:\/\/widgets.kununu.com\/widget_score_review_count_logo_small\/profiles\/84ae57e5-9684-4de0-9ce3-51afacc57e75\" \/>\n<meta name=\"twitter:card\" content=\"summary_large_image\" \/>\n<script type=\"application\/ld+json\" class=\"yoast-schema-graph\">{\"@context\":\"https:\/\/schema.org\",\"@graph\":[{\"@type\":\"WebPage\",\"@id\":\"https:\/\/buo.de\/bau\/karriere\/bewerbungsprozess\/\",\"url\":\"https:\/\/buo.de\/bau\/karriere\/bewerbungsprozess\/\",\"name\":\"Bewerbungsprozess - B&O Bau\",\"isPartOf\":{\"@id\":\"https:\/\/buo.de\/bau\/#website\"},\"primaryImageOfPage\":{\"@id\":\"https:\/\/buo.de\/bau\/karriere\/bewerbungsprozess\/#primaryimage\"},\"image\":{\"@id\":\"https:\/\/buo.de\/bau\/karriere\/bewerbungsprozess\/#primaryimage\"},\"thumbnailUrl\":\"https:\/\/widgets.kununu.com\/widget_score_review_count_logo_small\/profiles\/84ae57e5-9684-4de0-9ce3-51afacc57e75\",\"datePublished\":\"2025-10-09T12:05:54+00:00\",\"dateModified\":\"2025-11-04T10:47:01+00:00\",\"breadcrumb\":{\"@id\":\"https:\/\/buo.de\/bau\/karriere\/bewerbungsprozess\/#breadcrumb\"},\"inLanguage\":\"de\",\"potentialAction\":[{\"@type\":\"ReadAction\",\"target\":[\"https:\/\/buo.de\/bau\/karriere\/bewerbungsprozess\/\"]}]},{\"@type\":\"ImageObject\",\"inLanguage\":\"de\",\"@id\":\"https:\/\/buo.de\/bau\/karriere\/bewerbungsprozess\/#primaryimage\",\"url\":\"https:\/\/widgets.kununu.com\/widget_score_review_count_logo_small\/profiles\/84ae57e5-9684-4de0-9ce3-51afacc57e75\",\"contentUrl\":\"https:\/\/widgets.kununu.com\/widget_score_review_count_logo_small\/profiles\/84ae57e5-9684-4de0-9ce3-51afacc57e75\"},{\"@type\":\"BreadcrumbList\",\"@id\":\"https:\/\/buo.de\/bau\/karriere\/bewerbungsprozess\/#breadcrumb\",\"itemListElement\":[{\"@type\":\"ListItem\",\"position\":1,\"name\":\"Start\",\"item\":\"https:\/\/buo.de\/bau\/\"},{\"@type\":\"ListItem\",\"position\":2,\"name\":\"Karriere\",\"item\":\"https:\/\/buo.de\/bau\/karriere\/\"},{\"@type\":\"ListItem\",\"position\":3,\"name\":\"Bewerbungsprozess\"}]},{\"@type\":\"WebSite\",\"@id\":\"https:\/\/buo.de\/bau\/#website\",\"url\":\"https:\/\/buo.de\/bau\/\",\"name\":\"B&O Bau\",\"description\":\"Das Pilotprojekt\u202fumfasst eine dreigeschossige Nachverdichtung ohne Fl\u00e4chenversiegelung, gepaart mit einer f\u00fcnfgeschossigen seriellen Fassadensanierung im bewohnten Zustand.\u00a0\",\"publisher\":{\"@id\":\"https:\/\/buo.de\/bau\/#organization\"},\"potentialAction\":[{\"@type\":\"SearchAction\",\"target\":{\"@type\":\"EntryPoint\",\"urlTemplate\":\"https:\/\/buo.de\/bau\/?s={search_term_string}\"},\"query-input\":{\"@type\":\"PropertyValueSpecification\",\"valueRequired\":true,\"valueName\":\"search_term_string\"}}],\"inLanguage\":\"de\"},{\"@type\":\"Organization\",\"@id\":\"https:\/\/buo.de\/bau\/#organization\",\"name\":\"B&O Bau GmbH\",\"url\":\"https:\/\/buo.de\/bau\/\",\"logo\":{\"@type\":\"ImageObject\",\"inLanguage\":\"de\",\"@id\":\"https:\/\/buo.de\/bau\/#\/schema\/logo\/image\/\",\"url\":\"https:\/\/buo.de\/bau\/wp-content\/uploads\/sites\/2\/2026\/03\/Logo_BO_Bau_RGB-1.png\",\"contentUrl\":\"https:\/\/buo.de\/bau\/wp-content\/uploads\/sites\/2\/2026\/03\/Logo_BO_Bau_RGB-1.png\",\"width\":1095,\"height\":827,\"caption\":\"B&O Bau GmbH\"},\"image\":{\"@id\":\"https:\/\/buo.de\/bau\/#\/schema\/logo\/image\/\"},\"sameAs\":[\"https:\/\/www.youtube.com\/@BuOBau\",\"https:\/\/www.linkedin.com\/company\/18550887\/\"]}]}<\/script>\n<!-- \/ Yoast SEO plugin. -->","yoast_head_json":{"title":"Bewerbungsprozess - B&O Bau","robots":{"index":"index","follow":"follow","max-snippet":"max-snippet:-1","max-image-preview":"max-image-preview:large","max-video-preview":"max-video-preview:-1"},"canonical":"https:\/\/buo.de\/bau\/karriere\/bewerbungsprozess\/","og_locale":"de_DE","og_type":"article","og_title":"Bewerbungsprozess - B&O Bau","og_description":"Dein Bewerbungsprozess Du bist an einer Bewerbung bei B&amp;O Bau interessiert? Im Folgenden findest Du unseren allgemeinen Einstellungsprozess in f\u00fcnf Schritten. Je nach Region und Art der Stelle, auf die Du dich bewirbst, kann der Prozess variieren. Deine Ansprechpartner bei B&amp;O Bau","og_url":"https:\/\/buo.de\/bau\/karriere\/bewerbungsprozess\/","og_site_name":"B&O Bau","article_publisher":"https:\/\/www.youtube.com\/@BuOBau","article_modified_time":"2025-11-04T10:47:01+00:00","og_image":[{"url":"https:\/\/widgets.kununu.com\/widget_score_review_count_logo_small\/profiles\/84ae57e5-9684-4de0-9ce3-51afacc57e75","type":"","width":"","height":""}],"twitter_card":"summary_large_image","schema":{"@context":"https:\/\/schema.org","@graph":[{"@type":"WebPage","@id":"https:\/\/buo.de\/bau\/karriere\/bewerbungsprozess\/","url":"https:\/\/buo.de\/bau\/karriere\/bewerbungsprozess\/","name":"Bewerbungsprozess - B&O Bau","isPartOf":{"@id":"https:\/\/buo.de\/bau\/#website"},"primaryImageOfPage":{"@id":"https:\/\/buo.de\/bau\/karriere\/bewerbungsprozess\/#primaryimage"},"image":{"@id":"https:\/\/buo.de\/bau\/karriere\/bewerbungsprozess\/#primaryimage"},"thumbnailUrl":"https:\/\/widgets.kununu.com\/widget_score_review_count_logo_small\/profiles\/84ae57e5-9684-4de0-9ce3-51afacc57e75","datePublished":"2025-10-09T12:05:54+00:00","dateModified":"2025-11-04T10:47:01+00:00","breadcrumb":{"@id":"https:\/\/buo.de\/bau\/karriere\/bewerbungsprozess\/#breadcrumb"},"inLanguage":"de","potentialAction":[{"@type":"ReadAction","target":["https:\/\/buo.de\/bau\/karriere\/bewerbungsprozess\/"]}]},{"@type":"ImageObject","inLanguage":"de","@id":"https:\/\/buo.de\/bau\/karriere\/bewerbungsprozess\/#primaryimage","url":"https:\/\/widgets.kununu.com\/widget_score_review_count_logo_small\/profiles\/84ae57e5-9684-4de0-9ce3-51afacc57e75","contentUrl":"https:\/\/widgets.kununu.com\/widget_score_review_count_logo_small\/profiles\/84ae57e5-9684-4de0-9ce3-51afacc57e75"},{"@type":"BreadcrumbList","@id":"https:\/\/buo.de\/bau\/karriere\/bewerbungsprozess\/#breadcrumb","itemListElement":[{"@type":"ListItem","position":1,"name":"Start","item":"https:\/\/buo.de\/bau\/"},{"@type":"ListItem","position":2,"name":"Karriere","item":"https:\/\/buo.de\/bau\/karriere\/"},{"@type":"ListItem","position":3,"name":"Bewerbungsprozess"}]},{"@type":"WebSite","@id":"https:\/\/buo.de\/bau\/#website","url":"https:\/\/buo.de\/bau\/","name":"B&O Bau","description":"Das Pilotprojekt\u202fumfasst eine dreigeschossige Nachverdichtung ohne Fl\u00e4chenversiegelung, gepaart mit einer f\u00fcnfgeschossigen seriellen Fassadensanierung im bewohnten Zustand.\u00a0","publisher":{"@id":"https:\/\/buo.de\/bau\/#organization"},"potentialAction":[{"@type":"SearchAction","target":{"@type":"EntryPoint","urlTemplate":"https:\/\/buo.de\/bau\/?s={search_term_string}"},"query-input":{"@type":"PropertyValueSpecification","valueRequired":true,"valueName":"search_term_string"}}],"inLanguage":"de"},{"@type":"Organization","@id":"https:\/\/buo.de\/bau\/#organization","name":"B&O Bau GmbH","url":"https:\/\/buo.de\/bau\/","logo":{"@type":"ImageObject","inLanguage":"de","@id":"https:\/\/buo.de\/bau\/#\/schema\/logo\/image\/","url":"https:\/\/buo.de\/bau\/wp-content\/uploads\/sites\/2\/2026\/03\/Logo_BO_Bau_RGB-1.png","contentUrl":"https:\/\/buo.de\/bau\/wp-content\/uploads\/sites\/2\/2026\/03\/Logo_BO_Bau_RGB-1.png","width":1095,"height":827,"caption":"B&O Bau GmbH"},"image":{"@id":"https:\/\/buo.de\/bau\/#\/schema\/logo\/image\/"},"sameAs":["https:\/\/www.youtube.com\/@BuOBau","https:\/\/www.linkedin.com\/company\/18550887\/"]}]}},"_links":{"self":[{"href":"https:\/\/buo.de\/bau\/wp-json\/wp\/v2\/pages\/49043","targetHints":{"allow":["GET"]}}],"collection":[{"href":"https:\/\/buo.de\/bau\/wp-json\/wp\/v2\/pages"}],"about":[{"href":"https:\/\/buo.de\/bau\/wp-json\/wp\/v2\/types\/page"}],"author":[{"embeddable":true,"href":"https:\/\/buo.de\/bau\/wp-json\/wp\/v2\/users\/8"}],"replies":[{"embeddable":true,"href":"https:\/\/buo.de\/bau\/wp-json\/wp\/v2\/comments?post=49043"}],"version-history":[{"count":28,"href":"https:\/\/buo.de\/bau\/wp-json\/wp\/v2\/pages\/49043\/revisions"}],"predecessor-version":[{"id":50751,"href":"https:\/\/buo.de\/bau\/wp-json\/wp\/v2\/pages\/49043\/revisions\/50751"}],"up":[{"embeddable":true,"href":"https:\/\/buo.de\/bau\/wp-json\/wp\/v2\/pages\/14076"}],"wp:attachment":[{"href":"https:\/\/buo.de\/bau\/wp-json\/wp\/v2\/media?parent=49043"}],"curies":[{"name":"wp","href":"https:\/\/api.w.org\/{rel}","templated":true}]}}