{"id":62814,"date":"2026-03-12T14:18:23","date_gmt":"2026-03-12T13:18:23","guid":{"rendered":"https:\/\/buo.de\/bau\/?page_id=62814"},"modified":"2026-04-27T11:00:52","modified_gmt":"2026-04-27T09:00:52","slug":"hlcb","status":"publish","type":"page","link":"https:\/\/buo.de\/bau\/forschung\/hlcb\/","title":{"rendered":"Holz-Lembau Campus Berlin"},"content":{"rendered":"\n<div class=\"wp-block-columns has-dark-blue-color has-dark-blue-background-color has-text-color has-background has-full-width is-layout-flex wp-container-core-columns-is-layout-9d6595d7 wp-block-columns-is-layout-flex\">\n<div class=\"wp-block-column has-dark-blue-background-color has-background is-layout-flow wp-block-column-is-layout-flow\" style=\"flex-basis:100%\">\n<div class=\"wp-block-columns is-layout-flex wp-container-core-columns-is-layout-9d6595d7 wp-block-columns-is-layout-flex\">\n<div class=\"wp-block-column is-layout-flow wp-block-column-is-layout-flow\">\n<div style=\"height:20px\" aria-hidden=\"true\" class=\"wp-block-spacer\"><\/div>\n\n\n\n<p class=\"has-white-color has-text-color has-link-color wp-elements-c645e628e62f8fbab9d9726851472d16\"><\/p>\n\n\n\n<h2 class=\"wp-block-heading has-white-color has-text-color has-link-color wp-elements-392c0c421010f1ba8c898835dac7fd66\" style=\"font-size:clamp(23.043px, 1.44rem + ((1vw - 3.2px) * 1.7), 38px);\">Reallabor der Bauwende<\/h2>\n<\/div>\n\n\n\n<div class=\"wp-block-column is-layout-flow wp-block-column-is-layout-flow\" style=\"flex-basis:50%\">\n<div style=\"height:30px\" aria-hidden=\"true\" class=\"wp-block-spacer\"><\/div>\n\n\n\n<p class=\"has-white-color has-text-color has-link-color wp-elements-6d88f64fc7fd485359f092567853f192\" style=\"padding-top:0;padding-right:0;padding-bottom:0;padding-left:0\">Ein Ort f\u00fcr nachhaltiges Bauen, Forschen und Erleben &#8211; am neuen Holz-Lehmbau Campus Berlin (HLCB) zeigen wir, was heute schon m\u00f6glich ist: emissionsarmes, kreislauff\u00e4higes Bauen mit Holz und Lehm und weiteren nachwachsenden Rohstoffen. Regenerativ, regional und zukunftsf\u00e4hig.<\/p>\n\n\n\n<div style=\"height:30px\" aria-hidden=\"true\" class=\"wp-block-spacer\"><\/div>\n<\/div>\n<\/div>\n<\/div>\n<\/div>\n\n\n\n<div style=\"height:52px\" aria-hidden=\"true\" class=\"wp-block-spacer\"><\/div>\n\n\n<div id=\"text-and-image-block_cdb72c313ee6467ef1ece3c931ecd707\"\n     class=\"text-and-image-container rtl slide_in_animation\">\n\n    <style>\n        #text-and-image-block_cdb72c313ee6467ef1ece3c931ecd707 {\n            --textAndImageHeight: 550px;\n            --textAndImageBackgroundColor: ;\n            --textAndImageTextColor: ;\n        }\n        @media screen and (max-width: 1024px) {\n        #text-and-image-block_cdb72c313ee6467ef1ece3c931ecd707 {\n            --textAndImageHeight: 300px;\n        }\n        }\n    <\/style>\n\n                <div class=\"image-wrapper cover\">\n                <div class=\"image-outer\">\n                                        <img decoding=\"async\" loading=\"lazy\" alt=\"Holz-Lehm-Hybriddecke\" style=\"height: var(--textAndImageHeight);object-position: center center\" sizes=\"(max-width: 1920px) 100vw, 1920px\" srcset=\"https:\/\/buo.de\/bau\/wp-content\/uploads\/sites\/2\/2026\/04\/P1030166-1920x1442.jpg-1.webp 1920w, https:\/\/buo.de\/bau\/wp-content\/uploads\/sites\/2\/2026\/04\/P1030166-1920x1442.jpg-1-300x225.webp 300w, https:\/\/buo.de\/bau\/wp-content\/uploads\/sites\/2\/2026\/04\/P1030166-1920x1442.jpg-1-1024x769.webp 1024w, https:\/\/buo.de\/bau\/wp-content\/uploads\/sites\/2\/2026\/04\/P1030166-1920x1442.jpg-1-768x577.webp 768w, https:\/\/buo.de\/bau\/wp-content\/uploads\/sites\/2\/2026\/04\/P1030166-1920x1442.jpg-1-1536x1154.webp 1536w, https:\/\/buo.de\/bau\/wp-content\/uploads\/sites\/2\/2026\/04\/P1030166-1920x1442.jpg-1-1438x1080.webp 1438w, https:\/\/buo.de\/bau\/wp-content\/uploads\/sites\/2\/2026\/04\/P1030166-1920x1442.jpg-1-1320x991.webp 1320w\" src=\"https:\/\/buo.de\/bau\/wp-content\/uploads\/sites\/2\/2026\/04\/P1030166-1920x1442.jpg-1.webp\" class=\"image\">\n                <\/div>\n            <\/div>\n                        <div class=\"text \">\n            <h2 class=\"over-content\">Regeneratives Bauen, Forschen &amp; Erleben am HLCB<\/h2>\n            <div class=\"content \"><h3><\/h3>\n<p>Auf unserem B&amp;O Bau Firmengel\u00e4nde in Berlin Wei\u00dfensee nimmt die Zukunft des Bauens in Form des neuen Holz-Lehmbau Campus sichtbar Gestalt an. Die innovativen Holz-Lehm-Hybridbauteile wurden gef\u00fcgt und das Geb\u00e4ude steht kurz vor der Fertigstellung \u2013 gepr\u00e4gt von regionalen, regenerativen Materialien wie m\u00e4rkischer Kiefer, Lehm, Stroh und Paludi. Unser Berliner Team wird die ca. 1700m\u00b2 gro\u00dfe B\u00fcrofl\u00e4che in diesem Jahr beziehen und in das gesunde Raumklima der neuen Arbeitswelt eintauchen.<\/p>\n<p>Was hier entsteht, ist mehr als ein Neubau: ein Reallabor f\u00fcr zirkul\u00e4res und regeneratives Bauen, in dem geforscht, entwickelt und Wissen geteilt wird. Der Entwurf stammt vom Architekturb\u00fcro sauerbruch hutton und wurde gemeinsam mit dem B&amp;O Bau Team sowie weiteren Fachpartnern entwickelt.<\/p>\n<p>Wissenschaftlich begleitet wird das Projekt in einem gemeinsamen Forschungsprojekt mit Bauhaus Erde, sauerbruch\u00a0hutton,\u00a0dem Industrieverband Lehmbaustoffe e.V. und dem Landesbeirat Holz Berlin-Brandenburg. Die Forschungsbegleitung wird durch die Deutsche Bundesstiftung Umwelt (DBU) gef\u00f6rdert \u2013 ein Netzwerk, das den Innovationscampus zu einem realen Modell f\u00fcr zukunftsf\u00e4higes Bauen macht.<\/p>\n<\/div>\n\n            \n            <div class=\"read-more-content\"><\/div>\n                    <\/div>\n        <\/div>\n\n\n\n<div style=\"height:70px\" aria-hidden=\"true\" class=\"wp-block-spacer\"><\/div>\n\n\n<div id=\"text-and-image-block_2ca2c4bb25f4701ed10395aefe09c68e\"\n     class=\"text-and-image-container ltr slide_in_animation\">\n\n    <style>\n        #text-and-image-block_2ca2c4bb25f4701ed10395aefe09c68e {\n            --textAndImageHeight: 550px;\n            --textAndImageBackgroundColor: ;\n            --textAndImageTextColor: ;\n        }\n        @media screen and (max-width: 1024px) {\n        #text-and-image-block_2ca2c4bb25f4701ed10395aefe09c68e {\n            --textAndImageHeight: 300px;\n        }\n        }\n    <\/style>\n\n                <div class=\"image-wrapper cover\">\n                <div class=\"image-outer\">\n                                        <img decoding=\"async\" loading=\"lazy\" alt=\"Projektvisualisierung HLCB Rendering Luftaufnahme\" style=\"height: var(--textAndImageHeight);object-position: center center\" sizes=\"(max-width: 1920px) 100vw, 1920px\" srcset=\"https:\/\/buo.de\/bau\/wp-content\/uploads\/sites\/2\/2026\/03\/Rendering_2405_Gesamt-1-1-1920x1356.jpg.webp 1920w, https:\/\/buo.de\/bau\/wp-content\/uploads\/sites\/2\/2026\/03\/Rendering_2405_Gesamt-1-1-1920x1356.jpg-300x212.webp 300w, https:\/\/buo.de\/bau\/wp-content\/uploads\/sites\/2\/2026\/03\/Rendering_2405_Gesamt-1-1-1920x1356.jpg-1024x723.webp 1024w, https:\/\/buo.de\/bau\/wp-content\/uploads\/sites\/2\/2026\/03\/Rendering_2405_Gesamt-1-1-1920x1356.jpg-768x542.webp 768w, https:\/\/buo.de\/bau\/wp-content\/uploads\/sites\/2\/2026\/03\/Rendering_2405_Gesamt-1-1-1920x1356.jpg-1536x1085.webp 1536w, https:\/\/buo.de\/bau\/wp-content\/uploads\/sites\/2\/2026\/03\/Rendering_2405_Gesamt-1-1-1920x1356.jpg-1529x1080.webp 1529w, https:\/\/buo.de\/bau\/wp-content\/uploads\/sites\/2\/2026\/03\/Rendering_2405_Gesamt-1-1-1920x1356.jpg-1320x932.webp 1320w\" src=\"https:\/\/buo.de\/bau\/wp-content\/uploads\/sites\/2\/2026\/03\/Rendering_2405_Gesamt-1-1-1920x1356.jpg.webp\" class=\"image\">\n                <\/div>\n            <\/div>\n                        <div class=\"text \">\n            <h2 class=\"over-content\">Architektur &amp; Nachhaltigkeit<\/h2>\n            <div class=\"content \"><h3><\/h3>\n<p>Wir verstehen den HLCB als Antwort auf die dringendsten Fragen der Bauwirtschaft: Wie bauen wir klimaschonend, dauerhaft und ressourcenschonend \u2013 ohne Kompromisse in Funktion und Gestaltung.<\/p>\n<p>Der Forschungscampus zeigt beispielhaft, wie einfaches und regeneratives Bauen umgesetzt werden kann. Gemeinsam mit dem Architekturb\u00fcro sauerbruch hutton und den Stadtplanungs\u00e4mtern haben wir ein Konzept geschaffen, das behutsam die st\u00e4dtebaulichen Strukturen im st\u00e4dtebaulichen Erhaltungsgebiet von Berlin Wei\u00dfensee aufnimmt.<\/p>\n<p>Im Zentrum steht ein zweigeschossiger Holz\u2011Lehm\u2011Neubau, erg\u00e4nzt durch einen flexibel nutzbaren Veranstaltungsraum, der Alt- und Neubau verbindet und sich als offenes \u201eSchaufenster\u201c zur Stra\u00dfe orientiert.<\/p>\n<p><strong>Kernpunkte des Konzepts:<\/strong><\/p>\n<ul>\n<li>B\u00fcroneubau in nachhaltiger Holz\u2011Lehm\u2011Hybridkonstruktion<\/li>\n<li>Flexibler Veranstaltungsraum als Vermittler zwischen Bestand und Neubau<\/li>\n<li>Entsiegelter Hof zur Mikroklimaverbesserung und Barriereabbau sowie Biodiversit\u00e4t<\/li>\n<li>Transparente Fassaden f\u00fcr Ein\u2011 und Ausblicke sowie offene Raumbez\u00fcge<\/li>\n<li>Einsatz nachwachsender Rohstoffe: Holz, Lehm, Holzfaserd\u00e4mmung, Zellulose, Stroh, Paludi<\/li>\n<li>DBU\u2011gef\u00f6rdertes Forschungsprojekts als Reallabor zukunftsf\u00e4higer Bauweisen<\/li>\n<\/ul>\n<\/div>\n\n            \n            <div class=\"read-more-content\"><\/div>\n                    <\/div>\n        <\/div>\n\n\n\n<div style=\"height:70px\" aria-hidden=\"true\" class=\"wp-block-spacer\"><\/div>\n\n\n<div id=\"text-and-image-block_c0b0be2307621ec07e145a465c123824\"\n     class=\"text-and-image-container rtl slide_in_animation\">\n\n    <style>\n        #text-and-image-block_c0b0be2307621ec07e145a465c123824 {\n            --textAndImageHeight: 550px;\n            --textAndImageBackgroundColor: ;\n            --textAndImageTextColor: ;\n        }\n        @media screen and (max-width: 1024px) {\n        #text-and-image-block_c0b0be2307621ec07e145a465c123824 {\n            --textAndImageHeight: 300px;\n        }\n        }\n    <\/style>\n\n                <div class=\"image-wrapper cover\">\n                <div class=\"image-outer\">\n                                        <img decoding=\"async\" loading=\"lazy\" alt=\"Transport Lehmziegel\" style=\"height: var(--textAndImageHeight);object-position: center center\" sizes=\"(max-width: 1920px) 100vw, 1920px\" srcset=\"https:\/\/buo.de\/bau\/wp-content\/uploads\/sites\/2\/2026\/03\/P1020582-1920x2557.jpg.webp 1920w, https:\/\/buo.de\/bau\/wp-content\/uploads\/sites\/2\/2026\/03\/P1020582-1920x2557.jpg-225x300.webp 225w, https:\/\/buo.de\/bau\/wp-content\/uploads\/sites\/2\/2026\/03\/P1020582-1920x2557.jpg-769x1024.webp 769w, https:\/\/buo.de\/bau\/wp-content\/uploads\/sites\/2\/2026\/03\/P1020582-1920x2557.jpg-768x1023.webp 768w, https:\/\/buo.de\/bau\/wp-content\/uploads\/sites\/2\/2026\/03\/P1020582-1920x2557.jpg-1153x1536.webp 1153w, https:\/\/buo.de\/bau\/wp-content\/uploads\/sites\/2\/2026\/03\/P1020582-1920x2557.jpg-1538x2048.webp 1538w, https:\/\/buo.de\/bau\/wp-content\/uploads\/sites\/2\/2026\/03\/P1020582-1920x2557.jpg-811x1080.webp 811w, https:\/\/buo.de\/bau\/wp-content\/uploads\/sites\/2\/2026\/03\/P1020582-1920x2557.jpg-1320x1758.webp 1320w\" src=\"https:\/\/buo.de\/bau\/wp-content\/uploads\/sites\/2\/2026\/03\/P1020582-1920x2557.jpg.webp\" class=\"image\">\n                <\/div>\n            <\/div>\n                        <div class=\"text \">\n            <h2 class=\"over-content\">Regenerativ, regional &amp; zukunftsf\u00e4hig<\/h2>\n            <div class=\"content \"><h3><\/h3>\n<p>Am HLCB setzen wir auf konsequent ressourcenschonendes Bauen \u2013 mit nachwachsenden und kreislauff\u00e4higen Materialien sowie Bauweisen, die Umwelt und Bestand schonen und langfristig eine nachhaltige Nutzung auch f\u00fcr Folgegenerationen erm\u00f6glichen.<\/p>\n<ul>\n<li><strong>Wiederverwendung:<\/strong> Bestehende Betonoberfl\u00e4chen und Bodenplatten wurden vor Ort geschnitten und als gestapelte Punkt- und Streifenfundamente wiederverwendet.<\/li>\n<li><strong>Generell kurze Transportwege<\/strong> \u2013 zum Beispiel durch eigene Fertigung der Holzwand und Bodenelemente im B&amp;O Bau Werk Frankfurt (Oder)<\/li>\n<li><strong>Nachwachsende Baustoffe<\/strong> im gesamten Aufbau: Kiefernholz, Lehm, Holzfaserd\u00e4mmung, Zellulose, Paludi, Stroh<\/li>\n<li><strong>Alle Bauelemente sind demontierbar und wiederverwendbar<\/strong> \u2013 konsequent zirkul\u00e4r konstruiert.<\/li>\n<li><strong>Gesundes Bauen:<\/strong> Der Einsatz von Lehm im Innenraumbereich ist ein wichtiger Bestandteil f\u00fcr das allergiefreundliche Bauen, f\u00fcr die raumklimatische Behaglichkeit sowie die Raumakustik.<\/li>\n<\/ul>\n<\/div>\n\n            \n            <div class=\"read-more-content\"><\/div>\n                    <\/div>\n        <\/div>\n\n\n\n<div style=\"height:70px\" aria-hidden=\"true\" class=\"wp-block-spacer\"><\/div>\n\n\n<div id=\"text-and-image-block_701a0932b5ca8655668f634d7d0459b7\"\n     class=\"text-and-image-container ltr slide_in_animation\">\n\n    <style>\n        #text-and-image-block_701a0932b5ca8655668f634d7d0459b7 {\n            --textAndImageHeight: 550px;\n            --textAndImageBackgroundColor: ;\n            --textAndImageTextColor: ;\n        }\n        @media screen and (max-width: 1024px) {\n        #text-and-image-block_701a0932b5ca8655668f634d7d0459b7 {\n            --textAndImageHeight: 300px;\n        }\n        }\n    <\/style>\n\n                <div class=\"image-wrapper cover\">\n                <div class=\"image-outer\">\n                                        <img decoding=\"async\" loading=\"lazy\" alt=\"Axonometrie HLCB mit Legende\" style=\"height: var(--textAndImageHeight);object-position: center center\" sizes=\"(max-width: 1500px) 100vw, 1500px\" srcset=\"https:\/\/buo.de\/bau\/wp-content\/uploads\/sites\/2\/2026\/03\/Unbenannt-16.png.webp 1500w, https:\/\/buo.de\/bau\/wp-content\/uploads\/sites\/2\/2026\/03\/Unbenannt-16.png-300x169.webp 300w, https:\/\/buo.de\/bau\/wp-content\/uploads\/sites\/2\/2026\/03\/Unbenannt-16.png-1024x576.webp 1024w, https:\/\/buo.de\/bau\/wp-content\/uploads\/sites\/2\/2026\/03\/Unbenannt-16.png-768x432.webp 768w, https:\/\/buo.de\/bau\/wp-content\/uploads\/sites\/2\/2026\/03\/Unbenannt-16.png-1320x743.webp 1320w\" src=\"https:\/\/buo.de\/bau\/wp-content\/uploads\/sites\/2\/2026\/03\/Unbenannt-16.png.webp\" class=\"image\">\n                <\/div>\n            <\/div>\n                        <div class=\"text \">\n            <h2 class=\"over-content\">Baukonstruktion &amp; Bauteile<\/h2>\n            <div class=\"content \"><h3><\/h3>\n<p>Der HLCB vereint \u00fcber Jahrhunderte erprobte Bauweisen mit innovativen und modernen Ans\u00e4tzen. Vorrangiger konstruktiver Baustoff ist regionales Kiefernholz aus Brandenburg und Lehm aus eigener Fertigung und Entwicklung:<\/p>\n<ul>\n<li><strong>Gr\u00fcndung:<\/strong> Wiederverwendung der bestehenden Bodenplatte des zuvor zu 98% versiegelten Firmengel\u00e4ndes zur Fundamentgr\u00fcndung<\/li>\n<li><strong>Bodenplatte:<\/strong> Unterl\u00fcftete Holzkonstruktion (Kriechkeller)<\/li>\n<li><strong>Decken:<\/strong> Die tragende Holzbalkendecken mit industriell gefertigten, eingeh\u00e4ngten Lehmsteinen wurde gemeinsam mit Bauhaus Erde und L\u00fccking entwickelt.<\/li>\n<li><strong>Tragstruktur:<\/strong> Stabtragwerk (BSH) mit tragenden sichtbaren Holzw\u00e4nden (Holzskelettbauweise) bis hin zur Geb\u00e4udeabschlusswand, brandschutzkonform<\/li>\n<li><strong>Holzw\u00e4nde:<\/strong> Die Holzw\u00e4nde sowie alle H\u00f6lzer (auch BSH und CLT) bestehen aus m\u00e4rkischem Kiefernholz aus der B&amp;O Bau eigenen Holzwandelementfertigung in Frankfurt (Oder).<\/li>\n<li><strong>Lehmw\u00e4nde:<\/strong> Einsatz vorgefertigter Lehmbauelemente sowie tragender und aussteifender Lehmw\u00e4nde als Sichtmauerwerk; zus\u00e4tzliche Holzbauteile werden in Teilen mit Lehmbauplatten verkleidet (Fassade).<\/li>\n<li><strong>Zirkul\u00e4re Konstruktion:<\/strong> Alle Bauelemente sind demontierbar und wiederverwendbar<\/li>\n<\/ul>\n<\/div>\n\n            \n            <div class=\"read-more-content\"><\/div>\n                    <\/div>\n        <\/div>\n\n\n\n<div style=\"height:50px\" aria-hidden=\"true\" class=\"wp-block-spacer\"><\/div>\n\n\n<div id=\"text-and-image-block_41241434b5384b2ef7efa62015a194ac\"\n     class=\"text-and-image-container rtl slide_in_animation\">\n\n    <style>\n        #text-and-image-block_41241434b5384b2ef7efa62015a194ac {\n            --textAndImageHeight: 550px;\n            --textAndImageBackgroundColor: ;\n            --textAndImageTextColor: ;\n        }\n        @media screen and (max-width: 1024px) {\n        #text-and-image-block_41241434b5384b2ef7efa62015a194ac {\n            --textAndImageHeight: 300px;\n        }\n        }\n    <\/style>\n\n                <div class=\"image-wrapper cover\">\n                <div class=\"image-outer\">\n                                        <img decoding=\"async\" loading=\"lazy\" alt=\"Axonometrie HLCB Geb\u00e4udeansicht von oben\" style=\"height: var(--textAndImageHeight);object-position: center center\" sizes=\"(max-width: 1920px) 100vw, 1920px\" srcset=\"https:\/\/buo.de\/bau\/wp-content\/uploads\/sites\/2\/2026\/03\/250424_BOW_axonometric_above_1-1920x1247.jpg 1920w, https:\/\/buo.de\/bau\/wp-content\/uploads\/sites\/2\/2026\/03\/250424_BOW_axonometric_above_1-300x195.jpg 300w, https:\/\/buo.de\/bau\/wp-content\/uploads\/sites\/2\/2026\/03\/250424_BOW_axonometric_above_1-1024x665.jpg 1024w, https:\/\/buo.de\/bau\/wp-content\/uploads\/sites\/2\/2026\/03\/250424_BOW_axonometric_above_1-768x499.jpg 768w, https:\/\/buo.de\/bau\/wp-content\/uploads\/sites\/2\/2026\/03\/250424_BOW_axonometric_above_1-1536x997.jpg 1536w, https:\/\/buo.de\/bau\/wp-content\/uploads\/sites\/2\/2026\/03\/250424_BOW_axonometric_above_1-2048x1330.jpg 2048w, https:\/\/buo.de\/bau\/wp-content\/uploads\/sites\/2\/2026\/03\/250424_BOW_axonometric_above_1-1663x1080.jpg 1663w, https:\/\/buo.de\/bau\/wp-content\/uploads\/sites\/2\/2026\/03\/250424_BOW_axonometric_above_1-1320x857.jpg 1320w\" src=\"https:\/\/buo.de\/bau\/wp-content\/uploads\/sites\/2\/2026\/03\/250424_BOW_axonometric_above_1-1920x1247.jpg\" class=\"image\">\n                <\/div>\n            <\/div>\n                        <div class=\"text \">\n            <h2 class=\"over-content\">Geb\u00e4udetechnik nach Low-Tech-Prinzip<\/h2>\n            <div class=\"content \"><h3><\/h3>\n<p>Die Geb\u00e4udetechnik folgt einem feinabgestimmten Konzept mit Orientierung am Einfach-Bauen-Prinzip: robust, wartungsarm, energieeffizient. Ziel ist ein nahezu klimaneutraler Geb\u00e4udebetrieb mit dauerhaft niedrigen Verbrauchswerten f\u00fcr eine gesunde Arbeitswelt \u2013 ohne aufw\u00e4ndige Regelungstechnik:<\/p>\n<ul>\n<li><strong>Fensterheizsysteme<\/strong> als Strahlungsheizung f\u00fcr zonierte W\u00e4rme<\/li>\n<li><strong>Passive K\u00fchlung<\/strong> durch Nachtl\u00fcftung &amp; Materialwahl<\/li>\n<li><strong>W\u00e4rmepumpen<\/strong> zur Energiepufferung<\/li>\n<li><strong>PV-Anlagen<\/strong> f\u00fcr Eigenstrom<\/li>\n<li><strong>Messtechnik<\/strong> f\u00fcr gezieltes Monitoring<\/li>\n<li><strong>Grauwassersysteme<\/strong> f\u00fcr Bew\u00e4sserung<\/li>\n<\/ul>\n<\/div>\n\n            \n            <div class=\"read-more-content\"><\/div>\n                    <\/div>\n        <\/div>\n\n\n\n<div style=\"height:70px\" aria-hidden=\"true\" class=\"wp-block-spacer\"><\/div>\n\n\n<div id=\"text-and-image-block_477ab39479245b4b08754a2e18a525c9\"\n     class=\"text-and-image-container ltr slide_in_animation\">\n\n    <style>\n        #text-and-image-block_477ab39479245b4b08754a2e18a525c9 {\n            --textAndImageHeight: 550px;\n            --textAndImageBackgroundColor: ;\n            --textAndImageTextColor: ;\n        }\n        @media screen and (max-width: 1024px) {\n        #text-and-image-block_477ab39479245b4b08754a2e18a525c9 {\n            --textAndImageHeight: 300px;\n        }\n        }\n    <\/style>\n\n                <div class=\"image-wrapper cover\">\n                <div class=\"image-outer\">\n                                        <img decoding=\"async\" loading=\"lazy\" alt=\"Holz-Lehm-Hybriddecke\" style=\"height: var(--textAndImageHeight);object-position: center center\" sizes=\"(max-width: 1022px) 100vw, 1022px\" srcset=\"https:\/\/buo.de\/bau\/wp-content\/uploads\/sites\/2\/2026\/03\/Holz-Lehm-Decke.jpg 1022w, https:\/\/buo.de\/bau\/wp-content\/uploads\/sites\/2\/2026\/03\/Holz-Lehm-Decke-300x225.jpg 300w, https:\/\/buo.de\/bau\/wp-content\/uploads\/sites\/2\/2026\/03\/Holz-Lehm-Decke-768x577.jpg 768w\" src=\"https:\/\/buo.de\/bau\/wp-content\/uploads\/sites\/2\/2026\/03\/Holz-Lehm-Decke.jpg\" class=\"image\">\n                <\/div>\n            <\/div>\n                        <div class=\"text \">\n            <h2 class=\"over-content\">Holz-Lehm-Hybriddecke<\/h2>\n            <div class=\"content \"><h3><\/h3>\n<p>Die klassische Holzbalkendecke wurde im Projekt zu einer innovativen Holz-Lehm-Hybriddecke weiterentwickelt. Sie kombiniert die konstruktiven Vorteile des Holzes mit den bauphysikalischen Eigenschaften des Lehms: Feuchteregulierung und thermische Speichermasse.<\/p>\n<p>Die Lehmelemente werden in die Holzbalkenlage eingelegt und erzeugen so ein ausgeglichenes Raumklima sowie eine optimierte Geb\u00e4udeakustik &#8211; insbesondere in Arbeitsumgebungen mit hohen Komfortanforderungen.<\/p>\n<p>Die industriell vorgefertigten Elemente lassen sich einfach montieren und flexibel in B\u00fcro-, Bildungs- oder Ausstellungsr\u00e4umen einsetzen. Die Hybriddecke erf\u00fcllt hohe Anforderungen an \u00c4sthetik, R\u00fcckbaubarkeit und Energieeffizienz.<\/p>\n<p>Die Entwicklung der Decke wurde gemeinsam mit Bauhaus Erde und dem Baustoffproduzenten L\u00fccking GmbH &amp; Co. KG realisiert und ist bereits zum Patent angemeldet. Sie steht exemplarisch f\u00fcr unseren Anspruch im Projekt: einfach, funktional und zukunftsf\u00e4hig.<\/p>\n<\/div>\n\n            \n            <div class=\"read-more-content\"><\/div>\n                    <\/div>\n        <\/div>\n\n\n\n<div style=\"height:70px\" aria-hidden=\"true\" class=\"wp-block-spacer\"><\/div>\n\n\n<div id=\"text-and-image-block_68f68a58ae924386c08801e140ae1721\"\n     class=\"text-and-image-container rtl slide_in_animation\">\n\n    <style>\n        #text-and-image-block_68f68a58ae924386c08801e140ae1721 {\n            --textAndImageHeight: 550px;\n            --textAndImageBackgroundColor: ;\n            --textAndImageTextColor: ;\n        }\n        @media screen and (max-width: 1024px) {\n        #text-and-image-block_68f68a58ae924386c08801e140ae1721 {\n            --textAndImageHeight: 300px;\n        }\n        }\n    <\/style>\n\n                <div class=\"image-wrapper cover\">\n                <div class=\"image-outer\">\n                                        <img decoding=\"async\" loading=\"lazy\" alt=\"Baustelle HLCB Holzkonstruktion Innenansicht\" style=\"height: var(--textAndImageHeight);object-position: center center\" sizes=\"(max-width: 1920px) 100vw, 1920px\" srcset=\"https:\/\/buo.de\/bau\/wp-content\/uploads\/sites\/2\/2026\/03\/IMG_5589-1920x1440.jpg.webp 1920w, https:\/\/buo.de\/bau\/wp-content\/uploads\/sites\/2\/2026\/03\/IMG_5589-1920x1440.jpg-300x225.webp 300w, https:\/\/buo.de\/bau\/wp-content\/uploads\/sites\/2\/2026\/03\/IMG_5589-1920x1440.jpg-1024x768.webp 1024w, https:\/\/buo.de\/bau\/wp-content\/uploads\/sites\/2\/2026\/03\/IMG_5589-1920x1440.jpg-768x576.webp 768w, https:\/\/buo.de\/bau\/wp-content\/uploads\/sites\/2\/2026\/03\/IMG_5589-1920x1440.jpg-1536x1152.webp 1536w, https:\/\/buo.de\/bau\/wp-content\/uploads\/sites\/2\/2026\/03\/IMG_5589-1920x1440.jpg-1440x1080.webp 1440w, https:\/\/buo.de\/bau\/wp-content\/uploads\/sites\/2\/2026\/03\/IMG_5589-1920x1440.jpg-1320x990.webp 1320w\" src=\"https:\/\/buo.de\/bau\/wp-content\/uploads\/sites\/2\/2026\/03\/IMG_5589-1920x1440.jpg.webp\" class=\"image\">\n                <\/div>\n            <\/div>\n                        <div class=\"text \">\n            <h2 class=\"over-content\">M\u00e4rkisches Kiefernholz<\/h2>\n            <div class=\"content \"><h3><\/h3>\n<p>Das verwendete Kiefernholz stammt aus nachhaltiger, regionaler Forstwirtschaft. Die Fertigung der Holzelementw\u00e4nde sowie Holzelementbodenplatten erfolgt im B&amp;O Bau Werk in Frankfurt (Oder).<\/p>\n<p>Als Mitglied des Holzbauclusters Berlin Brandenburg und in Zusammenarbeit mit dem Landesbeirat Holz Berlin Brandenburg gelingt es, die gesamte Wertsch\u00f6pfungskette in Brandenburg abzubilden und Transportwege auf ein Minimum zu reduzieren.<\/p>\n<p>Dabei setzen wir ebenso auf regionale Netzwerkpartner f\u00fcr die Produktion von im Projekt eingesetzten BSH, CLT und KVH aus Kiefer.<\/p>\n<\/div>\n\n            \n            <div class=\"read-more-content\"><\/div>\n                    <\/div>\n        <\/div>\n\n\n\n<div style=\"height:100px\" aria-hidden=\"true\" class=\"wp-block-spacer\"><\/div>\n\n\n\n<h3 class=\"wp-block-heading\">Sie m\u00f6chten mit uns ein Projekt realisieren oder haben Fragen rund um unsere Produkte?<\/h3>\n\n\n\n<p><strong>Wir freuen uns auf Ihre Nachricht!<\/strong><\/p>\n\n\n\n<div class=\"wp-block-contact-form-7-contact-form-selector\">\n<div class=\"wpcf7 no-js\" id=\"wpcf7-f63677-o1\" lang=\"de-DE\" dir=\"ltr\" data-wpcf7-id=\"63677\">\n<div class=\"screen-reader-response\"><p role=\"status\" aria-live=\"polite\" aria-atomic=\"true\"><\/p> <ul><\/ul><\/div>\n<form action=\"\/bau\/wp-json\/wp\/v2\/pages\/62814#wpcf7-f63677-o1\" method=\"post\" class=\"wpcf7-form init\" aria-label=\"Kontaktformular\" novalidate=\"novalidate\" data-status=\"init\">\n<fieldset class=\"hidden-fields-container\"><input type=\"hidden\" name=\"_wpcf7\" value=\"63677\" \/><input type=\"hidden\" name=\"_wpcf7_version\" value=\"6.1.5\" \/><input type=\"hidden\" name=\"_wpcf7_locale\" value=\"de_DE\" \/><input type=\"hidden\" name=\"_wpcf7_unit_tag\" value=\"wpcf7-f63677-o1\" \/><input type=\"hidden\" name=\"_wpcf7_container_post\" value=\"0\" \/><input type=\"hidden\" name=\"_wpcf7_posted_data_hash\" value=\"\" \/>\n<\/fieldset>\n<div class=\"form\">\n <div class=\"form-row\">\n  <!-- Anrede-Checkboxen -->\n  <div class=\"column-full\">\n    <label>Anrede*<\/label><br>\n    <span class=\"wpcf7-form-control-wrap\" data-name=\"anrede\"><span class=\"wpcf7-form-control wpcf7-checkbox wpcf7-validates-as-required\"><span class=\"wpcf7-list-item first\"><label><input type=\"checkbox\" name=\"anrede[]\" value=\"Herr\" \/><span class=\"wpcf7-list-item-label\">Herr<\/span><\/label><\/span><span class=\"wpcf7-list-item\"><label><input type=\"checkbox\" name=\"anrede[]\" value=\"Frau\" \/><span class=\"wpcf7-list-item-label\">Frau<\/span><\/label><\/span><span class=\"wpcf7-list-item last\"><label><input type=\"checkbox\" name=\"anrede[]\" value=\"Divers\" \/><span class=\"wpcf7-list-item-label\">Divers<\/span><\/label><\/span><\/span><\/span>\n  <\/div>\n <\/div>\n\n <div class=\"form-row\">\n  <div class=\"column-half\"><label>Ihr Vorname* <span class=\"wpcf7-form-control-wrap\" data-name=\"text-firstname\"><input size=\"40\" maxlength=\"400\" class=\"wpcf7-form-control wpcf7-text wpcf7-validates-as-required\" aria-required=\"true\" aria-invalid=\"false\" placeholder=\"Geben Sie Ihren Vornamen ein\" value=\"\" type=\"text\" name=\"text-firstname\" \/><\/span><\/label><\/div>\n  <div class=\"column-half\"><label>Ihr Nachname* <span class=\"wpcf7-form-control-wrap\" data-name=\"text-secondname\"><input size=\"40\" maxlength=\"400\" class=\"wpcf7-form-control wpcf7-text wpcf7-validates-as-required\" aria-required=\"true\" aria-invalid=\"false\" placeholder=\"Geben Sie Ihren Nachnamen ein\" value=\"\" type=\"text\" name=\"text-secondname\" \/><\/span><\/label><\/div>\n <\/div>\n\n <div class=\"form-row\">\n  <div class=\"column-half\"><label>Ihr Unternehmen* <span class=\"wpcf7-form-control-wrap\" data-name=\"text-company\"><input size=\"40\" maxlength=\"400\" class=\"wpcf7-form-control wpcf7-text wpcf7-validates-as-required\" aria-required=\"true\" aria-invalid=\"false\" placeholder=\"Geben Sie den Namen Ihres Unternehmens ein\" value=\"\" type=\"text\" name=\"text-company\" \/><\/span><\/label><\/div>\n  <div class=\"column-half\"><label>Ihre E-Mail-Adresse* <span class=\"wpcf7-form-control-wrap\" data-name=\"your-email\"><input size=\"40\" maxlength=\"400\" class=\"wpcf7-form-control wpcf7-email wpcf7-validates-as-required wpcf7-text wpcf7-validates-as-email\" aria-required=\"true\" aria-invalid=\"false\" placeholder=\"beispiel@email.com\" value=\"\" type=\"email\" name=\"your-email\" \/><\/span><\/label><\/div>\n <\/div>\n\n <div class=\"form-row\">\n  <!-- Position Textfeld -->\n  <div class=\"column-full\"><label>Ihre Position <span class=\"wpcf7-form-control-wrap\" data-name=\"text-position\"><input size=\"40\" maxlength=\"400\" class=\"wpcf7-form-control wpcf7-text\" aria-invalid=\"false\" placeholder=\"Geben Sie Ihre Position im Unternehmen ein\" value=\"\" type=\"text\" name=\"text-position\" \/><\/span><\/label><\/div>\n <\/div>\n<div class=\"form-row\">\n  <div class=\"column-full\">\n    <label>Produktinteresse<\/label><br>\n    <span class=\"wpcf7-form-control-wrap\" data-name=\"produkte\"><span class=\"wpcf7-form-control wpcf7-checkbox\"><span class=\"wpcf7-list-item first\"><label><input type=\"checkbox\" name=\"produkte[]\" value=\"Wohnraum erhalten (Sanierung)\" \/><span class=\"wpcf7-list-item-label\">Wohnraum erhalten (Sanierung)<\/span><\/label><\/span><span class=\"wpcf7-list-item last\"><label><input type=\"checkbox\" name=\"produkte[]\" value=\"Wohnraum schaffen (Neubau in Holzhybridbauweise)\" \/><span class=\"wpcf7-list-item-label\">Wohnraum schaffen (Neubau in Holzhybridbauweise)<\/span><\/label><\/span><\/span><\/span>\n  <\/div>\n<\/div>\n\n\n <div class=\"form-row\">\n  <div class=\"column-full\"><label>Ihre Nachricht* <span class=\"wpcf7-form-control-wrap\" data-name=\"textarea-235\"><textarea cols=\"40\" rows=\"10\" maxlength=\"2000\" class=\"wpcf7-form-control wpcf7-textarea wpcf7-validates-as-required\" aria-required=\"true\" aria-invalid=\"false\" placeholder=\"Geben Sie Ihre Nachricht ein...\" name=\"textarea-235\"><\/textarea><\/span><\/label><\/div>\n <\/div>\n\n\n<div class=\"form-row\"> <!-- Datenschutz --> <div class=\"column-full\"> <label class=\"acceptance\"> <span class=\"wpcf7-form-control-wrap\" data-name=\"datenschutz\"><span class=\"wpcf7-form-control wpcf7-acceptance\"><span class=\"wpcf7-list-item\"><label><input type=\"checkbox\" name=\"datenschutz\" value=\"1\" aria-invalid=\"false\" \/><span class=\"wpcf7-list-item-label\">Ich akzeptiere die <a href=\".\/datenschutzerklaerung\" target=\"_blank\">Datenschutzbestimmungen<\/a> dieser Website und stimme der Verarbeitung meiner Daten zu.*<\/span><\/label><\/span><\/span><\/span> <\/label> <\/div> <\/div> <div class=\"form-row\"> <!-- Werbezwecke (freiwillig) --> <div class=\"column-full\"> <label> <span class=\"wpcf7-form-control-wrap\" data-name=\"Werbezwecke\"><span class=\"wpcf7-form-control wpcf7-checkbox\"><span class=\"wpcf7-list-item first last\"><label><input type=\"checkbox\" name=\"Werbezwecke[]\" value=\"Ich willige ein, weitergehende Informationen und Details in Form von Marketing-E-Mails oder Anrufen zu Produkten und Dienstleistungen von B&amp;O Bau zu erhalten. Meine Einwilligung kann ich jederzeit per E-Mail an unsubscribe@bo-bau.de widerrufen.\" \/><span class=\"wpcf7-list-item-label\">Ich willige ein, weitergehende Informationen und Details in Form von Marketing-E-Mails oder Anrufen zu Produkten und Dienstleistungen von B&amp;O Bau zu erhalten. Meine Einwilligung kann ich jederzeit per E-Mail an unsubscribe@bo-bau.de widerrufen.<\/span><\/label><\/span><\/span><\/span> <\/label> <\/div> <\/div> <div class=\"form-row submit\"> <input class=\"wpcf7-form-control wpcf7-submit has-spinner\" type=\"submit\" value=\"Nachricht senden\" \/> <\/div> <\/div><div class=\"wpcf7-response-output\" aria-hidden=\"true\"><\/div>\n<\/form>\n<\/div>\n<\/div>\n","protected":false},"excerpt":{"rendered":"<p>Reallabor der Bauwende Ein Ort f\u00fcr nachhaltiges Bauen, Forschen und Erleben &#8211; am neuen Holz-Lehmbau Campus Berlin (HLCB) zeigen wir, was heute schon m\u00f6glich ist: emissionsarmes, kreislauff\u00e4higes Bauen mit Holz und Lehm und weiteren nachwachsenden Rohstoffen. Regenerativ, regional und zukunftsf\u00e4hig. Sie m\u00f6chten mit uns ein Projekt realisieren oder haben Fragen rund um unsere Produkte? Wir&#8230;<\/p>\n","protected":false},"author":16,"featured_media":62835,"parent":2566,"menu_order":0,"comment_status":"closed","ping_status":"closed","template":"","meta":{"_acf_changed":false,"_relevanssi_hide_post":"","_relevanssi_hide_content":"","_relevanssi_pin_for_all":"","_relevanssi_pin_keywords":"","_relevanssi_unpin_keywords":"","_relevanssi_related_keywords":"","_relevanssi_related_include_ids":"","_relevanssi_related_exclude_ids":"","_relevanssi_related_no_append":"","_relevanssi_related_not_related":"","_relevanssi_related_posts":"1","_relevanssi_noindex_reason":"","footnotes":""},"class_list":["post-62814","page","type-page","status-publish","has-post-thumbnail","hentry"],"acf":[],"yoast_head":"<!-- This site is optimized with the Yoast SEO plugin v27.1.1 - https:\/\/yoast.com\/product\/yoast-seo-wordpress\/ -->\n<title>Holz-Lembau Campus Berlin -<\/title>\n<meta name=\"description\" content=\"Ein Ort f\u00fcr nachhaltiges Bauen, Forschen und Erleben - am neuen Holz-Lehmbau Campus Berlin (HLCB) zeigen wir, was heute schon m\u00f6glich ist.\" \/>\n<meta name=\"robots\" content=\"index, follow, max-snippet:-1, max-image-preview:large, max-video-preview:-1\" \/>\n<link rel=\"canonical\" href=\"https:\/\/buo.de\/bau\/forschung\/hlcb\/\" \/>\n<meta property=\"og:locale\" content=\"de_DE\" \/>\n<meta property=\"og:type\" content=\"article\" \/>\n<meta property=\"og:title\" content=\"HLCB Holz-Lehmbau Campus Berlin\" \/>\n<meta property=\"og:description\" content=\"Ein Ort f\u00fcr nachhaltiges Bauen, Forschen und Erleben - am neuen Holz-Lehmbau Campus Berlin (HLCB) zeigen wir, was heute schon m\u00f6glich ist.\" \/>\n<meta property=\"og:url\" content=\"https:\/\/buo.de\/bau\/forschung\/hlcb\/\" \/>\n<meta property=\"og:site_name\" content=\"B&amp;O Bau\" \/>\n<meta property=\"article:publisher\" content=\"https:\/\/www.youtube.com\/@BuOBau\" \/>\n<meta property=\"article:modified_time\" content=\"2026-04-27T09:00:52+00:00\" \/>\n<meta property=\"og:image\" content=\"https:\/\/buo.de\/bau\/wp-content\/uploads\/sites\/2\/2026\/03\/Rendering_2405_Gesamt-1-1-1920x1356.jpg.webp\" \/>\n\t<meta property=\"og:image:width\" content=\"1920\" \/>\n\t<meta property=\"og:image:height\" content=\"1356\" \/>\n\t<meta property=\"og:image:type\" content=\"image\/webp\" \/>\n<meta name=\"twitter:card\" content=\"summary_large_image\" \/>\n<meta name=\"twitter:label1\" content=\"Gesch\u00e4tzte Lesezeit\" \/>\n\t<meta name=\"twitter:data1\" content=\"1\u00a0Minute\" \/>\n<script type=\"application\/ld+json\" class=\"yoast-schema-graph\">{\"@context\":\"https:\/\/schema.org\",\"@graph\":[{\"@type\":\"WebPage\",\"@id\":\"https:\/\/buo.de\/bau\/forschung\/hlcb\/\",\"url\":\"https:\/\/buo.de\/bau\/forschung\/hlcb\/\",\"name\":\"Holz-Lembau Campus Berlin -\",\"isPartOf\":{\"@id\":\"https:\/\/buo.de\/bau\/#website\"},\"primaryImageOfPage\":{\"@id\":\"https:\/\/buo.de\/bau\/forschung\/hlcb\/#primaryimage\"},\"image\":{\"@id\":\"https:\/\/buo.de\/bau\/forschung\/hlcb\/#primaryimage\"},\"thumbnailUrl\":\"https:\/\/buo.de\/bau\/wp-content\/uploads\/sites\/2\/2026\/03\/Rendering_2405_Gesamt-1-1-1920x1356.jpg.webp\",\"datePublished\":\"2026-03-12T13:18:23+00:00\",\"dateModified\":\"2026-04-27T09:00:52+00:00\",\"description\":\"Ein Ort f\u00fcr nachhaltiges Bauen, Forschen und Erleben - am neuen Holz-Lehmbau Campus Berlin (HLCB) zeigen wir, was heute schon m\u00f6glich ist.\",\"breadcrumb\":{\"@id\":\"https:\/\/buo.de\/bau\/forschung\/hlcb\/#breadcrumb\"},\"inLanguage\":\"de\",\"potentialAction\":[{\"@type\":\"ReadAction\",\"target\":[\"https:\/\/buo.de\/bau\/forschung\/hlcb\/\"]}]},{\"@type\":\"ImageObject\",\"inLanguage\":\"de\",\"@id\":\"https:\/\/buo.de\/bau\/forschung\/hlcb\/#primaryimage\",\"url\":\"https:\/\/buo.de\/bau\/wp-content\/uploads\/sites\/2\/2026\/03\/Rendering_2405_Gesamt-1-1-1920x1356.jpg.webp\",\"contentUrl\":\"https:\/\/buo.de\/bau\/wp-content\/uploads\/sites\/2\/2026\/03\/Rendering_2405_Gesamt-1-1-1920x1356.jpg.webp\",\"width\":1920,\"height\":1356,\"caption\":\"Projektvisualisierung HLCB Rendering Luftaufnahme\"},{\"@type\":\"BreadcrumbList\",\"@id\":\"https:\/\/buo.de\/bau\/forschung\/hlcb\/#breadcrumb\",\"itemListElement\":[{\"@type\":\"ListItem\",\"position\":1,\"name\":\"Start\",\"item\":\"https:\/\/buo.de\/bau\/\"},{\"@type\":\"ListItem\",\"position\":2,\"name\":\"Forschung\",\"item\":\"https:\/\/buo.de\/bau\/forschung\/\"},{\"@type\":\"ListItem\",\"position\":3,\"name\":\"Holz-Lembau Campus Berlin\"}]},{\"@type\":\"WebSite\",\"@id\":\"https:\/\/buo.de\/bau\/#website\",\"url\":\"https:\/\/buo.de\/bau\/\",\"name\":\"B&O Bau\",\"description\":\"Das Pilotprojekt\u202fumfasst eine dreigeschossige Nachverdichtung ohne Fl\u00e4chenversiegelung, gepaart mit einer f\u00fcnfgeschossigen seriellen Fassadensanierung im bewohnten Zustand.\u00a0\",\"publisher\":{\"@id\":\"https:\/\/buo.de\/bau\/#organization\"},\"potentialAction\":[{\"@type\":\"SearchAction\",\"target\":{\"@type\":\"EntryPoint\",\"urlTemplate\":\"https:\/\/buo.de\/bau\/?s={search_term_string}\"},\"query-input\":{\"@type\":\"PropertyValueSpecification\",\"valueRequired\":true,\"valueName\":\"search_term_string\"}}],\"inLanguage\":\"de\"},{\"@type\":\"Organization\",\"@id\":\"https:\/\/buo.de\/bau\/#organization\",\"name\":\"B&O Bau GmbH\",\"url\":\"https:\/\/buo.de\/bau\/\",\"logo\":{\"@type\":\"ImageObject\",\"inLanguage\":\"de\",\"@id\":\"https:\/\/buo.de\/bau\/#\/schema\/logo\/image\/\",\"url\":\"https:\/\/buo.de\/bau\/wp-content\/uploads\/sites\/2\/2026\/03\/Logo_BO_Bau_RGB-1.png\",\"contentUrl\":\"https:\/\/buo.de\/bau\/wp-content\/uploads\/sites\/2\/2026\/03\/Logo_BO_Bau_RGB-1.png\",\"width\":1095,\"height\":827,\"caption\":\"B&O Bau GmbH\"},\"image\":{\"@id\":\"https:\/\/buo.de\/bau\/#\/schema\/logo\/image\/\"},\"sameAs\":[\"https:\/\/www.youtube.com\/@BuOBau\",\"https:\/\/www.linkedin.com\/company\/18550887\/\"]}]}<\/script>\n<!-- \/ Yoast SEO plugin. -->","yoast_head_json":{"title":"Holz-Lembau Campus Berlin -","description":"Ein Ort f\u00fcr nachhaltiges Bauen, Forschen und Erleben - am neuen Holz-Lehmbau Campus Berlin (HLCB) zeigen wir, was heute schon m\u00f6glich ist.","robots":{"index":"index","follow":"follow","max-snippet":"max-snippet:-1","max-image-preview":"max-image-preview:large","max-video-preview":"max-video-preview:-1"},"canonical":"https:\/\/buo.de\/bau\/forschung\/hlcb\/","og_locale":"de_DE","og_type":"article","og_title":"HLCB Holz-Lehmbau Campus Berlin","og_description":"Ein Ort f\u00fcr nachhaltiges Bauen, Forschen und Erleben - am neuen Holz-Lehmbau Campus Berlin (HLCB) zeigen wir, was heute schon m\u00f6glich ist.","og_url":"https:\/\/buo.de\/bau\/forschung\/hlcb\/","og_site_name":"B&O Bau","article_publisher":"https:\/\/www.youtube.com\/@BuOBau","article_modified_time":"2026-04-27T09:00:52+00:00","og_image":[{"width":1920,"height":1356,"url":"https:\/\/buo.de\/bau\/wp-content\/uploads\/sites\/2\/2026\/03\/Rendering_2405_Gesamt-1-1-1920x1356.jpg.webp","type":"image\/webp"}],"twitter_card":"summary_large_image","twitter_misc":{"Gesch\u00e4tzte Lesezeit":"1\u00a0Minute"},"schema":{"@context":"https:\/\/schema.org","@graph":[{"@type":"WebPage","@id":"https:\/\/buo.de\/bau\/forschung\/hlcb\/","url":"https:\/\/buo.de\/bau\/forschung\/hlcb\/","name":"Holz-Lembau Campus Berlin -","isPartOf":{"@id":"https:\/\/buo.de\/bau\/#website"},"primaryImageOfPage":{"@id":"https:\/\/buo.de\/bau\/forschung\/hlcb\/#primaryimage"},"image":{"@id":"https:\/\/buo.de\/bau\/forschung\/hlcb\/#primaryimage"},"thumbnailUrl":"https:\/\/buo.de\/bau\/wp-content\/uploads\/sites\/2\/2026\/03\/Rendering_2405_Gesamt-1-1-1920x1356.jpg.webp","datePublished":"2026-03-12T13:18:23+00:00","dateModified":"2026-04-27T09:00:52+00:00","description":"Ein Ort f\u00fcr nachhaltiges Bauen, Forschen und Erleben - am neuen Holz-Lehmbau Campus Berlin (HLCB) zeigen wir, was heute schon m\u00f6glich ist.","breadcrumb":{"@id":"https:\/\/buo.de\/bau\/forschung\/hlcb\/#breadcrumb"},"inLanguage":"de","potentialAction":[{"@type":"ReadAction","target":["https:\/\/buo.de\/bau\/forschung\/hlcb\/"]}]},{"@type":"ImageObject","inLanguage":"de","@id":"https:\/\/buo.de\/bau\/forschung\/hlcb\/#primaryimage","url":"https:\/\/buo.de\/bau\/wp-content\/uploads\/sites\/2\/2026\/03\/Rendering_2405_Gesamt-1-1-1920x1356.jpg.webp","contentUrl":"https:\/\/buo.de\/bau\/wp-content\/uploads\/sites\/2\/2026\/03\/Rendering_2405_Gesamt-1-1-1920x1356.jpg.webp","width":1920,"height":1356,"caption":"Projektvisualisierung HLCB Rendering Luftaufnahme"},{"@type":"BreadcrumbList","@id":"https:\/\/buo.de\/bau\/forschung\/hlcb\/#breadcrumb","itemListElement":[{"@type":"ListItem","position":1,"name":"Start","item":"https:\/\/buo.de\/bau\/"},{"@type":"ListItem","position":2,"name":"Forschung","item":"https:\/\/buo.de\/bau\/forschung\/"},{"@type":"ListItem","position":3,"name":"Holz-Lembau Campus Berlin"}]},{"@type":"WebSite","@id":"https:\/\/buo.de\/bau\/#website","url":"https:\/\/buo.de\/bau\/","name":"B&O Bau","description":"Das Pilotprojekt\u202fumfasst eine dreigeschossige Nachverdichtung ohne Fl\u00e4chenversiegelung, gepaart mit einer f\u00fcnfgeschossigen seriellen Fassadensanierung im bewohnten Zustand.\u00a0","publisher":{"@id":"https:\/\/buo.de\/bau\/#organization"},"potentialAction":[{"@type":"SearchAction","target":{"@type":"EntryPoint","urlTemplate":"https:\/\/buo.de\/bau\/?s={search_term_string}"},"query-input":{"@type":"PropertyValueSpecification","valueRequired":true,"valueName":"search_term_string"}}],"inLanguage":"de"},{"@type":"Organization","@id":"https:\/\/buo.de\/bau\/#organization","name":"B&O Bau GmbH","url":"https:\/\/buo.de\/bau\/","logo":{"@type":"ImageObject","inLanguage":"de","@id":"https:\/\/buo.de\/bau\/#\/schema\/logo\/image\/","url":"https:\/\/buo.de\/bau\/wp-content\/uploads\/sites\/2\/2026\/03\/Logo_BO_Bau_RGB-1.png","contentUrl":"https:\/\/buo.de\/bau\/wp-content\/uploads\/sites\/2\/2026\/03\/Logo_BO_Bau_RGB-1.png","width":1095,"height":827,"caption":"B&O Bau GmbH"},"image":{"@id":"https:\/\/buo.de\/bau\/#\/schema\/logo\/image\/"},"sameAs":["https:\/\/www.youtube.com\/@BuOBau","https:\/\/www.linkedin.com\/company\/18550887\/"]}]}},"_links":{"self":[{"href":"https:\/\/buo.de\/bau\/wp-json\/wp\/v2\/pages\/62814","targetHints":{"allow":["GET"]}}],"collection":[{"href":"https:\/\/buo.de\/bau\/wp-json\/wp\/v2\/pages"}],"about":[{"href":"https:\/\/buo.de\/bau\/wp-json\/wp\/v2\/types\/page"}],"author":[{"embeddable":true,"href":"https:\/\/buo.de\/bau\/wp-json\/wp\/v2\/users\/16"}],"replies":[{"embeddable":true,"href":"https:\/\/buo.de\/bau\/wp-json\/wp\/v2\/comments?post=62814"}],"version-history":[{"count":28,"href":"https:\/\/buo.de\/bau\/wp-json\/wp\/v2\/pages\/62814\/revisions"}],"predecessor-version":[{"id":67547,"href":"https:\/\/buo.de\/bau\/wp-json\/wp\/v2\/pages\/62814\/revisions\/67547"}],"up":[{"embeddable":true,"href":"https:\/\/buo.de\/bau\/wp-json\/wp\/v2\/pages\/2566"}],"wp:featuredmedia":[{"embeddable":true,"href":"https:\/\/buo.de\/bau\/wp-json\/wp\/v2\/media\/62835"}],"wp:attachment":[{"href":"https:\/\/buo.de\/bau\/wp-json\/wp\/v2\/media?parent=62814"}],"curies":[{"name":"wp","href":"https:\/\/api.w.org\/{rel}","templated":true}]}}