{"id":62450,"date":"2026-03-09T12:17:31","date_gmt":"2026-03-09T11:17:31","guid":{"rendered":"https:\/\/buo.de\/bau\/?post_type=projekte&#038;p=62450"},"modified":"2026-03-09T12:20:32","modified_gmt":"2026-03-09T11:20:32","slug":"sanierung-don-camillo-und-peppone-wolfsburg","status":"publish","type":"projekte","link":"https:\/\/buo.de\/bau\/referenzen\/sanierung-don-camillo-und-peppone-wolfsburg\/","title":{"rendered":"Mammut-Sanierung\u00a0Don Camillo und Peppone\u00a0in Wolfsburg\u00a0"},"content":{"rendered":"<div id=\"text-and-image-block_6067a899a818cfae2c90c58abd01aef5\"\n     class=\"text-and-image-container force-full-width ltr has-highlighted-text has-vertical-centered-text has_no_animation\">\n\n    <style>\n        #text-and-image-block_6067a899a818cfae2c90c58abd01aef5 {\n            --textAndImageHeight: 550px;\n            --textAndImageBackgroundColor: #ffffff;\n            --textAndImageTextColor: #241d4c;\n        }\n        @media screen and (max-width: 1024px) {\n        #text-and-image-block_6067a899a818cfae2c90c58abd01aef5 {\n            --textAndImageHeight: 300px;\n        }\n        }\n    <\/style>\n\n                <div class=\"image-wrapper cover\">\n                <div class=\"image-outer\">\n                                        <img decoding=\"async\" loading=\"lazy\" alt=\"Sanierung Don Camillo und Peppone in Wolfsburg\" style=\"height: var(--textAndImageHeight);object-position: center center\" sizes=\"(max-width: 1920px) 100vw, 1920px\" srcset=\"https:\/\/buo.de\/bau\/wp-content\/uploads\/sites\/2\/2026\/03\/WEB-2025-09-24-BO-WOLFSBURG-ths-72-133-2-1920x1280.jpg 1920w, https:\/\/buo.de\/bau\/wp-content\/uploads\/sites\/2\/2026\/03\/WEB-2025-09-24-BO-WOLFSBURG-ths-72-133-2-300x200.jpg 300w, https:\/\/buo.de\/bau\/wp-content\/uploads\/sites\/2\/2026\/03\/WEB-2025-09-24-BO-WOLFSBURG-ths-72-133-2-1024x682.jpg 1024w, https:\/\/buo.de\/bau\/wp-content\/uploads\/sites\/2\/2026\/03\/WEB-2025-09-24-BO-WOLFSBURG-ths-72-133-2-768x512.jpg 768w, https:\/\/buo.de\/bau\/wp-content\/uploads\/sites\/2\/2026\/03\/WEB-2025-09-24-BO-WOLFSBURG-ths-72-133-2-1536x1024.jpg 1536w, https:\/\/buo.de\/bau\/wp-content\/uploads\/sites\/2\/2026\/03\/WEB-2025-09-24-BO-WOLFSBURG-ths-72-133-2-1620x1080.jpg 1620w, https:\/\/buo.de\/bau\/wp-content\/uploads\/sites\/2\/2026\/03\/WEB-2025-09-24-BO-WOLFSBURG-ths-72-133-2-1320x880.jpg 1320w, https:\/\/buo.de\/bau\/wp-content\/uploads\/sites\/2\/2026\/03\/WEB-2025-09-24-BO-WOLFSBURG-ths-72-133-2.jpg 2000w\" src=\"https:\/\/buo.de\/bau\/wp-content\/uploads\/sites\/2\/2026\/03\/WEB-2025-09-24-BO-WOLFSBURG-ths-72-133-2-1920x1280.jpg\" class=\"image\">\n                <\/div>\n            <\/div>\n                        <div class=\"text is-highlighted\">\n            <h2 class=\"over-content\"><\/h2>\n            <div class=\"content \"><table width=\"100%\">\n<tbody>\n<tr>\n<td>Bauherr<\/td>\n<td>Neuland Wohnungsbaugesellschaft mbH<\/td>\n<\/tr>\n<tr>\n<td>Architektur<\/td>\n<td>Chris Doray Studio INC und Gaudlitz Architekten GmbH<\/td>\n<\/tr>\n<tr>\n<td>Bauzeitraum<\/td>\n<td>September 2020 bis Dezember 2026<\/td>\n<\/tr>\n<tr>\n<td>Leistungsumfang<\/td>\n<td>Statische Abbrucharbeiten der Decken, St\u00fcrze, Heizk\u00f6rper etc. Schl\u00fcsselfertiger Ausbau der Wohnungen inklusive Estrich-, Putz-, Elektroarbeiten sowie Heizung, Sanit\u00e4r, L\u00fcftung, Bodenbelag, Fliesen und Malerarbeiten.\u00a0Anbau von Stahlbetonbalkonen sowie au\u00dfen anliegendem Treppenhaus.<\/td>\n<\/tr>\n<tr>\n<td>Geb\u00e4udezahlen<\/td>\n<td>210 Zwei- bis Vier-Zimmer-Wohnungen auf zwei Hochh\u00e4user verteilt, das \u201eCamillo\u201c mit 21 Etagen, das \u201ePeppone\u201c mit 13 Geschossen. Gesamte Wohn- und Nutzfl\u00e4che 26.500 m\u00b2.<\/td>\n<\/tr>\n<tr>\n<td>Energiekonzept<\/td>\n<td>KfW-Effizienzhaus 55 mit aus Fernw\u00e4rme gespeister Fu\u00dfbodenheizung. Nach der Sanierung CO2-Einsparung von etwa 70 Prozent.<\/td>\n<\/tr>\n<tr>\n<td>Bauorganisation<\/td>\n<td>B&amp;O Bau als ARGE Generalunternehmer<\/td>\n<\/tr>\n<\/tbody>\n<\/table>\n<\/div>\n\n            \n            <div class=\"read-more-content\"><\/div>\n                    <\/div>\n        <\/div>\n\n\n\n<div style=\"height:100px\" aria-hidden=\"true\" class=\"wp-block-spacer\"><\/div>\n\n\n<div id=\"text-and-image-block_bc5457fa830156ab526460747f166c91\"\n     class=\"text-and-image-container force-full-width rtl has-highlighted-text has-vertical-centered-text has_no_animation\">\n\n    <style>\n        #text-and-image-block_bc5457fa830156ab526460747f166c91 {\n            --textAndImageHeight: 550px;\n            --textAndImageBackgroundColor: #ffffff;\n            --textAndImageTextColor: #241d4c;\n        }\n        @media screen and (max-width: 1024px) {\n        #text-and-image-block_bc5457fa830156ab526460747f166c91 {\n            --textAndImageHeight: 300px;\n        }\n        }\n    <\/style>\n\n                <div class=\"image-wrapper cover\">\n                <div class=\"image-outer\">\n                                        <img decoding=\"async\" loading=\"lazy\" alt=\"Sanierung Don Camillo und Peppone in Wolfsburg\" style=\"height: var(--textAndImageHeight);object-position: center center\" sizes=\"(max-width: 1920px) 100vw, 1920px\" srcset=\"https:\/\/buo.de\/bau\/wp-content\/uploads\/sites\/2\/2026\/03\/WEB-2025-09-24-BO-WOLFSBURG-ths-72-96-1920x1280.jpg 1920w, https:\/\/buo.de\/bau\/wp-content\/uploads\/sites\/2\/2026\/03\/WEB-2025-09-24-BO-WOLFSBURG-ths-72-96-300x200.jpg 300w, https:\/\/buo.de\/bau\/wp-content\/uploads\/sites\/2\/2026\/03\/WEB-2025-09-24-BO-WOLFSBURG-ths-72-96-1024x682.jpg 1024w, https:\/\/buo.de\/bau\/wp-content\/uploads\/sites\/2\/2026\/03\/WEB-2025-09-24-BO-WOLFSBURG-ths-72-96-768x512.jpg 768w, https:\/\/buo.de\/bau\/wp-content\/uploads\/sites\/2\/2026\/03\/WEB-2025-09-24-BO-WOLFSBURG-ths-72-96-1536x1024.jpg 1536w, https:\/\/buo.de\/bau\/wp-content\/uploads\/sites\/2\/2026\/03\/WEB-2025-09-24-BO-WOLFSBURG-ths-72-96-1620x1080.jpg 1620w, https:\/\/buo.de\/bau\/wp-content\/uploads\/sites\/2\/2026\/03\/WEB-2025-09-24-BO-WOLFSBURG-ths-72-96-1320x880.jpg 1320w, https:\/\/buo.de\/bau\/wp-content\/uploads\/sites\/2\/2026\/03\/WEB-2025-09-24-BO-WOLFSBURG-ths-72-96.jpg 2000w\" src=\"https:\/\/buo.de\/bau\/wp-content\/uploads\/sites\/2\/2026\/03\/WEB-2025-09-24-BO-WOLFSBURG-ths-72-96-1920x1280.jpg\" class=\"image\">\n                <\/div>\n            <\/div>\n                        <div class=\"text is-highlighted\">\n            <h2 class=\"over-content\"><\/h2>\n            <div class=\"content \"><h3>Komplexe Hochhaussanierung: Statische Ert\u00fcchtigung, hohe Windlasten und moderner Innenausbau<\/h3>\n<p>Als gr\u00f6\u00dfte Herausforderung des Sanierungsprojektes, an dem ein internationales Architektenteam beteiligt war, seien die aufw\u00e4ndigen statischen Ert\u00fcchtigungen genannt, die f\u00fcr die Um- bzw. Anbauarbeiten der Hochhaussanierung notwendig waren. Die hohen Windlasten der Hochh\u00e4user und die m\u00f6glichen Setzungen der sondergefertigten, vorgestellten Balkone mussten in den statischen Berechnungen ber\u00fccksichtigt werden.<\/p>\n<p>So brauchte es, um die Balkont\u00fcrme an die Hochh\u00e4user anstellen zu k\u00f6nnen, eine ausgesprochen tiefe Pfahlgr\u00fcndung. Au\u00dferdem waren Hydraulikpressen n\u00f6tig, um die 156 Tonnen schweren T\u00fcrme nach der Setzung wieder um einige Millimeter in die H\u00f6he hebeln zu k\u00f6nnen.<\/p>\n<p>Auch die externen, extrem schlanken Treppen-T\u00fcrme mussten derart an den Hochh\u00e4usern verankert werden, dass eine leichte Bewegung m\u00f6glich ist, jedoch ohne, dass die Treppenh\u00e4user abrei\u00dfen k\u00f6nnen.<\/p>\n<p>W\u00e4hrend dem umfassenden Innenausbau der 210 Wohneinheiten zu hochmodernen, umweltfreundlichen Wohnungen erst umfangreiche statische Abbrucharbeiten vorangehen mussten, erschwerte zus\u00e4tzlich ein au\u00dfergew\u00f6hnlich niedriger Fu\u00dfbodenaufbau die Verlegung der neuen Fu\u00dfbodenheizung in allen Geschossen.<\/p>\n<p><b>Besonderheiten<\/b><\/p>\n<ul>\n<li data-leveltext=\"\uf0b7\" data-font=\"Symbol\" data-listid=\"4\" data-list-defn-props=\"{&quot;335552541&quot;:1,&quot;335559685&quot;:720,&quot;335559991&quot;:360,&quot;469769226&quot;:&quot;Symbol&quot;,&quot;469769242&quot;:[8226],&quot;469777803&quot;:&quot;left&quot;,&quot;469777804&quot;:&quot;\uf0b7&quot;,&quot;469777815&quot;:&quot;hybridMultilevel&quot;}\" data-aria-posinset=\"1\" data-aria-level=\"1\">Kompletter Leerstand durch Entmietung vor Sanierungsbeginn<\/li>\n<li data-leveltext=\"\uf0b7\" data-font=\"Symbol\" data-listid=\"4\" data-list-defn-props=\"{&quot;335552541&quot;:1,&quot;335559685&quot;:720,&quot;335559991&quot;:360,&quot;469769226&quot;:&quot;Symbol&quot;,&quot;469769242&quot;:[8226],&quot;469777803&quot;:&quot;left&quot;,&quot;469777804&quot;:&quot;\uf0b7&quot;,&quot;469777815&quot;:&quot;hybridMultilevel&quot;}\" data-aria-posinset=\"1\" data-aria-level=\"1\">Garantierter Maximalpreis-Vertrag<\/li>\n<li data-leveltext=\"\uf0b7\" data-font=\"Symbol\" data-listid=\"4\" data-list-defn-props=\"{&quot;335552541&quot;:1,&quot;335559685&quot;:720,&quot;335559991&quot;:360,&quot;469769226&quot;:&quot;Symbol&quot;,&quot;469769242&quot;:[8226],&quot;469777803&quot;:&quot;left&quot;,&quot;469777804&quot;:&quot;\uf0b7&quot;,&quot;469777815&quot;:&quot;hybridMultilevel&quot;}\" data-aria-posinset=\"1\" data-aria-level=\"1\">Statischer Abbruch\u00a0von\u00a0Balkonen\u00a0sowie\u00a0in\u00a0Teilbereichen\u00a0von Stahlbetondecken<\/li>\n<li data-leveltext=\"\uf0b7\" data-font=\"Symbol\" data-listid=\"4\" data-list-defn-props=\"{&quot;335552541&quot;:1,&quot;335559685&quot;:720,&quot;335559991&quot;:360,&quot;469769226&quot;:&quot;Symbol&quot;,&quot;469769242&quot;:[8226],&quot;469777803&quot;:&quot;left&quot;,&quot;469777804&quot;:&quot;\uf0b7&quot;,&quot;469777815&quot;:&quot;hybridMultilevel&quot;}\" data-aria-posinset=\"1\" data-aria-level=\"1\">Neue\u00a0Balkone und Treppenh\u00e4user\u00a0auf Hydraulikpressen\u00a0gestellt, um sie nach Setzung wieder\u00a0millimeterweise\u00a0in die\u00a0H\u00f6he hebeln zu k\u00f6nnen<\/li>\n<li data-leveltext=\"\uf0b7\" data-font=\"Symbol\" data-listid=\"4\" data-list-defn-props=\"{&quot;335552541&quot;:1,&quot;335559685&quot;:720,&quot;335559991&quot;:360,&quot;469769226&quot;:&quot;Symbol&quot;,&quot;469769242&quot;:[8226],&quot;469777803&quot;:&quot;left&quot;,&quot;469777804&quot;:&quot;\uf0b7&quot;,&quot;469777815&quot;:&quot;hybridMultilevel&quot;}\" data-aria-posinset=\"1\" data-aria-level=\"1\">Neue Treppenh\u00e4user\u00a0und Aufzugssch\u00e4chte\u00a0au\u00dfen\u00a0an Geb\u00e4ude\u00a0angebaut<\/li>\n<li data-leveltext=\"\uf0b7\" data-font=\"Symbol\" data-listid=\"4\" data-list-defn-props=\"{&quot;335552541&quot;:1,&quot;335559685&quot;:720,&quot;335559991&quot;:360,&quot;469769226&quot;:&quot;Symbol&quot;,&quot;469769242&quot;:[8226],&quot;469777803&quot;:&quot;left&quot;,&quot;469777804&quot;:&quot;\uf0b7&quot;,&quot;469777815&quot;:&quot;hybridMultilevel&quot;}\" data-aria-posinset=\"1\" data-aria-level=\"1\">ARGE B&amp;O Bau HH und B&amp;O Bau NRW<\/li>\n<li data-leveltext=\"\uf0b7\" data-font=\"Symbol\" data-listid=\"4\" data-list-defn-props=\"{&quot;335552541&quot;:1,&quot;335559685&quot;:720,&quot;335559991&quot;:360,&quot;469769226&quot;:&quot;Symbol&quot;,&quot;469769242&quot;:[8226],&quot;469777803&quot;:&quot;left&quot;,&quot;469777804&quot;:&quot;\uf0b7&quot;,&quot;469777815&quot;:&quot;hybridMultilevel&quot;}\" data-aria-posinset=\"1\" data-aria-level=\"1\">KfW-Effizienzhaus 55 mit aus Fernw\u00e4rme gespeister Fu\u00dfbodenheizung\u00a0in allen Wohnungen<\/li>\n<li data-leveltext=\"\uf0b7\" data-font=\"Symbol\" data-listid=\"4\" data-list-defn-props=\"{&quot;335552541&quot;:1,&quot;335559685&quot;:720,&quot;335559991&quot;:360,&quot;469769226&quot;:&quot;Symbol&quot;,&quot;469769242&quot;:[8226],&quot;469777803&quot;:&quot;left&quot;,&quot;469777804&quot;:&quot;\uf0b7&quot;,&quot;469777815&quot;:&quot;hybridMultilevel&quot;}\" data-aria-posinset=\"1\" data-aria-level=\"1\">CO2-Einsparung von etwa 70 Prozent nach\u00a0\u00f6kologischen\u00a0Sanierungsma\u00dfnahmen<\/li>\n<li data-leveltext=\"\uf0b7\" data-font=\"Symbol\" data-listid=\"4\" data-list-defn-props=\"{&quot;335552541&quot;:1,&quot;335559685&quot;:720,&quot;335559991&quot;:360,&quot;469769226&quot;:&quot;Symbol&quot;,&quot;469769242&quot;:[8226],&quot;469777803&quot;:&quot;left&quot;,&quot;469777804&quot;:&quot;\uf0b7&quot;,&quot;469777815&quot;:&quot;hybridMultilevel&quot;}\" data-aria-posinset=\"1\" data-aria-level=\"1\">Neue\u00a0futuristisch anmutende\u00a0Fassade\u00a0aus Aluminium\u00a0bauseits<\/li>\n<\/ul>\n<\/div>\n\n            \n            <div class=\"read-more-content\"><\/div>\n                    <\/div>\n        <\/div>\n\n\n\n<div style=\"height:100px\" aria-hidden=\"true\" class=\"wp-block-spacer\"><\/div>\n\n\n\n<div id=\"gallery-block_89287002cff03318c9cd71733326ae0d\" class=\"gallery-container responsive-layout has-aspect-ratio aligncenter lightbox-images layout-grid gap-25 columns-4 zoom_in_animation\"\n     data-columns=\"4\"\n     data-gap=\"25\"\n     data-loop=\"disabled\"\n     data-autoplay=\"disabled\"\n     data-transition-delay=\"3000\"\n     data-transition-speed=\"300\"\n     data-transition-type=\"\"\n     data-on-pause=\"disabled\"\n>\n            <div class=\"slider-wrapper\">\n            <div class=\"gallery-wrapper\">\n                <div class=\"slider-container\">\n                    <div class=\"swiper swiper-gallery\">\n                        <div class=\"swiper-wrapper\">\n                                                            <div class=\"swiper-slide responsive-layout-child\"\n                                >\n                                                                            <a data-featherlight=\"#gallery-block_89287002cff03318c9cd71733326ae0d-modal\" data-index=\"0\" class=\"swiper-slide-wrapper\">\n                                            <img decoding=\"async\" loading=\"lazy\" sizes=\"(max-width: 1333px) 100vw, 1333px\" srcset=\"https:\/\/buo.de\/bau\/wp-content\/uploads\/sites\/2\/2026\/03\/WEB-2025-09-24-BO-WOLFSBURG-ths-72-302.jpg 1333w, https:\/\/buo.de\/bau\/wp-content\/uploads\/sites\/2\/2026\/03\/WEB-2025-09-24-BO-WOLFSBURG-ths-72-302-200x300.jpg 200w, https:\/\/buo.de\/bau\/wp-content\/uploads\/sites\/2\/2026\/03\/WEB-2025-09-24-BO-WOLFSBURG-ths-72-302-682x1024.jpg 682w, https:\/\/buo.de\/bau\/wp-content\/uploads\/sites\/2\/2026\/03\/WEB-2025-09-24-BO-WOLFSBURG-ths-72-302-768x1152.jpg 768w, https:\/\/buo.de\/bau\/wp-content\/uploads\/sites\/2\/2026\/03\/WEB-2025-09-24-BO-WOLFSBURG-ths-72-302-1024x1536.jpg 1024w, https:\/\/buo.de\/bau\/wp-content\/uploads\/sites\/2\/2026\/03\/WEB-2025-09-24-BO-WOLFSBURG-ths-72-302-720x1080.jpg 720w, https:\/\/buo.de\/bau\/wp-content\/uploads\/sites\/2\/2026\/03\/WEB-2025-09-24-BO-WOLFSBURG-ths-72-302-1320x1980.jpg 1320w\" src=\"https:\/\/buo.de\/bau\/wp-content\/uploads\/sites\/2\/2026\/03\/WEB-2025-09-24-BO-WOLFSBURG-ths-72-302.jpg\" class=\"slide-image thumbnail \" alt=\"Sanierung Don Camillo und Peppone in Wolfsburg\">\n                                                                                    <\/a>\n                                                                        <\/div>\n                                                                <div class=\"swiper-slide responsive-layout-child\"\n                                >\n                                                                            <a data-featherlight=\"#gallery-block_89287002cff03318c9cd71733326ae0d-modal\" data-index=\"1\" class=\"swiper-slide-wrapper\">\n                                            <img decoding=\"async\" loading=\"lazy\" sizes=\"(max-width: 1920px) 100vw, 1920px\" srcset=\"https:\/\/buo.de\/bau\/wp-content\/uploads\/sites\/2\/2026\/03\/WEB-2025-09-24-BO-WOLFSBURG-ths-72-485-1-1920x1440.jpg 1920w, https:\/\/buo.de\/bau\/wp-content\/uploads\/sites\/2\/2026\/03\/WEB-2025-09-24-BO-WOLFSBURG-ths-72-485-1-300x225.jpg 300w, https:\/\/buo.de\/bau\/wp-content\/uploads\/sites\/2\/2026\/03\/WEB-2025-09-24-BO-WOLFSBURG-ths-72-485-1-1024x768.jpg 1024w, https:\/\/buo.de\/bau\/wp-content\/uploads\/sites\/2\/2026\/03\/WEB-2025-09-24-BO-WOLFSBURG-ths-72-485-1-768x576.jpg 768w, https:\/\/buo.de\/bau\/wp-content\/uploads\/sites\/2\/2026\/03\/WEB-2025-09-24-BO-WOLFSBURG-ths-72-485-1-1536x1152.jpg 1536w, https:\/\/buo.de\/bau\/wp-content\/uploads\/sites\/2\/2026\/03\/WEB-2025-09-24-BO-WOLFSBURG-ths-72-485-1-1440x1080.jpg 1440w, https:\/\/buo.de\/bau\/wp-content\/uploads\/sites\/2\/2026\/03\/WEB-2025-09-24-BO-WOLFSBURG-ths-72-485-1-1320x990.jpg 1320w, https:\/\/buo.de\/bau\/wp-content\/uploads\/sites\/2\/2026\/03\/WEB-2025-09-24-BO-WOLFSBURG-ths-72-485-1.jpg 2000w\" src=\"https:\/\/buo.de\/bau\/wp-content\/uploads\/sites\/2\/2026\/03\/WEB-2025-09-24-BO-WOLFSBURG-ths-72-485-1-1920x1440.jpg\" class=\"slide-image thumbnail \" alt=\"Sanierung Don Camillo und Peppone in Wolfsburg\">\n                                                                                    <\/a>\n                                                                        <\/div>\n                                                                <div class=\"swiper-slide responsive-layout-child\"\n                                >\n                                                                            <a data-featherlight=\"#gallery-block_89287002cff03318c9cd71733326ae0d-modal\" data-index=\"2\" class=\"swiper-slide-wrapper\">\n                                            <img decoding=\"async\" loading=\"lazy\" sizes=\"(max-width: 1920px) 100vw, 1920px\" srcset=\"https:\/\/buo.de\/bau\/wp-content\/uploads\/sites\/2\/2026\/03\/WEB-2025-09-24-BO-WOLFSBURG-ths-72-527-1-1920x1440.jpg 1920w, https:\/\/buo.de\/bau\/wp-content\/uploads\/sites\/2\/2026\/03\/WEB-2025-09-24-BO-WOLFSBURG-ths-72-527-1-300x225.jpg 300w, https:\/\/buo.de\/bau\/wp-content\/uploads\/sites\/2\/2026\/03\/WEB-2025-09-24-BO-WOLFSBURG-ths-72-527-1-1024x768.jpg 1024w, https:\/\/buo.de\/bau\/wp-content\/uploads\/sites\/2\/2026\/03\/WEB-2025-09-24-BO-WOLFSBURG-ths-72-527-1-768x576.jpg 768w, https:\/\/buo.de\/bau\/wp-content\/uploads\/sites\/2\/2026\/03\/WEB-2025-09-24-BO-WOLFSBURG-ths-72-527-1-1536x1152.jpg 1536w, https:\/\/buo.de\/bau\/wp-content\/uploads\/sites\/2\/2026\/03\/WEB-2025-09-24-BO-WOLFSBURG-ths-72-527-1-1440x1080.jpg 1440w, https:\/\/buo.de\/bau\/wp-content\/uploads\/sites\/2\/2026\/03\/WEB-2025-09-24-BO-WOLFSBURG-ths-72-527-1-1320x990.jpg 1320w, https:\/\/buo.de\/bau\/wp-content\/uploads\/sites\/2\/2026\/03\/WEB-2025-09-24-BO-WOLFSBURG-ths-72-527-1.jpg 2000w\" src=\"https:\/\/buo.de\/bau\/wp-content\/uploads\/sites\/2\/2026\/03\/WEB-2025-09-24-BO-WOLFSBURG-ths-72-527-1-1920x1440.jpg\" class=\"slide-image thumbnail \" alt=\"Sanierung Don Camillo und Peppone in Wolfsburg\">\n                                                                                    <\/a>\n                                                                        <\/div>\n                                                                <div class=\"swiper-slide responsive-layout-child\"\n                                >\n                                                                            <a data-featherlight=\"#gallery-block_89287002cff03318c9cd71733326ae0d-modal\" data-index=\"3\" class=\"swiper-slide-wrapper\">\n                                            <img decoding=\"async\" loading=\"lazy\" sizes=\"(max-width: 1333px) 100vw, 1333px\" srcset=\"https:\/\/buo.de\/bau\/wp-content\/uploads\/sites\/2\/2026\/03\/WEB-2025-09-24-BO-WOLFSBURG-ths-72-371-1.jpg 1333w, https:\/\/buo.de\/bau\/wp-content\/uploads\/sites\/2\/2026\/03\/WEB-2025-09-24-BO-WOLFSBURG-ths-72-371-1-200x300.jpg 200w, https:\/\/buo.de\/bau\/wp-content\/uploads\/sites\/2\/2026\/03\/WEB-2025-09-24-BO-WOLFSBURG-ths-72-371-1-682x1024.jpg 682w, https:\/\/buo.de\/bau\/wp-content\/uploads\/sites\/2\/2026\/03\/WEB-2025-09-24-BO-WOLFSBURG-ths-72-371-1-768x1152.jpg 768w, https:\/\/buo.de\/bau\/wp-content\/uploads\/sites\/2\/2026\/03\/WEB-2025-09-24-BO-WOLFSBURG-ths-72-371-1-1024x1536.jpg 1024w, https:\/\/buo.de\/bau\/wp-content\/uploads\/sites\/2\/2026\/03\/WEB-2025-09-24-BO-WOLFSBURG-ths-72-371-1-720x1080.jpg 720w, https:\/\/buo.de\/bau\/wp-content\/uploads\/sites\/2\/2026\/03\/WEB-2025-09-24-BO-WOLFSBURG-ths-72-371-1-1320x1980.jpg 1320w\" src=\"https:\/\/buo.de\/bau\/wp-content\/uploads\/sites\/2\/2026\/03\/WEB-2025-09-24-BO-WOLFSBURG-ths-72-371-1.jpg\" class=\"slide-image thumbnail \" alt=\"Sanierung Don Camillo und Peppone in Wolfsburg\">\n                                                                                    <\/a>\n                                                                        <\/div>\n                                                                <div class=\"swiper-slide responsive-layout-child\"\n                                >\n                                                                            <a data-featherlight=\"#gallery-block_89287002cff03318c9cd71733326ae0d-modal\" data-index=\"4\" class=\"swiper-slide-wrapper\">\n                                            <img decoding=\"async\" loading=\"lazy\" sizes=\"(max-width: 1920px) 100vw, 1920px\" srcset=\"https:\/\/buo.de\/bau\/wp-content\/uploads\/sites\/2\/2026\/03\/WEB-2025-09-24-BO-WOLFSBURG-ths-72-286-1920x1280.jpg 1920w, https:\/\/buo.de\/bau\/wp-content\/uploads\/sites\/2\/2026\/03\/WEB-2025-09-24-BO-WOLFSBURG-ths-72-286-300x200.jpg 300w, https:\/\/buo.de\/bau\/wp-content\/uploads\/sites\/2\/2026\/03\/WEB-2025-09-24-BO-WOLFSBURG-ths-72-286-1024x682.jpg 1024w, https:\/\/buo.de\/bau\/wp-content\/uploads\/sites\/2\/2026\/03\/WEB-2025-09-24-BO-WOLFSBURG-ths-72-286-768x512.jpg 768w, https:\/\/buo.de\/bau\/wp-content\/uploads\/sites\/2\/2026\/03\/WEB-2025-09-24-BO-WOLFSBURG-ths-72-286-1536x1024.jpg 1536w, https:\/\/buo.de\/bau\/wp-content\/uploads\/sites\/2\/2026\/03\/WEB-2025-09-24-BO-WOLFSBURG-ths-72-286-1620x1080.jpg 1620w, https:\/\/buo.de\/bau\/wp-content\/uploads\/sites\/2\/2026\/03\/WEB-2025-09-24-BO-WOLFSBURG-ths-72-286-1320x880.jpg 1320w, https:\/\/buo.de\/bau\/wp-content\/uploads\/sites\/2\/2026\/03\/WEB-2025-09-24-BO-WOLFSBURG-ths-72-286.jpg 2000w\" src=\"https:\/\/buo.de\/bau\/wp-content\/uploads\/sites\/2\/2026\/03\/WEB-2025-09-24-BO-WOLFSBURG-ths-72-286-1920x1280.jpg\" class=\"slide-image thumbnail \" alt=\"Sanierung Don Camillo und Peppone in Wolfsburg\">\n                                                                                    <\/a>\n                                                                        <\/div>\n                                                                <div class=\"swiper-slide responsive-layout-child\"\n                                >\n                                                                            <a data-featherlight=\"#gallery-block_89287002cff03318c9cd71733326ae0d-modal\" data-index=\"5\" class=\"swiper-slide-wrapper\">\n                                            <img decoding=\"async\" loading=\"lazy\" sizes=\"(max-width: 1920px) 100vw, 1920px\" srcset=\"https:\/\/buo.de\/bau\/wp-content\/uploads\/sites\/2\/2026\/03\/WEB-2025-09-24-BO-WOLFSBURG-ths-72-180-1920x1280.jpg 1920w, https:\/\/buo.de\/bau\/wp-content\/uploads\/sites\/2\/2026\/03\/WEB-2025-09-24-BO-WOLFSBURG-ths-72-180-300x200.jpg 300w, https:\/\/buo.de\/bau\/wp-content\/uploads\/sites\/2\/2026\/03\/WEB-2025-09-24-BO-WOLFSBURG-ths-72-180-1024x682.jpg 1024w, https:\/\/buo.de\/bau\/wp-content\/uploads\/sites\/2\/2026\/03\/WEB-2025-09-24-BO-WOLFSBURG-ths-72-180-768x512.jpg 768w, https:\/\/buo.de\/bau\/wp-content\/uploads\/sites\/2\/2026\/03\/WEB-2025-09-24-BO-WOLFSBURG-ths-72-180-1536x1024.jpg 1536w, https:\/\/buo.de\/bau\/wp-content\/uploads\/sites\/2\/2026\/03\/WEB-2025-09-24-BO-WOLFSBURG-ths-72-180-1620x1080.jpg 1620w, https:\/\/buo.de\/bau\/wp-content\/uploads\/sites\/2\/2026\/03\/WEB-2025-09-24-BO-WOLFSBURG-ths-72-180-1320x880.jpg 1320w, https:\/\/buo.de\/bau\/wp-content\/uploads\/sites\/2\/2026\/03\/WEB-2025-09-24-BO-WOLFSBURG-ths-72-180.jpg 2000w\" src=\"https:\/\/buo.de\/bau\/wp-content\/uploads\/sites\/2\/2026\/03\/WEB-2025-09-24-BO-WOLFSBURG-ths-72-180-1920x1280.jpg\" class=\"slide-image thumbnail \" alt=\"Sanierung Don Camillo und Peppone in Wolfsburg\">\n                                                                                    <\/a>\n                                                                        <\/div>\n                                                                <div class=\"swiper-slide responsive-layout-child\"\n                                >\n                                                                            <a data-featherlight=\"#gallery-block_89287002cff03318c9cd71733326ae0d-modal\" data-index=\"6\" class=\"swiper-slide-wrapper\">\n                                            <img decoding=\"async\" loading=\"lazy\" sizes=\"(max-width: 1920px) 100vw, 1920px\" srcset=\"https:\/\/buo.de\/bau\/wp-content\/uploads\/sites\/2\/2026\/03\/WEB-2025-09-24-BO-WOLFSBURG-ths-72-182-1920x1280.jpg 1920w, https:\/\/buo.de\/bau\/wp-content\/uploads\/sites\/2\/2026\/03\/WEB-2025-09-24-BO-WOLFSBURG-ths-72-182-300x200.jpg 300w, https:\/\/buo.de\/bau\/wp-content\/uploads\/sites\/2\/2026\/03\/WEB-2025-09-24-BO-WOLFSBURG-ths-72-182-1024x682.jpg 1024w, https:\/\/buo.de\/bau\/wp-content\/uploads\/sites\/2\/2026\/03\/WEB-2025-09-24-BO-WOLFSBURG-ths-72-182-768x512.jpg 768w, https:\/\/buo.de\/bau\/wp-content\/uploads\/sites\/2\/2026\/03\/WEB-2025-09-24-BO-WOLFSBURG-ths-72-182-1536x1024.jpg 1536w, https:\/\/buo.de\/bau\/wp-content\/uploads\/sites\/2\/2026\/03\/WEB-2025-09-24-BO-WOLFSBURG-ths-72-182-1620x1080.jpg 1620w, https:\/\/buo.de\/bau\/wp-content\/uploads\/sites\/2\/2026\/03\/WEB-2025-09-24-BO-WOLFSBURG-ths-72-182-1320x880.jpg 1320w, https:\/\/buo.de\/bau\/wp-content\/uploads\/sites\/2\/2026\/03\/WEB-2025-09-24-BO-WOLFSBURG-ths-72-182.jpg 2000w\" src=\"https:\/\/buo.de\/bau\/wp-content\/uploads\/sites\/2\/2026\/03\/WEB-2025-09-24-BO-WOLFSBURG-ths-72-182-1920x1280.jpg\" class=\"slide-image thumbnail \" alt=\"Sanierung Don Camillo und Peppone in Wolfsburg\">\n                                                                                    <\/a>\n                                                                        <\/div>\n                                                                <div class=\"swiper-slide responsive-layout-child\"\n                                >\n                                                                            <a data-featherlight=\"#gallery-block_89287002cff03318c9cd71733326ae0d-modal\" data-index=\"7\" class=\"swiper-slide-wrapper\">\n                                            <img decoding=\"async\" loading=\"lazy\" sizes=\"(max-width: 1920px) 100vw, 1920px\" srcset=\"https:\/\/buo.de\/bau\/wp-content\/uploads\/sites\/2\/2026\/03\/WEB-2025-09-24-BO-WOLFSBURG-ths-72-79-1920x1280.jpg 1920w, https:\/\/buo.de\/bau\/wp-content\/uploads\/sites\/2\/2026\/03\/WEB-2025-09-24-BO-WOLFSBURG-ths-72-79-300x200.jpg 300w, https:\/\/buo.de\/bau\/wp-content\/uploads\/sites\/2\/2026\/03\/WEB-2025-09-24-BO-WOLFSBURG-ths-72-79-1024x682.jpg 1024w, https:\/\/buo.de\/bau\/wp-content\/uploads\/sites\/2\/2026\/03\/WEB-2025-09-24-BO-WOLFSBURG-ths-72-79-768x512.jpg 768w, https:\/\/buo.de\/bau\/wp-content\/uploads\/sites\/2\/2026\/03\/WEB-2025-09-24-BO-WOLFSBURG-ths-72-79-1536x1024.jpg 1536w, https:\/\/buo.de\/bau\/wp-content\/uploads\/sites\/2\/2026\/03\/WEB-2025-09-24-BO-WOLFSBURG-ths-72-79-1620x1080.jpg 1620w, https:\/\/buo.de\/bau\/wp-content\/uploads\/sites\/2\/2026\/03\/WEB-2025-09-24-BO-WOLFSBURG-ths-72-79-1320x880.jpg 1320w, https:\/\/buo.de\/bau\/wp-content\/uploads\/sites\/2\/2026\/03\/WEB-2025-09-24-BO-WOLFSBURG-ths-72-79.jpg 2000w\" src=\"https:\/\/buo.de\/bau\/wp-content\/uploads\/sites\/2\/2026\/03\/WEB-2025-09-24-BO-WOLFSBURG-ths-72-79-1920x1280.jpg\" class=\"slide-image thumbnail \" alt=\"Sanierung Don Camillo und Peppone in Wolfsburg\">\n                                                                                    <\/a>\n                                                                        <\/div>\n                                                        <\/div>\n                    <\/div>\n                    <div class=\"swiper-button-next gallery-next\"><\/div>\n                    <div class=\"swiper-button-prev gallery-prev\"><\/div>\n                <\/div>\n            <\/div>\n        <\/div>\n                <div id=\"gallery-block_89287002cff03318c9cd71733326ae0d-modal\" class=\"modal-window gallery-modal\">\n            <div class=\"modal-wrapper\">\n                <div class=\"swiper swiper-modal \">\n                    <div class=\"swiper-wrapper\">\n                                                    <div class=\"swiper-slide caption-hidden\">\n                                <a class=\"swiper-slide-wrapper\" title=\"\">\n                                    <img decoding=\"async\" loading=\"lazy\" sizes=\"(max-width: 1333px) 100vw, 1333px\" srcset=\"https:\/\/buo.de\/bau\/wp-content\/uploads\/sites\/2\/2026\/03\/WEB-2025-09-24-BO-WOLFSBURG-ths-72-302.jpg 1333w, https:\/\/buo.de\/bau\/wp-content\/uploads\/sites\/2\/2026\/03\/WEB-2025-09-24-BO-WOLFSBURG-ths-72-302-200x300.jpg 200w, https:\/\/buo.de\/bau\/wp-content\/uploads\/sites\/2\/2026\/03\/WEB-2025-09-24-BO-WOLFSBURG-ths-72-302-682x1024.jpg 682w, https:\/\/buo.de\/bau\/wp-content\/uploads\/sites\/2\/2026\/03\/WEB-2025-09-24-BO-WOLFSBURG-ths-72-302-768x1152.jpg 768w, https:\/\/buo.de\/bau\/wp-content\/uploads\/sites\/2\/2026\/03\/WEB-2025-09-24-BO-WOLFSBURG-ths-72-302-1024x1536.jpg 1024w, https:\/\/buo.de\/bau\/wp-content\/uploads\/sites\/2\/2026\/03\/WEB-2025-09-24-BO-WOLFSBURG-ths-72-302-720x1080.jpg 720w, https:\/\/buo.de\/bau\/wp-content\/uploads\/sites\/2\/2026\/03\/WEB-2025-09-24-BO-WOLFSBURG-ths-72-302-1320x1980.jpg 1320w\" src=\"https:\/\/buo.de\/bau\/wp-content\/uploads\/sites\/2\/2026\/03\/WEB-2025-09-24-BO-WOLFSBURG-ths-72-302.jpg\" class=\"slide-image\" alt=\"Sanierung Don Camillo und Peppone in Wolfsburg\">\n                                                                        <button class=\"featherlight-close-icon featherlight-close\" aria-label=\"Close\">\u2715<\/button>\n                                    <div class=\"swiper-button-next modal-next\"><\/div>\n                                    <div class=\"swiper-button-prev modal-prev\"><\/div>\n                                    <div class=\"figcaption\"><\/div>\n                                <\/a>\n                            <\/div>\n                                                        <div class=\"swiper-slide caption-hidden\">\n                                <a class=\"swiper-slide-wrapper\" title=\"\">\n                                    <img decoding=\"async\" loading=\"lazy\" sizes=\"(max-width: 1920px) 100vw, 1920px\" srcset=\"https:\/\/buo.de\/bau\/wp-content\/uploads\/sites\/2\/2026\/03\/WEB-2025-09-24-BO-WOLFSBURG-ths-72-485-1-1920x1440.jpg 1920w, https:\/\/buo.de\/bau\/wp-content\/uploads\/sites\/2\/2026\/03\/WEB-2025-09-24-BO-WOLFSBURG-ths-72-485-1-300x225.jpg 300w, https:\/\/buo.de\/bau\/wp-content\/uploads\/sites\/2\/2026\/03\/WEB-2025-09-24-BO-WOLFSBURG-ths-72-485-1-1024x768.jpg 1024w, https:\/\/buo.de\/bau\/wp-content\/uploads\/sites\/2\/2026\/03\/WEB-2025-09-24-BO-WOLFSBURG-ths-72-485-1-768x576.jpg 768w, https:\/\/buo.de\/bau\/wp-content\/uploads\/sites\/2\/2026\/03\/WEB-2025-09-24-BO-WOLFSBURG-ths-72-485-1-1536x1152.jpg 1536w, https:\/\/buo.de\/bau\/wp-content\/uploads\/sites\/2\/2026\/03\/WEB-2025-09-24-BO-WOLFSBURG-ths-72-485-1-1440x1080.jpg 1440w, https:\/\/buo.de\/bau\/wp-content\/uploads\/sites\/2\/2026\/03\/WEB-2025-09-24-BO-WOLFSBURG-ths-72-485-1-1320x990.jpg 1320w, https:\/\/buo.de\/bau\/wp-content\/uploads\/sites\/2\/2026\/03\/WEB-2025-09-24-BO-WOLFSBURG-ths-72-485-1.jpg 2000w\" src=\"https:\/\/buo.de\/bau\/wp-content\/uploads\/sites\/2\/2026\/03\/WEB-2025-09-24-BO-WOLFSBURG-ths-72-485-1-1920x1440.jpg\" class=\"slide-image\" alt=\"Sanierung Don Camillo und Peppone in Wolfsburg\">\n                                                                        <button class=\"featherlight-close-icon featherlight-close\" aria-label=\"Close\">\u2715<\/button>\n                                    <div class=\"swiper-button-next modal-next\"><\/div>\n                                    <div class=\"swiper-button-prev modal-prev\"><\/div>\n                                    <div class=\"figcaption\"><\/div>\n                                <\/a>\n                            <\/div>\n                                                        <div class=\"swiper-slide caption-hidden\">\n                                <a class=\"swiper-slide-wrapper\" title=\"\">\n                                    <img decoding=\"async\" loading=\"lazy\" sizes=\"(max-width: 1920px) 100vw, 1920px\" srcset=\"https:\/\/buo.de\/bau\/wp-content\/uploads\/sites\/2\/2026\/03\/WEB-2025-09-24-BO-WOLFSBURG-ths-72-527-1-1920x1440.jpg 1920w, https:\/\/buo.de\/bau\/wp-content\/uploads\/sites\/2\/2026\/03\/WEB-2025-09-24-BO-WOLFSBURG-ths-72-527-1-300x225.jpg 300w, https:\/\/buo.de\/bau\/wp-content\/uploads\/sites\/2\/2026\/03\/WEB-2025-09-24-BO-WOLFSBURG-ths-72-527-1-1024x768.jpg 1024w, https:\/\/buo.de\/bau\/wp-content\/uploads\/sites\/2\/2026\/03\/WEB-2025-09-24-BO-WOLFSBURG-ths-72-527-1-768x576.jpg 768w, https:\/\/buo.de\/bau\/wp-content\/uploads\/sites\/2\/2026\/03\/WEB-2025-09-24-BO-WOLFSBURG-ths-72-527-1-1536x1152.jpg 1536w, https:\/\/buo.de\/bau\/wp-content\/uploads\/sites\/2\/2026\/03\/WEB-2025-09-24-BO-WOLFSBURG-ths-72-527-1-1440x1080.jpg 1440w, https:\/\/buo.de\/bau\/wp-content\/uploads\/sites\/2\/2026\/03\/WEB-2025-09-24-BO-WOLFSBURG-ths-72-527-1-1320x990.jpg 1320w, https:\/\/buo.de\/bau\/wp-content\/uploads\/sites\/2\/2026\/03\/WEB-2025-09-24-BO-WOLFSBURG-ths-72-527-1.jpg 2000w\" src=\"https:\/\/buo.de\/bau\/wp-content\/uploads\/sites\/2\/2026\/03\/WEB-2025-09-24-BO-WOLFSBURG-ths-72-527-1-1920x1440.jpg\" class=\"slide-image\" alt=\"Sanierung Don Camillo und Peppone in Wolfsburg\">\n                                                                        <button class=\"featherlight-close-icon featherlight-close\" aria-label=\"Close\">\u2715<\/button>\n                                    <div class=\"swiper-button-next modal-next\"><\/div>\n                                    <div class=\"swiper-button-prev modal-prev\"><\/div>\n                                    <div class=\"figcaption\"><\/div>\n                                <\/a>\n                            <\/div>\n                                                        <div class=\"swiper-slide caption-hidden\">\n                                <a class=\"swiper-slide-wrapper\" title=\"\">\n                                    <img decoding=\"async\" loading=\"lazy\" sizes=\"(max-width: 1333px) 100vw, 1333px\" srcset=\"https:\/\/buo.de\/bau\/wp-content\/uploads\/sites\/2\/2026\/03\/WEB-2025-09-24-BO-WOLFSBURG-ths-72-371-1.jpg 1333w, https:\/\/buo.de\/bau\/wp-content\/uploads\/sites\/2\/2026\/03\/WEB-2025-09-24-BO-WOLFSBURG-ths-72-371-1-200x300.jpg 200w, https:\/\/buo.de\/bau\/wp-content\/uploads\/sites\/2\/2026\/03\/WEB-2025-09-24-BO-WOLFSBURG-ths-72-371-1-682x1024.jpg 682w, https:\/\/buo.de\/bau\/wp-content\/uploads\/sites\/2\/2026\/03\/WEB-2025-09-24-BO-WOLFSBURG-ths-72-371-1-768x1152.jpg 768w, https:\/\/buo.de\/bau\/wp-content\/uploads\/sites\/2\/2026\/03\/WEB-2025-09-24-BO-WOLFSBURG-ths-72-371-1-1024x1536.jpg 1024w, https:\/\/buo.de\/bau\/wp-content\/uploads\/sites\/2\/2026\/03\/WEB-2025-09-24-BO-WOLFSBURG-ths-72-371-1-720x1080.jpg 720w, https:\/\/buo.de\/bau\/wp-content\/uploads\/sites\/2\/2026\/03\/WEB-2025-09-24-BO-WOLFSBURG-ths-72-371-1-1320x1980.jpg 1320w\" src=\"https:\/\/buo.de\/bau\/wp-content\/uploads\/sites\/2\/2026\/03\/WEB-2025-09-24-BO-WOLFSBURG-ths-72-371-1.jpg\" class=\"slide-image\" alt=\"Sanierung Don Camillo und Peppone in Wolfsburg\">\n                                                                        <button class=\"featherlight-close-icon featherlight-close\" aria-label=\"Close\">\u2715<\/button>\n                                    <div class=\"swiper-button-next modal-next\"><\/div>\n                                    <div class=\"swiper-button-prev modal-prev\"><\/div>\n                                    <div class=\"figcaption\"><\/div>\n                                <\/a>\n                            <\/div>\n                                                        <div class=\"swiper-slide caption-hidden\">\n                                <a class=\"swiper-slide-wrapper\" title=\"\">\n                                    <img decoding=\"async\" loading=\"lazy\" sizes=\"(max-width: 1920px) 100vw, 1920px\" srcset=\"https:\/\/buo.de\/bau\/wp-content\/uploads\/sites\/2\/2026\/03\/WEB-2025-09-24-BO-WOLFSBURG-ths-72-286-1920x1280.jpg 1920w, https:\/\/buo.de\/bau\/wp-content\/uploads\/sites\/2\/2026\/03\/WEB-2025-09-24-BO-WOLFSBURG-ths-72-286-300x200.jpg 300w, https:\/\/buo.de\/bau\/wp-content\/uploads\/sites\/2\/2026\/03\/WEB-2025-09-24-BO-WOLFSBURG-ths-72-286-1024x682.jpg 1024w, https:\/\/buo.de\/bau\/wp-content\/uploads\/sites\/2\/2026\/03\/WEB-2025-09-24-BO-WOLFSBURG-ths-72-286-768x512.jpg 768w, https:\/\/buo.de\/bau\/wp-content\/uploads\/sites\/2\/2026\/03\/WEB-2025-09-24-BO-WOLFSBURG-ths-72-286-1536x1024.jpg 1536w, https:\/\/buo.de\/bau\/wp-content\/uploads\/sites\/2\/2026\/03\/WEB-2025-09-24-BO-WOLFSBURG-ths-72-286-1620x1080.jpg 1620w, https:\/\/buo.de\/bau\/wp-content\/uploads\/sites\/2\/2026\/03\/WEB-2025-09-24-BO-WOLFSBURG-ths-72-286-1320x880.jpg 1320w, https:\/\/buo.de\/bau\/wp-content\/uploads\/sites\/2\/2026\/03\/WEB-2025-09-24-BO-WOLFSBURG-ths-72-286.jpg 2000w\" src=\"https:\/\/buo.de\/bau\/wp-content\/uploads\/sites\/2\/2026\/03\/WEB-2025-09-24-BO-WOLFSBURG-ths-72-286-1920x1280.jpg\" class=\"slide-image\" alt=\"Sanierung Don Camillo und Peppone in Wolfsburg\">\n                                                                        <button class=\"featherlight-close-icon featherlight-close\" aria-label=\"Close\">\u2715<\/button>\n                                    <div class=\"swiper-button-next modal-next\"><\/div>\n                                    <div class=\"swiper-button-prev modal-prev\"><\/div>\n                                    <div class=\"figcaption\"><\/div>\n                                <\/a>\n                            <\/div>\n                                                        <div class=\"swiper-slide caption-hidden\">\n                                <a class=\"swiper-slide-wrapper\" title=\"\">\n                                    <img decoding=\"async\" loading=\"lazy\" sizes=\"(max-width: 1920px) 100vw, 1920px\" srcset=\"https:\/\/buo.de\/bau\/wp-content\/uploads\/sites\/2\/2026\/03\/WEB-2025-09-24-BO-WOLFSBURG-ths-72-180-1920x1280.jpg 1920w, https:\/\/buo.de\/bau\/wp-content\/uploads\/sites\/2\/2026\/03\/WEB-2025-09-24-BO-WOLFSBURG-ths-72-180-300x200.jpg 300w, https:\/\/buo.de\/bau\/wp-content\/uploads\/sites\/2\/2026\/03\/WEB-2025-09-24-BO-WOLFSBURG-ths-72-180-1024x682.jpg 1024w, https:\/\/buo.de\/bau\/wp-content\/uploads\/sites\/2\/2026\/03\/WEB-2025-09-24-BO-WOLFSBURG-ths-72-180-768x512.jpg 768w, https:\/\/buo.de\/bau\/wp-content\/uploads\/sites\/2\/2026\/03\/WEB-2025-09-24-BO-WOLFSBURG-ths-72-180-1536x1024.jpg 1536w, https:\/\/buo.de\/bau\/wp-content\/uploads\/sites\/2\/2026\/03\/WEB-2025-09-24-BO-WOLFSBURG-ths-72-180-1620x1080.jpg 1620w, https:\/\/buo.de\/bau\/wp-content\/uploads\/sites\/2\/2026\/03\/WEB-2025-09-24-BO-WOLFSBURG-ths-72-180-1320x880.jpg 1320w, https:\/\/buo.de\/bau\/wp-content\/uploads\/sites\/2\/2026\/03\/WEB-2025-09-24-BO-WOLFSBURG-ths-72-180.jpg 2000w\" src=\"https:\/\/buo.de\/bau\/wp-content\/uploads\/sites\/2\/2026\/03\/WEB-2025-09-24-BO-WOLFSBURG-ths-72-180-1920x1280.jpg\" class=\"slide-image\" alt=\"Sanierung Don Camillo und Peppone in Wolfsburg\">\n                                                                        <button class=\"featherlight-close-icon featherlight-close\" aria-label=\"Close\">\u2715<\/button>\n                                    <div class=\"swiper-button-next modal-next\"><\/div>\n                                    <div class=\"swiper-button-prev modal-prev\"><\/div>\n                                    <div class=\"figcaption\"><\/div>\n                                <\/a>\n                            <\/div>\n                                                        <div class=\"swiper-slide caption-hidden\">\n                                <a class=\"swiper-slide-wrapper\" title=\"\">\n                                    <img decoding=\"async\" loading=\"lazy\" sizes=\"(max-width: 1920px) 100vw, 1920px\" srcset=\"https:\/\/buo.de\/bau\/wp-content\/uploads\/sites\/2\/2026\/03\/WEB-2025-09-24-BO-WOLFSBURG-ths-72-182-1920x1280.jpg 1920w, https:\/\/buo.de\/bau\/wp-content\/uploads\/sites\/2\/2026\/03\/WEB-2025-09-24-BO-WOLFSBURG-ths-72-182-300x200.jpg 300w, https:\/\/buo.de\/bau\/wp-content\/uploads\/sites\/2\/2026\/03\/WEB-2025-09-24-BO-WOLFSBURG-ths-72-182-1024x682.jpg 1024w, https:\/\/buo.de\/bau\/wp-content\/uploads\/sites\/2\/2026\/03\/WEB-2025-09-24-BO-WOLFSBURG-ths-72-182-768x512.jpg 768w, https:\/\/buo.de\/bau\/wp-content\/uploads\/sites\/2\/2026\/03\/WEB-2025-09-24-BO-WOLFSBURG-ths-72-182-1536x1024.jpg 1536w, https:\/\/buo.de\/bau\/wp-content\/uploads\/sites\/2\/2026\/03\/WEB-2025-09-24-BO-WOLFSBURG-ths-72-182-1620x1080.jpg 1620w, https:\/\/buo.de\/bau\/wp-content\/uploads\/sites\/2\/2026\/03\/WEB-2025-09-24-BO-WOLFSBURG-ths-72-182-1320x880.jpg 1320w, https:\/\/buo.de\/bau\/wp-content\/uploads\/sites\/2\/2026\/03\/WEB-2025-09-24-BO-WOLFSBURG-ths-72-182.jpg 2000w\" src=\"https:\/\/buo.de\/bau\/wp-content\/uploads\/sites\/2\/2026\/03\/WEB-2025-09-24-BO-WOLFSBURG-ths-72-182-1920x1280.jpg\" class=\"slide-image\" alt=\"Sanierung Don Camillo und Peppone in Wolfsburg\">\n                                                                        <button class=\"featherlight-close-icon featherlight-close\" aria-label=\"Close\">\u2715<\/button>\n                                    <div class=\"swiper-button-next modal-next\"><\/div>\n                                    <div class=\"swiper-button-prev modal-prev\"><\/div>\n                                    <div class=\"figcaption\"><\/div>\n                                <\/a>\n                            <\/div>\n                                                        <div class=\"swiper-slide caption-hidden\">\n                                <a class=\"swiper-slide-wrapper\" title=\"\">\n                                    <img decoding=\"async\" loading=\"lazy\" sizes=\"(max-width: 1920px) 100vw, 1920px\" srcset=\"https:\/\/buo.de\/bau\/wp-content\/uploads\/sites\/2\/2026\/03\/WEB-2025-09-24-BO-WOLFSBURG-ths-72-79-1920x1280.jpg 1920w, https:\/\/buo.de\/bau\/wp-content\/uploads\/sites\/2\/2026\/03\/WEB-2025-09-24-BO-WOLFSBURG-ths-72-79-300x200.jpg 300w, https:\/\/buo.de\/bau\/wp-content\/uploads\/sites\/2\/2026\/03\/WEB-2025-09-24-BO-WOLFSBURG-ths-72-79-1024x682.jpg 1024w, https:\/\/buo.de\/bau\/wp-content\/uploads\/sites\/2\/2026\/03\/WEB-2025-09-24-BO-WOLFSBURG-ths-72-79-768x512.jpg 768w, https:\/\/buo.de\/bau\/wp-content\/uploads\/sites\/2\/2026\/03\/WEB-2025-09-24-BO-WOLFSBURG-ths-72-79-1536x1024.jpg 1536w, https:\/\/buo.de\/bau\/wp-content\/uploads\/sites\/2\/2026\/03\/WEB-2025-09-24-BO-WOLFSBURG-ths-72-79-1620x1080.jpg 1620w, https:\/\/buo.de\/bau\/wp-content\/uploads\/sites\/2\/2026\/03\/WEB-2025-09-24-BO-WOLFSBURG-ths-72-79-1320x880.jpg 1320w, https:\/\/buo.de\/bau\/wp-content\/uploads\/sites\/2\/2026\/03\/WEB-2025-09-24-BO-WOLFSBURG-ths-72-79.jpg 2000w\" src=\"https:\/\/buo.de\/bau\/wp-content\/uploads\/sites\/2\/2026\/03\/WEB-2025-09-24-BO-WOLFSBURG-ths-72-79-1920x1280.jpg\" class=\"slide-image\" alt=\"Sanierung Don Camillo und Peppone in Wolfsburg\">\n                                                                        <button class=\"featherlight-close-icon featherlight-close\" aria-label=\"Close\">\u2715<\/button>\n                                    <div class=\"swiper-button-next modal-next\"><\/div>\n                                    <div class=\"swiper-button-prev modal-prev\"><\/div>\n                                    <div class=\"figcaption\"><\/div>\n                                <\/a>\n                            <\/div>\n                                                <\/div>\n                <\/div>\n            <\/div>\n        <\/div>\n        <\/div>\n\n\n\n<div style=\"height:100px\" aria-hidden=\"true\" class=\"wp-block-spacer\"><\/div>\n\n\n\n<div class=\"wp-block-buttons is-content-justification-right is-layout-flex wp-container-core-buttons-is-layout-765c4724 wp-block-buttons-is-layout-flex\">\n<div class=\"wp-block-button\"><a class=\"wp-block-button__link wp-element-button\" href=\"https:\/\/buo.de\/bau\/referenzen\/\">Weitere Referenzen<\/a><\/div>\n<\/div>\n","protected":false},"excerpt":{"rendered":"<p>Im Auftrag der Neuland Wohnungsgesellschaft stemmt B&#038;O Bau ein Mammut-Sanierungsprojekt in Wolfsburg-Detmerode, das branchenintern, aber auch in den Medien viel Aufmerksamkeit erregt hat. Zwei in die Jahre gekommene Hochh\u00e4user aus den 1960er Jahren \u2013 auch als \u201eDon Camillo und Peppone\u201c bekannt \u2013 mit 13, bzw. 21 Etagen bedurften eines statisch \u00e4u\u00dferst anspruchsvollen sowie \u00f6kologisch aufw\u00e4ndigen Umbaus, bzw. der Sanierung von Wohnungen, Fluren sowie Fassaden. B&#038;O Bau brachte au\u00dferdem Stahlbetonbalkone sowie au\u00dfen liegende Treppenh\u00e4user mit Aufzug an die emblematischen Wohnt\u00fcrme an. <\/p>\n","protected":false},"featured_media":62460,"template":"","kategorien":[8],"company":[],"class_list":["post-62450","projekte","type-projekte","status-publish","has-post-thumbnail","hentry","kategorien-strangsanierung"],"acf":[],"yoast_head":"<!-- This site is optimized with the Yoast SEO plugin v27.1.1 - https:\/\/yoast.com\/product\/yoast-seo-wordpress\/ -->\n<title>Mammut-Sanierung\u00a0Don Camillo und Peppone\u00a0in Wolfsburg\u00a0 - B&amp;O Bau<\/title>\n<meta name=\"description\" content=\"Sanierung der Hochhauswohnanlage \u201eDon Camillo und Peppone\u201c in Wolfsburg\" \/>\n<meta name=\"robots\" content=\"index, follow, max-snippet:-1, max-image-preview:large, max-video-preview:-1\" \/>\n<link rel=\"canonical\" href=\"https:\/\/buo.de\/bau\/referenzen\/sanierung-don-camillo-und-peppone-wolfsburg\/\" \/>\n<meta property=\"og:locale\" content=\"de_DE\" \/>\n<meta property=\"og:type\" content=\"article\" \/>\n<meta property=\"og:title\" content=\"Mammut-Sanierung\u00a0Don Camillo und Peppone\u00a0in Wolfsburg\u00a0 - B&amp;O Bau\" \/>\n<meta property=\"og:description\" content=\"Sanierung der Hochhauswohnanlage \u201eDon Camillo und Peppone\u201c in Wolfsburg\" \/>\n<meta property=\"og:url\" content=\"https:\/\/buo.de\/bau\/referenzen\/sanierung-don-camillo-und-peppone-wolfsburg\/\" \/>\n<meta property=\"og:site_name\" content=\"B&amp;O Bau\" \/>\n<meta property=\"article:publisher\" content=\"https:\/\/www.youtube.com\/@BuOBau\" \/>\n<meta property=\"article:modified_time\" content=\"2026-03-09T11:20:32+00:00\" \/>\n<meta property=\"og:image\" content=\"https:\/\/buo.de\/bau\/wp-content\/uploads\/sites\/2\/2026\/03\/WEB-2025-09-24-BO-WOLFSBURG-ths-72-133-2.jpg\" \/>\n\t<meta property=\"og:image:width\" content=\"2000\" \/>\n\t<meta property=\"og:image:height\" content=\"1333\" \/>\n\t<meta property=\"og:image:type\" content=\"image\/jpeg\" \/>\n<meta name=\"twitter:card\" content=\"summary_large_image\" \/>\n<meta name=\"twitter:label1\" content=\"Gesch\u00e4tzte Lesezeit\" \/>\n\t<meta name=\"twitter:data1\" content=\"1\u00a0Minute\" \/>\n<script type=\"application\/ld+json\" class=\"yoast-schema-graph\">{\"@context\":\"https:\/\/schema.org\",\"@graph\":[{\"@type\":\"WebPage\",\"@id\":\"https:\/\/buo.de\/bau\/referenzen\/sanierung-don-camillo-und-peppone-wolfsburg\/\",\"url\":\"https:\/\/buo.de\/bau\/referenzen\/sanierung-don-camillo-und-peppone-wolfsburg\/\",\"name\":\"Mammut-Sanierung\u00a0Don Camillo und Peppone\u00a0in Wolfsburg\u00a0 - B&O Bau\",\"isPartOf\":{\"@id\":\"https:\/\/buo.de\/bau\/#website\"},\"primaryImageOfPage\":{\"@id\":\"https:\/\/buo.de\/bau\/referenzen\/sanierung-don-camillo-und-peppone-wolfsburg\/#primaryimage\"},\"image\":{\"@id\":\"https:\/\/buo.de\/bau\/referenzen\/sanierung-don-camillo-und-peppone-wolfsburg\/#primaryimage\"},\"thumbnailUrl\":\"https:\/\/buo.de\/bau\/wp-content\/uploads\/sites\/2\/2026\/03\/WEB-2025-09-24-BO-WOLFSBURG-ths-72-133-2.jpg\",\"datePublished\":\"2026-03-09T11:17:31+00:00\",\"dateModified\":\"2026-03-09T11:20:32+00:00\",\"description\":\"Sanierung der Hochhauswohnanlage \u201eDon Camillo und Peppone\u201c in Wolfsburg\",\"breadcrumb\":{\"@id\":\"https:\/\/buo.de\/bau\/referenzen\/sanierung-don-camillo-und-peppone-wolfsburg\/#breadcrumb\"},\"inLanguage\":\"de\",\"potentialAction\":[{\"@type\":\"ReadAction\",\"target\":[\"https:\/\/buo.de\/bau\/referenzen\/sanierung-don-camillo-und-peppone-wolfsburg\/\"]}]},{\"@type\":\"ImageObject\",\"inLanguage\":\"de\",\"@id\":\"https:\/\/buo.de\/bau\/referenzen\/sanierung-don-camillo-und-peppone-wolfsburg\/#primaryimage\",\"url\":\"https:\/\/buo.de\/bau\/wp-content\/uploads\/sites\/2\/2026\/03\/WEB-2025-09-24-BO-WOLFSBURG-ths-72-133-2.jpg\",\"contentUrl\":\"https:\/\/buo.de\/bau\/wp-content\/uploads\/sites\/2\/2026\/03\/WEB-2025-09-24-BO-WOLFSBURG-ths-72-133-2.jpg\",\"width\":2000,\"height\":1333,\"caption\":\"Sanierung Don Camillo und Peppone in Wolfsburg\"},{\"@type\":\"BreadcrumbList\",\"@id\":\"https:\/\/buo.de\/bau\/referenzen\/sanierung-don-camillo-und-peppone-wolfsburg\/#breadcrumb\",\"itemListElement\":[{\"@type\":\"ListItem\",\"position\":1,\"name\":\"Start\",\"item\":\"https:\/\/buo.de\/bau\/\"},{\"@type\":\"ListItem\",\"position\":2,\"name\":\"Mammut-Sanierung\u00a0Don Camillo und Peppone\u00a0in Wolfsburg\u00a0\"}]},{\"@type\":\"WebSite\",\"@id\":\"https:\/\/buo.de\/bau\/#website\",\"url\":\"https:\/\/buo.de\/bau\/\",\"name\":\"B&O Bau\",\"description\":\"Das Pilotprojekt\u202fumfasst eine dreigeschossige Nachverdichtung ohne Fl\u00e4chenversiegelung, gepaart mit einer f\u00fcnfgeschossigen seriellen Fassadensanierung im bewohnten Zustand.\u00a0\",\"publisher\":{\"@id\":\"https:\/\/buo.de\/bau\/#organization\"},\"potentialAction\":[{\"@type\":\"SearchAction\",\"target\":{\"@type\":\"EntryPoint\",\"urlTemplate\":\"https:\/\/buo.de\/bau\/?s={search_term_string}\"},\"query-input\":{\"@type\":\"PropertyValueSpecification\",\"valueRequired\":true,\"valueName\":\"search_term_string\"}}],\"inLanguage\":\"de\"},{\"@type\":\"Organization\",\"@id\":\"https:\/\/buo.de\/bau\/#organization\",\"name\":\"B&O Bau GmbH\",\"url\":\"https:\/\/buo.de\/bau\/\",\"logo\":{\"@type\":\"ImageObject\",\"inLanguage\":\"de\",\"@id\":\"https:\/\/buo.de\/bau\/#\/schema\/logo\/image\/\",\"url\":\"https:\/\/buo.de\/bau\/wp-content\/uploads\/sites\/2\/2026\/03\/Logo_BO_Bau_RGB-1.png\",\"contentUrl\":\"https:\/\/buo.de\/bau\/wp-content\/uploads\/sites\/2\/2026\/03\/Logo_BO_Bau_RGB-1.png\",\"width\":1095,\"height\":827,\"caption\":\"B&O Bau GmbH\"},\"image\":{\"@id\":\"https:\/\/buo.de\/bau\/#\/schema\/logo\/image\/\"},\"sameAs\":[\"https:\/\/www.youtube.com\/@BuOBau\",\"https:\/\/www.linkedin.com\/company\/18550887\/\"]}]}<\/script>\n<!-- \/ Yoast SEO plugin. -->","yoast_head_json":{"title":"Mammut-Sanierung\u00a0Don Camillo und Peppone\u00a0in Wolfsburg\u00a0 - B&O Bau","description":"Sanierung der Hochhauswohnanlage \u201eDon Camillo und Peppone\u201c in Wolfsburg","robots":{"index":"index","follow":"follow","max-snippet":"max-snippet:-1","max-image-preview":"max-image-preview:large","max-video-preview":"max-video-preview:-1"},"canonical":"https:\/\/buo.de\/bau\/referenzen\/sanierung-don-camillo-und-peppone-wolfsburg\/","og_locale":"de_DE","og_type":"article","og_title":"Mammut-Sanierung\u00a0Don Camillo und Peppone\u00a0in Wolfsburg\u00a0 - B&O Bau","og_description":"Sanierung der Hochhauswohnanlage \u201eDon Camillo und Peppone\u201c in Wolfsburg","og_url":"https:\/\/buo.de\/bau\/referenzen\/sanierung-don-camillo-und-peppone-wolfsburg\/","og_site_name":"B&O Bau","article_publisher":"https:\/\/www.youtube.com\/@BuOBau","article_modified_time":"2026-03-09T11:20:32+00:00","og_image":[{"width":2000,"height":1333,"url":"https:\/\/buo.de\/bau\/wp-content\/uploads\/sites\/2\/2026\/03\/WEB-2025-09-24-BO-WOLFSBURG-ths-72-133-2.jpg","type":"image\/jpeg"}],"twitter_card":"summary_large_image","twitter_misc":{"Gesch\u00e4tzte Lesezeit":"1\u00a0Minute"},"schema":{"@context":"https:\/\/schema.org","@graph":[{"@type":"WebPage","@id":"https:\/\/buo.de\/bau\/referenzen\/sanierung-don-camillo-und-peppone-wolfsburg\/","url":"https:\/\/buo.de\/bau\/referenzen\/sanierung-don-camillo-und-peppone-wolfsburg\/","name":"Mammut-Sanierung\u00a0Don Camillo und Peppone\u00a0in Wolfsburg\u00a0 - B&O Bau","isPartOf":{"@id":"https:\/\/buo.de\/bau\/#website"},"primaryImageOfPage":{"@id":"https:\/\/buo.de\/bau\/referenzen\/sanierung-don-camillo-und-peppone-wolfsburg\/#primaryimage"},"image":{"@id":"https:\/\/buo.de\/bau\/referenzen\/sanierung-don-camillo-und-peppone-wolfsburg\/#primaryimage"},"thumbnailUrl":"https:\/\/buo.de\/bau\/wp-content\/uploads\/sites\/2\/2026\/03\/WEB-2025-09-24-BO-WOLFSBURG-ths-72-133-2.jpg","datePublished":"2026-03-09T11:17:31+00:00","dateModified":"2026-03-09T11:20:32+00:00","description":"Sanierung der Hochhauswohnanlage \u201eDon Camillo und Peppone\u201c in Wolfsburg","breadcrumb":{"@id":"https:\/\/buo.de\/bau\/referenzen\/sanierung-don-camillo-und-peppone-wolfsburg\/#breadcrumb"},"inLanguage":"de","potentialAction":[{"@type":"ReadAction","target":["https:\/\/buo.de\/bau\/referenzen\/sanierung-don-camillo-und-peppone-wolfsburg\/"]}]},{"@type":"ImageObject","inLanguage":"de","@id":"https:\/\/buo.de\/bau\/referenzen\/sanierung-don-camillo-und-peppone-wolfsburg\/#primaryimage","url":"https:\/\/buo.de\/bau\/wp-content\/uploads\/sites\/2\/2026\/03\/WEB-2025-09-24-BO-WOLFSBURG-ths-72-133-2.jpg","contentUrl":"https:\/\/buo.de\/bau\/wp-content\/uploads\/sites\/2\/2026\/03\/WEB-2025-09-24-BO-WOLFSBURG-ths-72-133-2.jpg","width":2000,"height":1333,"caption":"Sanierung Don Camillo und Peppone in Wolfsburg"},{"@type":"BreadcrumbList","@id":"https:\/\/buo.de\/bau\/referenzen\/sanierung-don-camillo-und-peppone-wolfsburg\/#breadcrumb","itemListElement":[{"@type":"ListItem","position":1,"name":"Start","item":"https:\/\/buo.de\/bau\/"},{"@type":"ListItem","position":2,"name":"Mammut-Sanierung\u00a0Don Camillo und Peppone\u00a0in Wolfsburg\u00a0"}]},{"@type":"WebSite","@id":"https:\/\/buo.de\/bau\/#website","url":"https:\/\/buo.de\/bau\/","name":"B&O Bau","description":"Das Pilotprojekt\u202fumfasst eine dreigeschossige Nachverdichtung ohne Fl\u00e4chenversiegelung, gepaart mit einer f\u00fcnfgeschossigen seriellen Fassadensanierung im bewohnten Zustand.\u00a0","publisher":{"@id":"https:\/\/buo.de\/bau\/#organization"},"potentialAction":[{"@type":"SearchAction","target":{"@type":"EntryPoint","urlTemplate":"https:\/\/buo.de\/bau\/?s={search_term_string}"},"query-input":{"@type":"PropertyValueSpecification","valueRequired":true,"valueName":"search_term_string"}}],"inLanguage":"de"},{"@type":"Organization","@id":"https:\/\/buo.de\/bau\/#organization","name":"B&O Bau GmbH","url":"https:\/\/buo.de\/bau\/","logo":{"@type":"ImageObject","inLanguage":"de","@id":"https:\/\/buo.de\/bau\/#\/schema\/logo\/image\/","url":"https:\/\/buo.de\/bau\/wp-content\/uploads\/sites\/2\/2026\/03\/Logo_BO_Bau_RGB-1.png","contentUrl":"https:\/\/buo.de\/bau\/wp-content\/uploads\/sites\/2\/2026\/03\/Logo_BO_Bau_RGB-1.png","width":1095,"height":827,"caption":"B&O Bau GmbH"},"image":{"@id":"https:\/\/buo.de\/bau\/#\/schema\/logo\/image\/"},"sameAs":["https:\/\/www.youtube.com\/@BuOBau","https:\/\/www.linkedin.com\/company\/18550887\/"]}]}},"_links":{"self":[{"href":"https:\/\/buo.de\/bau\/wp-json\/wp\/v2\/projekte\/62450","targetHints":{"allow":["GET"]}}],"collection":[{"href":"https:\/\/buo.de\/bau\/wp-json\/wp\/v2\/projekte"}],"about":[{"href":"https:\/\/buo.de\/bau\/wp-json\/wp\/v2\/types\/projekte"}],"wp:featuredmedia":[{"embeddable":true,"href":"https:\/\/buo.de\/bau\/wp-json\/wp\/v2\/media\/62460"}],"wp:attachment":[{"href":"https:\/\/buo.de\/bau\/wp-json\/wp\/v2\/media?parent=62450"}],"wp:term":[{"taxonomy":"kategorien","embeddable":true,"href":"https:\/\/buo.de\/bau\/wp-json\/wp\/v2\/kategorien?post=62450"},{"taxonomy":"company","embeddable":true,"href":"https:\/\/buo.de\/bau\/wp-json\/wp\/v2\/company?post=62450"}],"curies":[{"name":"wp","href":"https:\/\/api.w.org\/{rel}","templated":true}]}}