{"id":67124,"date":"2026-04-23T10:47:03","date_gmt":"2026-04-23T08:47:03","guid":{"rendered":"https:\/\/buo.de\/bau\/?post_type=projekte&#038;p=67124"},"modified":"2026-04-23T13:40:14","modified_gmt":"2026-04-23T11:40:14","slug":"holzhybrid-neubau-moessingen","status":"publish","type":"projekte","link":"https:\/\/buo.de\/bau\/referenzen\/holzhybrid-neubau-moessingen\/","title":{"rendered":"Holzhybrid-Neubau f\u00fcr den Landkreis T\u00fcbingen"},"content":{"rendered":"\n<div style=\"height:20px\" aria-hidden=\"true\" class=\"wp-block-spacer\"><\/div>\n\n\n<div id=\"text-and-image-block_6a198c09d9d1c8d1fa16bf898c117b36\"\n     class=\"text-and-image-container force-full-width ltr has-highlighted-text has-vertical-centered-text has_no_animation\">\n\n    <style>\n        #text-and-image-block_6a198c09d9d1c8d1fa16bf898c117b36 {\n            --textAndImageHeight: 550px;\n            --textAndImageBackgroundColor: #ffffff;\n            --textAndImageTextColor: #241d4c;\n        }\n        @media screen and (max-width: 1024px) {\n        #text-and-image-block_6a198c09d9d1c8d1fa16bf898c117b36 {\n            --textAndImageHeight: 300px;\n        }\n        }\n    <\/style>\n\n                <div class=\"image-wrapper cover\">\n                <div class=\"image-outer\">\n                                        <img decoding=\"async\" loading=\"lazy\" alt=\"Holzybrid-Neubau Landkreis T\u00fcbingen\" style=\"height: var(--textAndImageHeight);object-position: center center\" sizes=\"(max-width: 1920px) 100vw, 1920px\" srcset=\"https:\/\/buo.de\/bau\/wp-content\/uploads\/sites\/2\/2026\/04\/kh736-18-scaled-e1776933171773-1920x1197.jpg 1920w, https:\/\/buo.de\/bau\/wp-content\/uploads\/sites\/2\/2026\/04\/kh736-18-scaled-e1776933171773-300x187.jpg 300w, https:\/\/buo.de\/bau\/wp-content\/uploads\/sites\/2\/2026\/04\/kh736-18-scaled-e1776933171773-1024x638.jpg 1024w, https:\/\/buo.de\/bau\/wp-content\/uploads\/sites\/2\/2026\/04\/kh736-18-scaled-e1776933171773-768x479.jpg 768w, https:\/\/buo.de\/bau\/wp-content\/uploads\/sites\/2\/2026\/04\/kh736-18-scaled-e1776933171773-1536x958.jpg 1536w, https:\/\/buo.de\/bau\/wp-content\/uploads\/sites\/2\/2026\/04\/kh736-18-scaled-e1776933171773-2048x1277.jpg 2048w, https:\/\/buo.de\/bau\/wp-content\/uploads\/sites\/2\/2026\/04\/kh736-18-scaled-e1776933171773-1732x1080.jpg 1732w, https:\/\/buo.de\/bau\/wp-content\/uploads\/sites\/2\/2026\/04\/kh736-18-scaled-e1776933171773-1320x823.jpg 1320w\" src=\"https:\/\/buo.de\/bau\/wp-content\/uploads\/sites\/2\/2026\/04\/kh736-18-scaled-e1776933171773-1920x1197.jpg\" class=\"image\">\n                <\/div>\n            <\/div>\n                        <div class=\"text is-highlighted\">\n            <h2 class=\"over-content\"><\/h2>\n            <div class=\"content \"><table width=\"100%\">\n<tbody>\n<tr>\n<td><strong>Bauherr<\/strong><\/td>\n<td>GSW Gesellschaft f\u00fcr Siedlungs- und Wohnungsbau Baden-W\u00fcrttemberg GmbH<\/td>\n<\/tr>\n<tr>\n<td><strong>Bauzeitraum<\/strong><\/td>\n<td>Juni 2021 bis Juni 2022<\/td>\n<\/tr>\n<tr>\n<td><strong>Leistungsumfang<\/strong><\/td>\n<td><span class=\"TextRun SCXW120988574 BCX8\" lang=\"DE-DE\" xml:lang=\"DE-DE\" data-contrast=\"none\"><span class=\"NormalTextRun SCXW120988574 BCX8\">Neubau, Planungsleistungen L<\/span><span class=\"NormalTextRun SCXW120988574 BCX8\">eistungsphase\u00a0<\/span><span class=\"NormalTextRun SCXW120988574 BCX8\">1\u00a0<\/span><span class=\"NormalTextRun SCXW120988574 BCX8\">bis\u00a0<\/span><span class=\"NormalTextRun SCXW120988574 BCX8\">9<\/span><span class=\"NormalTextRun SCXW120988574 BCX8\">\u00a0<\/span><\/span><span class=\"LineBreakBlob BlobObject DragDrop SCXW120988574 BCX8\"><span class=\"SCXW120988574 BCX8\">\u00a0<\/span><br class=\"SCXW120988574 BCX8\" \/><\/span><span class=\"TextRun SCXW120988574 BCX8\" lang=\"DE-DE\" xml:lang=\"DE-DE\" data-contrast=\"none\"><span class=\"NormalTextRun SCXW120988574 BCX8\">Alle Gewerke au\u00dfer Au\u00dfenanlagen<\/span><\/span><span class=\"EOP SCXW120988574 BCX8\" data-ccp-props=\"{&quot;201341983&quot;:0,&quot;335559740&quot;:240}\"><br \/>\n<span class=\"TextRun SCXW194392629 BCX8\" lang=\"DE-DE\" xml:lang=\"DE-DE\" data-contrast=\"none\"><span class=\"NormalTextRun SCXW194392629 BCX8\">Hybrid-Bauweise Holz\/ Beton mit<\/span><\/span><span class=\"TextRun SCXW194392629 BCX8\" lang=\"DE-DE\" xml:lang=\"DE-DE\" data-contrast=\"none\"><span class=\"NormalTextRun SCXW194392629 BCX8\">\u00a0hohem\u00a0<\/span><\/span><span class=\"TextRun SCXW194392629 BCX8\" lang=\"DE-DE\" xml:lang=\"DE-DE\" data-contrast=\"none\"><span class=\"NormalTextRun SCXW194392629 BCX8\">Vorfertigungsgrad.<\/span><\/span><span class=\"LineBreakBlob BlobObject DragDrop SCXW194392629 BCX8\"><span class=\"SCXW194392629 BCX8\">\u00a0<\/span><br class=\"SCXW194392629 BCX8\" \/><\/span><span class=\"TextRun SCXW194392629 BCX8\" lang=\"DE-DE\" xml:lang=\"DE-DE\" data-contrast=\"none\"><span class=\"NormalTextRun SCXW194392629 BCX8\">Tragende Au\u00dfenw\u00e4nde als Holzst\u00e4nderw\u00e4nde, tragende\u00a0<\/span><span class=\"NormalTextRun SCXW194392629 BCX8\">Innenw\u00e4nde<\/span><span class=\"NormalTextRun SCXW194392629 BCX8\">\u00a0aus<\/span><span class=\"NormalTextRun SCXW194392629 BCX8\">\u00a0<\/span><span class=\"NormalTextRun SCXW194392629 BCX8\">Stahlbeton (Halbfertigteile)<\/span><span class=\"NormalTextRun SCXW194392629 BCX8\">,\u00a0<\/span><\/span><span class=\"LineBreakBlob BlobObject DragDrop SCXW194392629 BCX8\"><span class=\"SCXW194392629 BCX8\">\u00a0<\/span><br class=\"SCXW194392629 BCX8\" \/><\/span><span class=\"TextRun SCXW194392629 BCX8\" lang=\"DE-DE\" xml:lang=\"DE-DE\" data-contrast=\"none\"><span class=\"NormalTextRun SCXW194392629 BCX8\">i<\/span><span class=\"NormalTextRun SCXW194392629 BCX8\">m Punkthaus auch Brettstapelw\u00e4nde<\/span><\/span><span class=\"LineBreakBlob BlobObject DragDrop SCXW194392629 BCX8\"><span class=\"SCXW194392629 BCX8\">\u00a0<\/span><br class=\"SCXW194392629 BCX8\" \/><\/span><span class=\"TextRun SCXW194392629 BCX8\" lang=\"DE-DE\" xml:lang=\"DE-DE\" data-contrast=\"none\"><span class=\"NormalTextRun SCXW194392629 BCX8\">vorgespannte Stahlbetondecken<\/span><\/span><span class=\"LineBreakBlob BlobObject DragDrop SCXW194392629 BCX8\"><span class=\"SCXW194392629 BCX8\">\u00a0<\/span><br class=\"SCXW194392629 BCX8\" \/><\/span><span class=\"TextRun SCXW194392629 BCX8\" lang=\"DE-DE\" xml:lang=\"DE-DE\" data-contrast=\"none\"><span class=\"NormalTextRun SCXW194392629 BCX8\">F<\/span><span class=\"NormalTextRun SCXW194392629 BCX8\">ertigb\u00e4der<\/span><\/span><span class=\"LineBreakBlob BlobObject DragDrop SCXW194392629 BCX8\"><span class=\"SCXW194392629 BCX8\">\u00a0<\/span><br class=\"SCXW194392629 BCX8\" \/><\/span><span class=\"TextRun SCXW194392629 BCX8\" lang=\"DE-DE\" xml:lang=\"DE-DE\" data-contrast=\"none\"><span class=\"NormalTextRun SCXW194392629 BCX8\">Vorgestellte Balkone<\/span><\/span><br \/>\n<\/span><\/td>\n<\/tr>\n<tr>\n<td><strong>Geb\u00e4udezahlen<\/strong><\/td>\n<td><span class=\"TextRun SCXW175203765 BCX8\" lang=\"DE-DE\" xml:lang=\"DE-DE\" data-contrast=\"none\"><span class=\"NormalTextRun SCXW175203765 BCX8\">F\u00fcnf viergeschossige Holzhybrid-H\u00e4user, davon vier Riegel, ein Punkthaus mit insgesamt 55 Wohnungen mit 3.642 m\u00b2 Wohnfl\u00e4che auf einer<\/span><span class=\"NormalTextRun SCXW175203765 BCX8\">\u00a0Grundfl\u00e4che von 6.345 m\u00b2 und einer<\/span><span class=\"NormalTextRun SCXW175203765 BCX8\">\u00a0Grundst\u00fccksfl\u00e4che von 4.642 m\u00b2. Umbauter Raum: 18.673 m\u00b3. Alle Wohnungen mit Balkon, im Erdgeschoss mit Terrasse\u00a0<\/span><\/span><span class=\"EOP Selected SCXW175203765 BCX8\" data-ccp-props=\"{&quot;201341983&quot;:0,&quot;335559739&quot;:0,&quot;335559740&quot;:240}\">\u00a0<\/span><\/td>\n<\/tr>\n<tr>\n<td><strong>Energiekonzept<\/strong><\/td>\n<td><span class=\"TextRun SCXW185028586 BCX8\" lang=\"DE-DE\" xml:lang=\"DE-DE\" data-contrast=\"none\"><span class=\"NormalTextRun SCXW185028586 BCX8\">KfW<\/span><span class=\"NormalTextRun SCXW185028586 BCX8\">&#8211;<\/span><span class=\"NormalTextRun SCXW185028586 BCX8\">Effizienzhaus\u00a0<\/span><span class=\"NormalTextRun SCXW185028586 BCX8\">55<\/span><span class=\"NormalTextRun SCXW185028586 BCX8\">\u00a0mit Luft-W\u00e4rme-Pumpe und zentraler Wohnrauml\u00fcftung ohne W\u00e4rmer\u00fcckgewinnung<\/span><\/span><span class=\"EOP Selected SCXW185028586 BCX8\" data-ccp-props=\"{&quot;201341983&quot;:0,&quot;335559739&quot;:0,&quot;335559740&quot;:240}\">\u00a0<\/span><\/td>\n<\/tr>\n<tr>\n<td><strong>Bauorganisation<\/strong><\/td>\n<td>B&amp;O Bau als General\u00fcbernehmer<\/td>\n<\/tr>\n<\/tbody>\n<\/table>\n<\/div>\n\n            \n            <div class=\"read-more-content\"><\/div>\n                    <\/div>\n        <\/div>\n\n\n\n<div style=\"height:80px\" aria-hidden=\"true\" class=\"wp-block-spacer\"><\/div>\n\n\n<div id=\"text-and-image-block_dfd0fe444891b2379a45688caa9925e4\"\n     class=\"text-and-image-container force-full-width rtl has-highlighted-text has-vertical-centered-text has_no_animation\">\n\n    <style>\n        #text-and-image-block_dfd0fe444891b2379a45688caa9925e4 {\n            --textAndImageHeight: 700px;\n            --textAndImageBackgroundColor: #ffffff;\n            --textAndImageTextColor: #241d4c;\n        }\n        @media screen and (max-width: 1024px) {\n        #text-and-image-block_dfd0fe444891b2379a45688caa9925e4 {\n            --textAndImageHeight: 300px;\n        }\n        }\n    <\/style>\n\n                <div class=\"image-wrapper cover\">\n                <div class=\"image-outer\">\n                                            <p class=\"has-image-title\">B&amp;O: M\u00f6ssingen, In Rosenbenz 18<\/p>\n                                        <img decoding=\"async\" loading=\"lazy\" alt=\"Holzhybrid-Neubau M\u00f6ssingen\" style=\"height: var(--textAndImageHeight);object-position: center center\" sizes=\"(max-width: 1920px) 100vw, 1920px\" srcset=\"https:\/\/buo.de\/bau\/wp-content\/uploads\/sites\/2\/2026\/04\/kh736-23-1920x1281.jpg 1920w, https:\/\/buo.de\/bau\/wp-content\/uploads\/sites\/2\/2026\/04\/kh736-23-2048x1367.jpg 2048w\" src=\"https:\/\/buo.de\/bau\/wp-content\/uploads\/sites\/2\/2026\/04\/kh736-23-1920x1281.jpg\" class=\"image\">\n                <\/div>\n            <\/div>\n                        <div class=\"text is-highlighted\">\n            <h2 class=\"over-content\">Schneller und sauberer Neubau durch Einsatz von Fertigteilen<\/h2>\n            <div class=\"content \"><h3><\/h3>\n<p><span data-contrast=\"auto\">Dank des hohen Vorfertigungsgrads der Holzhybrid-Geb\u00e4ude konnte der Neubau in einem knappen Jahr Bauzeit abgeschlossen werden. Der Einsatz von Holz verbessert die \u00d6kobilanz der KfW-55-H\u00e4user deutlich. So handelt es sich bei den tragenden Au\u00dfenw\u00e4nden aller Stockwerke um vorproduzierte Holzst\u00e4nderw\u00e4nde in Rahmenbauweise mit Mineralwolld\u00e4mmung, wobei auf den Erdgeschossw\u00e4nden eine Putzfassade angebracht wurde.<\/span><span data-ccp-props=\"{}\">\u00a0<\/span><\/p>\n<p><span data-contrast=\"auto\">F\u00fcr die\u00a0tragenden Innenw\u00e4nde\u00a0sowie die Treppenhausw\u00e4nde\u00a0kamen Halbfertigteile aus Stahlbeton zum Einsatz. Die\u00a0Filigranau\u00dfenschalen wurden an die\u00a0Baustelle\u00a0geliefert,\u00a0gestellt,\u00a0abgesprie\u00dft\u00a0und mit Beton\u00a0ausgegossen.\u00a0Diese Vorgehensweise ist deutlich schneller als die W\u00e4nde zu mauern oder in klassischer Stahlbetonbauweise zu errichten.<\/span><span data-ccp-props=\"{}\">\u00a0<\/span><\/p>\n<p><span data-contrast=\"auto\">Im Punkthaus\u00a0handelt es sich bei den\u00a0tragenden Innenw\u00e4nden\u00a0in den Wohnungen\u00a0wiederum\u00a0um\u00a0klimaschonende\u00a0Brettstapelw\u00e4nde, deren Schichten kreuzverleimt sind und so f\u00fcr\u00a0gro\u00dfe Stabilit\u00e4t und Standfestigkeit sorgen.<\/span><span data-ccp-props=\"{}\">\u00a0<\/span><\/p>\n<p><span data-contrast=\"auto\">Auch der Einbau der\u00a0Fertigbadzellen aus dem hauseigenen Werk in Prelog, Kroatien,\u00a0trug zur Schnelligkeit\u00a0auf der Baustelle bei.\u00a0L\u00e4rm- und Schmutzbel\u00e4stigung der Anwohner sinken ebenfalls\u00a0relevant, wenn,\u00a0so wie in M\u00f6ssingen,\u00a0mit vorgefertigten Bauelementen gearbeitet wird.<\/span><span data-ccp-props=\"{}\">\u00a0<\/span><\/p>\n<p><span data-contrast=\"auto\">Die 55\u00a0f\u00f6rderf\u00e4higen\u00a0Wohnungen ersetzen\u00a0die\u00a0in die Jahre gekommenen\u00a0und\u00a0energetisch\u00a0mangelhaften\u00a0Bestandsgeb\u00e4ude aus den 1960er-Jahren, die die GSW\u00a0zuvor\u00a0abrei\u00dfen lie\u00df. Nun\u00a0bieten die\u00a0mit Luft-W\u00e4rme-Pumpen geheizten\u00a0modernen Mieth\u00e4user\u00a0den\u00a0Bewohnern ein sauberes und angenehmes Wohnerlebnis.<\/span><\/p>\n<p><strong>Besonderheiten\u00a0<\/strong><\/p>\n<ul>\n<li data-leveltext=\"\uf0b7\" data-font=\"Symbol\" data-listid=\"6\" data-list-defn-props=\"{&quot;335552541&quot;:1,&quot;335559685&quot;:720,&quot;335559991&quot;:360,&quot;469769226&quot;:&quot;Symbol&quot;,&quot;469769242&quot;:[8226],&quot;469777803&quot;:&quot;left&quot;,&quot;469777804&quot;:&quot;\uf0b7&quot;,&quot;469777815&quot;:&quot;hybridMultilevel&quot;}\" data-aria-posinset=\"1\" data-aria-level=\"1\"><span data-contrast=\"none\">Umweltschonende Holzhybrid-Bauweise<\/span><span data-ccp-props=\"{}\">\u00a0<\/span><\/li>\n<\/ul>\n<ul>\n<li data-leveltext=\"\uf0b7\" data-font=\"Symbol\" data-listid=\"6\" data-list-defn-props=\"{&quot;335552541&quot;:1,&quot;335559685&quot;:720,&quot;335559991&quot;:360,&quot;469769226&quot;:&quot;Symbol&quot;,&quot;469769242&quot;:[8226],&quot;469777803&quot;:&quot;left&quot;,&quot;469777804&quot;:&quot;\uf0b7&quot;,&quot;469777815&quot;:&quot;hybridMultilevel&quot;}\" data-aria-posinset=\"2\" data-aria-level=\"1\"><span data-contrast=\"auto\">\u00dcbernahme aller Gewerke\u00a0<\/span><span data-ccp-props=\"{}\">\u00a0<\/span><\/li>\n<\/ul>\n<ul>\n<li data-leveltext=\"\uf0b7\" data-font=\"Symbol\" data-listid=\"6\" data-list-defn-props=\"{&quot;335552541&quot;:1,&quot;335559685&quot;:720,&quot;335559991&quot;:360,&quot;469769226&quot;:&quot;Symbol&quot;,&quot;469769242&quot;:[8226],&quot;469777803&quot;:&quot;left&quot;,&quot;469777804&quot;:&quot;\uf0b7&quot;,&quot;469777815&quot;:&quot;hybridMultilevel&quot;}\" data-aria-posinset=\"3\" data-aria-level=\"1\"><span data-contrast=\"auto\">Hoher Vorfertigungsgrad<\/span><span data-ccp-props=\"{}\">\u00a0<\/span><\/li>\n<\/ul>\n<ul>\n<li data-leveltext=\"\uf0b7\" data-font=\"Symbol\" data-listid=\"6\" data-list-defn-props=\"{&quot;335552541&quot;:1,&quot;335559685&quot;:720,&quot;335559991&quot;:360,&quot;469769226&quot;:&quot;Symbol&quot;,&quot;469769242&quot;:[8226],&quot;469777803&quot;:&quot;left&quot;,&quot;469777804&quot;:&quot;\uf0b7&quot;,&quot;469777815&quot;:&quot;hybridMultilevel&quot;}\" data-aria-posinset=\"4\" data-aria-level=\"1\"><span data-contrast=\"none\">Vorgestellte Balkon, bzw. Terrassen f\u00fcr alle Wohneinheiten<\/span><span data-ccp-props=\"{}\">\u00a0<\/span><\/li>\n<\/ul>\n<ul>\n<li data-leveltext=\"\uf0b7\" data-font=\"Symbol\" data-listid=\"6\" data-list-defn-props=\"{&quot;335552541&quot;:1,&quot;335559685&quot;:720,&quot;335559991&quot;:360,&quot;469769226&quot;:&quot;Symbol&quot;,&quot;469769242&quot;:[8226],&quot;469777803&quot;:&quot;left&quot;,&quot;469777804&quot;:&quot;\uf0b7&quot;,&quot;469777815&quot;:&quot;hybridMultilevel&quot;}\" data-aria-posinset=\"5\" data-aria-level=\"1\"><span data-contrast=\"none\">Luft-W\u00e4rme-Pumpe und zentrale Wohnrauml\u00fcftung<\/span><span data-ccp-props=\"{}\">\u00a0<\/span><\/li>\n<\/ul>\n<ul>\n<li data-leveltext=\"\uf0b7\" data-font=\"Symbol\" data-listid=\"6\" data-list-defn-props=\"{&quot;335552541&quot;:1,&quot;335559685&quot;:720,&quot;335559991&quot;:360,&quot;469769226&quot;:&quot;Symbol&quot;,&quot;469769242&quot;:[8226],&quot;469777803&quot;:&quot;left&quot;,&quot;469777804&quot;:&quot;\uf0b7&quot;,&quot;469777815&quot;:&quot;hybridMultilevel&quot;}\" data-aria-posinset=\"6\" data-aria-level=\"1\"><span data-contrast=\"auto\">Erreichen des KfW-Effizienzhaus-Standards 55\u00a0f\u00fcr\u00a055\u00a0gef\u00f6rderte\u00a0Wohnungen<\/span><span data-ccp-props=\"{}\">\u00a0<\/span><\/li>\n<\/ul>\n<p>&nbsp;<\/p>\n<\/div>\n\n            \n            <div class=\"read-more-content\"><\/div>\n                    <\/div>\n        <\/div>\n\n\n\n<div style=\"height:80px\" aria-hidden=\"true\" class=\"wp-block-spacer\"><\/div>\n\n\n\n<div id=\"gallery-block_ec22dc559eb3f1cd22bc6692dcb3fbda\" class=\"gallery-container responsive-layout has-aspect-ratio aligncenter lightbox-images layout-grid gap-25 columns-4 zoom_in_animation\"\n     data-columns=\"4\"\n     data-gap=\"25\"\n     data-loop=\"disabled\"\n     data-autoplay=\"disabled\"\n     data-transition-delay=\"3000\"\n     data-transition-speed=\"300\"\n     data-transition-type=\"\"\n     data-on-pause=\"disabled\"\n>\n            <div class=\"slider-wrapper\">\n            <div class=\"gallery-wrapper\">\n                <div class=\"slider-container\">\n                    <div class=\"swiper swiper-gallery\">\n                        <div class=\"swiper-wrapper\">\n                                                            <div class=\"swiper-slide responsive-layout-child\"\n                                >\n                                                                            <a data-featherlight=\"#gallery-block_ec22dc559eb3f1cd22bc6692dcb3fbda-modal\" data-index=\"0\" class=\"swiper-slide-wrapper\">\n                                            <img decoding=\"async\" loading=\"lazy\" sizes=\"(max-width: 1920px) 100vw, 1920px\" srcset=\"https:\/\/buo.de\/bau\/wp-content\/uploads\/sites\/2\/2026\/04\/kh736-18-scaled-e1776933171773-1920x1197.jpg 1920w, https:\/\/buo.de\/bau\/wp-content\/uploads\/sites\/2\/2026\/04\/kh736-18-scaled-e1776933171773-300x187.jpg 300w, https:\/\/buo.de\/bau\/wp-content\/uploads\/sites\/2\/2026\/04\/kh736-18-scaled-e1776933171773-1024x638.jpg 1024w, https:\/\/buo.de\/bau\/wp-content\/uploads\/sites\/2\/2026\/04\/kh736-18-scaled-e1776933171773-768x479.jpg 768w, https:\/\/buo.de\/bau\/wp-content\/uploads\/sites\/2\/2026\/04\/kh736-18-scaled-e1776933171773-1536x958.jpg 1536w, https:\/\/buo.de\/bau\/wp-content\/uploads\/sites\/2\/2026\/04\/kh736-18-scaled-e1776933171773-2048x1277.jpg 2048w, https:\/\/buo.de\/bau\/wp-content\/uploads\/sites\/2\/2026\/04\/kh736-18-scaled-e1776933171773-1732x1080.jpg 1732w, https:\/\/buo.de\/bau\/wp-content\/uploads\/sites\/2\/2026\/04\/kh736-18-scaled-e1776933171773-1320x823.jpg 1320w\" src=\"https:\/\/buo.de\/bau\/wp-content\/uploads\/sites\/2\/2026\/04\/kh736-18-scaled-e1776933171773-1920x1197.jpg\" class=\"slide-image thumbnail \" alt=\"Holzybrid-Neubau Landkreis T\u00fcbingen\">\n                                                                                    <\/a>\n                                                                        <\/div>\n                                                                <div class=\"swiper-slide responsive-layout-child\"\n                                >\n                                                                            <a data-featherlight=\"#gallery-block_ec22dc559eb3f1cd22bc6692dcb3fbda-modal\" data-index=\"1\" class=\"swiper-slide-wrapper\">\n                                            <img decoding=\"async\" loading=\"lazy\" sizes=\"(max-width: 1920px) 100vw, 1920px\" srcset=\"https:\/\/buo.de\/bau\/wp-content\/uploads\/sites\/2\/2026\/04\/kh736-17-1920x1440.jpg 1920w, https:\/\/buo.de\/bau\/wp-content\/uploads\/sites\/2\/2026\/04\/kh736-17-300x225.jpg 300w, https:\/\/buo.de\/bau\/wp-content\/uploads\/sites\/2\/2026\/04\/kh736-17-1024x768.jpg 1024w, https:\/\/buo.de\/bau\/wp-content\/uploads\/sites\/2\/2026\/04\/kh736-17-768x576.jpg 768w, https:\/\/buo.de\/bau\/wp-content\/uploads\/sites\/2\/2026\/04\/kh736-17-1536x1152.jpg 1536w, https:\/\/buo.de\/bau\/wp-content\/uploads\/sites\/2\/2026\/04\/kh736-17-2048x1536.jpg 2048w, https:\/\/buo.de\/bau\/wp-content\/uploads\/sites\/2\/2026\/04\/kh736-17-1440x1080.jpg 1440w, https:\/\/buo.de\/bau\/wp-content\/uploads\/sites\/2\/2026\/04\/kh736-17-1320x990.jpg 1320w\" src=\"https:\/\/buo.de\/bau\/wp-content\/uploads\/sites\/2\/2026\/04\/kh736-17-1920x1440.jpg\" class=\"slide-image thumbnail \" alt=\"\">\n                                                                                    <\/a>\n                                                                        <\/div>\n                                                                <div class=\"swiper-slide responsive-layout-child\"\n                                >\n                                                                            <a data-featherlight=\"#gallery-block_ec22dc559eb3f1cd22bc6692dcb3fbda-modal\" data-index=\"2\" class=\"swiper-slide-wrapper\">\n                                            <img decoding=\"async\" loading=\"lazy\" sizes=\"(max-width: 1920px) 100vw, 1920px\" srcset=\"https:\/\/buo.de\/bau\/wp-content\/uploads\/sites\/2\/2026\/04\/kh736-09-1920x1440.jpg 1920w, https:\/\/buo.de\/bau\/wp-content\/uploads\/sites\/2\/2026\/04\/kh736-09-300x225.jpg 300w, https:\/\/buo.de\/bau\/wp-content\/uploads\/sites\/2\/2026\/04\/kh736-09-1024x768.jpg 1024w, https:\/\/buo.de\/bau\/wp-content\/uploads\/sites\/2\/2026\/04\/kh736-09-768x576.jpg 768w, https:\/\/buo.de\/bau\/wp-content\/uploads\/sites\/2\/2026\/04\/kh736-09-1536x1152.jpg 1536w, https:\/\/buo.de\/bau\/wp-content\/uploads\/sites\/2\/2026\/04\/kh736-09-2048x1536.jpg 2048w, https:\/\/buo.de\/bau\/wp-content\/uploads\/sites\/2\/2026\/04\/kh736-09-1440x1080.jpg 1440w, https:\/\/buo.de\/bau\/wp-content\/uploads\/sites\/2\/2026\/04\/kh736-09-1320x990.jpg 1320w\" src=\"https:\/\/buo.de\/bau\/wp-content\/uploads\/sites\/2\/2026\/04\/kh736-09-1920x1440.jpg\" class=\"slide-image thumbnail \" alt=\"Holzhybrid-Neubau Landkreis T\u00fcbingen\">\n                                                                                    <\/a>\n                                                                        <\/div>\n                                                                <div class=\"swiper-slide responsive-layout-child\"\n                                >\n                                                                            <a data-featherlight=\"#gallery-block_ec22dc559eb3f1cd22bc6692dcb3fbda-modal\" data-index=\"3\" class=\"swiper-slide-wrapper\">\n                                            <img decoding=\"async\" loading=\"lazy\" sizes=\"(max-width: 1920px) 100vw, 1920px\" srcset=\"https:\/\/buo.de\/bau\/wp-content\/uploads\/sites\/2\/2026\/04\/kh736-16-1920x1281.jpg 1920w, https:\/\/buo.de\/bau\/wp-content\/uploads\/sites\/2\/2026\/04\/kh736-16-300x200.jpg 300w, https:\/\/buo.de\/bau\/wp-content\/uploads\/sites\/2\/2026\/04\/kh736-16-1024x683.jpg 1024w, https:\/\/buo.de\/bau\/wp-content\/uploads\/sites\/2\/2026\/04\/kh736-16-768x513.jpg 768w, https:\/\/buo.de\/bau\/wp-content\/uploads\/sites\/2\/2026\/04\/kh736-16-1536x1025.jpg 1536w, https:\/\/buo.de\/bau\/wp-content\/uploads\/sites\/2\/2026\/04\/kh736-16-2048x1367.jpg 2048w, https:\/\/buo.de\/bau\/wp-content\/uploads\/sites\/2\/2026\/04\/kh736-16-1618x1080.jpg 1618w, https:\/\/buo.de\/bau\/wp-content\/uploads\/sites\/2\/2026\/04\/kh736-16-1320x881.jpg 1320w\" src=\"https:\/\/buo.de\/bau\/wp-content\/uploads\/sites\/2\/2026\/04\/kh736-16-1920x1281.jpg\" class=\"slide-image thumbnail \" alt=\"\">\n                                                                                    <\/a>\n                                                                        <\/div>\n                                                                <div class=\"swiper-slide responsive-layout-child\"\n                                >\n                                                                            <a data-featherlight=\"#gallery-block_ec22dc559eb3f1cd22bc6692dcb3fbda-modal\" data-index=\"4\" class=\"swiper-slide-wrapper\">\n                                            <img decoding=\"async\" loading=\"lazy\" sizes=\"(max-width: 1920px) 100vw, 1920px\" srcset=\"https:\/\/buo.de\/bau\/wp-content\/uploads\/sites\/2\/2026\/04\/kh736-15-1920x1281.jpg 1920w, https:\/\/buo.de\/bau\/wp-content\/uploads\/sites\/2\/2026\/04\/kh736-15-300x200.jpg 300w, https:\/\/buo.de\/bau\/wp-content\/uploads\/sites\/2\/2026\/04\/kh736-15-1024x683.jpg 1024w, https:\/\/buo.de\/bau\/wp-content\/uploads\/sites\/2\/2026\/04\/kh736-15-768x513.jpg 768w, https:\/\/buo.de\/bau\/wp-content\/uploads\/sites\/2\/2026\/04\/kh736-15-1536x1025.jpg 1536w, https:\/\/buo.de\/bau\/wp-content\/uploads\/sites\/2\/2026\/04\/kh736-15-2048x1367.jpg 2048w, https:\/\/buo.de\/bau\/wp-content\/uploads\/sites\/2\/2026\/04\/kh736-15-1618x1080.jpg 1618w, https:\/\/buo.de\/bau\/wp-content\/uploads\/sites\/2\/2026\/04\/kh736-15-1320x881.jpg 1320w\" src=\"https:\/\/buo.de\/bau\/wp-content\/uploads\/sites\/2\/2026\/04\/kh736-15-1920x1281.jpg\" class=\"slide-image thumbnail \" alt=\"\">\n                                                                                    <\/a>\n                                                                        <\/div>\n                                                                <div class=\"swiper-slide responsive-layout-child\"\n                                >\n                                                                            <a data-featherlight=\"#gallery-block_ec22dc559eb3f1cd22bc6692dcb3fbda-modal\" data-index=\"5\" class=\"swiper-slide-wrapper\">\n                                            <img decoding=\"async\" loading=\"lazy\" sizes=\"(max-width: 1920px) 100vw, 1920px\" srcset=\"https:\/\/buo.de\/bau\/wp-content\/uploads\/sites\/2\/2026\/04\/kh736-23-1920x1281.jpg 1920w, https:\/\/buo.de\/bau\/wp-content\/uploads\/sites\/2\/2026\/04\/kh736-23-2048x1367.jpg 2048w\" src=\"https:\/\/buo.de\/bau\/wp-content\/uploads\/sites\/2\/2026\/04\/kh736-23-1920x1281.jpg\" class=\"slide-image thumbnail \" alt=\"Holzhybrid-Neubau M\u00f6ssingen\">\n                                                                                    <\/a>\n                                                                        <\/div>\n                                                        <\/div>\n                    <\/div>\n                    <div class=\"swiper-button-next gallery-next\"><\/div>\n                    <div class=\"swiper-button-prev gallery-prev\"><\/div>\n                <\/div>\n            <\/div>\n        <\/div>\n                <div id=\"gallery-block_ec22dc559eb3f1cd22bc6692dcb3fbda-modal\" class=\"modal-window gallery-modal\">\n            <div class=\"modal-wrapper\">\n                <div class=\"swiper swiper-modal \">\n                    <div class=\"swiper-wrapper\">\n                                                    <div class=\"swiper-slide caption-hidden\">\n                                <a class=\"swiper-slide-wrapper\" title=\"\">\n                                    <img decoding=\"async\" loading=\"lazy\" sizes=\"(max-width: 1920px) 100vw, 1920px\" srcset=\"https:\/\/buo.de\/bau\/wp-content\/uploads\/sites\/2\/2026\/04\/kh736-18-scaled-e1776933171773-1920x1197.jpg 1920w, https:\/\/buo.de\/bau\/wp-content\/uploads\/sites\/2\/2026\/04\/kh736-18-scaled-e1776933171773-300x187.jpg 300w, https:\/\/buo.de\/bau\/wp-content\/uploads\/sites\/2\/2026\/04\/kh736-18-scaled-e1776933171773-1024x638.jpg 1024w, https:\/\/buo.de\/bau\/wp-content\/uploads\/sites\/2\/2026\/04\/kh736-18-scaled-e1776933171773-768x479.jpg 768w, https:\/\/buo.de\/bau\/wp-content\/uploads\/sites\/2\/2026\/04\/kh736-18-scaled-e1776933171773-1536x958.jpg 1536w, https:\/\/buo.de\/bau\/wp-content\/uploads\/sites\/2\/2026\/04\/kh736-18-scaled-e1776933171773-2048x1277.jpg 2048w, https:\/\/buo.de\/bau\/wp-content\/uploads\/sites\/2\/2026\/04\/kh736-18-scaled-e1776933171773-1732x1080.jpg 1732w, https:\/\/buo.de\/bau\/wp-content\/uploads\/sites\/2\/2026\/04\/kh736-18-scaled-e1776933171773-1320x823.jpg 1320w\" src=\"https:\/\/buo.de\/bau\/wp-content\/uploads\/sites\/2\/2026\/04\/kh736-18-scaled-e1776933171773-1920x1197.jpg\" class=\"slide-image\" alt=\"Holzybrid-Neubau Landkreis T\u00fcbingen\">\n                                                                        <button class=\"featherlight-close-icon featherlight-close\" aria-label=\"Close\">\u2715<\/button>\n                                    <div class=\"swiper-button-next modal-next\"><\/div>\n                                    <div class=\"swiper-button-prev modal-prev\"><\/div>\n                                    <div class=\"figcaption\"><\/div>\n                                <\/a>\n                            <\/div>\n                                                        <div class=\"swiper-slide caption-hidden\">\n                                <a class=\"swiper-slide-wrapper\" title=\"\">\n                                    <img decoding=\"async\" loading=\"lazy\" sizes=\"(max-width: 1920px) 100vw, 1920px\" srcset=\"https:\/\/buo.de\/bau\/wp-content\/uploads\/sites\/2\/2026\/04\/kh736-17-1920x1440.jpg 1920w, https:\/\/buo.de\/bau\/wp-content\/uploads\/sites\/2\/2026\/04\/kh736-17-300x225.jpg 300w, https:\/\/buo.de\/bau\/wp-content\/uploads\/sites\/2\/2026\/04\/kh736-17-1024x768.jpg 1024w, https:\/\/buo.de\/bau\/wp-content\/uploads\/sites\/2\/2026\/04\/kh736-17-768x576.jpg 768w, https:\/\/buo.de\/bau\/wp-content\/uploads\/sites\/2\/2026\/04\/kh736-17-1536x1152.jpg 1536w, https:\/\/buo.de\/bau\/wp-content\/uploads\/sites\/2\/2026\/04\/kh736-17-2048x1536.jpg 2048w, https:\/\/buo.de\/bau\/wp-content\/uploads\/sites\/2\/2026\/04\/kh736-17-1440x1080.jpg 1440w, https:\/\/buo.de\/bau\/wp-content\/uploads\/sites\/2\/2026\/04\/kh736-17-1320x990.jpg 1320w\" src=\"https:\/\/buo.de\/bau\/wp-content\/uploads\/sites\/2\/2026\/04\/kh736-17-1920x1440.jpg\" class=\"slide-image\" alt=\"\">\n                                                                        <button class=\"featherlight-close-icon featherlight-close\" aria-label=\"Close\">\u2715<\/button>\n                                    <div class=\"swiper-button-next modal-next\"><\/div>\n                                    <div class=\"swiper-button-prev modal-prev\"><\/div>\n                                    <div class=\"figcaption\"><\/div>\n                                <\/a>\n                            <\/div>\n                                                        <div class=\"swiper-slide caption-hidden\">\n                                <a class=\"swiper-slide-wrapper\" title=\"\">\n                                    <img decoding=\"async\" loading=\"lazy\" sizes=\"(max-width: 1920px) 100vw, 1920px\" srcset=\"https:\/\/buo.de\/bau\/wp-content\/uploads\/sites\/2\/2026\/04\/kh736-09-1920x1440.jpg 1920w, https:\/\/buo.de\/bau\/wp-content\/uploads\/sites\/2\/2026\/04\/kh736-09-300x225.jpg 300w, https:\/\/buo.de\/bau\/wp-content\/uploads\/sites\/2\/2026\/04\/kh736-09-1024x768.jpg 1024w, https:\/\/buo.de\/bau\/wp-content\/uploads\/sites\/2\/2026\/04\/kh736-09-768x576.jpg 768w, https:\/\/buo.de\/bau\/wp-content\/uploads\/sites\/2\/2026\/04\/kh736-09-1536x1152.jpg 1536w, https:\/\/buo.de\/bau\/wp-content\/uploads\/sites\/2\/2026\/04\/kh736-09-2048x1536.jpg 2048w, https:\/\/buo.de\/bau\/wp-content\/uploads\/sites\/2\/2026\/04\/kh736-09-1440x1080.jpg 1440w, https:\/\/buo.de\/bau\/wp-content\/uploads\/sites\/2\/2026\/04\/kh736-09-1320x990.jpg 1320w\" src=\"https:\/\/buo.de\/bau\/wp-content\/uploads\/sites\/2\/2026\/04\/kh736-09-1920x1440.jpg\" class=\"slide-image\" alt=\"Holzhybrid-Neubau Landkreis T\u00fcbingen\">\n                                                                        <button class=\"featherlight-close-icon featherlight-close\" aria-label=\"Close\">\u2715<\/button>\n                                    <div class=\"swiper-button-next modal-next\"><\/div>\n                                    <div class=\"swiper-button-prev modal-prev\"><\/div>\n                                    <div class=\"figcaption\"><\/div>\n                                <\/a>\n                            <\/div>\n                                                        <div class=\"swiper-slide caption-hidden\">\n                                <a class=\"swiper-slide-wrapper\" title=\"\">\n                                    <img decoding=\"async\" loading=\"lazy\" sizes=\"(max-width: 1920px) 100vw, 1920px\" srcset=\"https:\/\/buo.de\/bau\/wp-content\/uploads\/sites\/2\/2026\/04\/kh736-16-1920x1281.jpg 1920w, https:\/\/buo.de\/bau\/wp-content\/uploads\/sites\/2\/2026\/04\/kh736-16-300x200.jpg 300w, https:\/\/buo.de\/bau\/wp-content\/uploads\/sites\/2\/2026\/04\/kh736-16-1024x683.jpg 1024w, https:\/\/buo.de\/bau\/wp-content\/uploads\/sites\/2\/2026\/04\/kh736-16-768x513.jpg 768w, https:\/\/buo.de\/bau\/wp-content\/uploads\/sites\/2\/2026\/04\/kh736-16-1536x1025.jpg 1536w, https:\/\/buo.de\/bau\/wp-content\/uploads\/sites\/2\/2026\/04\/kh736-16-2048x1367.jpg 2048w, https:\/\/buo.de\/bau\/wp-content\/uploads\/sites\/2\/2026\/04\/kh736-16-1618x1080.jpg 1618w, https:\/\/buo.de\/bau\/wp-content\/uploads\/sites\/2\/2026\/04\/kh736-16-1320x881.jpg 1320w\" src=\"https:\/\/buo.de\/bau\/wp-content\/uploads\/sites\/2\/2026\/04\/kh736-16-1920x1281.jpg\" class=\"slide-image\" alt=\"\">\n                                                                        <button class=\"featherlight-close-icon featherlight-close\" aria-label=\"Close\">\u2715<\/button>\n                                    <div class=\"swiper-button-next modal-next\"><\/div>\n                                    <div class=\"swiper-button-prev modal-prev\"><\/div>\n                                    <div class=\"figcaption\"><\/div>\n                                <\/a>\n                            <\/div>\n                                                        <div class=\"swiper-slide caption-hidden\">\n                                <a class=\"swiper-slide-wrapper\" title=\"\">\n                                    <img decoding=\"async\" loading=\"lazy\" sizes=\"(max-width: 1920px) 100vw, 1920px\" srcset=\"https:\/\/buo.de\/bau\/wp-content\/uploads\/sites\/2\/2026\/04\/kh736-15-1920x1281.jpg 1920w, https:\/\/buo.de\/bau\/wp-content\/uploads\/sites\/2\/2026\/04\/kh736-15-300x200.jpg 300w, https:\/\/buo.de\/bau\/wp-content\/uploads\/sites\/2\/2026\/04\/kh736-15-1024x683.jpg 1024w, https:\/\/buo.de\/bau\/wp-content\/uploads\/sites\/2\/2026\/04\/kh736-15-768x513.jpg 768w, https:\/\/buo.de\/bau\/wp-content\/uploads\/sites\/2\/2026\/04\/kh736-15-1536x1025.jpg 1536w, https:\/\/buo.de\/bau\/wp-content\/uploads\/sites\/2\/2026\/04\/kh736-15-2048x1367.jpg 2048w, https:\/\/buo.de\/bau\/wp-content\/uploads\/sites\/2\/2026\/04\/kh736-15-1618x1080.jpg 1618w, https:\/\/buo.de\/bau\/wp-content\/uploads\/sites\/2\/2026\/04\/kh736-15-1320x881.jpg 1320w\" src=\"https:\/\/buo.de\/bau\/wp-content\/uploads\/sites\/2\/2026\/04\/kh736-15-1920x1281.jpg\" class=\"slide-image\" alt=\"\">\n                                                                        <button class=\"featherlight-close-icon featherlight-close\" aria-label=\"Close\">\u2715<\/button>\n                                    <div class=\"swiper-button-next modal-next\"><\/div>\n                                    <div class=\"swiper-button-prev modal-prev\"><\/div>\n                                    <div class=\"figcaption\"><\/div>\n                                <\/a>\n                            <\/div>\n                                                        <div class=\"swiper-slide caption-hidden\">\n                                <a class=\"swiper-slide-wrapper\" title=\"\">\n                                    <img decoding=\"async\" loading=\"lazy\" sizes=\"(max-width: 1920px) 100vw, 1920px\" srcset=\"https:\/\/buo.de\/bau\/wp-content\/uploads\/sites\/2\/2026\/04\/kh736-23-1920x1281.jpg 1920w, https:\/\/buo.de\/bau\/wp-content\/uploads\/sites\/2\/2026\/04\/kh736-23-2048x1367.jpg 2048w\" src=\"https:\/\/buo.de\/bau\/wp-content\/uploads\/sites\/2\/2026\/04\/kh736-23-1920x1281.jpg\" class=\"slide-image\" alt=\"Holzhybrid-Neubau M\u00f6ssingen\">\n                                                                        <button class=\"featherlight-close-icon featherlight-close\" aria-label=\"Close\">\u2715<\/button>\n                                    <div class=\"swiper-button-next modal-next\"><\/div>\n                                    <div class=\"swiper-button-prev modal-prev\"><\/div>\n                                    <div class=\"figcaption\">B&amp;O: M\u00f6ssingen, In Rosenbenz 18<\/div>\n                                <\/a>\n                            <\/div>\n                                                <\/div>\n                <\/div>\n            <\/div>\n        <\/div>\n        <\/div>\n\n\n\n<div style=\"height:100px\" aria-hidden=\"true\" class=\"wp-block-spacer\"><\/div>\n\n\n\n<div class=\"wp-block-buttons is-content-justification-right is-layout-flex wp-container-core-buttons-is-layout-765c4724 wp-block-buttons-is-layout-flex\">\n<div class=\"wp-block-button\"><a class=\"wp-block-button__link wp-element-button\" href=\"https:\/\/buo.test.qbits.at\/bau\/referenzen\/\">Weitere Referenzen<\/a><\/div>\n<\/div>\n\n\n\n<p><\/p>\n","protected":false},"excerpt":{"rendered":"<p>F\u00fcr die GSW Baden-W\u00fcrttemberg hat B&#038;O Bau f\u00fcnf moderne Mieth\u00e4user in Holzhybrid-Bauweise mit insgesamt 55 f\u00f6rderf\u00e4higen Wohnungen errichtet. Die Viergeschosser erreichen dank Luft-W\u00e4rme-Pumpe und zentraler Wohnrauml\u00fcftung den KfW-Effizienzhaus-Standard 55 und bieten den Bewohnern mit ihren Balkonen und Terrassen gro\u00dfen Wohnkomfort im M\u00f6ssinger Stadtteil B\u00e4stenhardt.  <\/p>\n","protected":false},"featured_media":67126,"template":"","kategorien":[10,9],"company":[],"class_list":["post-67124","projekte","type-projekte","status-publish","has-post-thumbnail","hentry","kategorien-systembau","kategorien-wohnraum-schaffen"],"acf":[],"yoast_head":"<!-- This site is optimized with the Yoast SEO plugin v27.1.1 - https:\/\/yoast.com\/product\/yoast-seo-wordpress\/ -->\n<title>Holzhybrid-Neubau f\u00fcr den Landkreis T\u00fcbingen -<\/title>\n<meta name=\"description\" content=\"Errichtung f\u00fcnf moderner Mieth\u00e4user in Holzhybrid-Bauweise mit insgesamt 55 f\u00f6rderf\u00e4higen Wohnungen f\u00fcr den Landkreis T\u00fcbingen.\" \/>\n<meta name=\"robots\" content=\"index, follow, max-snippet:-1, max-image-preview:large, max-video-preview:-1\" \/>\n<link rel=\"canonical\" href=\"https:\/\/buo.de\/bau\/referenzen\/holzhybrid-neubau-moessingen\/\" \/>\n<meta property=\"og:locale\" content=\"de_DE\" \/>\n<meta property=\"og:type\" content=\"article\" \/>\n<meta property=\"og:title\" content=\"Holzhybrid-Neubau f\u00fcr den Landkreis T\u00fcbingen\" \/>\n<meta property=\"og:description\" content=\"F\u00fcr die GSW Baden-W\u00fcrttemberg hat B&amp;O Bau f\u00fcnf moderne Mieth\u00e4user in Holzhybrid-Bauweise mit insgesamt 55 f\u00f6rderf\u00e4higen Wohnungen errichtet.\" \/>\n<meta property=\"og:url\" content=\"https:\/\/buo.de\/bau\/referenzen\/holzhybrid-neubau-moessingen\/\" \/>\n<meta property=\"og:site_name\" content=\"B&amp;O Bau\" \/>\n<meta property=\"article:publisher\" content=\"https:\/\/www.youtube.com\/@BuOBau\" \/>\n<meta property=\"article:modified_time\" content=\"2026-04-23T11:40:14+00:00\" \/>\n<meta property=\"og:image\" content=\"https:\/\/buo.de\/bau\/wp-content\/uploads\/sites\/2\/2026\/04\/kh736-08-scaled-e1776932789350.jpg\" \/>\n\t<meta property=\"og:image:width\" content=\"2560\" \/>\n\t<meta property=\"og:image:height\" content=\"1630\" \/>\n\t<meta property=\"og:image:type\" content=\"image\/jpeg\" \/>\n<meta name=\"twitter:card\" content=\"summary_large_image\" \/>\n<meta name=\"twitter:label1\" content=\"Gesch\u00e4tzte Lesezeit\" \/>\n\t<meta name=\"twitter:data1\" content=\"1\u00a0Minute\" \/>\n<script type=\"application\/ld+json\" class=\"yoast-schema-graph\">{\"@context\":\"https:\/\/schema.org\",\"@graph\":[{\"@type\":\"WebPage\",\"@id\":\"https:\/\/buo.de\/bau\/referenzen\/holzhybrid-neubau-moessingen\/\",\"url\":\"https:\/\/buo.de\/bau\/referenzen\/holzhybrid-neubau-moessingen\/\",\"name\":\"Holzhybrid-Neubau f\u00fcr den Landkreis T\u00fcbingen -\",\"isPartOf\":{\"@id\":\"https:\/\/buo.de\/bau\/#website\"},\"primaryImageOfPage\":{\"@id\":\"https:\/\/buo.de\/bau\/referenzen\/holzhybrid-neubau-moessingen\/#primaryimage\"},\"image\":{\"@id\":\"https:\/\/buo.de\/bau\/referenzen\/holzhybrid-neubau-moessingen\/#primaryimage\"},\"thumbnailUrl\":\"https:\/\/buo.de\/bau\/wp-content\/uploads\/sites\/2\/2026\/04\/kh736-08-scaled-e1776932789350.jpg\",\"datePublished\":\"2026-04-23T08:47:03+00:00\",\"dateModified\":\"2026-04-23T11:40:14+00:00\",\"description\":\"Errichtung f\u00fcnf moderner Mieth\u00e4user in Holzhybrid-Bauweise mit insgesamt 55 f\u00f6rderf\u00e4higen Wohnungen f\u00fcr den Landkreis T\u00fcbingen.\",\"breadcrumb\":{\"@id\":\"https:\/\/buo.de\/bau\/referenzen\/holzhybrid-neubau-moessingen\/#breadcrumb\"},\"inLanguage\":\"de\",\"potentialAction\":[{\"@type\":\"ReadAction\",\"target\":[\"https:\/\/buo.de\/bau\/referenzen\/holzhybrid-neubau-moessingen\/\"]}]},{\"@type\":\"ImageObject\",\"inLanguage\":\"de\",\"@id\":\"https:\/\/buo.de\/bau\/referenzen\/holzhybrid-neubau-moessingen\/#primaryimage\",\"url\":\"https:\/\/buo.de\/bau\/wp-content\/uploads\/sites\/2\/2026\/04\/kh736-08-scaled-e1776932789350.jpg\",\"contentUrl\":\"https:\/\/buo.de\/bau\/wp-content\/uploads\/sites\/2\/2026\/04\/kh736-08-scaled-e1776932789350.jpg\",\"width\":2560,\"height\":1630,\"caption\":\"Holzhybrid-Neubau Landkreis T\u00fcbingen\"},{\"@type\":\"BreadcrumbList\",\"@id\":\"https:\/\/buo.de\/bau\/referenzen\/holzhybrid-neubau-moessingen\/#breadcrumb\",\"itemListElement\":[{\"@type\":\"ListItem\",\"position\":1,\"name\":\"Start\",\"item\":\"https:\/\/buo.de\/bau\/\"},{\"@type\":\"ListItem\",\"position\":2,\"name\":\"Holzhybrid-Neubau f\u00fcr den Landkreis T\u00fcbingen\"}]},{\"@type\":\"WebSite\",\"@id\":\"https:\/\/buo.de\/bau\/#website\",\"url\":\"https:\/\/buo.de\/bau\/\",\"name\":\"B&O Bau\",\"description\":\"Das Pilotprojekt\u202fumfasst eine dreigeschossige Nachverdichtung ohne Fl\u00e4chenversiegelung, gepaart mit einer f\u00fcnfgeschossigen seriellen Fassadensanierung im bewohnten Zustand.\u00a0\",\"publisher\":{\"@id\":\"https:\/\/buo.de\/bau\/#organization\"},\"potentialAction\":[{\"@type\":\"SearchAction\",\"target\":{\"@type\":\"EntryPoint\",\"urlTemplate\":\"https:\/\/buo.de\/bau\/?s={search_term_string}\"},\"query-input\":{\"@type\":\"PropertyValueSpecification\",\"valueRequired\":true,\"valueName\":\"search_term_string\"}}],\"inLanguage\":\"de\"},{\"@type\":\"Organization\",\"@id\":\"https:\/\/buo.de\/bau\/#organization\",\"name\":\"B&O Bau GmbH\",\"url\":\"https:\/\/buo.de\/bau\/\",\"logo\":{\"@type\":\"ImageObject\",\"inLanguage\":\"de\",\"@id\":\"https:\/\/buo.de\/bau\/#\/schema\/logo\/image\/\",\"url\":\"https:\/\/buo.de\/bau\/wp-content\/uploads\/sites\/2\/2026\/03\/Logo_BO_Bau_RGB-1.png\",\"contentUrl\":\"https:\/\/buo.de\/bau\/wp-content\/uploads\/sites\/2\/2026\/03\/Logo_BO_Bau_RGB-1.png\",\"width\":1095,\"height\":827,\"caption\":\"B&O Bau GmbH\"},\"image\":{\"@id\":\"https:\/\/buo.de\/bau\/#\/schema\/logo\/image\/\"},\"sameAs\":[\"https:\/\/www.youtube.com\/@BuOBau\",\"https:\/\/www.linkedin.com\/company\/18550887\/\"]}]}<\/script>\n<!-- \/ Yoast SEO plugin. -->","yoast_head_json":{"title":"Holzhybrid-Neubau f\u00fcr den Landkreis T\u00fcbingen -","description":"Errichtung f\u00fcnf moderner Mieth\u00e4user in Holzhybrid-Bauweise mit insgesamt 55 f\u00f6rderf\u00e4higen Wohnungen f\u00fcr den Landkreis T\u00fcbingen.","robots":{"index":"index","follow":"follow","max-snippet":"max-snippet:-1","max-image-preview":"max-image-preview:large","max-video-preview":"max-video-preview:-1"},"canonical":"https:\/\/buo.de\/bau\/referenzen\/holzhybrid-neubau-moessingen\/","og_locale":"de_DE","og_type":"article","og_title":"Holzhybrid-Neubau f\u00fcr den Landkreis T\u00fcbingen","og_description":"F\u00fcr die GSW Baden-W\u00fcrttemberg hat B&O Bau f\u00fcnf moderne Mieth\u00e4user in Holzhybrid-Bauweise mit insgesamt 55 f\u00f6rderf\u00e4higen Wohnungen errichtet.","og_url":"https:\/\/buo.de\/bau\/referenzen\/holzhybrid-neubau-moessingen\/","og_site_name":"B&O Bau","article_publisher":"https:\/\/www.youtube.com\/@BuOBau","article_modified_time":"2026-04-23T11:40:14+00:00","og_image":[{"width":2560,"height":1630,"url":"https:\/\/buo.de\/bau\/wp-content\/uploads\/sites\/2\/2026\/04\/kh736-08-scaled-e1776932789350.jpg","type":"image\/jpeg"}],"twitter_card":"summary_large_image","twitter_misc":{"Gesch\u00e4tzte Lesezeit":"1\u00a0Minute"},"schema":{"@context":"https:\/\/schema.org","@graph":[{"@type":"WebPage","@id":"https:\/\/buo.de\/bau\/referenzen\/holzhybrid-neubau-moessingen\/","url":"https:\/\/buo.de\/bau\/referenzen\/holzhybrid-neubau-moessingen\/","name":"Holzhybrid-Neubau f\u00fcr den Landkreis T\u00fcbingen -","isPartOf":{"@id":"https:\/\/buo.de\/bau\/#website"},"primaryImageOfPage":{"@id":"https:\/\/buo.de\/bau\/referenzen\/holzhybrid-neubau-moessingen\/#primaryimage"},"image":{"@id":"https:\/\/buo.de\/bau\/referenzen\/holzhybrid-neubau-moessingen\/#primaryimage"},"thumbnailUrl":"https:\/\/buo.de\/bau\/wp-content\/uploads\/sites\/2\/2026\/04\/kh736-08-scaled-e1776932789350.jpg","datePublished":"2026-04-23T08:47:03+00:00","dateModified":"2026-04-23T11:40:14+00:00","description":"Errichtung f\u00fcnf moderner Mieth\u00e4user in Holzhybrid-Bauweise mit insgesamt 55 f\u00f6rderf\u00e4higen Wohnungen f\u00fcr den Landkreis T\u00fcbingen.","breadcrumb":{"@id":"https:\/\/buo.de\/bau\/referenzen\/holzhybrid-neubau-moessingen\/#breadcrumb"},"inLanguage":"de","potentialAction":[{"@type":"ReadAction","target":["https:\/\/buo.de\/bau\/referenzen\/holzhybrid-neubau-moessingen\/"]}]},{"@type":"ImageObject","inLanguage":"de","@id":"https:\/\/buo.de\/bau\/referenzen\/holzhybrid-neubau-moessingen\/#primaryimage","url":"https:\/\/buo.de\/bau\/wp-content\/uploads\/sites\/2\/2026\/04\/kh736-08-scaled-e1776932789350.jpg","contentUrl":"https:\/\/buo.de\/bau\/wp-content\/uploads\/sites\/2\/2026\/04\/kh736-08-scaled-e1776932789350.jpg","width":2560,"height":1630,"caption":"Holzhybrid-Neubau Landkreis T\u00fcbingen"},{"@type":"BreadcrumbList","@id":"https:\/\/buo.de\/bau\/referenzen\/holzhybrid-neubau-moessingen\/#breadcrumb","itemListElement":[{"@type":"ListItem","position":1,"name":"Start","item":"https:\/\/buo.de\/bau\/"},{"@type":"ListItem","position":2,"name":"Holzhybrid-Neubau f\u00fcr den Landkreis T\u00fcbingen"}]},{"@type":"WebSite","@id":"https:\/\/buo.de\/bau\/#website","url":"https:\/\/buo.de\/bau\/","name":"B&O Bau","description":"Das Pilotprojekt\u202fumfasst eine dreigeschossige Nachverdichtung ohne Fl\u00e4chenversiegelung, gepaart mit einer f\u00fcnfgeschossigen seriellen Fassadensanierung im bewohnten Zustand.\u00a0","publisher":{"@id":"https:\/\/buo.de\/bau\/#organization"},"potentialAction":[{"@type":"SearchAction","target":{"@type":"EntryPoint","urlTemplate":"https:\/\/buo.de\/bau\/?s={search_term_string}"},"query-input":{"@type":"PropertyValueSpecification","valueRequired":true,"valueName":"search_term_string"}}],"inLanguage":"de"},{"@type":"Organization","@id":"https:\/\/buo.de\/bau\/#organization","name":"B&O Bau GmbH","url":"https:\/\/buo.de\/bau\/","logo":{"@type":"ImageObject","inLanguage":"de","@id":"https:\/\/buo.de\/bau\/#\/schema\/logo\/image\/","url":"https:\/\/buo.de\/bau\/wp-content\/uploads\/sites\/2\/2026\/03\/Logo_BO_Bau_RGB-1.png","contentUrl":"https:\/\/buo.de\/bau\/wp-content\/uploads\/sites\/2\/2026\/03\/Logo_BO_Bau_RGB-1.png","width":1095,"height":827,"caption":"B&O Bau GmbH"},"image":{"@id":"https:\/\/buo.de\/bau\/#\/schema\/logo\/image\/"},"sameAs":["https:\/\/www.youtube.com\/@BuOBau","https:\/\/www.linkedin.com\/company\/18550887\/"]}]}},"_links":{"self":[{"href":"https:\/\/buo.de\/bau\/wp-json\/wp\/v2\/projekte\/67124","targetHints":{"allow":["GET"]}}],"collection":[{"href":"https:\/\/buo.de\/bau\/wp-json\/wp\/v2\/projekte"}],"about":[{"href":"https:\/\/buo.de\/bau\/wp-json\/wp\/v2\/types\/projekte"}],"wp:featuredmedia":[{"embeddable":true,"href":"https:\/\/buo.de\/bau\/wp-json\/wp\/v2\/media\/67126"}],"wp:attachment":[{"href":"https:\/\/buo.de\/bau\/wp-json\/wp\/v2\/media?parent=67124"}],"wp:term":[{"taxonomy":"kategorien","embeddable":true,"href":"https:\/\/buo.de\/bau\/wp-json\/wp\/v2\/kategorien?post=67124"},{"taxonomy":"company","embeddable":true,"href":"https:\/\/buo.de\/bau\/wp-json\/wp\/v2\/company?post=67124"}],"curies":[{"name":"wp","href":"https:\/\/api.w.org\/{rel}","templated":true}]}}