{"id":67136,"date":"2026-04-23T13:05:45","date_gmt":"2026-04-23T11:05:45","guid":{"rendered":"https:\/\/buo.de\/bau\/?post_type=projekte&#038;p=67136"},"modified":"2026-04-23T13:37:07","modified_gmt":"2026-04-23T11:37:07","slug":"erste-serielle-sanierung-in-baden-wuerttemberg","status":"publish","type":"projekte","link":"https:\/\/buo.de\/bau\/referenzen\/erste-serielle-sanierung-in-baden-wuerttemberg\/","title":{"rendered":"Erste Serielle Sanierung in Baden-W\u00fcrttemberg\u00a0\u00a0"},"content":{"rendered":"\n<div style=\"height:20px\" aria-hidden=\"true\" class=\"wp-block-spacer\"><\/div>\n\n\n<div id=\"text-and-image-block_9d82a9a01dfce4cf32337197129a21f5\"\n     class=\"text-and-image-container force-full-width ltr has-highlighted-text has-vertical-centered-text has_no_animation\">\n\n    <style>\n        #text-and-image-block_9d82a9a01dfce4cf32337197129a21f5 {\n            --textAndImageHeight: 700px;\n            --textAndImageBackgroundColor: #ffffff;\n            --textAndImageTextColor: #241d4c;\n        }\n        @media screen and (max-width: 1024px) {\n        #text-and-image-block_9d82a9a01dfce4cf32337197129a21f5 {\n            --textAndImageHeight: 300px;\n        }\n        }\n    <\/style>\n\n                <div class=\"image-wrapper cover\">\n                <div class=\"image-outer\">\n                                        <img decoding=\"async\" loading=\"lazy\" alt=\"Serielle Sanierung, Stuttgart, Kurt-Schumacher-Str.\" style=\"height: var(--textAndImageHeight);object-position: center center\" sizes=\"(max-width: 1920px) 100vw, 1920px\" srcset=\"https:\/\/buo.de\/bau\/wp-content\/uploads\/sites\/2\/2026\/04\/kh821-09-1920x1440.jpg 1920w, https:\/\/buo.de\/bau\/wp-content\/uploads\/sites\/2\/2026\/04\/kh821-09-300x225.jpg 300w, https:\/\/buo.de\/bau\/wp-content\/uploads\/sites\/2\/2026\/04\/kh821-09-1024x768.jpg 1024w, https:\/\/buo.de\/bau\/wp-content\/uploads\/sites\/2\/2026\/04\/kh821-09-768x576.jpg 768w, https:\/\/buo.de\/bau\/wp-content\/uploads\/sites\/2\/2026\/04\/kh821-09-1536x1152.jpg 1536w, https:\/\/buo.de\/bau\/wp-content\/uploads\/sites\/2\/2026\/04\/kh821-09-2048x1536.jpg 2048w, https:\/\/buo.de\/bau\/wp-content\/uploads\/sites\/2\/2026\/04\/kh821-09-1440x1080.jpg 1440w, https:\/\/buo.de\/bau\/wp-content\/uploads\/sites\/2\/2026\/04\/kh821-09-1320x990.jpg 1320w\" src=\"https:\/\/buo.de\/bau\/wp-content\/uploads\/sites\/2\/2026\/04\/kh821-09-1920x1440.jpg\" class=\"image\">\n                <\/div>\n            <\/div>\n                        <div class=\"text is-highlighted\">\n            <h2 class=\"over-content\"><\/h2>\n            <div class=\"content \"><table width=\"100%\">\n<tbody>\n<tr>\n<td><strong>Bauherr<\/strong><\/td>\n<td><span class=\"TextRun SCXW38197847 BCX8\" lang=\"DE-DE\" xml:lang=\"DE-DE\" data-contrast=\"none\"><span class=\"NormalTextRun SCXW38197847 BCX8\">Stuttgarter Wohnungs- und St\u00e4dtebaugesellschaft mbH<\/span><\/span><span class=\"EOP Selected SCXW38197847 BCX8\" data-ccp-props=\"{&quot;201341983&quot;:0,&quot;335559739&quot;:0,&quot;335559740&quot;:240}\">\u00a0<\/span><\/td>\n<\/tr>\n<tr>\n<td><strong><span class=\"TextRun SCXW5258854 BCX8\" lang=\"DE-DE\" xml:lang=\"DE-DE\" data-contrast=\"none\"><span class=\"NormalTextRun SCXW5258854 BCX8\">Architektur<\/span><\/span><span class=\"EOP Selected SCXW5258854 BCX8\" data-ccp-props=\"{&quot;201341983&quot;:0,&quot;335559739&quot;:0,&quot;335559740&quot;:240}\">\u00a0<\/span><\/strong><\/td>\n<td><span data-contrast=\"none\">Leistungsphase 3\u00a0&#8211; 4:\u00a0Moergplus\u00a0architektur\u00a0GbR<\/span><span data-ccp-props=\"{&quot;201341983&quot;:0,&quot;335559739&quot;:0,&quot;335559740&quot;:240}\"><br \/>\n<\/span><span data-contrast=\"none\">Energetische Planung und Haustechnik \u00fcber B\u00fcro IB <\/span><span data-contrast=\"none\">Scheffler\u00a0<\/span><\/td>\n<\/tr>\n<tr>\n<td><strong>Bauzeitraum<\/strong><\/td>\n<td><span class=\"TextRun SCXW94696995 BCX8\" lang=\"DE-DE\" xml:lang=\"DE-DE\" data-contrast=\"none\"><span class=\"NormalTextRun SCXW94696995 BCX8\">Juni\u00a0<\/span><span class=\"NormalTextRun SCXW94696995 BCX8\">20<\/span><span class=\"NormalTextRun SCXW94696995 BCX8\">24<\/span><span class=\"NormalTextRun SCXW94696995 BCX8\">\u00a0bis<\/span><span class=\"NormalTextRun SCXW94696995 BCX8\">\u00a0<\/span><span class=\"NormalTextRun SCXW94696995 BCX8\">Januar\u00a0<\/span><span class=\"NormalTextRun SCXW94696995 BCX8\">2<\/span><span class=\"NormalTextRun SCXW94696995 BCX8\">02<\/span><span class=\"NormalTextRun SCXW94696995 BCX8\">5<\/span><\/span><span class=\"EOP Selected SCXW94696995 BCX8\" data-ccp-props=\"{&quot;201341983&quot;:0,&quot;335559739&quot;:0,&quot;335559740&quot;:240}\">\u00a0<\/span><\/td>\n<\/tr>\n<tr>\n<td><strong>Leistungsumfang<\/strong><\/td>\n<td>\n<ul>\n<li data-leveltext=\"-\" data-font=\"Noto Sans\" data-listid=\"9\" data-list-defn-props=\"{&quot;335551671&quot;:24,&quot;335552541&quot;:1,&quot;335559685&quot;:420,&quot;335559991&quot;:360,&quot;469769226&quot;:&quot;Noto Sans&quot;,&quot;469769242&quot;:[8226],&quot;469777803&quot;:&quot;left&quot;,&quot;469777804&quot;:&quot;-&quot;,&quot;469777815&quot;:&quot;hybridMultilevel&quot;}\" data-aria-posinset=\"24\" data-aria-level=\"1\"><span data-contrast=\"none\">Serielle\u00a0energetische\u00a0Sanierung\u00a0als Strangsanierung\u00a0inklusive Heizung, L\u00fcftung,\u00a0Bad- und WC-Sanierung,\u00a0z.T.\u00a0auch\u00a0Elektrik\u00a0<\/span><span data-ccp-props=\"{&quot;201341983&quot;:0,&quot;335559739&quot;:0,&quot;335559740&quot;:240}\">\u00a0<\/span><\/li>\n<\/ul>\n<ul>\n<li data-leveltext=\"-\" data-font=\"Noto Sans\" data-listid=\"9\" data-list-defn-props=\"{&quot;335551671&quot;:24,&quot;335552541&quot;:1,&quot;335559685&quot;:420,&quot;335559991&quot;:360,&quot;469769226&quot;:&quot;Noto Sans&quot;,&quot;469769242&quot;:[8226],&quot;469777803&quot;:&quot;left&quot;,&quot;469777804&quot;:&quot;-&quot;,&quot;469777815&quot;:&quot;hybridMultilevel&quot;}\" data-aria-posinset=\"25\" data-aria-level=\"1\"><span data-contrast=\"none\">Serielle\u00a0Fassadensanierung inklusive neuer\u00a0Heizleitungen\u00a0entlang der Au\u00dfenw\u00e4nde\u00a0sowie neuer D\u00e4mmung mit\u00a0vorgefertigten\u00a0Vorbauw\u00e4nden\u00a0in Holzst\u00e4nderbauweise und Isofloc-D\u00e4mmung\u00a0auf\u00a0einer Fl\u00e4che von\u00a01.800 m\u00b2<\/span><span data-ccp-props=\"{&quot;201341983&quot;:0,&quot;335559739&quot;:0,&quot;335559740&quot;:240}\">\u00a0<\/span><\/li>\n<\/ul>\n<ul>\n<li data-leveltext=\"-\" data-font=\"Noto Sans\" data-listid=\"9\" data-list-defn-props=\"{&quot;335551671&quot;:24,&quot;335552541&quot;:1,&quot;335559685&quot;:420,&quot;335559991&quot;:360,&quot;469769226&quot;:&quot;Noto Sans&quot;,&quot;469769242&quot;:[8226],&quot;469777803&quot;:&quot;left&quot;,&quot;469777804&quot;:&quot;-&quot;,&quot;469777815&quot;:&quot;hybridMultilevel&quot;}\" data-aria-posinset=\"26\" data-aria-level=\"1\"><span data-contrast=\"none\">Balkone mit\u00a0Glasfaltwand verschlossen und zu kleinen Winterg\u00e4rten umfunktioniert<\/span><span data-ccp-props=\"{&quot;201341983&quot;:0,&quot;335559739&quot;:0,&quot;335559740&quot;:240}\">\u00a0<\/span><\/li>\n<\/ul>\n<ul>\n<li data-leveltext=\"-\" data-font=\"Noto Sans\" data-listid=\"9\" data-list-defn-props=\"{&quot;335551671&quot;:24,&quot;335552541&quot;:1,&quot;335559685&quot;:420,&quot;335559991&quot;:360,&quot;469769226&quot;:&quot;Noto Sans&quot;,&quot;469769242&quot;:[8226],&quot;469777803&quot;:&quot;left&quot;,&quot;469777804&quot;:&quot;-&quot;,&quot;469777815&quot;:&quot;hybridMultilevel&quot;}\" data-aria-posinset=\"27\" data-aria-level=\"1\"><span data-contrast=\"none\">Kellerdeckend\u00e4mmung\u00a0\u00a0<\/span><span data-ccp-props=\"{&quot;201341983&quot;:0,&quot;335559739&quot;:0,&quot;335559740&quot;:240}\">\u00a0<\/span><\/li>\n<\/ul>\n<ul>\n<li data-leveltext=\"-\" data-font=\"Noto Sans\" data-listid=\"9\" data-list-defn-props=\"{&quot;335551671&quot;:24,&quot;335552541&quot;:1,&quot;335559685&quot;:420,&quot;335559991&quot;:360,&quot;469769226&quot;:&quot;Noto Sans&quot;,&quot;469769242&quot;:[8226],&quot;469777803&quot;:&quot;left&quot;,&quot;469777804&quot;:&quot;-&quot;,&quot;469777815&quot;:&quot;hybridMultilevel&quot;}\" data-aria-posinset=\"28\" data-aria-level=\"1\"><span data-contrast=\"none\">Keller\u00a0und Treppenhaus brandschutzrechtlich ert\u00fcchtigt, auch durch\u00a0Brandschutzt\u00fcren<\/span><span data-ccp-props=\"{&quot;201341983&quot;:0,&quot;335559739&quot;:0,&quot;335559740&quot;:240}\">\u00a0<\/span><\/li>\n<\/ul>\n<ul>\n<li data-leveltext=\"-\" data-font=\"Noto Sans\" data-listid=\"9\" data-list-defn-props=\"{&quot;335551671&quot;:24,&quot;335552541&quot;:1,&quot;335559685&quot;:420,&quot;335559991&quot;:360,&quot;469769226&quot;:&quot;Noto Sans&quot;,&quot;469769242&quot;:[8226],&quot;469777803&quot;:&quot;left&quot;,&quot;469777804&quot;:&quot;-&quot;,&quot;469777815&quot;:&quot;hybridMultilevel&quot;}\" data-aria-posinset=\"29\" data-aria-level=\"1\"><span data-contrast=\"none\">Treppenhausgel\u00e4nder\u00a0erneuert\u00a0<\/span><span data-ccp-props=\"{&quot;201341983&quot;:0,&quot;335559739&quot;:0,&quot;335559740&quot;:240}\">\u00a0<\/span><\/li>\n<\/ul>\n<\/td>\n<\/tr>\n<tr>\n<td><strong>Geb\u00e4udezahlen<\/strong><\/td>\n<td><span class=\"TextRun SCXW87391457 BCX8\" lang=\"DE-DE\" xml:lang=\"DE-DE\" data-contrast=\"none\"><span class=\"NormalTextRun SCXW87391457 BCX8\">Drei\u00a0<\/span><span class=\"NormalTextRun SCXW87391457 BCX8\">Hauseing<\/span><span class=\"NormalTextRun SCXW87391457 BCX8\">\u00e4nge, 24 Wohnungen, zwei Str\u00e4nge pro Haus. Wohnfl\u00e4che<\/span><span class=\"NormalTextRun SCXW87391457 BCX8\">\u00a0<\/span><span class=\"NormalTextRun SCXW87391457 BCX8\">1.932,72 m\u00b2<\/span><span class=\"NormalTextRun SCXW87391457 BCX8\">. Die Gesamt<\/span><span class=\"NormalTextRun SCXW87391457 BCX8\">nutzfl\u00e4che betr\u00e4gt 2.288 m\u00b2 und die Geb\u00e4udegrundfl\u00e4che 616 m<\/span><span class=\"NormalTextRun SCXW87391457 BCX8\">\u00b2<\/span><span class=\"NormalTextRun SCXW87391457 BCX8\">.\u00a0<\/span><\/span><span class=\"EOP Selected SCXW87391457 BCX8\" data-ccp-props=\"{&quot;201341983&quot;:0,&quot;335559739&quot;:0,&quot;335559740&quot;:240}\">\u00a0<\/span><\/td>\n<\/tr>\n<tr>\n<td><strong>Energiekonzept<\/strong><\/td>\n<td><span data-contrast=\"none\">Zentrale Abluftanlage mit W\u00e4rmer\u00fcckgewinnung \u00fcber\u00a0<\/span><span data-contrast=\"none\">Luftw\u00e4rmepumpe\u00a0und Speicherungen im Pufferspeicher.\u00a0<\/span><span data-contrast=\"none\">KfW\u00a0Effizienzhaus\u00a055<\/span><span data-contrast=\"none\">\u00a0EE\u00a0<\/span><span data-contrast=\"none\">dank Luft-Wasserw\u00e4rmepumpe sowie einer PV-Dachanlage mit 55 Kilowatt Peakleistung, betrieben durch Stadtwerke<\/span><span data-ccp-props=\"{&quot;201341983&quot;:0,&quot;335559739&quot;:0,&quot;335559740&quot;:240}\">\u00a0<\/span><\/td>\n<\/tr>\n<tr>\n<td><strong>Bauorganisation<\/strong><\/td>\n<td>B&amp;O Bau Baden-W\u00fcrttemberg als General\u00fcbernehmer<\/td>\n<\/tr>\n<\/tbody>\n<\/table>\n<\/div>\n\n            \n            <div class=\"read-more-content\"><\/div>\n                    <\/div>\n        <\/div>\n\n\n\n<div style=\"height:80px\" aria-hidden=\"true\" class=\"wp-block-spacer\"><\/div>\n\n\n<div id=\"text-and-image-block_2fd24ed9aa56501c52b60c1090c3197e\"\n     class=\"text-and-image-container force-full-width rtl has-highlighted-text has-vertical-centered-text has_no_animation\">\n\n    <style>\n        #text-and-image-block_2fd24ed9aa56501c52b60c1090c3197e {\n            --textAndImageHeight: 700px;\n            --textAndImageBackgroundColor: #ffffff;\n            --textAndImageTextColor: #241d4c;\n        }\n        @media screen and (max-width: 1024px) {\n        #text-and-image-block_2fd24ed9aa56501c52b60c1090c3197e {\n            --textAndImageHeight: 300px;\n        }\n        }\n    <\/style>\n\n                <div class=\"image-wrapper cover\">\n                <div class=\"image-outer\">\n                                        <img decoding=\"async\" loading=\"lazy\" alt=\"Serielle Sanierung, Stuttgart, Kurt-Schumacher-Str.\" style=\"height: var(--textAndImageHeight);object-position: center center\" sizes=\"(max-width: 1920px) 100vw, 1920px\" srcset=\"https:\/\/buo.de\/bau\/wp-content\/uploads\/sites\/2\/2026\/04\/kh821-12-1920x1281.jpg 1920w, https:\/\/buo.de\/bau\/wp-content\/uploads\/sites\/2\/2026\/04\/kh821-12-300x200.jpg 300w, https:\/\/buo.de\/bau\/wp-content\/uploads\/sites\/2\/2026\/04\/kh821-12-1024x683.jpg 1024w, https:\/\/buo.de\/bau\/wp-content\/uploads\/sites\/2\/2026\/04\/kh821-12-768x513.jpg 768w, https:\/\/buo.de\/bau\/wp-content\/uploads\/sites\/2\/2026\/04\/kh821-12-1536x1025.jpg 1536w, https:\/\/buo.de\/bau\/wp-content\/uploads\/sites\/2\/2026\/04\/kh821-12-2048x1367.jpg 2048w, https:\/\/buo.de\/bau\/wp-content\/uploads\/sites\/2\/2026\/04\/kh821-12-1618x1080.jpg 1618w, https:\/\/buo.de\/bau\/wp-content\/uploads\/sites\/2\/2026\/04\/kh821-12-1320x881.jpg 1320w\" src=\"https:\/\/buo.de\/bau\/wp-content\/uploads\/sites\/2\/2026\/04\/kh821-12-1920x1281.jpg\" class=\"image\">\n                <\/div>\n            <\/div>\n                        <div class=\"text is-highlighted\">\n            <h2 class=\"over-content\">Eine saubere Sache f\u00fcr die Mieter \u2013 w\u00e4hrend und nach der Sanierung <\/h2>\n            <div class=\"content \"><h3><\/h3>\n<p><span data-contrast=\"auto\">Die Bewohner der 24 Wohnungen\u00a0in der Kurt-Schuhmacher-Stra\u00dfe\u00a0in Stuttgart\u00a0k\u00f6nnen sich nicht nur \u00fcber die durch Glasfaltw\u00e4nde zu kleinen Winterg\u00e4rten ausgebauten Balkone freuen\u00a0\u2013\u00a0sowie \u00fcber\u00a0deutlich geringere Heizkosten nach der\u00a0umfassenden\u00a0energetischen Sanierung ihres Hauses.\u00a0<\/span><\/p>\n<p><span data-contrast=\"auto\">Schon w\u00e4hrend\u00a0der\u00a0Seriellen Sanierung, die\u00a0unter anderem\u00a0eine Strangsanierung\u00a0inklusive Heizungs-, L\u00fcftungs-, Bad- und WC-Sanierung\u00a0umfasste,\u00a0war die Mieterzufriedenheit hoch. Zumal\u00a0die Bewohner\u00a0in ihrem Alltag\u00a0deutlich weniger\u00a0eingeschr\u00e4nkt\u00a0waren,\u00a0als ein so umfangreiches Sanierungsprojekt vermuten lie\u00dfe.<\/span><span data-ccp-props=\"{}\">\u00a0<\/span><\/p>\n<p><span data-contrast=\"auto\">Zu verdanken war das\u00a0besonders\u00a0dem Umstand, dass die Heizleitungen nicht wie \u00fcblich durch die Wohnung verlegt worden sind, was Kernbohrungen,\u00a0Abdeckk\u00e4sten und eventuell sp\u00e4tere Stellprobleme f\u00fcr M\u00f6bel nach sich zieht. <\/span><\/p>\n<p><span data-contrast=\"auto\">Stattdessen sind die Leitungen \u00fcber die Au\u00dfenw\u00e4nde gezogen worden, bevor\u00a0an\u00a0diese,\u00a0mit Cellulose ged\u00e4mmte, vorgefertigte Vorbauw\u00e4nde in Holzst\u00e4nderbauweise\u00a0montiert worden sind.\u00a0Die alten Fenster wurden entfernt und durch neue, in die Vorbauwand eingelassene\u00a0Kunststofffenster ersetzt.<\/span><span data-ccp-props=\"{&quot;201341983&quot;:0,&quot;335559740&quot;:283}\">\u00a0<\/span><\/p>\n<p><span data-contrast=\"auto\">Neben den Fassaden wurde auch das Dach\u00a0energetisch\u00a0saniert sowie die Kellerdecke\u00a0ged\u00e4mmt.\u00a0Die alte\u00a0Zentralgasheizung hat B&amp;O Bau ersetzt durch ein neuwertiges Heizkonzept, das eine zentrale Abluftanlage mit W\u00e4rmer\u00fcckgewinnung\u00a0und\u00a0Speicherungen im Pufferspeicher vorsieht. <\/span><\/p>\n<p><span data-contrast=\"auto\">Der ehemalige Plattenbau verf\u00fcgt\u00a0mit\u00a0seiner PV-Anlage auf dem Dach sowie der \u00fcber\u00a0eine\u00a0Luftw\u00e4rmpumpe betriebenen, elektrischen Heizung\u00a0inzwischen\u00a0\u00fcber einen umwelt- und geldbeutelschonenden KfW-Effizienzhaus-Standard 55\u00a0<\/span><span data-contrast=\"none\">EE.<\/span><span data-ccp-props=\"{&quot;201341983&quot;:0,&quot;335559739&quot;:0,&quot;335559740&quot;:283}\">\u00a0<\/span><\/p>\n<p><span data-ccp-props=\"{}\">\u00a0<\/span><b>Besonderheiten<\/b><\/p>\n<ul>\n<li data-leveltext=\"\u2022\" data-font=\"Aptos\" data-listid=\"8\" data-list-defn-props=\"{&quot;335551671&quot;:0,&quot;335552541&quot;:1,&quot;335559685&quot;:1080,&quot;335559991&quot;:360,&quot;469769226&quot;:&quot;Aptos&quot;,&quot;469769242&quot;:[8226],&quot;469777803&quot;:&quot;left&quot;,&quot;469777804&quot;:&quot;\u2022&quot;,&quot;469777815&quot;:&quot;hybridMultilevel&quot;}\" data-aria-posinset=\"0\" data-aria-level=\"1\">Pilotprojekt\u00a0mit der\u00a0SWSG: erste Serielle Sanierung f\u00fcr eine Wohnungsbaugesellschaft in Baden-W\u00fcrttemberg<\/li>\n<\/ul>\n<ul>\n<li data-leveltext=\"\u2022\" data-font=\"Aptos\" data-listid=\"8\" data-list-defn-props=\"{&quot;335551671&quot;:0,&quot;335552541&quot;:1,&quot;335559685&quot;:1080,&quot;335559991&quot;:360,&quot;469769226&quot;:&quot;Aptos&quot;,&quot;469769242&quot;:[8226],&quot;469777803&quot;:&quot;left&quot;,&quot;469777804&quot;:&quot;\u2022&quot;,&quot;469777815&quot;:&quot;hybridMultilevel&quot;}\" data-aria-posinset=\"1\" data-aria-level=\"1\">Serielle energetische und Strangsanierung im bewohnten Zustand<\/li>\n<\/ul>\n<ul>\n<li data-leveltext=\"\u2022\" data-font=\"Aptos\" data-listid=\"8\" data-list-defn-props=\"{&quot;335551671&quot;:0,&quot;335552541&quot;:1,&quot;335559685&quot;:1080,&quot;335559991&quot;:360,&quot;469769226&quot;:&quot;Aptos&quot;,&quot;469769242&quot;:[8226],&quot;469777803&quot;:&quot;left&quot;,&quot;469777804&quot;:&quot;\u2022&quot;,&quot;469777815&quot;:&quot;hybridMultilevel&quot;}\" data-aria-posinset=\"2\" data-aria-level=\"1\">Betrieb\u00a0der elektrischen Heizung\u00a0erfolgt ausschlie\u00dflich \u00fcber Luftw\u00e4rmepumpe<\/li>\n<\/ul>\n<ul>\n<li data-leveltext=\"\u2022\" data-font=\"Aptos\" data-listid=\"8\" data-list-defn-props=\"{&quot;335551671&quot;:0,&quot;335552541&quot;:1,&quot;335559685&quot;:1080,&quot;335559991&quot;:360,&quot;469769226&quot;:&quot;Aptos&quot;,&quot;469769242&quot;:[8226],&quot;469777803&quot;:&quot;left&quot;,&quot;469777804&quot;:&quot;\u2022&quot;,&quot;469777815&quot;:&quot;hybridMultilevel&quot;}\" data-aria-posinset=\"3\" data-aria-level=\"1\">Neu\u00a0errichtete\u00a0PV-Anlage auf dem\u00a0Dach\u00a0an die\u00a0Stadtwerke\u00a0verkauft, die Sonnenstrom mit Strompreis verrechnen<\/li>\n<\/ul>\n<ul>\n<li data-leveltext=\"\u2022\" data-font=\"Aptos\" data-listid=\"8\" data-list-defn-props=\"{&quot;335551671&quot;:0,&quot;335552541&quot;:1,&quot;335559685&quot;:1080,&quot;335559991&quot;:360,&quot;469769226&quot;:&quot;Aptos&quot;,&quot;469769242&quot;:[8226],&quot;469777803&quot;:&quot;left&quot;,&quot;469777804&quot;:&quot;\u2022&quot;,&quot;469777815&quot;:&quot;hybridMultilevel&quot;}\" data-aria-posinset=\"4\" data-aria-level=\"1\">Kunststofffenster\u00a0sowie\u00a0Glasfaltw\u00e4nde\u00a0als Alukonstruktion<\/li>\n<\/ul>\n<ul>\n<li data-leveltext=\"\u2022\" data-font=\"Aptos\" data-listid=\"8\" data-list-defn-props=\"{&quot;335551671&quot;:0,&quot;335552541&quot;:1,&quot;335559685&quot;:1080,&quot;335559991&quot;:360,&quot;469769226&quot;:&quot;Aptos&quot;,&quot;469769242&quot;:[8226],&quot;469777803&quot;:&quot;left&quot;,&quot;469777804&quot;:&quot;\u2022&quot;,&quot;469777815&quot;:&quot;hybridMultilevel&quot;}\" data-aria-posinset=\"5\" data-aria-level=\"1\">KfW Effizienzhaus\u00a055\u00a0EE\u00a0mit dezentralen Wohnungsstationen\u00a0sowie\u00a0zentraler L\u00fcftungsanlage<\/li>\n<\/ul>\n<\/div>\n\n            \n            <div class=\"read-more-content\"><\/div>\n                    <\/div>\n        <\/div>\n\n\n\n<div style=\"height:80px\" aria-hidden=\"true\" class=\"wp-block-spacer\"><\/div>\n\n\n\n<div id=\"gallery-block_e8c0ddc3a10e1e1bd91c0df618916ff9\" class=\"gallery-container responsive-layout has-aspect-ratio aligncenter lightbox-images layout-grid gap-25 columns-4 zoom_in_animation\"\n     data-columns=\"4\"\n     data-gap=\"25\"\n     data-loop=\"disabled\"\n     data-autoplay=\"disabled\"\n     data-transition-delay=\"3000\"\n     data-transition-speed=\"300\"\n     data-transition-type=\"\"\n     data-on-pause=\"disabled\"\n>\n            <div class=\"slider-wrapper\">\n            <div class=\"gallery-wrapper\">\n                <div class=\"slider-container\">\n                    <div class=\"swiper swiper-gallery\">\n                        <div class=\"swiper-wrapper\">\n                                                            <div class=\"swiper-slide responsive-layout-child\"\n                                >\n                                                                            <a data-featherlight=\"#gallery-block_e8c0ddc3a10e1e1bd91c0df618916ff9-modal\" data-index=\"0\" class=\"swiper-slide-wrapper\">\n                                            <img decoding=\"async\" loading=\"lazy\" sizes=\"(max-width: 1920px) 100vw, 1920px\" srcset=\"https:\/\/buo.de\/bau\/wp-content\/uploads\/sites\/2\/2026\/04\/kh821-02-1920x1440.jpg 1920w, https:\/\/buo.de\/bau\/wp-content\/uploads\/sites\/2\/2026\/04\/kh821-02-300x225.jpg 300w, https:\/\/buo.de\/bau\/wp-content\/uploads\/sites\/2\/2026\/04\/kh821-02-1024x768.jpg 1024w, https:\/\/buo.de\/bau\/wp-content\/uploads\/sites\/2\/2026\/04\/kh821-02-768x576.jpg 768w, https:\/\/buo.de\/bau\/wp-content\/uploads\/sites\/2\/2026\/04\/kh821-02-1536x1152.jpg 1536w, https:\/\/buo.de\/bau\/wp-content\/uploads\/sites\/2\/2026\/04\/kh821-02-2048x1536.jpg 2048w, https:\/\/buo.de\/bau\/wp-content\/uploads\/sites\/2\/2026\/04\/kh821-02-1440x1080.jpg 1440w, https:\/\/buo.de\/bau\/wp-content\/uploads\/sites\/2\/2026\/04\/kh821-02-1320x990.jpg 1320w\" src=\"https:\/\/buo.de\/bau\/wp-content\/uploads\/sites\/2\/2026\/04\/kh821-02-1920x1440.jpg\" class=\"slide-image thumbnail \" alt=\"\">\n                                                                                    <\/a>\n                                                                        <\/div>\n                                                                <div class=\"swiper-slide responsive-layout-child\"\n                                >\n                                                                            <a data-featherlight=\"#gallery-block_e8c0ddc3a10e1e1bd91c0df618916ff9-modal\" data-index=\"1\" class=\"swiper-slide-wrapper\">\n                                            <img decoding=\"async\" loading=\"lazy\" sizes=\"(max-width: 1920px) 100vw, 1920px\" srcset=\"https:\/\/buo.de\/bau\/wp-content\/uploads\/sites\/2\/2026\/04\/kh821-03-1920x1440.jpg 1920w, https:\/\/buo.de\/bau\/wp-content\/uploads\/sites\/2\/2026\/04\/kh821-03-300x225.jpg 300w, https:\/\/buo.de\/bau\/wp-content\/uploads\/sites\/2\/2026\/04\/kh821-03-1024x768.jpg 1024w, https:\/\/buo.de\/bau\/wp-content\/uploads\/sites\/2\/2026\/04\/kh821-03-768x576.jpg 768w, https:\/\/buo.de\/bau\/wp-content\/uploads\/sites\/2\/2026\/04\/kh821-03-1536x1152.jpg 1536w, https:\/\/buo.de\/bau\/wp-content\/uploads\/sites\/2\/2026\/04\/kh821-03-2048x1536.jpg 2048w, https:\/\/buo.de\/bau\/wp-content\/uploads\/sites\/2\/2026\/04\/kh821-03-1440x1080.jpg 1440w, https:\/\/buo.de\/bau\/wp-content\/uploads\/sites\/2\/2026\/04\/kh821-03-1320x990.jpg 1320w\" src=\"https:\/\/buo.de\/bau\/wp-content\/uploads\/sites\/2\/2026\/04\/kh821-03-1920x1440.jpg\" class=\"slide-image thumbnail \" alt=\"\">\n                                                                                    <\/a>\n                                                                        <\/div>\n                                                                <div class=\"swiper-slide responsive-layout-child\"\n                                >\n                                                                            <a data-featherlight=\"#gallery-block_e8c0ddc3a10e1e1bd91c0df618916ff9-modal\" data-index=\"2\" class=\"swiper-slide-wrapper\">\n                                            <img decoding=\"async\" loading=\"lazy\" sizes=\"(max-width: 1920px) 100vw, 1920px\" srcset=\"https:\/\/buo.de\/bau\/wp-content\/uploads\/sites\/2\/2026\/04\/kh821-04-1920x1440.jpg 1920w, https:\/\/buo.de\/bau\/wp-content\/uploads\/sites\/2\/2026\/04\/kh821-04-300x225.jpg 300w, https:\/\/buo.de\/bau\/wp-content\/uploads\/sites\/2\/2026\/04\/kh821-04-1024x768.jpg 1024w, https:\/\/buo.de\/bau\/wp-content\/uploads\/sites\/2\/2026\/04\/kh821-04-768x576.jpg 768w, https:\/\/buo.de\/bau\/wp-content\/uploads\/sites\/2\/2026\/04\/kh821-04-1536x1152.jpg 1536w, https:\/\/buo.de\/bau\/wp-content\/uploads\/sites\/2\/2026\/04\/kh821-04-2048x1536.jpg 2048w, https:\/\/buo.de\/bau\/wp-content\/uploads\/sites\/2\/2026\/04\/kh821-04-1440x1080.jpg 1440w, https:\/\/buo.de\/bau\/wp-content\/uploads\/sites\/2\/2026\/04\/kh821-04-1320x990.jpg 1320w\" src=\"https:\/\/buo.de\/bau\/wp-content\/uploads\/sites\/2\/2026\/04\/kh821-04-1920x1440.jpg\" class=\"slide-image thumbnail \" alt=\"Serielle Sanierung Kurt Schuhmacher Str.\">\n                                                                                    <\/a>\n                                                                        <\/div>\n                                                                <div class=\"swiper-slide responsive-layout-child\"\n                                >\n                                                                            <a data-featherlight=\"#gallery-block_e8c0ddc3a10e1e1bd91c0df618916ff9-modal\" data-index=\"3\" class=\"swiper-slide-wrapper\">\n                                            <img decoding=\"async\" loading=\"lazy\" sizes=\"(max-width: 1920px) 100vw, 1920px\" srcset=\"https:\/\/buo.de\/bau\/wp-content\/uploads\/sites\/2\/2026\/04\/kh821-01-1920x1440.jpg 1920w, https:\/\/buo.de\/bau\/wp-content\/uploads\/sites\/2\/2026\/04\/kh821-01-300x225.jpg 300w, https:\/\/buo.de\/bau\/wp-content\/uploads\/sites\/2\/2026\/04\/kh821-01-1024x768.jpg 1024w, https:\/\/buo.de\/bau\/wp-content\/uploads\/sites\/2\/2026\/04\/kh821-01-768x576.jpg 768w, https:\/\/buo.de\/bau\/wp-content\/uploads\/sites\/2\/2026\/04\/kh821-01-1536x1152.jpg 1536w, https:\/\/buo.de\/bau\/wp-content\/uploads\/sites\/2\/2026\/04\/kh821-01-2048x1536.jpg 2048w, https:\/\/buo.de\/bau\/wp-content\/uploads\/sites\/2\/2026\/04\/kh821-01-1440x1080.jpg 1440w, https:\/\/buo.de\/bau\/wp-content\/uploads\/sites\/2\/2026\/04\/kh821-01-1320x990.jpg 1320w\" src=\"https:\/\/buo.de\/bau\/wp-content\/uploads\/sites\/2\/2026\/04\/kh821-01-1920x1440.jpg\" class=\"slide-image thumbnail \" alt=\"\">\n                                                                                    <\/a>\n                                                                        <\/div>\n                                                                <div class=\"swiper-slide responsive-layout-child\"\n                                >\n                                                                            <a data-featherlight=\"#gallery-block_e8c0ddc3a10e1e1bd91c0df618916ff9-modal\" data-index=\"4\" class=\"swiper-slide-wrapper\">\n                                            <img decoding=\"async\" loading=\"lazy\" sizes=\"(max-width: 1920px) 100vw, 1920px\" srcset=\"https:\/\/buo.de\/bau\/wp-content\/uploads\/sites\/2\/2026\/04\/kh821-13-1920x1281.jpg 1920w, https:\/\/buo.de\/bau\/wp-content\/uploads\/sites\/2\/2026\/04\/kh821-13-300x200.jpg 300w, https:\/\/buo.de\/bau\/wp-content\/uploads\/sites\/2\/2026\/04\/kh821-13-1024x683.jpg 1024w, https:\/\/buo.de\/bau\/wp-content\/uploads\/sites\/2\/2026\/04\/kh821-13-768x513.jpg 768w, https:\/\/buo.de\/bau\/wp-content\/uploads\/sites\/2\/2026\/04\/kh821-13-1536x1025.jpg 1536w, https:\/\/buo.de\/bau\/wp-content\/uploads\/sites\/2\/2026\/04\/kh821-13-2048x1367.jpg 2048w, https:\/\/buo.de\/bau\/wp-content\/uploads\/sites\/2\/2026\/04\/kh821-13-1618x1080.jpg 1618w, https:\/\/buo.de\/bau\/wp-content\/uploads\/sites\/2\/2026\/04\/kh821-13-1320x881.jpg 1320w\" src=\"https:\/\/buo.de\/bau\/wp-content\/uploads\/sites\/2\/2026\/04\/kh821-13-1920x1281.jpg\" class=\"slide-image thumbnail \" alt=\"\">\n                                                                                    <\/a>\n                                                                        <\/div>\n                                                                <div class=\"swiper-slide responsive-layout-child\"\n                                >\n                                                                            <a data-featherlight=\"#gallery-block_e8c0ddc3a10e1e1bd91c0df618916ff9-modal\" data-index=\"5\" class=\"swiper-slide-wrapper\">\n                                            <img decoding=\"async\" loading=\"lazy\" sizes=\"(max-width: 1920px) 100vw, 1920px\" srcset=\"https:\/\/buo.de\/bau\/wp-content\/uploads\/sites\/2\/2026\/04\/kh821-12-1920x1281.jpg 1920w, https:\/\/buo.de\/bau\/wp-content\/uploads\/sites\/2\/2026\/04\/kh821-12-300x200.jpg 300w, https:\/\/buo.de\/bau\/wp-content\/uploads\/sites\/2\/2026\/04\/kh821-12-1024x683.jpg 1024w, https:\/\/buo.de\/bau\/wp-content\/uploads\/sites\/2\/2026\/04\/kh821-12-768x513.jpg 768w, https:\/\/buo.de\/bau\/wp-content\/uploads\/sites\/2\/2026\/04\/kh821-12-1536x1025.jpg 1536w, https:\/\/buo.de\/bau\/wp-content\/uploads\/sites\/2\/2026\/04\/kh821-12-2048x1367.jpg 2048w, https:\/\/buo.de\/bau\/wp-content\/uploads\/sites\/2\/2026\/04\/kh821-12-1618x1080.jpg 1618w, https:\/\/buo.de\/bau\/wp-content\/uploads\/sites\/2\/2026\/04\/kh821-12-1320x881.jpg 1320w\" src=\"https:\/\/buo.de\/bau\/wp-content\/uploads\/sites\/2\/2026\/04\/kh821-12-1920x1281.jpg\" class=\"slide-image thumbnail \" alt=\"Serielle Sanierung, Stuttgart, Kurt-Schumacher-Str.\">\n                                                                                    <\/a>\n                                                                        <\/div>\n                                                                <div class=\"swiper-slide responsive-layout-child\"\n                                >\n                                                                            <a data-featherlight=\"#gallery-block_e8c0ddc3a10e1e1bd91c0df618916ff9-modal\" data-index=\"6\" class=\"swiper-slide-wrapper\">\n                                            <img decoding=\"async\" loading=\"lazy\" sizes=\"(max-width: 1920px) 100vw, 1920px\" srcset=\"https:\/\/buo.de\/bau\/wp-content\/uploads\/sites\/2\/2026\/04\/kh821-11-1920x1281.jpg 1920w, https:\/\/buo.de\/bau\/wp-content\/uploads\/sites\/2\/2026\/04\/kh821-11-300x200.jpg 300w, https:\/\/buo.de\/bau\/wp-content\/uploads\/sites\/2\/2026\/04\/kh821-11-1024x683.jpg 1024w, https:\/\/buo.de\/bau\/wp-content\/uploads\/sites\/2\/2026\/04\/kh821-11-768x513.jpg 768w, https:\/\/buo.de\/bau\/wp-content\/uploads\/sites\/2\/2026\/04\/kh821-11-1536x1025.jpg 1536w, https:\/\/buo.de\/bau\/wp-content\/uploads\/sites\/2\/2026\/04\/kh821-11-2048x1367.jpg 2048w, https:\/\/buo.de\/bau\/wp-content\/uploads\/sites\/2\/2026\/04\/kh821-11-1618x1080.jpg 1618w, https:\/\/buo.de\/bau\/wp-content\/uploads\/sites\/2\/2026\/04\/kh821-11-1320x881.jpg 1320w\" src=\"https:\/\/buo.de\/bau\/wp-content\/uploads\/sites\/2\/2026\/04\/kh821-11-1920x1281.jpg\" class=\"slide-image thumbnail \" alt=\"\">\n                                                                                    <\/a>\n                                                                        <\/div>\n                                                                <div class=\"swiper-slide responsive-layout-child\"\n                                >\n                                                                            <a data-featherlight=\"#gallery-block_e8c0ddc3a10e1e1bd91c0df618916ff9-modal\" data-index=\"7\" class=\"swiper-slide-wrapper\">\n                                            <img decoding=\"async\" loading=\"lazy\" sizes=\"(max-width: 1920px) 100vw, 1920px\" srcset=\"https:\/\/buo.de\/bau\/wp-content\/uploads\/sites\/2\/2026\/04\/kh821-10-scaled.jpg 1920w, https:\/\/buo.de\/bau\/wp-content\/uploads\/sites\/2\/2026\/04\/kh821-10-225x300.jpg 225w, https:\/\/buo.de\/bau\/wp-content\/uploads\/sites\/2\/2026\/04\/kh821-10-768x1024.jpg 768w, https:\/\/buo.de\/bau\/wp-content\/uploads\/sites\/2\/2026\/04\/kh821-10-1152x1536.jpg 1152w, https:\/\/buo.de\/bau\/wp-content\/uploads\/sites\/2\/2026\/04\/kh821-10-1536x2048.jpg 1536w, https:\/\/buo.de\/bau\/wp-content\/uploads\/sites\/2\/2026\/04\/kh821-10-810x1080.jpg 810w, https:\/\/buo.de\/bau\/wp-content\/uploads\/sites\/2\/2026\/04\/kh821-10-1320x1760.jpg 1320w\" src=\"https:\/\/buo.de\/bau\/wp-content\/uploads\/sites\/2\/2026\/04\/kh821-10-1920x2560.jpg\" class=\"slide-image thumbnail \" alt=\"\">\n                                                                                    <\/a>\n                                                                        <\/div>\n                                                                <div class=\"swiper-slide responsive-layout-child\"\n                                >\n                                                                            <a data-featherlight=\"#gallery-block_e8c0ddc3a10e1e1bd91c0df618916ff9-modal\" data-index=\"8\" class=\"swiper-slide-wrapper\">\n                                            <img decoding=\"async\" loading=\"lazy\" sizes=\"(max-width: 1920px) 100vw, 1920px\" srcset=\"https:\/\/buo.de\/bau\/wp-content\/uploads\/sites\/2\/2026\/04\/kh821-09-1920x1440.jpg 1920w, https:\/\/buo.de\/bau\/wp-content\/uploads\/sites\/2\/2026\/04\/kh821-09-300x225.jpg 300w, https:\/\/buo.de\/bau\/wp-content\/uploads\/sites\/2\/2026\/04\/kh821-09-1024x768.jpg 1024w, https:\/\/buo.de\/bau\/wp-content\/uploads\/sites\/2\/2026\/04\/kh821-09-768x576.jpg 768w, https:\/\/buo.de\/bau\/wp-content\/uploads\/sites\/2\/2026\/04\/kh821-09-1536x1152.jpg 1536w, https:\/\/buo.de\/bau\/wp-content\/uploads\/sites\/2\/2026\/04\/kh821-09-2048x1536.jpg 2048w, https:\/\/buo.de\/bau\/wp-content\/uploads\/sites\/2\/2026\/04\/kh821-09-1440x1080.jpg 1440w, https:\/\/buo.de\/bau\/wp-content\/uploads\/sites\/2\/2026\/04\/kh821-09-1320x990.jpg 1320w\" src=\"https:\/\/buo.de\/bau\/wp-content\/uploads\/sites\/2\/2026\/04\/kh821-09-1920x1440.jpg\" class=\"slide-image thumbnail \" alt=\"Serielle Sanierung, Stuttgart, Kurt-Schumacher-Str.\">\n                                                                                    <\/a>\n                                                                        <\/div>\n                                                                <div class=\"swiper-slide responsive-layout-child\"\n                                >\n                                                                            <a data-featherlight=\"#gallery-block_e8c0ddc3a10e1e1bd91c0df618916ff9-modal\" data-index=\"9\" class=\"swiper-slide-wrapper\">\n                                            <img decoding=\"async\" loading=\"lazy\" sizes=\"(max-width: 1920px) 100vw, 1920px\" srcset=\"https:\/\/buo.de\/bau\/wp-content\/uploads\/sites\/2\/2026\/04\/kh821-08-1920x1281.jpg 1920w, https:\/\/buo.de\/bau\/wp-content\/uploads\/sites\/2\/2026\/04\/kh821-08-300x200.jpg 300w, https:\/\/buo.de\/bau\/wp-content\/uploads\/sites\/2\/2026\/04\/kh821-08-1024x683.jpg 1024w, https:\/\/buo.de\/bau\/wp-content\/uploads\/sites\/2\/2026\/04\/kh821-08-768x513.jpg 768w, https:\/\/buo.de\/bau\/wp-content\/uploads\/sites\/2\/2026\/04\/kh821-08-1536x1025.jpg 1536w, https:\/\/buo.de\/bau\/wp-content\/uploads\/sites\/2\/2026\/04\/kh821-08-2048x1367.jpg 2048w, https:\/\/buo.de\/bau\/wp-content\/uploads\/sites\/2\/2026\/04\/kh821-08-1618x1080.jpg 1618w, https:\/\/buo.de\/bau\/wp-content\/uploads\/sites\/2\/2026\/04\/kh821-08-1320x881.jpg 1320w\" src=\"https:\/\/buo.de\/bau\/wp-content\/uploads\/sites\/2\/2026\/04\/kh821-08-1920x1281.jpg\" class=\"slide-image thumbnail \" alt=\"\">\n                                                                                    <\/a>\n                                                                        <\/div>\n                                                                <div class=\"swiper-slide responsive-layout-child\"\n                                >\n                                                                            <a data-featherlight=\"#gallery-block_e8c0ddc3a10e1e1bd91c0df618916ff9-modal\" data-index=\"10\" class=\"swiper-slide-wrapper\">\n                                            <img decoding=\"async\" loading=\"lazy\" sizes=\"(max-width: 1920px) 100vw, 1920px\" srcset=\"https:\/\/buo.de\/bau\/wp-content\/uploads\/sites\/2\/2026\/04\/kh821-07-scaled.jpg 1920w, https:\/\/buo.de\/bau\/wp-content\/uploads\/sites\/2\/2026\/04\/kh821-07-225x300.jpg 225w, https:\/\/buo.de\/bau\/wp-content\/uploads\/sites\/2\/2026\/04\/kh821-07-768x1024.jpg 768w, https:\/\/buo.de\/bau\/wp-content\/uploads\/sites\/2\/2026\/04\/kh821-07-1152x1536.jpg 1152w, https:\/\/buo.de\/bau\/wp-content\/uploads\/sites\/2\/2026\/04\/kh821-07-1536x2048.jpg 1536w, https:\/\/buo.de\/bau\/wp-content\/uploads\/sites\/2\/2026\/04\/kh821-07-810x1080.jpg 810w, https:\/\/buo.de\/bau\/wp-content\/uploads\/sites\/2\/2026\/04\/kh821-07-1320x1760.jpg 1320w\" src=\"https:\/\/buo.de\/bau\/wp-content\/uploads\/sites\/2\/2026\/04\/kh821-07-1920x2560.jpg\" class=\"slide-image thumbnail \" alt=\"\">\n                                                                                    <\/a>\n                                                                        <\/div>\n                                                                <div class=\"swiper-slide responsive-layout-child\"\n                                >\n                                                                            <a data-featherlight=\"#gallery-block_e8c0ddc3a10e1e1bd91c0df618916ff9-modal\" data-index=\"11\" class=\"swiper-slide-wrapper\">\n                                            <img decoding=\"async\" loading=\"lazy\" sizes=\"(max-width: 1920px) 100vw, 1920px\" srcset=\"https:\/\/buo.de\/bau\/wp-content\/uploads\/sites\/2\/2026\/04\/kh821-06-scaled.jpg 1920w, https:\/\/buo.de\/bau\/wp-content\/uploads\/sites\/2\/2026\/04\/kh821-06-225x300.jpg 225w, https:\/\/buo.de\/bau\/wp-content\/uploads\/sites\/2\/2026\/04\/kh821-06-768x1024.jpg 768w, https:\/\/buo.de\/bau\/wp-content\/uploads\/sites\/2\/2026\/04\/kh821-06-1152x1536.jpg 1152w, https:\/\/buo.de\/bau\/wp-content\/uploads\/sites\/2\/2026\/04\/kh821-06-1536x2048.jpg 1536w, https:\/\/buo.de\/bau\/wp-content\/uploads\/sites\/2\/2026\/04\/kh821-06-810x1080.jpg 810w, https:\/\/buo.de\/bau\/wp-content\/uploads\/sites\/2\/2026\/04\/kh821-06-1320x1760.jpg 1320w\" src=\"https:\/\/buo.de\/bau\/wp-content\/uploads\/sites\/2\/2026\/04\/kh821-06-1920x2560.jpg\" class=\"slide-image thumbnail \" alt=\"\">\n                                                                                    <\/a>\n                                                                        <\/div>\n                                                                <div class=\"swiper-slide responsive-layout-child\"\n                                >\n                                                                            <a data-featherlight=\"#gallery-block_e8c0ddc3a10e1e1bd91c0df618916ff9-modal\" data-index=\"12\" class=\"swiper-slide-wrapper\">\n                                            <img decoding=\"async\" loading=\"lazy\" sizes=\"(max-width: 1920px) 100vw, 1920px\" srcset=\"https:\/\/buo.de\/bau\/wp-content\/uploads\/sites\/2\/2026\/04\/kh821-05-1920x1281.jpg 1920w, https:\/\/buo.de\/bau\/wp-content\/uploads\/sites\/2\/2026\/04\/kh821-05-300x200.jpg 300w, https:\/\/buo.de\/bau\/wp-content\/uploads\/sites\/2\/2026\/04\/kh821-05-1024x683.jpg 1024w, https:\/\/buo.de\/bau\/wp-content\/uploads\/sites\/2\/2026\/04\/kh821-05-768x513.jpg 768w, https:\/\/buo.de\/bau\/wp-content\/uploads\/sites\/2\/2026\/04\/kh821-05-1536x1025.jpg 1536w, https:\/\/buo.de\/bau\/wp-content\/uploads\/sites\/2\/2026\/04\/kh821-05-2048x1367.jpg 2048w, https:\/\/buo.de\/bau\/wp-content\/uploads\/sites\/2\/2026\/04\/kh821-05-1618x1080.jpg 1618w, https:\/\/buo.de\/bau\/wp-content\/uploads\/sites\/2\/2026\/04\/kh821-05-1320x881.jpg 1320w\" src=\"https:\/\/buo.de\/bau\/wp-content\/uploads\/sites\/2\/2026\/04\/kh821-05-1920x1281.jpg\" class=\"slide-image thumbnail \" alt=\"\">\n                                                                                    <\/a>\n                                                                        <\/div>\n                                                        <\/div>\n                    <\/div>\n                    <div class=\"swiper-button-next gallery-next\"><\/div>\n                    <div class=\"swiper-button-prev gallery-prev\"><\/div>\n                <\/div>\n            <\/div>\n        <\/div>\n                <div id=\"gallery-block_e8c0ddc3a10e1e1bd91c0df618916ff9-modal\" class=\"modal-window gallery-modal\">\n            <div class=\"modal-wrapper\">\n                <div class=\"swiper swiper-modal \">\n                    <div class=\"swiper-wrapper\">\n                                                    <div class=\"swiper-slide caption-hidden\">\n                                <a class=\"swiper-slide-wrapper\" title=\"\">\n                                    <img decoding=\"async\" loading=\"lazy\" sizes=\"(max-width: 1920px) 100vw, 1920px\" srcset=\"https:\/\/buo.de\/bau\/wp-content\/uploads\/sites\/2\/2026\/04\/kh821-02-1920x1440.jpg 1920w, https:\/\/buo.de\/bau\/wp-content\/uploads\/sites\/2\/2026\/04\/kh821-02-300x225.jpg 300w, https:\/\/buo.de\/bau\/wp-content\/uploads\/sites\/2\/2026\/04\/kh821-02-1024x768.jpg 1024w, https:\/\/buo.de\/bau\/wp-content\/uploads\/sites\/2\/2026\/04\/kh821-02-768x576.jpg 768w, https:\/\/buo.de\/bau\/wp-content\/uploads\/sites\/2\/2026\/04\/kh821-02-1536x1152.jpg 1536w, https:\/\/buo.de\/bau\/wp-content\/uploads\/sites\/2\/2026\/04\/kh821-02-2048x1536.jpg 2048w, https:\/\/buo.de\/bau\/wp-content\/uploads\/sites\/2\/2026\/04\/kh821-02-1440x1080.jpg 1440w, https:\/\/buo.de\/bau\/wp-content\/uploads\/sites\/2\/2026\/04\/kh821-02-1320x990.jpg 1320w\" src=\"https:\/\/buo.de\/bau\/wp-content\/uploads\/sites\/2\/2026\/04\/kh821-02-1920x1440.jpg\" class=\"slide-image\" alt=\"\">\n                                                                        <button class=\"featherlight-close-icon featherlight-close\" aria-label=\"Close\">\u2715<\/button>\n                                    <div class=\"swiper-button-next modal-next\"><\/div>\n                                    <div class=\"swiper-button-prev modal-prev\"><\/div>\n                                    <div class=\"figcaption\">B&amp;O: Serielle Sanierung, Stuttgart, Kurt-Schumacher-Str.<\/div>\n                                <\/a>\n                            <\/div>\n                                                        <div class=\"swiper-slide caption-hidden\">\n                                <a class=\"swiper-slide-wrapper\" title=\"\">\n                                    <img decoding=\"async\" loading=\"lazy\" sizes=\"(max-width: 1920px) 100vw, 1920px\" srcset=\"https:\/\/buo.de\/bau\/wp-content\/uploads\/sites\/2\/2026\/04\/kh821-03-1920x1440.jpg 1920w, https:\/\/buo.de\/bau\/wp-content\/uploads\/sites\/2\/2026\/04\/kh821-03-300x225.jpg 300w, https:\/\/buo.de\/bau\/wp-content\/uploads\/sites\/2\/2026\/04\/kh821-03-1024x768.jpg 1024w, https:\/\/buo.de\/bau\/wp-content\/uploads\/sites\/2\/2026\/04\/kh821-03-768x576.jpg 768w, https:\/\/buo.de\/bau\/wp-content\/uploads\/sites\/2\/2026\/04\/kh821-03-1536x1152.jpg 1536w, https:\/\/buo.de\/bau\/wp-content\/uploads\/sites\/2\/2026\/04\/kh821-03-2048x1536.jpg 2048w, https:\/\/buo.de\/bau\/wp-content\/uploads\/sites\/2\/2026\/04\/kh821-03-1440x1080.jpg 1440w, https:\/\/buo.de\/bau\/wp-content\/uploads\/sites\/2\/2026\/04\/kh821-03-1320x990.jpg 1320w\" src=\"https:\/\/buo.de\/bau\/wp-content\/uploads\/sites\/2\/2026\/04\/kh821-03-1920x1440.jpg\" class=\"slide-image\" alt=\"\">\n                                                                        <button class=\"featherlight-close-icon featherlight-close\" aria-label=\"Close\">\u2715<\/button>\n                                    <div class=\"swiper-button-next modal-next\"><\/div>\n                                    <div class=\"swiper-button-prev modal-prev\"><\/div>\n                                    <div class=\"figcaption\">B&amp;O: Serielle Sanierung, Stuttgart, Kurt-Schumacher-Str.<\/div>\n                                <\/a>\n                            <\/div>\n                                                        <div class=\"swiper-slide caption-hidden\">\n                                <a class=\"swiper-slide-wrapper\" title=\"\">\n                                    <img decoding=\"async\" loading=\"lazy\" sizes=\"(max-width: 1920px) 100vw, 1920px\" srcset=\"https:\/\/buo.de\/bau\/wp-content\/uploads\/sites\/2\/2026\/04\/kh821-04-1920x1440.jpg 1920w, https:\/\/buo.de\/bau\/wp-content\/uploads\/sites\/2\/2026\/04\/kh821-04-300x225.jpg 300w, https:\/\/buo.de\/bau\/wp-content\/uploads\/sites\/2\/2026\/04\/kh821-04-1024x768.jpg 1024w, https:\/\/buo.de\/bau\/wp-content\/uploads\/sites\/2\/2026\/04\/kh821-04-768x576.jpg 768w, https:\/\/buo.de\/bau\/wp-content\/uploads\/sites\/2\/2026\/04\/kh821-04-1536x1152.jpg 1536w, https:\/\/buo.de\/bau\/wp-content\/uploads\/sites\/2\/2026\/04\/kh821-04-2048x1536.jpg 2048w, https:\/\/buo.de\/bau\/wp-content\/uploads\/sites\/2\/2026\/04\/kh821-04-1440x1080.jpg 1440w, https:\/\/buo.de\/bau\/wp-content\/uploads\/sites\/2\/2026\/04\/kh821-04-1320x990.jpg 1320w\" src=\"https:\/\/buo.de\/bau\/wp-content\/uploads\/sites\/2\/2026\/04\/kh821-04-1920x1440.jpg\" class=\"slide-image\" alt=\"Serielle Sanierung Kurt Schuhmacher Str.\">\n                                                                        <button class=\"featherlight-close-icon featherlight-close\" aria-label=\"Close\">\u2715<\/button>\n                                    <div class=\"swiper-button-next modal-next\"><\/div>\n                                    <div class=\"swiper-button-prev modal-prev\"><\/div>\n                                    <div class=\"figcaption\">B&amp;O: Serielle Sanierung, Stuttgart, Kurt-Schumacher-Str.<\/div>\n                                <\/a>\n                            <\/div>\n                                                        <div class=\"swiper-slide caption-hidden\">\n                                <a class=\"swiper-slide-wrapper\" title=\"\">\n                                    <img decoding=\"async\" loading=\"lazy\" sizes=\"(max-width: 1920px) 100vw, 1920px\" srcset=\"https:\/\/buo.de\/bau\/wp-content\/uploads\/sites\/2\/2026\/04\/kh821-01-1920x1440.jpg 1920w, https:\/\/buo.de\/bau\/wp-content\/uploads\/sites\/2\/2026\/04\/kh821-01-300x225.jpg 300w, https:\/\/buo.de\/bau\/wp-content\/uploads\/sites\/2\/2026\/04\/kh821-01-1024x768.jpg 1024w, https:\/\/buo.de\/bau\/wp-content\/uploads\/sites\/2\/2026\/04\/kh821-01-768x576.jpg 768w, https:\/\/buo.de\/bau\/wp-content\/uploads\/sites\/2\/2026\/04\/kh821-01-1536x1152.jpg 1536w, https:\/\/buo.de\/bau\/wp-content\/uploads\/sites\/2\/2026\/04\/kh821-01-2048x1536.jpg 2048w, https:\/\/buo.de\/bau\/wp-content\/uploads\/sites\/2\/2026\/04\/kh821-01-1440x1080.jpg 1440w, https:\/\/buo.de\/bau\/wp-content\/uploads\/sites\/2\/2026\/04\/kh821-01-1320x990.jpg 1320w\" src=\"https:\/\/buo.de\/bau\/wp-content\/uploads\/sites\/2\/2026\/04\/kh821-01-1920x1440.jpg\" class=\"slide-image\" alt=\"\">\n                                                                        <button class=\"featherlight-close-icon featherlight-close\" aria-label=\"Close\">\u2715<\/button>\n                                    <div class=\"swiper-button-next modal-next\"><\/div>\n                                    <div class=\"swiper-button-prev modal-prev\"><\/div>\n                                    <div class=\"figcaption\">B&amp;O: Serielle Sanierung, Stuttgart, Kurt-Schumacher-Str.<\/div>\n                                <\/a>\n                            <\/div>\n                                                        <div class=\"swiper-slide caption-hidden\">\n                                <a class=\"swiper-slide-wrapper\" title=\"\">\n                                    <img decoding=\"async\" loading=\"lazy\" sizes=\"(max-width: 1920px) 100vw, 1920px\" srcset=\"https:\/\/buo.de\/bau\/wp-content\/uploads\/sites\/2\/2026\/04\/kh821-13-1920x1281.jpg 1920w, https:\/\/buo.de\/bau\/wp-content\/uploads\/sites\/2\/2026\/04\/kh821-13-300x200.jpg 300w, https:\/\/buo.de\/bau\/wp-content\/uploads\/sites\/2\/2026\/04\/kh821-13-1024x683.jpg 1024w, https:\/\/buo.de\/bau\/wp-content\/uploads\/sites\/2\/2026\/04\/kh821-13-768x513.jpg 768w, https:\/\/buo.de\/bau\/wp-content\/uploads\/sites\/2\/2026\/04\/kh821-13-1536x1025.jpg 1536w, https:\/\/buo.de\/bau\/wp-content\/uploads\/sites\/2\/2026\/04\/kh821-13-2048x1367.jpg 2048w, https:\/\/buo.de\/bau\/wp-content\/uploads\/sites\/2\/2026\/04\/kh821-13-1618x1080.jpg 1618w, https:\/\/buo.de\/bau\/wp-content\/uploads\/sites\/2\/2026\/04\/kh821-13-1320x881.jpg 1320w\" src=\"https:\/\/buo.de\/bau\/wp-content\/uploads\/sites\/2\/2026\/04\/kh821-13-1920x1281.jpg\" class=\"slide-image\" alt=\"\">\n                                                                        <button class=\"featherlight-close-icon featherlight-close\" aria-label=\"Close\">\u2715<\/button>\n                                    <div class=\"swiper-button-next modal-next\"><\/div>\n                                    <div class=\"swiper-button-prev modal-prev\"><\/div>\n                                    <div class=\"figcaption\">B&amp;O: Serielle Sanierung, Stuttgart, Kurt-Schumacher-Str.<\/div>\n                                <\/a>\n                            <\/div>\n                                                        <div class=\"swiper-slide caption-hidden\">\n                                <a class=\"swiper-slide-wrapper\" title=\"\">\n                                    <img decoding=\"async\" loading=\"lazy\" sizes=\"(max-width: 1920px) 100vw, 1920px\" srcset=\"https:\/\/buo.de\/bau\/wp-content\/uploads\/sites\/2\/2026\/04\/kh821-12-1920x1281.jpg 1920w, https:\/\/buo.de\/bau\/wp-content\/uploads\/sites\/2\/2026\/04\/kh821-12-300x200.jpg 300w, https:\/\/buo.de\/bau\/wp-content\/uploads\/sites\/2\/2026\/04\/kh821-12-1024x683.jpg 1024w, https:\/\/buo.de\/bau\/wp-content\/uploads\/sites\/2\/2026\/04\/kh821-12-768x513.jpg 768w, https:\/\/buo.de\/bau\/wp-content\/uploads\/sites\/2\/2026\/04\/kh821-12-1536x1025.jpg 1536w, https:\/\/buo.de\/bau\/wp-content\/uploads\/sites\/2\/2026\/04\/kh821-12-2048x1367.jpg 2048w, https:\/\/buo.de\/bau\/wp-content\/uploads\/sites\/2\/2026\/04\/kh821-12-1618x1080.jpg 1618w, https:\/\/buo.de\/bau\/wp-content\/uploads\/sites\/2\/2026\/04\/kh821-12-1320x881.jpg 1320w\" src=\"https:\/\/buo.de\/bau\/wp-content\/uploads\/sites\/2\/2026\/04\/kh821-12-1920x1281.jpg\" class=\"slide-image\" alt=\"Serielle Sanierung, Stuttgart, Kurt-Schumacher-Str.\">\n                                                                        <button class=\"featherlight-close-icon featherlight-close\" aria-label=\"Close\">\u2715<\/button>\n                                    <div class=\"swiper-button-next modal-next\"><\/div>\n                                    <div class=\"swiper-button-prev modal-prev\"><\/div>\n                                    <div class=\"figcaption\"><\/div>\n                                <\/a>\n                            <\/div>\n                                                        <div class=\"swiper-slide caption-hidden\">\n                                <a class=\"swiper-slide-wrapper\" title=\"\">\n                                    <img decoding=\"async\" loading=\"lazy\" sizes=\"(max-width: 1920px) 100vw, 1920px\" srcset=\"https:\/\/buo.de\/bau\/wp-content\/uploads\/sites\/2\/2026\/04\/kh821-11-1920x1281.jpg 1920w, https:\/\/buo.de\/bau\/wp-content\/uploads\/sites\/2\/2026\/04\/kh821-11-300x200.jpg 300w, https:\/\/buo.de\/bau\/wp-content\/uploads\/sites\/2\/2026\/04\/kh821-11-1024x683.jpg 1024w, https:\/\/buo.de\/bau\/wp-content\/uploads\/sites\/2\/2026\/04\/kh821-11-768x513.jpg 768w, https:\/\/buo.de\/bau\/wp-content\/uploads\/sites\/2\/2026\/04\/kh821-11-1536x1025.jpg 1536w, https:\/\/buo.de\/bau\/wp-content\/uploads\/sites\/2\/2026\/04\/kh821-11-2048x1367.jpg 2048w, https:\/\/buo.de\/bau\/wp-content\/uploads\/sites\/2\/2026\/04\/kh821-11-1618x1080.jpg 1618w, https:\/\/buo.de\/bau\/wp-content\/uploads\/sites\/2\/2026\/04\/kh821-11-1320x881.jpg 1320w\" src=\"https:\/\/buo.de\/bau\/wp-content\/uploads\/sites\/2\/2026\/04\/kh821-11-1920x1281.jpg\" class=\"slide-image\" alt=\"\">\n                                                                        <button class=\"featherlight-close-icon featherlight-close\" aria-label=\"Close\">\u2715<\/button>\n                                    <div class=\"swiper-button-next modal-next\"><\/div>\n                                    <div class=\"swiper-button-prev modal-prev\"><\/div>\n                                    <div class=\"figcaption\">B&amp;O: Serielle Sanierung, Stuttgart, Kurt-Schumacher-Str.<\/div>\n                                <\/a>\n                            <\/div>\n                                                        <div class=\"swiper-slide caption-hidden\">\n                                <a class=\"swiper-slide-wrapper\" title=\"\">\n                                    <img decoding=\"async\" loading=\"lazy\" sizes=\"(max-width: 1920px) 100vw, 1920px\" srcset=\"https:\/\/buo.de\/bau\/wp-content\/uploads\/sites\/2\/2026\/04\/kh821-10-scaled.jpg 1920w, https:\/\/buo.de\/bau\/wp-content\/uploads\/sites\/2\/2026\/04\/kh821-10-225x300.jpg 225w, https:\/\/buo.de\/bau\/wp-content\/uploads\/sites\/2\/2026\/04\/kh821-10-768x1024.jpg 768w, https:\/\/buo.de\/bau\/wp-content\/uploads\/sites\/2\/2026\/04\/kh821-10-1152x1536.jpg 1152w, https:\/\/buo.de\/bau\/wp-content\/uploads\/sites\/2\/2026\/04\/kh821-10-1536x2048.jpg 1536w, https:\/\/buo.de\/bau\/wp-content\/uploads\/sites\/2\/2026\/04\/kh821-10-810x1080.jpg 810w, https:\/\/buo.de\/bau\/wp-content\/uploads\/sites\/2\/2026\/04\/kh821-10-1320x1760.jpg 1320w\" src=\"https:\/\/buo.de\/bau\/wp-content\/uploads\/sites\/2\/2026\/04\/kh821-10-1920x2560.jpg\" class=\"slide-image\" alt=\"\">\n                                                                        <button class=\"featherlight-close-icon featherlight-close\" aria-label=\"Close\">\u2715<\/button>\n                                    <div class=\"swiper-button-next modal-next\"><\/div>\n                                    <div class=\"swiper-button-prev modal-prev\"><\/div>\n                                    <div class=\"figcaption\">B&amp;O: Serielle Sanierung, Stuttgart, Kurt-Schumacher-Str.<\/div>\n                                <\/a>\n                            <\/div>\n                                                        <div class=\"swiper-slide caption-hidden\">\n                                <a class=\"swiper-slide-wrapper\" title=\"\">\n                                    <img decoding=\"async\" loading=\"lazy\" sizes=\"(max-width: 1920px) 100vw, 1920px\" srcset=\"https:\/\/buo.de\/bau\/wp-content\/uploads\/sites\/2\/2026\/04\/kh821-09-1920x1440.jpg 1920w, https:\/\/buo.de\/bau\/wp-content\/uploads\/sites\/2\/2026\/04\/kh821-09-300x225.jpg 300w, https:\/\/buo.de\/bau\/wp-content\/uploads\/sites\/2\/2026\/04\/kh821-09-1024x768.jpg 1024w, https:\/\/buo.de\/bau\/wp-content\/uploads\/sites\/2\/2026\/04\/kh821-09-768x576.jpg 768w, https:\/\/buo.de\/bau\/wp-content\/uploads\/sites\/2\/2026\/04\/kh821-09-1536x1152.jpg 1536w, https:\/\/buo.de\/bau\/wp-content\/uploads\/sites\/2\/2026\/04\/kh821-09-2048x1536.jpg 2048w, https:\/\/buo.de\/bau\/wp-content\/uploads\/sites\/2\/2026\/04\/kh821-09-1440x1080.jpg 1440w, https:\/\/buo.de\/bau\/wp-content\/uploads\/sites\/2\/2026\/04\/kh821-09-1320x990.jpg 1320w\" src=\"https:\/\/buo.de\/bau\/wp-content\/uploads\/sites\/2\/2026\/04\/kh821-09-1920x1440.jpg\" class=\"slide-image\" alt=\"Serielle Sanierung, Stuttgart, Kurt-Schumacher-Str.\">\n                                                                        <button class=\"featherlight-close-icon featherlight-close\" aria-label=\"Close\">\u2715<\/button>\n                                    <div class=\"swiper-button-next modal-next\"><\/div>\n                                    <div class=\"swiper-button-prev modal-prev\"><\/div>\n                                    <div class=\"figcaption\"><\/div>\n                                <\/a>\n                            <\/div>\n                                                        <div class=\"swiper-slide caption-hidden\">\n                                <a class=\"swiper-slide-wrapper\" title=\"\">\n                                    <img decoding=\"async\" loading=\"lazy\" sizes=\"(max-width: 1920px) 100vw, 1920px\" srcset=\"https:\/\/buo.de\/bau\/wp-content\/uploads\/sites\/2\/2026\/04\/kh821-08-1920x1281.jpg 1920w, https:\/\/buo.de\/bau\/wp-content\/uploads\/sites\/2\/2026\/04\/kh821-08-300x200.jpg 300w, https:\/\/buo.de\/bau\/wp-content\/uploads\/sites\/2\/2026\/04\/kh821-08-1024x683.jpg 1024w, https:\/\/buo.de\/bau\/wp-content\/uploads\/sites\/2\/2026\/04\/kh821-08-768x513.jpg 768w, https:\/\/buo.de\/bau\/wp-content\/uploads\/sites\/2\/2026\/04\/kh821-08-1536x1025.jpg 1536w, https:\/\/buo.de\/bau\/wp-content\/uploads\/sites\/2\/2026\/04\/kh821-08-2048x1367.jpg 2048w, https:\/\/buo.de\/bau\/wp-content\/uploads\/sites\/2\/2026\/04\/kh821-08-1618x1080.jpg 1618w, https:\/\/buo.de\/bau\/wp-content\/uploads\/sites\/2\/2026\/04\/kh821-08-1320x881.jpg 1320w\" src=\"https:\/\/buo.de\/bau\/wp-content\/uploads\/sites\/2\/2026\/04\/kh821-08-1920x1281.jpg\" class=\"slide-image\" alt=\"\">\n                                                                        <button class=\"featherlight-close-icon featherlight-close\" aria-label=\"Close\">\u2715<\/button>\n                                    <div class=\"swiper-button-next modal-next\"><\/div>\n                                    <div class=\"swiper-button-prev modal-prev\"><\/div>\n                                    <div class=\"figcaption\">B&amp;O: Serielle Sanierung, Stuttgart, Kurt-Schumacher-Str.<\/div>\n                                <\/a>\n                            <\/div>\n                                                        <div class=\"swiper-slide caption-hidden\">\n                                <a class=\"swiper-slide-wrapper\" title=\"\">\n                                    <img decoding=\"async\" loading=\"lazy\" sizes=\"(max-width: 1920px) 100vw, 1920px\" srcset=\"https:\/\/buo.de\/bau\/wp-content\/uploads\/sites\/2\/2026\/04\/kh821-07-scaled.jpg 1920w, https:\/\/buo.de\/bau\/wp-content\/uploads\/sites\/2\/2026\/04\/kh821-07-225x300.jpg 225w, https:\/\/buo.de\/bau\/wp-content\/uploads\/sites\/2\/2026\/04\/kh821-07-768x1024.jpg 768w, https:\/\/buo.de\/bau\/wp-content\/uploads\/sites\/2\/2026\/04\/kh821-07-1152x1536.jpg 1152w, https:\/\/buo.de\/bau\/wp-content\/uploads\/sites\/2\/2026\/04\/kh821-07-1536x2048.jpg 1536w, https:\/\/buo.de\/bau\/wp-content\/uploads\/sites\/2\/2026\/04\/kh821-07-810x1080.jpg 810w, https:\/\/buo.de\/bau\/wp-content\/uploads\/sites\/2\/2026\/04\/kh821-07-1320x1760.jpg 1320w\" src=\"https:\/\/buo.de\/bau\/wp-content\/uploads\/sites\/2\/2026\/04\/kh821-07-1920x2560.jpg\" class=\"slide-image\" alt=\"\">\n                                                                        <button class=\"featherlight-close-icon featherlight-close\" aria-label=\"Close\">\u2715<\/button>\n                                    <div class=\"swiper-button-next modal-next\"><\/div>\n                                    <div class=\"swiper-button-prev modal-prev\"><\/div>\n                                    <div class=\"figcaption\">B&amp;O: Serielle Sanierung, Stuttgart, Kurt-Schumacher-Str.<\/div>\n                                <\/a>\n                            <\/div>\n                                                        <div class=\"swiper-slide caption-hidden\">\n                                <a class=\"swiper-slide-wrapper\" title=\"\">\n                                    <img decoding=\"async\" loading=\"lazy\" sizes=\"(max-width: 1920px) 100vw, 1920px\" srcset=\"https:\/\/buo.de\/bau\/wp-content\/uploads\/sites\/2\/2026\/04\/kh821-06-scaled.jpg 1920w, https:\/\/buo.de\/bau\/wp-content\/uploads\/sites\/2\/2026\/04\/kh821-06-225x300.jpg 225w, https:\/\/buo.de\/bau\/wp-content\/uploads\/sites\/2\/2026\/04\/kh821-06-768x1024.jpg 768w, https:\/\/buo.de\/bau\/wp-content\/uploads\/sites\/2\/2026\/04\/kh821-06-1152x1536.jpg 1152w, https:\/\/buo.de\/bau\/wp-content\/uploads\/sites\/2\/2026\/04\/kh821-06-1536x2048.jpg 1536w, https:\/\/buo.de\/bau\/wp-content\/uploads\/sites\/2\/2026\/04\/kh821-06-810x1080.jpg 810w, https:\/\/buo.de\/bau\/wp-content\/uploads\/sites\/2\/2026\/04\/kh821-06-1320x1760.jpg 1320w\" src=\"https:\/\/buo.de\/bau\/wp-content\/uploads\/sites\/2\/2026\/04\/kh821-06-1920x2560.jpg\" class=\"slide-image\" alt=\"\">\n                                                                        <button class=\"featherlight-close-icon featherlight-close\" aria-label=\"Close\">\u2715<\/button>\n                                    <div class=\"swiper-button-next modal-next\"><\/div>\n                                    <div class=\"swiper-button-prev modal-prev\"><\/div>\n                                    <div class=\"figcaption\">B&amp;O: Serielle Sanierung, Stuttgart, Kurt-Schumacher-Str.<\/div>\n                                <\/a>\n                            <\/div>\n                                                        <div class=\"swiper-slide caption-hidden\">\n                                <a class=\"swiper-slide-wrapper\" title=\"\">\n                                    <img decoding=\"async\" loading=\"lazy\" sizes=\"(max-width: 1920px) 100vw, 1920px\" srcset=\"https:\/\/buo.de\/bau\/wp-content\/uploads\/sites\/2\/2026\/04\/kh821-05-1920x1281.jpg 1920w, https:\/\/buo.de\/bau\/wp-content\/uploads\/sites\/2\/2026\/04\/kh821-05-300x200.jpg 300w, https:\/\/buo.de\/bau\/wp-content\/uploads\/sites\/2\/2026\/04\/kh821-05-1024x683.jpg 1024w, https:\/\/buo.de\/bau\/wp-content\/uploads\/sites\/2\/2026\/04\/kh821-05-768x513.jpg 768w, https:\/\/buo.de\/bau\/wp-content\/uploads\/sites\/2\/2026\/04\/kh821-05-1536x1025.jpg 1536w, https:\/\/buo.de\/bau\/wp-content\/uploads\/sites\/2\/2026\/04\/kh821-05-2048x1367.jpg 2048w, https:\/\/buo.de\/bau\/wp-content\/uploads\/sites\/2\/2026\/04\/kh821-05-1618x1080.jpg 1618w, https:\/\/buo.de\/bau\/wp-content\/uploads\/sites\/2\/2026\/04\/kh821-05-1320x881.jpg 1320w\" src=\"https:\/\/buo.de\/bau\/wp-content\/uploads\/sites\/2\/2026\/04\/kh821-05-1920x1281.jpg\" class=\"slide-image\" alt=\"\">\n                                                                        <button class=\"featherlight-close-icon featherlight-close\" aria-label=\"Close\">\u2715<\/button>\n                                    <div class=\"swiper-button-next modal-next\"><\/div>\n                                    <div class=\"swiper-button-prev modal-prev\"><\/div>\n                                    <div class=\"figcaption\">B&amp;O: Serielle Sanierung, Stuttgart, Kurt-Schumacher-Str.<\/div>\n                                <\/a>\n                            <\/div>\n                                                <\/div>\n                <\/div>\n            <\/div>\n        <\/div>\n        <\/div>\n\n\n\n<div style=\"height:100px\" aria-hidden=\"true\" class=\"wp-block-spacer\"><\/div>\n\n\n\n<div class=\"wp-block-buttons is-content-justification-right is-layout-flex wp-container-core-buttons-is-layout-765c4724 wp-block-buttons-is-layout-flex\">\n<div class=\"wp-block-button\"><a class=\"wp-block-button__link wp-element-button\" href=\"https:\/\/buo.test.qbits.at\/bau\/referenzen\/\">Weitere Referenzen<\/a><\/div>\n<\/div>\n\n\n\n<p><\/p>\n","protected":false},"excerpt":{"rendered":"<p>B&#038;O Bau hat zwischen Juni 2024 und Januar 2025 die erste Serielle Sanierung f\u00fcr eine Wohnbaugesellschaft in Baden-W\u00fcrttemberg durchgef\u00fchrt. Ein Plattenbau aus den 1960er Jahren weist nach der energetischen Fassaden- sowie Dachsanierung und der Implementierung eines hochmodernen Heizkonzepts mit Nutzung der Abw\u00e4rme nun KfW-Effizienzhaus-Standard 55 EE auf. Die Sanierung im bewohnten Zustand hat die Mieter dank der Verlegung der Heizleitungen \u00fcber die Fassade deutlich weniger belastet als bei konventionellen Sanierungen \u00fcblich. <\/p>\n","protected":false},"featured_media":67148,"template":"","kategorien":[6,8,5],"company":[],"class_list":["post-67136","projekte","type-projekte","status-publish","has-post-thumbnail","hentry","kategorien-seriellesanierung","kategorien-strangsanierung","kategorien-wohnraum-erhalten"],"acf":[],"yoast_head":"<!-- This site is optimized with the Yoast SEO plugin v27.1.1 - https:\/\/yoast.com\/product\/yoast-seo-wordpress\/ -->\n<title>Erste Serielle Sanierung in Baden-W\u00fcrttemberg\u00a0\u00a0 -<\/title>\n<meta name=\"description\" content=\"B&amp;O Bau hat zwischen Juni 2024 und Januar 2025 die erste Serielle Sanierung f\u00fcr eine Wohnbaugesellschaft in Baden-W\u00fcrttemberg durchgef\u00fchrt.\" \/>\n<meta name=\"robots\" content=\"index, follow, max-snippet:-1, max-image-preview:large, max-video-preview:-1\" \/>\n<link rel=\"canonical\" href=\"https:\/\/buo.de\/bau\/referenzen\/erste-serielle-sanierung-in-baden-wuerttemberg\/\" \/>\n<meta property=\"og:locale\" content=\"de_DE\" \/>\n<meta property=\"og:type\" content=\"article\" \/>\n<meta property=\"og:title\" content=\"Erste Serielle Sanierung in Baden-W\u00fcrttemberg\" \/>\n<meta property=\"og:description\" content=\"B&amp;O Bau hat zwischen Juni 2024 und Januar 2025 die erste Serielle Sanierung f\u00fcr eine Wohnbaugesellschaft in Baden-W\u00fcrttemberg durchgef\u00fchrt.\" \/>\n<meta property=\"og:url\" content=\"https:\/\/buo.de\/bau\/referenzen\/erste-serielle-sanierung-in-baden-wuerttemberg\/\" \/>\n<meta property=\"og:site_name\" content=\"B&amp;O Bau\" \/>\n<meta property=\"article:publisher\" content=\"https:\/\/www.youtube.com\/@BuOBau\" \/>\n<meta property=\"article:modified_time\" content=\"2026-04-23T11:37:07+00:00\" \/>\n<meta property=\"og:image\" content=\"https:\/\/buo.de\/bau\/wp-content\/uploads\/sites\/2\/2026\/04\/kh821-04-scaled.jpg\" \/>\n\t<meta property=\"og:image:width\" content=\"2560\" \/>\n\t<meta property=\"og:image:height\" content=\"1920\" \/>\n\t<meta property=\"og:image:type\" content=\"image\/jpeg\" \/>\n<meta name=\"twitter:card\" content=\"summary_large_image\" \/>\n<meta name=\"twitter:label1\" content=\"Gesch\u00e4tzte Lesezeit\" \/>\n\t<meta name=\"twitter:data1\" content=\"1\u00a0Minute\" \/>\n<script type=\"application\/ld+json\" class=\"yoast-schema-graph\">{\"@context\":\"https:\/\/schema.org\",\"@graph\":[{\"@type\":\"WebPage\",\"@id\":\"https:\/\/buo.de\/bau\/referenzen\/erste-serielle-sanierung-in-baden-wuerttemberg\/\",\"url\":\"https:\/\/buo.de\/bau\/referenzen\/erste-serielle-sanierung-in-baden-wuerttemberg\/\",\"name\":\"Erste Serielle Sanierung in Baden-W\u00fcrttemberg\u00a0\u00a0 -\",\"isPartOf\":{\"@id\":\"https:\/\/buo.de\/bau\/#website\"},\"primaryImageOfPage\":{\"@id\":\"https:\/\/buo.de\/bau\/referenzen\/erste-serielle-sanierung-in-baden-wuerttemberg\/#primaryimage\"},\"image\":{\"@id\":\"https:\/\/buo.de\/bau\/referenzen\/erste-serielle-sanierung-in-baden-wuerttemberg\/#primaryimage\"},\"thumbnailUrl\":\"https:\/\/buo.de\/bau\/wp-content\/uploads\/sites\/2\/2026\/04\/kh821-04-scaled.jpg\",\"datePublished\":\"2026-04-23T11:05:45+00:00\",\"dateModified\":\"2026-04-23T11:37:07+00:00\",\"description\":\"B&O Bau hat zwischen Juni 2024 und Januar 2025 die erste Serielle Sanierung f\u00fcr eine Wohnbaugesellschaft in Baden-W\u00fcrttemberg durchgef\u00fchrt.\",\"breadcrumb\":{\"@id\":\"https:\/\/buo.de\/bau\/referenzen\/erste-serielle-sanierung-in-baden-wuerttemberg\/#breadcrumb\"},\"inLanguage\":\"de\",\"potentialAction\":[{\"@type\":\"ReadAction\",\"target\":[\"https:\/\/buo.de\/bau\/referenzen\/erste-serielle-sanierung-in-baden-wuerttemberg\/\"]}]},{\"@type\":\"ImageObject\",\"inLanguage\":\"de\",\"@id\":\"https:\/\/buo.de\/bau\/referenzen\/erste-serielle-sanierung-in-baden-wuerttemberg\/#primaryimage\",\"url\":\"https:\/\/buo.de\/bau\/wp-content\/uploads\/sites\/2\/2026\/04\/kh821-04-scaled.jpg\",\"contentUrl\":\"https:\/\/buo.de\/bau\/wp-content\/uploads\/sites\/2\/2026\/04\/kh821-04-scaled.jpg\",\"width\":2560,\"height\":1920,\"caption\":\"B&amp;O: Serielle Sanierung, Stuttgart, Kurt-Schumacher-Str.\"},{\"@type\":\"BreadcrumbList\",\"@id\":\"https:\/\/buo.de\/bau\/referenzen\/erste-serielle-sanierung-in-baden-wuerttemberg\/#breadcrumb\",\"itemListElement\":[{\"@type\":\"ListItem\",\"position\":1,\"name\":\"Start\",\"item\":\"https:\/\/buo.de\/bau\/\"},{\"@type\":\"ListItem\",\"position\":2,\"name\":\"Erste Serielle Sanierung in Baden-W\u00fcrttemberg\u00a0\u00a0\"}]},{\"@type\":\"WebSite\",\"@id\":\"https:\/\/buo.de\/bau\/#website\",\"url\":\"https:\/\/buo.de\/bau\/\",\"name\":\"B&O Bau\",\"description\":\"Das Pilotprojekt\u202fumfasst eine dreigeschossige Nachverdichtung ohne Fl\u00e4chenversiegelung, gepaart mit einer f\u00fcnfgeschossigen seriellen Fassadensanierung im bewohnten Zustand.\u00a0\",\"publisher\":{\"@id\":\"https:\/\/buo.de\/bau\/#organization\"},\"potentialAction\":[{\"@type\":\"SearchAction\",\"target\":{\"@type\":\"EntryPoint\",\"urlTemplate\":\"https:\/\/buo.de\/bau\/?s={search_term_string}\"},\"query-input\":{\"@type\":\"PropertyValueSpecification\",\"valueRequired\":true,\"valueName\":\"search_term_string\"}}],\"inLanguage\":\"de\"},{\"@type\":\"Organization\",\"@id\":\"https:\/\/buo.de\/bau\/#organization\",\"name\":\"B&O Bau GmbH\",\"url\":\"https:\/\/buo.de\/bau\/\",\"logo\":{\"@type\":\"ImageObject\",\"inLanguage\":\"de\",\"@id\":\"https:\/\/buo.de\/bau\/#\/schema\/logo\/image\/\",\"url\":\"https:\/\/buo.de\/bau\/wp-content\/uploads\/sites\/2\/2026\/03\/Logo_BO_Bau_RGB-1.png\",\"contentUrl\":\"https:\/\/buo.de\/bau\/wp-content\/uploads\/sites\/2\/2026\/03\/Logo_BO_Bau_RGB-1.png\",\"width\":1095,\"height\":827,\"caption\":\"B&O Bau GmbH\"},\"image\":{\"@id\":\"https:\/\/buo.de\/bau\/#\/schema\/logo\/image\/\"},\"sameAs\":[\"https:\/\/www.youtube.com\/@BuOBau\",\"https:\/\/www.linkedin.com\/company\/18550887\/\"]}]}<\/script>\n<!-- \/ Yoast SEO plugin. -->","yoast_head_json":{"title":"Erste Serielle Sanierung in Baden-W\u00fcrttemberg\u00a0\u00a0 -","description":"B&O Bau hat zwischen Juni 2024 und Januar 2025 die erste Serielle Sanierung f\u00fcr eine Wohnbaugesellschaft in Baden-W\u00fcrttemberg durchgef\u00fchrt.","robots":{"index":"index","follow":"follow","max-snippet":"max-snippet:-1","max-image-preview":"max-image-preview:large","max-video-preview":"max-video-preview:-1"},"canonical":"https:\/\/buo.de\/bau\/referenzen\/erste-serielle-sanierung-in-baden-wuerttemberg\/","og_locale":"de_DE","og_type":"article","og_title":"Erste Serielle Sanierung in Baden-W\u00fcrttemberg","og_description":"B&O Bau hat zwischen Juni 2024 und Januar 2025 die erste Serielle Sanierung f\u00fcr eine Wohnbaugesellschaft in Baden-W\u00fcrttemberg durchgef\u00fchrt.","og_url":"https:\/\/buo.de\/bau\/referenzen\/erste-serielle-sanierung-in-baden-wuerttemberg\/","og_site_name":"B&O Bau","article_publisher":"https:\/\/www.youtube.com\/@BuOBau","article_modified_time":"2026-04-23T11:37:07+00:00","og_image":[{"width":2560,"height":1920,"url":"https:\/\/buo.de\/bau\/wp-content\/uploads\/sites\/2\/2026\/04\/kh821-04-scaled.jpg","type":"image\/jpeg"}],"twitter_card":"summary_large_image","twitter_misc":{"Gesch\u00e4tzte Lesezeit":"1\u00a0Minute"},"schema":{"@context":"https:\/\/schema.org","@graph":[{"@type":"WebPage","@id":"https:\/\/buo.de\/bau\/referenzen\/erste-serielle-sanierung-in-baden-wuerttemberg\/","url":"https:\/\/buo.de\/bau\/referenzen\/erste-serielle-sanierung-in-baden-wuerttemberg\/","name":"Erste Serielle Sanierung in Baden-W\u00fcrttemberg\u00a0\u00a0 -","isPartOf":{"@id":"https:\/\/buo.de\/bau\/#website"},"primaryImageOfPage":{"@id":"https:\/\/buo.de\/bau\/referenzen\/erste-serielle-sanierung-in-baden-wuerttemberg\/#primaryimage"},"image":{"@id":"https:\/\/buo.de\/bau\/referenzen\/erste-serielle-sanierung-in-baden-wuerttemberg\/#primaryimage"},"thumbnailUrl":"https:\/\/buo.de\/bau\/wp-content\/uploads\/sites\/2\/2026\/04\/kh821-04-scaled.jpg","datePublished":"2026-04-23T11:05:45+00:00","dateModified":"2026-04-23T11:37:07+00:00","description":"B&O Bau hat zwischen Juni 2024 und Januar 2025 die erste Serielle Sanierung f\u00fcr eine Wohnbaugesellschaft in Baden-W\u00fcrttemberg durchgef\u00fchrt.","breadcrumb":{"@id":"https:\/\/buo.de\/bau\/referenzen\/erste-serielle-sanierung-in-baden-wuerttemberg\/#breadcrumb"},"inLanguage":"de","potentialAction":[{"@type":"ReadAction","target":["https:\/\/buo.de\/bau\/referenzen\/erste-serielle-sanierung-in-baden-wuerttemberg\/"]}]},{"@type":"ImageObject","inLanguage":"de","@id":"https:\/\/buo.de\/bau\/referenzen\/erste-serielle-sanierung-in-baden-wuerttemberg\/#primaryimage","url":"https:\/\/buo.de\/bau\/wp-content\/uploads\/sites\/2\/2026\/04\/kh821-04-scaled.jpg","contentUrl":"https:\/\/buo.de\/bau\/wp-content\/uploads\/sites\/2\/2026\/04\/kh821-04-scaled.jpg","width":2560,"height":1920,"caption":"B&amp;O: Serielle Sanierung, Stuttgart, Kurt-Schumacher-Str."},{"@type":"BreadcrumbList","@id":"https:\/\/buo.de\/bau\/referenzen\/erste-serielle-sanierung-in-baden-wuerttemberg\/#breadcrumb","itemListElement":[{"@type":"ListItem","position":1,"name":"Start","item":"https:\/\/buo.de\/bau\/"},{"@type":"ListItem","position":2,"name":"Erste Serielle Sanierung in Baden-W\u00fcrttemberg\u00a0\u00a0"}]},{"@type":"WebSite","@id":"https:\/\/buo.de\/bau\/#website","url":"https:\/\/buo.de\/bau\/","name":"B&O Bau","description":"Das Pilotprojekt\u202fumfasst eine dreigeschossige Nachverdichtung ohne Fl\u00e4chenversiegelung, gepaart mit einer f\u00fcnfgeschossigen seriellen Fassadensanierung im bewohnten Zustand.\u00a0","publisher":{"@id":"https:\/\/buo.de\/bau\/#organization"},"potentialAction":[{"@type":"SearchAction","target":{"@type":"EntryPoint","urlTemplate":"https:\/\/buo.de\/bau\/?s={search_term_string}"},"query-input":{"@type":"PropertyValueSpecification","valueRequired":true,"valueName":"search_term_string"}}],"inLanguage":"de"},{"@type":"Organization","@id":"https:\/\/buo.de\/bau\/#organization","name":"B&O Bau GmbH","url":"https:\/\/buo.de\/bau\/","logo":{"@type":"ImageObject","inLanguage":"de","@id":"https:\/\/buo.de\/bau\/#\/schema\/logo\/image\/","url":"https:\/\/buo.de\/bau\/wp-content\/uploads\/sites\/2\/2026\/03\/Logo_BO_Bau_RGB-1.png","contentUrl":"https:\/\/buo.de\/bau\/wp-content\/uploads\/sites\/2\/2026\/03\/Logo_BO_Bau_RGB-1.png","width":1095,"height":827,"caption":"B&O Bau GmbH"},"image":{"@id":"https:\/\/buo.de\/bau\/#\/schema\/logo\/image\/"},"sameAs":["https:\/\/www.youtube.com\/@BuOBau","https:\/\/www.linkedin.com\/company\/18550887\/"]}]}},"_links":{"self":[{"href":"https:\/\/buo.de\/bau\/wp-json\/wp\/v2\/projekte\/67136","targetHints":{"allow":["GET"]}}],"collection":[{"href":"https:\/\/buo.de\/bau\/wp-json\/wp\/v2\/projekte"}],"about":[{"href":"https:\/\/buo.de\/bau\/wp-json\/wp\/v2\/types\/projekte"}],"wp:featuredmedia":[{"embeddable":true,"href":"https:\/\/buo.de\/bau\/wp-json\/wp\/v2\/media\/67148"}],"wp:attachment":[{"href":"https:\/\/buo.de\/bau\/wp-json\/wp\/v2\/media?parent=67136"}],"wp:term":[{"taxonomy":"kategorien","embeddable":true,"href":"https:\/\/buo.de\/bau\/wp-json\/wp\/v2\/kategorien?post=67136"},{"taxonomy":"company","embeddable":true,"href":"https:\/\/buo.de\/bau\/wp-json\/wp\/v2\/company?post=67136"}],"curies":[{"name":"wp","href":"https:\/\/api.w.org\/{rel}","templated":true}]}}