{"id":2847,"date":"2024-02-09T10:32:00","date_gmt":"2024-02-09T09:32:00","guid":{"rendered":"https:\/\/buo.de\/bau\/?post_type=unternehmen&#038;p=2847"},"modified":"2026-04-24T18:54:53","modified_gmt":"2026-04-24T16:54:53","slug":"bo-bau-und-gebaeudetechnik-gmbh-co-kg","status":"publish","type":"unternehmen","link":"https:\/\/buo.de\/bau\/unternehmen\/bo-bau-und-gebaeudetechnik-gmbh-co-kg\/","title":{"rendered":"B&amp;O Bau und Geb\u00e4udetechnik GmbH &amp; Co. KG"},"content":{"rendered":"\n<div style=\"height:30px\" aria-hidden=\"true\" class=\"wp-block-spacer\"><\/div>\n\n\n<div id=\"text-and-image-block_6786dd31419289d87e7c53c19b7204a9\"\n     class=\"text-and-image-container ltr has_no_animation\">\n\n    <style>\n        #text-and-image-block_6786dd31419289d87e7c53c19b7204a9 {\n            --textAndImageHeight: 550px;\n            --textAndImageBackgroundColor: ;\n            --textAndImageTextColor: ;\n        }\n        @media screen and (max-width: 1024px) {\n        #text-and-image-block_6786dd31419289d87e7c53c19b7204a9 {\n            --textAndImageHeight: 300px;\n        }\n        }\n    <\/style>\n\n                <div class=\"image-wrapper cover\">\n                <div class=\"image-outer\">\n                                        <img decoding=\"async\" loading=\"lazy\" alt=\"Bauprojekte B&amp;O Bau und Geb\u00e4udetechnik\" style=\"height: var(--textAndImageHeight);object-position: center center\" sizes=\"(max-width: 1920px) 100vw, 1920px\" srcset=\"https:\/\/buo.de\/bau\/wp-content\/uploads\/sites\/2\/2025\/07\/DJI_0643_neu-scaled-e1753888663980-1920x1229.jpg 1920w, https:\/\/buo.de\/bau\/wp-content\/uploads\/sites\/2\/2025\/07\/DJI_0643_neu-scaled-e1753888663980-300x192.jpg 300w, https:\/\/buo.de\/bau\/wp-content\/uploads\/sites\/2\/2025\/07\/DJI_0643_neu-scaled-e1753888663980-1024x655.jpg 1024w, https:\/\/buo.de\/bau\/wp-content\/uploads\/sites\/2\/2025\/07\/DJI_0643_neu-scaled-e1753888663980-768x492.jpg 768w, https:\/\/buo.de\/bau\/wp-content\/uploads\/sites\/2\/2025\/07\/DJI_0643_neu-scaled-e1753888663980-1536x983.jpg 1536w, https:\/\/buo.de\/bau\/wp-content\/uploads\/sites\/2\/2025\/07\/DJI_0643_neu-scaled-e1753888663980-2048x1311.jpg 2048w, https:\/\/buo.de\/bau\/wp-content\/uploads\/sites\/2\/2025\/07\/DJI_0643_neu-scaled-e1753888663980-1688x1080.jpg 1688w, https:\/\/buo.de\/bau\/wp-content\/uploads\/sites\/2\/2025\/07\/DJI_0643_neu-scaled-e1753888663980-1320x845.jpg 1320w\" src=\"https:\/\/buo.de\/bau\/wp-content\/uploads\/sites\/2\/2025\/07\/DJI_0643_neu-scaled-e1753888663980-1920x1229.jpg\" class=\"image\">\n                <\/div>\n            <\/div>\n                        <div class=\"text \">\n            <h2 class=\"over-content\">\u00dcber B&amp;O Bau und Geb\u00e4udetechnik<\/h2>\n            <div class=\"content \"><h3><\/h3>\n<p>Das 1993 gegr\u00fcndete Unternehmen HTW Haustechnik Wei\u00dfensee fusionierte bereits 1998 zur B&amp;O Gruppe und ist heute als B&amp;O Bau und Geb\u00e4udetechnik GmbH ein Urgestein von B&amp;O Bau.<\/p>\n<p>Als f\u00fchrender Dienstleister der Wohnungswirtschaft in Berlin und Brandenburg liegt unser Anspruch auf der l\u00f6sungsorientierten Beratung unserer Kundinnen und Kunden, einer partnerschaftlichen Zusammenarbeit und einer vorbildlichen Ausf\u00fchrungsqualit\u00e4t.<\/p>\n<p>Mit unseren \u00fcber 290 Mitarbeitenden realisieren wir j\u00e4hrlich eine Vielzahl an anspruchsvollen Projekten in Berlin, Brandenburg und dem Nordosten Deutschlands.<\/p>\n<\/div>\n\n            \n            <div class=\"read-more-content\"><\/div>\n                    <\/div>\n        <\/div>\n\n\n\n<div style=\"height:70px\" aria-hidden=\"true\" class=\"wp-block-spacer\"><\/div>\n\n\n<div id=\"text-and-image-block_1b27197762aa368a081b5a6771165b96\"\n     class=\"text-and-image-container rtl has_no_animation\">\n\n    <style>\n        #text-and-image-block_1b27197762aa368a081b5a6771165b96 {\n            --textAndImageHeight: 550px;\n            --textAndImageBackgroundColor: ;\n            --textAndImageTextColor: ;\n        }\n        @media screen and (max-width: 1024px) {\n        #text-and-image-block_1b27197762aa368a081b5a6771165b96 {\n            --textAndImageHeight: 300px;\n        }\n        }\n    <\/style>\n\n                <div class=\"image-wrapper cover\">\n                <div class=\"image-outer\">\n                                        <img decoding=\"async\" loading=\"lazy\" alt=\"Skandinavische Stra\u00dfe (Holz-Hybrid) Berlin\" style=\"height: var(--textAndImageHeight);object-position: center center\" sizes=\"(max-width: 1920px) 100vw, 1920px\" srcset=\"https:\/\/buo.de\/bau\/wp-content\/uploads\/sites\/2\/2025\/07\/Skandinavische-Strasse-Holz-Hybrid-Berlin-3-scaled-e1753888813152-1920x1216.jpg 1920w, https:\/\/buo.de\/bau\/wp-content\/uploads\/sites\/2\/2025\/07\/Skandinavische-Strasse-Holz-Hybrid-Berlin-3-scaled-e1753888813152-300x190.jpg 300w, https:\/\/buo.de\/bau\/wp-content\/uploads\/sites\/2\/2025\/07\/Skandinavische-Strasse-Holz-Hybrid-Berlin-3-scaled-e1753888813152-1024x649.jpg 1024w, https:\/\/buo.de\/bau\/wp-content\/uploads\/sites\/2\/2025\/07\/Skandinavische-Strasse-Holz-Hybrid-Berlin-3-scaled-e1753888813152-768x487.jpg 768w, https:\/\/buo.de\/bau\/wp-content\/uploads\/sites\/2\/2025\/07\/Skandinavische-Strasse-Holz-Hybrid-Berlin-3-scaled-e1753888813152-1536x973.jpg 1536w, https:\/\/buo.de\/bau\/wp-content\/uploads\/sites\/2\/2025\/07\/Skandinavische-Strasse-Holz-Hybrid-Berlin-3-scaled-e1753888813152-2048x1297.jpg 2048w, https:\/\/buo.de\/bau\/wp-content\/uploads\/sites\/2\/2025\/07\/Skandinavische-Strasse-Holz-Hybrid-Berlin-3-scaled-e1753888813152-1705x1080.jpg 1705w, https:\/\/buo.de\/bau\/wp-content\/uploads\/sites\/2\/2025\/07\/Skandinavische-Strasse-Holz-Hybrid-Berlin-3-scaled-e1753888813152-1320x836.jpg 1320w\" src=\"https:\/\/buo.de\/bau\/wp-content\/uploads\/sites\/2\/2025\/07\/Skandinavische-Strasse-Holz-Hybrid-Berlin-3-scaled-e1753888813152-1920x1216.jpg\" class=\"image\">\n                <\/div>\n            <\/div>\n                        <div class=\"text \">\n            <h2 class=\"over-content\">Neubau und Sanierung im Gro\u00dfraum Berlin<\/h2>\n            <div class=\"content \"><h3><\/h3>\n<p>Als General\u00fcbernehmer und Generalunternehmer \u00fcbernehmen wir die vollst\u00e4ndige Planung, Koordination und Bauausf\u00fchrung f\u00fcr unsere Kundinnen und Kunden. Effizient, wirtschaftlich und zukunftsorientiert, alles aus einer Hand.<\/p>\n<p>Neben eigenen Handwerkenden in den Schl\u00fcsselgewerken Heizung, L\u00fcftung, Sanit\u00e4r und Elektro verf\u00fcgen wir dank unserer internen Planungsteams sowie eigener Architektinnen und Architekten \u00fcber die volle Planungskompetenz. Zus\u00e4tzlich wickeln wir gro\u00dfe Planungsauftr\u00e4ge zuverl\u00e4ssig mit unseren langj\u00e4hrigen Partnern f\u00fchrender Planungsb\u00fcros ab.<\/p>\n<p>Unser Fokus liegt auf komplexen sowie seriellen Sanierungen, Strangsanierungen, energetischen Modernisierungen sowie dem schl\u00fcsselfertigen Neubau in systemischer Holzhybrid-Bauweise.<\/p>\n<p>Wir f\u00fchren j\u00e4hrlich etwa 1.500 Wohnungsmodernisierungen sowie eine Vielzahl an Fassadensanierungen durch und schaffen mit j\u00e4hrlich \u00fcber 400 neu gebauten Wohnungen lebenswerten Wohnraum in der Hauptstadt.<\/p>\n<\/div>\n\n            \n            <div class=\"read-more-content\"><\/div>\n                    <\/div>\n        <\/div>\n\n\n\n<div style=\"height:50px\" aria-hidden=\"true\" class=\"wp-block-spacer\"><\/div>\n\n\n<div id=\"text-and-image-block_dd1d3f7a0d4e7d79516814e40aacbf6f\"\n     class=\"text-and-image-container ltr has_no_animation\">\n\n    <style>\n        #text-and-image-block_dd1d3f7a0d4e7d79516814e40aacbf6f {\n            --textAndImageHeight: 550px;\n            --textAndImageBackgroundColor: ;\n            --textAndImageTextColor: ;\n        }\n        @media screen and (max-width: 1024px) {\n        #text-and-image-block_dd1d3f7a0d4e7d79516814e40aacbf6f {\n            --textAndImageHeight: 300px;\n        }\n        }\n    <\/style>\n\n                <div class=\"image-wrapper cover\">\n                <div class=\"image-outer\">\n                                        <img decoding=\"async\" loading=\"lazy\" alt=\"B&amp;O Bau - Projekt Berlin\" style=\"height: var(--textAndImageHeight);object-position: center center\" sizes=\"(max-width: 1920px) 100vw, 1920px\" srcset=\"https:\/\/buo.de\/bau\/wp-content\/uploads\/sites\/2\/2025\/02\/malikstudio-buo-berlin-2024-06-24-0019-scaled.jpg 2560w, https:\/\/buo.de\/bau\/wp-content\/uploads\/sites\/2\/2025\/02\/malikstudio-buo-berlin-2024-06-24-0019-300x225.jpg 300w, https:\/\/buo.de\/bau\/wp-content\/uploads\/sites\/2\/2025\/02\/malikstudio-buo-berlin-2024-06-24-0019-1024x767.jpg 1024w, https:\/\/buo.de\/bau\/wp-content\/uploads\/sites\/2\/2025\/02\/malikstudio-buo-berlin-2024-06-24-0019-768x575.jpg 768w, https:\/\/buo.de\/bau\/wp-content\/uploads\/sites\/2\/2025\/02\/malikstudio-buo-berlin-2024-06-24-0019-1536x1150.jpg 1536w, https:\/\/buo.de\/bau\/wp-content\/uploads\/sites\/2\/2025\/02\/malikstudio-buo-berlin-2024-06-24-0019-2048x1534.jpg 2048w, https:\/\/buo.de\/bau\/wp-content\/uploads\/sites\/2\/2025\/02\/malikstudio-buo-berlin-2024-06-24-0019-1442x1080.jpg 1442w\" src=\"https:\/\/buo.de\/bau\/wp-content\/uploads\/sites\/2\/2025\/02\/malikstudio-buo-berlin-2024-06-24-0019-scaled.jpg\" class=\"image\">\n                <\/div>\n            <\/div>\n                        <div class=\"text \">\n            <h2 class=\"over-content\">Unser Leistungsspektrum<\/h2>\n            <div class=\"content \"><h3><\/h3>\n<ul>\n<li>Schl\u00fcsselfertiger Neubau in systemischer Holzhybrid-Bauweise<\/li>\n<li>Umsetzung der Rahmenvereinbarung Serielles Bauen 2.0 (GdW)<\/li>\n<li>Energetische Sanierung von Bestandsgeb\u00e4uden<\/li>\n<li>Komplexe Sanierungen in bewohntem Zustand inkl. Strangsanierung und Modernisierungsma\u00dfnahmen<\/li>\n<li>Kompetente Mieterbetreuung im Zuge bewohnter Sanierungen<\/li>\n<li>Serielle Fassadensanierungen<\/li>\n<li>Geb\u00e4udeh\u00fclle: Fassaden-, WDVS- und Dacharbeiten<\/li>\n<li>1-3-geschossige Dachaufstockung und Nachverdichtungen<\/li>\n<li>Heizungs-, L\u00fcftungs-, Sanit\u00e4r- und Elektrotechnik<\/li>\n<li>Schadstoffsanierungen<\/li>\n<li>Wohnungsmodernisierung und Leerwohnungssanierung<\/li>\n<\/ul>\n<h3><\/h3>\n<p>Unseren Kundinnen und Kunden bieten wir eine umfangreiche Beratung und passgenaue L\u00f6sungen f\u00fcr ihre Sanierungs- und Erweiterungsma\u00dfnahmen. Hierbei stehen Qualit\u00e4t, Nachhaltigkeit und zufriedene Mieterinnen und Mieter immer im Vordergrund.<\/p>\n<\/div>\n\n            \n            <div class=\"read-more-content\"><\/div>\n                    <\/div>\n        <\/div>\n\n\n\n<div style=\"height:50px\" aria-hidden=\"true\" class=\"wp-block-spacer\"><\/div>\n\n\n<div id=\"text-and-image-block_adbf19dd5952c7664cd6066f359c5c45\"\n     class=\"text-and-image-container rtl has_no_animation\">\n\n    <style>\n        #text-and-image-block_adbf19dd5952c7664cd6066f359c5c45 {\n            --textAndImageHeight: 550px;\n            --textAndImageBackgroundColor: ;\n            --textAndImageTextColor: ;\n        }\n        @media screen and (max-width: 1024px) {\n        #text-and-image-block_adbf19dd5952c7664cd6066f359c5c45 {\n            --textAndImageHeight: 300px;\n        }\n        }\n    <\/style>\n\n                <div class=\"image-wrapper cover\">\n                <div class=\"image-outer\">\n                                        <img decoding=\"async\" loading=\"lazy\" alt=\"Holz-Lehm-Hybriddecke\" style=\"height: var(--textAndImageHeight);object-position: center center\" sizes=\"(max-width: 1920px) 100vw, 1920px\" srcset=\"https:\/\/buo.de\/bau\/wp-content\/uploads\/sites\/2\/2026\/04\/P1030166-1920x1442.jpg-1.webp 1920w, https:\/\/buo.de\/bau\/wp-content\/uploads\/sites\/2\/2026\/04\/P1030166-1920x1442.jpg-1-300x225.webp 300w, https:\/\/buo.de\/bau\/wp-content\/uploads\/sites\/2\/2026\/04\/P1030166-1920x1442.jpg-1-1024x769.webp 1024w, https:\/\/buo.de\/bau\/wp-content\/uploads\/sites\/2\/2026\/04\/P1030166-1920x1442.jpg-1-768x577.webp 768w, https:\/\/buo.de\/bau\/wp-content\/uploads\/sites\/2\/2026\/04\/P1030166-1920x1442.jpg-1-1536x1154.webp 1536w, https:\/\/buo.de\/bau\/wp-content\/uploads\/sites\/2\/2026\/04\/P1030166-1920x1442.jpg-1-1438x1080.webp 1438w, https:\/\/buo.de\/bau\/wp-content\/uploads\/sites\/2\/2026\/04\/P1030166-1920x1442.jpg-1-1320x991.webp 1320w\" src=\"https:\/\/buo.de\/bau\/wp-content\/uploads\/sites\/2\/2026\/04\/P1030166-1920x1442.jpg-1.webp\" class=\"image\">\n                <\/div>\n            <\/div>\n                        <div class=\"text \">\n            <h2 class=\"over-content\">HLCB Holz-Lehmbau Campus Berlin<\/h2>\n            <div class=\"content \"><h3><\/h3>\n<p data-start=\"0\" data-end=\"354\">Auf dem Holz\u2011Lehmbau\u2011Campus von B&amp;O Bau und Geb\u00e4udetechnik in Berlin\u2011Wei\u00dfensee entsteht ein wegweisendes Beispiel f\u00fcr nachhaltiges Bauen. Der Neubau steht kurz vor der Fertigstellung \u2013 mit regionalen Materialien wie m\u00e4rkischer Kiefer, Lehm, Stroh und Paludi. Noch in diesem Jahr bezieht unser Berliner Team die rund 1.700 m\u00b2 B\u00fcrofl\u00e4che und ein gesundes, nat\u00fcrliches Raumklima.<\/p>\n<p data-start=\"0\" data-end=\"354\">Der Campus dient als Reallabor f\u00fcr zirkul\u00e4res und regeneratives Bauen, in dem geforscht, entwickelt und Wissen geteilt wird. Der Entwurf stammt von sauerbruch hutton, umgesetzt mit dem B&amp;O Bau Team und weiteren Fachpartnern.<\/p>\n<p data-start=\"0\" data-end=\"354\">Begleitet wird das Projekt von Bauhaus Erde, unterst\u00fctzt durch den Industrieverband Lehmbaustoffe e.V. und den Landesbeirat Holz Berlin\u2011Brandenburg. Gef\u00f6rdert durch die Deutsche Bundesstiftung Umwelt (DBU) entsteht hier ein Modell f\u00fcr zukunftsf\u00e4higes, kreislaufgerechtes Bauen.<\/p>\n<\/div>\n\n            \n            <div class=\"read-more-content\"><\/div>\n            <a href=\"https:\/\/buo.de\/bau\/forschung\/hlcb\/\" target=\"\" title=\"HLCB Holz-Lehmbau Campus Berlin\" class=\"button\">Weitere Infos zum HLCB<\/a>        <\/div>\n        <\/div>\n\n\n\n<div style=\"height:80px\" aria-hidden=\"true\" class=\"wp-block-spacer\"><\/div>\n\n\n\n<h4 class=\"wp-block-heading\">Unsere Referenzen<\/h4>\n\n\n\n<div id=\"buo-projects-grid-carousel-block_b506a57ba3e25966d4e7bddc1ff251ea\"\n     data-columns=\"4\"\n     data-gap=\"24\"\n     data-cta=\"Weiterlesen\"\n     data-filter-by=\"\"\n     data-filter-ids=\"\"\n     class=\"buo-projects-grid-carousel-container is-grid columns-4 buo-projects-filter-overlay\">\n    <div class=\"buo-overlay\">\n        <div class=\"buo-overlay-content-wrapper\">\n            <div class=\"buo-overlay-content\">\n                <div class=\"buo-overlay-filter-content\">\n                    <div class=\"buo-mobile-filter-header\">\n                        <div class=\"buo-logo-wrapper\">\n                            <img decoding=\"async\" alt=\"Logo\" src=\"https:\/\/buo.de\/bau\/wp-content\/themes\/qbits-theme-buo-bau\/images\/logo.svg\">\n                        <\/div>\n                        <div class=\"buo-filter-close-wrapper\">\n                            <span class=\"buo-filter-close-button\"><\/span>\n                        <\/div>\n                    <\/div>\n\n                    <div class=\"buo-filter-wrapper\">\n                        \n    <div class=\"buo-projects-filter buo-outer-projects-filter-wrapper buo-filter-wrapper\">\n        <form action=\"https:\/\/buo.de\/bau\/unternehmen\/bo-bau-und-gebaeudetechnik-gmbh-co-kg\/\" method=\"get\" class=\"buo-projects-filter-wrapper\">\n                        <div class=\"buo-accordeon-container projekte\">\n                <div class=\"buo-accordeon-wrapper\">\n                    <div class=\"buo-accordeon\">\n\n                        <label class=\"buo-accordeon-title buo-single-checkbox\" for=\"buo-accordeon-Projekte\">\n                            <input checked id=\"buo-accordeon-Projekte\" class=\"buo-checkbox-group\" type=\"checkbox\">\n                            <span class=\"buo-checkbox-group-text\">Projekte<\/span>\n                        <\/label>\n\n                        <label for=\"buo-accordeon-trigger-Projekte\" class=\"buo-accordeon-trigger-label\"><\/label>\n\n                        <div class=\"buo-accordeon-content-wrapper\">\n                            <div class=\"buo-project-filter-prefix\">Projekte filtern:<\/div>\n\n                            <div class=\"buo-accordeon-content\">\n                                <div class=\"buo-content-wrapper\">\n                                    <label for=\"buo-select-all-projects\" class=\"buo-single-checkbox buo-select-all\">\n                                        <input  type=\"checkbox\" id=\"buo-select-all-projects\" name=\"select-all-projects\">\n                                        <span class=\"buo-checkbox-text\">Alle Projekte<\/span>\n                                    <\/label>\n                                <\/div>\n\n                                                                    <div class=\"buo-checkbox-wrapper buo-parent \">\n                                        <label for=\"buo-cat-13\" class=\"buo-single-checkbox buo-parent \">\n                                            <input  data-cat-id=\"project-cat-13\" type=\"checkbox\" id=\"buo-cat-13\" name=\"project[]\">\n                                            <span class=\"buo-checkbox-text\">Forschung<\/span>\n                                        <\/label>\n                                    <\/div>\n                                                                                                            <div class=\"buo-checkbox-wrapper buo-parent buo-has-children\">\n                                        <label for=\"buo-cat-5\" class=\"buo-single-checkbox buo-parent buo-has-children\">\n                                            <input  data-cat-id=\"project-cat-5\" type=\"checkbox\" id=\"buo-cat-5\" name=\"project[]\">\n                                            <span class=\"buo-checkbox-text\">Wohnraum erhalten<\/span>\n                                        <\/label>\n                                    <\/div>\n                                                                            <div class=\"buo-checkbox-wrapper\">\n                                            <label for=\"buo-cat-6\" class=\"buo-single-checkbox buo-child\">\n                                                <input checked data-cat-id=\"project-cat-6\" type=\"checkbox\" id=\"buo-cat-6\" name=\"project[]\">\n                                                <span class=\"buo-checkbox-text\">serielle Sanierung<\/span>\n                                            <\/label>\n                                        <\/div>\n                                                                                <div class=\"buo-checkbox-wrapper\">\n                                            <label for=\"buo-cat-8\" class=\"buo-single-checkbox buo-child\">\n                                                <input checked data-cat-id=\"project-cat-8\" type=\"checkbox\" id=\"buo-cat-8\" name=\"project[]\">\n                                                <span class=\"buo-checkbox-text\">Strangsanierung<\/span>\n                                            <\/label>\n                                        <\/div>\n                                                                                                                <div class=\"buo-checkbox-wrapper buo-parent buo-has-children\">\n                                        <label for=\"buo-cat-9\" class=\"buo-single-checkbox buo-parent buo-has-children\">\n                                            <input  data-cat-id=\"project-cat-9\" type=\"checkbox\" id=\"buo-cat-9\" name=\"project[]\">\n                                            <span class=\"buo-checkbox-text\">Wohnraum schaffen<\/span>\n                                        <\/label>\n                                    <\/div>\n                                                                            <div class=\"buo-checkbox-wrapper\">\n                                            <label for=\"buo-cat-11\" class=\"buo-single-checkbox buo-child\">\n                                                <input checked data-cat-id=\"project-cat-11\" type=\"checkbox\" id=\"buo-cat-11\" name=\"project[]\">\n                                                <span class=\"buo-checkbox-text\">Dachaufstockung<\/span>\n                                            <\/label>\n                                        <\/div>\n                                                                                <div class=\"buo-checkbox-wrapper\">\n                                            <label for=\"buo-cat-12\" class=\"buo-single-checkbox buo-child\">\n                                                <input checked data-cat-id=\"project-cat-12\" type=\"checkbox\" id=\"buo-cat-12\" name=\"project[]\">\n                                                <span class=\"buo-checkbox-text\">Parkplatz\u00fcberbauung<\/span>\n                                            <\/label>\n                                        <\/div>\n                                                                                <div class=\"buo-checkbox-wrapper\">\n                                            <label for=\"buo-cat-10\" class=\"buo-single-checkbox buo-child\">\n                                                <input checked data-cat-id=\"project-cat-10\" type=\"checkbox\" id=\"buo-cat-10\" name=\"project[]\">\n                                                <span class=\"buo-checkbox-text\">Systembau<\/span>\n                                            <\/label>\n                                        <\/div>\n                                                                                                        <\/div>\n                        <\/div>\n                    <\/div>\n                <\/div>\n            <\/div>\n        <\/form>\n    <\/div>\n    \n                    <\/div>\n\n                    <div class=\"buo-mobile-filter-footer\">\n                        <div class=\"buo-show-results-button-wrapper\">\n                            <button type=\"button\" class=\"buo-filter-close-button buo-button buo-results-button buo-active\">\n                                <span class=\"buo-total-projects-count\"><\/span> Projekte anzeigen                            <\/button>\n                        <\/div>\n                    <\/div>\n                <\/div>\n\n                <div class=\"buo-sort-and-filter-handler-wrapper buo-mobile-only\">\n                    <div class=\"buo-filter-button\">\n                        <i class=\"fa-regular fa-filter\"><\/i>\n                        <span class=\"buo-filter-button-text\">Filter<\/span>\n                    <\/div>\n                <\/div>\n            <\/div>\n        <\/div>\n    <\/div>\n            <div class=\"buo-grid-container\">\n            <div class=\"buo-grid-wrapper buo-results\">\n                \n\n\n    <div class=\"buo-projects-container swiper-wrapper\">\n        \n<a class=\"buo-projects-filter-card project-card \" data-terms=\"[&quot;project-cat-13&quot;]\" data-id=\"66527\" href=\"https:\/\/buo.de\/bau\/referenzen\/holz-lehmbau-campus-berlin\/\" target=\"_self\">\n    <div class=\"entry-image-wrapper\">\n        <img decoding=\"async\" class=\"project-image\"\n             src=\"https:\/\/buo.de\/bau\/wp-content\/uploads\/sites\/2\/2026\/04\/P1030166-1920x1442.jpg-1.webp\"\n             sizes=\"(max-width: 1920px) 100vw, 1920px\" srcset=\"https:\/\/buo.de\/bau\/wp-content\/uploads\/sites\/2\/2026\/04\/P1030166-1920x1442.jpg-1.webp 1920w, https:\/\/buo.de\/bau\/wp-content\/uploads\/sites\/2\/2026\/04\/P1030166-1920x1442.jpg-1-300x225.webp 300w, https:\/\/buo.de\/bau\/wp-content\/uploads\/sites\/2\/2026\/04\/P1030166-1920x1442.jpg-1-1024x769.webp 1024w, https:\/\/buo.de\/bau\/wp-content\/uploads\/sites\/2\/2026\/04\/P1030166-1920x1442.jpg-1-768x577.webp 768w, https:\/\/buo.de\/bau\/wp-content\/uploads\/sites\/2\/2026\/04\/P1030166-1920x1442.jpg-1-1536x1154.webp 1536w, https:\/\/buo.de\/bau\/wp-content\/uploads\/sites\/2\/2026\/04\/P1030166-1920x1442.jpg-1-1438x1080.webp 1438w, https:\/\/buo.de\/bau\/wp-content\/uploads\/sites\/2\/2026\/04\/P1030166-1920x1442.jpg-1-1320x991.webp 1320w\"\n             alt=\"HLCB\"\n                    >\n                <div class=\"project-linear-gradient\"><\/div>\n    <\/div>\n    <div class=\"project-content\">\n        <p class=\"project-term-name\">Forschung<\/p>\n        <div class=\"project-info\">\n            <p class=\"project-title\">HLCB<\/p>\n            <p class=\"project-address\">B\u00f6rnestra\u00dfe 37-41, Berlin-Bezirk Pankow, Deutschland<\/p>\n        <\/div>\n    <\/div>\n<\/a>\n\n<a class=\"buo-projects-filter-card project-card \" data-terms=\"[&quot;project-cat-8&quot;,&quot;project-cat-5&quot;]\" data-id=\"26927\" href=\"https:\/\/buo.de\/bau\/referenzen\/erweiterte-heizungs-und-strangsanierung-in-pankow-niederschoenhausen\/\" target=\"_self\">\n    <div class=\"entry-image-wrapper\">\n        <img decoding=\"async\" class=\"project-image\"\n             src=\"https:\/\/buo.de\/bau\/wp-content\/uploads\/sites\/2\/2025\/02\/malikstudio-buo-berlin-2024-06-24-0019-scaled.jpg\"\n             sizes=\"(max-width: 1920px) 100vw, 1920px\" srcset=\"https:\/\/buo.de\/bau\/wp-content\/uploads\/sites\/2\/2025\/02\/malikstudio-buo-berlin-2024-06-24-0019-scaled.jpg 2560w, https:\/\/buo.de\/bau\/wp-content\/uploads\/sites\/2\/2025\/02\/malikstudio-buo-berlin-2024-06-24-0019-300x225.jpg 300w, https:\/\/buo.de\/bau\/wp-content\/uploads\/sites\/2\/2025\/02\/malikstudio-buo-berlin-2024-06-24-0019-1024x767.jpg 1024w, https:\/\/buo.de\/bau\/wp-content\/uploads\/sites\/2\/2025\/02\/malikstudio-buo-berlin-2024-06-24-0019-768x575.jpg 768w, https:\/\/buo.de\/bau\/wp-content\/uploads\/sites\/2\/2025\/02\/malikstudio-buo-berlin-2024-06-24-0019-1536x1150.jpg 1536w, https:\/\/buo.de\/bau\/wp-content\/uploads\/sites\/2\/2025\/02\/malikstudio-buo-berlin-2024-06-24-0019-2048x1534.jpg 2048w, https:\/\/buo.de\/bau\/wp-content\/uploads\/sites\/2\/2025\/02\/malikstudio-buo-berlin-2024-06-24-0019-1442x1080.jpg 1442w\"\n             alt=\"Erweiterte Heizungs- und Strangsanierung in Pankow-Niedersch\u00f6nhausen\"\n                    >\n                <div class=\"project-linear-gradient\"><\/div>\n    <\/div>\n    <div class=\"project-content\">\n        <p class=\"project-term-name\">Strangsanierung<\/p>\n        <div class=\"project-info\">\n            <p class=\"project-title\">Erweiterte Heizungs- und Strangsanierung in Pankow-Niedersch\u00f6nhausen<\/p>\n            <p class=\"project-address\">Rolandstra\u00dfe, Blankenburger Stra\u00dfe, Klothildestra\u00dfe, Berlin<\/p>\n        <\/div>\n    <\/div>\n<\/a>\n\n<a class=\"buo-projects-filter-card project-card \" data-terms=\"[&quot;project-cat-11&quot;]\" data-id=\"1185\" href=\"https:\/\/buo.de\/bau\/referenzen\/dachaufstockung-fuer-die-howoge\/\" target=\"_self\">\n    <div class=\"entry-image-wrapper\">\n        <img decoding=\"async\" class=\"project-image\"\n             src=\"https:\/\/buo.de\/bau\/wp-content\/uploads\/sites\/2\/2023\/05\/aaBild4_Howoge.png\"\n             sizes=\"(max-width: 1257px) 100vw, 1257px\" srcset=\"https:\/\/buo.de\/bau\/wp-content\/uploads\/sites\/2\/2023\/05\/aaBild4_Howoge.png 1257w, https:\/\/buo.de\/bau\/wp-content\/uploads\/sites\/2\/2023\/05\/aaBild4_Howoge-300x218.png 300w, https:\/\/buo.de\/bau\/wp-content\/uploads\/sites\/2\/2023\/05\/aaBild4_Howoge-1024x745.png 1024w, https:\/\/buo.de\/bau\/wp-content\/uploads\/sites\/2\/2023\/05\/aaBild4_Howoge-768x559.png 768w\"\n             alt=\"Franz-Schmid-Stra\u00dfe &#8211; Dachaufstockung\"\n                    >\n                <div class=\"project-linear-gradient\"><\/div>\n    <\/div>\n    <div class=\"project-content\">\n        <p class=\"project-term-name\">Dachaufstockung<\/p>\n        <div class=\"project-info\">\n            <p class=\"project-title\">Franz-Schmid-Stra\u00dfe &#8211; Dachaufstockung<\/p>\n            <p class=\"project-address\">Franz-Schmidt-Stra\u00dfe 11-17, Berlin, Deutschland<\/p>\n        <\/div>\n    <\/div>\n<\/a>\n        <div class=\"buo-no-results\">\n            <div class=\"buo-no-results-headline\">\n                Keine Projekt gefunden            <\/div>\n\n            <div class=\"buo-no-results-below-headline\">\n                \u00c4ndern Sie die Filtereinstellungen, um mehr Projekte anzuzeigen.            <\/div>\n        <\/div>\n    <\/div>\n\n                <\/div>\n        <\/div>\n        <\/div>\n\n\n\n<div style=\"height:20px\" aria-hidden=\"true\" class=\"wp-block-spacer\"><\/div>\n\n\n\n<div class=\"wp-block-buttons is-content-justification-left is-layout-flex wp-container-core-buttons-is-layout-fdcfc74e wp-block-buttons-is-layout-flex\">\n<div class=\"wp-block-button\"><a class=\"wp-block-button__link has-gold-background-color has-background wp-element-button\" href=\"https:\/\/buo.de\/bau\/referenzen\/\">Weitere Referenzen<\/a><\/div>\n<\/div>\n\n\n\n<div style=\"height:70px\" aria-hidden=\"true\" class=\"wp-block-spacer\"><\/div>\n\n\n<div id=\"text-and-image-block_750425e6e27015292edee59fbbe67639\"\n     class=\"text-and-image-container rtl has_no_animation\">\n\n    <style>\n        #text-and-image-block_750425e6e27015292edee59fbbe67639 {\n            --textAndImageHeight: 550px;\n            --textAndImageBackgroundColor: ;\n            --textAndImageTextColor: ;\n        }\n        @media screen and (max-width: 1024px) {\n        #text-and-image-block_750425e6e27015292edee59fbbe67639 {\n            --textAndImageHeight: 300px;\n        }\n        }\n    <\/style>\n\n                <div class=\"image-wrapper cover\">\n                <div class=\"image-outer\">\n                                        <img decoding=\"async\" loading=\"lazy\" alt=\"Karriere bei B&amp;O Bau\" style=\"height: var(--textAndImageHeight);object-position: center center\" sizes=\"(max-width: 1920px) 100vw, 1920px\" srcset=\"https:\/\/buo.de\/bau\/wp-content\/uploads\/sites\/2\/2025\/07\/Job-Fotos-Obermonteur-Nr.-2-scaled-e1753886966613-1920x1175.jpg 1920w, https:\/\/buo.de\/bau\/wp-content\/uploads\/sites\/2\/2025\/07\/Job-Fotos-Obermonteur-Nr.-2-scaled-e1753886966613-300x184.jpg 300w, https:\/\/buo.de\/bau\/wp-content\/uploads\/sites\/2\/2025\/07\/Job-Fotos-Obermonteur-Nr.-2-scaled-e1753886966613-1024x626.jpg 1024w, https:\/\/buo.de\/bau\/wp-content\/uploads\/sites\/2\/2025\/07\/Job-Fotos-Obermonteur-Nr.-2-scaled-e1753886966613-768x470.jpg 768w, https:\/\/buo.de\/bau\/wp-content\/uploads\/sites\/2\/2025\/07\/Job-Fotos-Obermonteur-Nr.-2-scaled-e1753886966613-1536x940.jpg 1536w, https:\/\/buo.de\/bau\/wp-content\/uploads\/sites\/2\/2025\/07\/Job-Fotos-Obermonteur-Nr.-2-scaled-e1753886966613-2048x1253.jpg 2048w, https:\/\/buo.de\/bau\/wp-content\/uploads\/sites\/2\/2025\/07\/Job-Fotos-Obermonteur-Nr.-2-scaled-e1753886966613-1766x1080.jpg 1766w, https:\/\/buo.de\/bau\/wp-content\/uploads\/sites\/2\/2025\/07\/Job-Fotos-Obermonteur-Nr.-2-scaled-e1753886966613-1320x807.jpg 1320w\" src=\"https:\/\/buo.de\/bau\/wp-content\/uploads\/sites\/2\/2025\/07\/Job-Fotos-Obermonteur-Nr.-2-scaled-e1753886966613-1920x1175.jpg\" class=\"image\">\n                <\/div>\n            <\/div>\n                        <div class=\"text \">\n            <h2 class=\"over-content\">Karriere bei B&amp;O Bau und Geb\u00e4udetechnik GmbH &amp; Co. KG<\/h2>\n            <div class=\"content \"><h3><\/h3>\n<p data-start=\"0\" data-end=\"324\">Unser Standort hat sich mittlerweile als wichtiger Akteur in der Bauindustrie etabliert. Mit \u00fcber 290 Mitarbeitenden setzen wir anspruchsvolle Sanierungs- und Neubauprojekte im Gro\u00dfraum Berlin um. Was uns auszeichnet? Ein hoher Qualit\u00e4tsanspruch, Innovationsfreude und echtes Teamwork.<\/p>\n<p data-start=\"0\" data-end=\"324\">Wir wachsen weiter und suchen motivierte Fachkr\u00e4fte, die mit uns die Zukunft des Wohnens gestalten wollen. Ob Ausbildung oder Berufserfahrung: Bei uns findest du spannende Aufgaben und viel Gestaltungsspielraum.<\/p>\n<p data-start=\"0\" data-end=\"324\">Du hast Lust auf einen abwechslungsreichen Job mit Perspektive? Wir freuen wir uns auf deine Bewerbung!<\/p>\n<\/div>\n\n            \n            <div class=\"read-more-content\"><\/div>\n            <a href=\"https:\/\/buo.de\/bau\/karriere\/jobs\/?company%5B%5D=B%26O+Bau+und+Geb%C3%A4udetechnik+GmbH+%26+Co.KG&#038;job_search_nonce=8a0e92fc7a\" target=\"\" title=\"Karriere bei B&amp;O Bau und Geb\u00e4udetechnik GmbH &amp; Co. KG\" class=\"button\">Unsere Jobs<\/a>        <\/div>\n        <\/div>\n\n\n\n<div style=\"height:100px\" aria-hidden=\"true\" class=\"wp-block-spacer\"><\/div>\n\n\n\n<div class=\"jobteaser-container\">\n    <div class=\"jobteaser-wrapper\">\n        <div class=\"jobteaser-content\">\n            <h2 class=\"jobteaser-title\">Aktuelle Jobs<\/h2>\n            <p class=\"jobteaser-description\"><\/p>\n            <div class=\"button-wrapper\">\n                <a href=\"https:\/\/buo.de\/bau\/karriere\/jobs\/?text&amp;location&amp;lat&amp;lng&amp;zip&amp;street&amp;radius=5&amp;company%5B0%5D=B%26O+Bau+und+Geb%C3%A4udetechnik+GmbH+%26+Co.+KG&amp;&amp;sort&amp;paged=0\" class=\"button jobteaser-button\">  Zu den Jobangeboten<\/a>\n            <\/div>\n        <\/div>\n        <div class=\"swiper\">\n            <div class=\"swiper-wrapper\">\n                                    <a class=\"swiper-slide\" target=\"_blank\" href=\"https:\/\/buo.de\/bau\/karriere\/job\/anlagenmechaniker-shk-sanitaer-heizung-klima-m-w-d\/\">\n                        <h4 class=\"job-title\">Anlagenmechaniker SHK &#8211; Sanit\u00e4r, Heizung, Klima (m\/w\/d)<\/h4>\n\n                        \n                        <div class=\"job-details\">\n                                                            <div class=\"job-detail-item\">\n                                    <i class=\"fa-solid fa-location-dot\"><\/i>\n                                    <span>Berlin<\/span>\n                                <\/div>\n                            \n                                                            <div class=\"job-detail-item\">\n                                    <i class=\"fa-solid fa-briefcase\"><\/i>\n                                    <span>B&amp;O Bau und Geb\u00e4udetechnik GmbH &amp; Co. KG<\/span>\n                                <\/div>\n                                                    <\/div>\n                    <\/a>\n                                    <a class=\"swiper-slide\" target=\"_blank\" href=\"https:\/\/buo.de\/bau\/karriere\/job\/arbeitsvorbereiter-schluesselfertiger-neubau-m-w-d\/\">\n                        <h4 class=\"job-title\">Arbeitsvorbereiter Schl\u00fcsselfertiger Neubau (m\/w\/d)<\/h4>\n\n                        \n                        <div class=\"job-details\">\n                                                            <div class=\"job-detail-item\">\n                                    <i class=\"fa-solid fa-location-dot\"><\/i>\n                                    <span>Berlin<\/span>\n                                <\/div>\n                            \n                                                            <div class=\"job-detail-item\">\n                                    <i class=\"fa-solid fa-briefcase\"><\/i>\n                                    <span>B&amp;O Bau und Geb\u00e4udetechnik GmbH &amp; Co. KG<\/span>\n                                <\/div>\n                                                    <\/div>\n                    <\/a>\n                                    <a class=\"swiper-slide\" target=\"_blank\" href=\"https:\/\/buo.de\/bau\/karriere\/job\/assistenz-einkauf-im-wohnungsbau-m-w-d\/\">\n                        <h4 class=\"job-title\">Assistenz Einkauf im Wohnungsbau (m\/w\/d)<\/h4>\n\n                        \n                        <div class=\"job-details\">\n                                                            <div class=\"job-detail-item\">\n                                    <i class=\"fa-solid fa-location-dot\"><\/i>\n                                    <span>Berlin<\/span>\n                                <\/div>\n                            \n                                                            <div class=\"job-detail-item\">\n                                    <i class=\"fa-solid fa-briefcase\"><\/i>\n                                    <span>B&amp;O Bau und Geb\u00e4udetechnik GmbH &amp; Co. KG<\/span>\n                                <\/div>\n                                                    <\/div>\n                    <\/a>\n                                    <a class=\"swiper-slide\" target=\"_blank\" href=\"https:\/\/buo.de\/bau\/karriere\/job\/ausbildung-zum-anlagenmechaniker-shk-start-sommer-2026-m-w-d\/\">\n                        <h4 class=\"job-title\">Ausbildung zum Anlagenmechaniker SHK \u2013 Start Sommer 2026 (m\/w\/d)<\/h4>\n\n                        \n                        <div class=\"job-details\">\n                                                            <div class=\"job-detail-item\">\n                                    <i class=\"fa-solid fa-location-dot\"><\/i>\n                                    <span>Berlin<\/span>\n                                <\/div>\n                            \n                                                            <div class=\"job-detail-item\">\n                                    <i class=\"fa-solid fa-briefcase\"><\/i>\n                                    <span>B&amp;O Bau und Geb\u00e4udetechnik GmbH &amp; Co. KG<\/span>\n                                <\/div>\n                                                    <\/div>\n                    <\/a>\n                                    <a class=\"swiper-slide\" target=\"_blank\" href=\"https:\/\/buo.de\/bau\/karriere\/job\/ausbildung-zum-elektroniker-fuer-energie-und-gebaeudetechnik-start-sommer-2026-m-w-d\/\">\n                        <h4 class=\"job-title\">Ausbildung zum Elektroniker f\u00fcr Energie- und Geb\u00e4udetechnik \u2013 Start Sommer 2026 (m\/w\/d)<\/h4>\n\n                        \n                        <div class=\"job-details\">\n                                                            <div class=\"job-detail-item\">\n                                    <i class=\"fa-solid fa-location-dot\"><\/i>\n                                    <span>Berlin<\/span>\n                                <\/div>\n                            \n                                                            <div class=\"job-detail-item\">\n                                    <i class=\"fa-solid fa-briefcase\"><\/i>\n                                    <span>B&amp;O Bau und Geb\u00e4udetechnik GmbH &amp; Co. KG<\/span>\n                                <\/div>\n                                                    <\/div>\n                    <\/a>\n                                    <a class=\"swiper-slide\" target=\"_blank\" href=\"https:\/\/buo.de\/bau\/karriere\/job\/bauleiter-elektrotechnik-m-w-d\/\">\n                        <h4 class=\"job-title\">Bauleiter Elektrotechnik (m\/w\/d)<\/h4>\n\n                        \n                        <div class=\"job-details\">\n                                                            <div class=\"job-detail-item\">\n                                    <i class=\"fa-solid fa-location-dot\"><\/i>\n                                    <span>Berlin<\/span>\n                                <\/div>\n                            \n                                                            <div class=\"job-detail-item\">\n                                    <i class=\"fa-solid fa-briefcase\"><\/i>\n                                    <span>B&amp;O Bau und Geb\u00e4udetechnik GmbH &amp; Co. KG<\/span>\n                                <\/div>\n                                                    <\/div>\n                    <\/a>\n                                    <a class=\"swiper-slide\" target=\"_blank\" href=\"https:\/\/buo.de\/bau\/karriere\/job\/bauleiter-elektrotechnik-msr-technik-mess-steuer-und-regeltechnik-in-berlin-m-w-d\/\">\n                        <h4 class=\"job-title\">Bauleiter Elektrotechnik \u2013 MSR-Technik \/ Mess-, Steuer- und Regeltechnik in Berlin (m\/w\/d)<\/h4>\n\n                        \n                        <div class=\"job-details\">\n                                                            <div class=\"job-detail-item\">\n                                    <i class=\"fa-solid fa-location-dot\"><\/i>\n                                    <span>Berlin<\/span>\n                                <\/div>\n                            \n                                                            <div class=\"job-detail-item\">\n                                    <i class=\"fa-solid fa-briefcase\"><\/i>\n                                    <span>B&amp;O Bau und Geb\u00e4udetechnik GmbH &amp; Co. KG<\/span>\n                                <\/div>\n                                                    <\/div>\n                    <\/a>\n                                    <a class=\"swiper-slide\" target=\"_blank\" href=\"https:\/\/buo.de\/bau\/karriere\/job\/bauleiter-schluesselfertigbau-m-w-d\/\">\n                        <h4 class=\"job-title\">Bauleiter Schl\u00fcsselfertigbau (m\/w\/d)<\/h4>\n\n                        \n                        <div class=\"job-details\">\n                                                            <div class=\"job-detail-item\">\n                                    <i class=\"fa-solid fa-location-dot\"><\/i>\n                                    <span>Berlin<\/span>\n                                <\/div>\n                            \n                                                            <div class=\"job-detail-item\">\n                                    <i class=\"fa-solid fa-briefcase\"><\/i>\n                                    <span>B&amp;O Bau und Geb\u00e4udetechnik GmbH &amp; Co. KG<\/span>\n                                <\/div>\n                                                    <\/div>\n                    <\/a>\n                                    <a class=\"swiper-slide\" target=\"_blank\" href=\"https:\/\/buo.de\/bau\/karriere\/job\/bauleiter-tga-heizung-lueftung-sanitaer-m-w-d\/\">\n                        <h4 class=\"job-title\">Bauleiter TGA &#8211; Heizung, L\u00fcftung, Sanit\u00e4r (m\/w\/d)<\/h4>\n\n                        \n                        <div class=\"job-details\">\n                                                            <div class=\"job-detail-item\">\n                                    <i class=\"fa-solid fa-location-dot\"><\/i>\n                                    <span>Berlin<\/span>\n                                <\/div>\n                            \n                                                            <div class=\"job-detail-item\">\n                                    <i class=\"fa-solid fa-briefcase\"><\/i>\n                                    <span>B&amp;O Bau und Geb\u00e4udetechnik GmbH &amp; Co. KG<\/span>\n                                <\/div>\n                                                    <\/div>\n                    <\/a>\n                                    <a class=\"swiper-slide\" target=\"_blank\" href=\"https:\/\/buo.de\/bau\/karriere\/job\/bim-manager-m-w-d\/\">\n                        <h4 class=\"job-title\">BIM-Manager (m\/w\/d)<\/h4>\n\n                        \n                        <div class=\"job-details\">\n                                                            <div class=\"job-detail-item\">\n                                    <i class=\"fa-solid fa-location-dot\"><\/i>\n                                    <span>Potsdam, Berlin<\/span>\n                                <\/div>\n                            \n                                                            <div class=\"job-detail-item\">\n                                    <i class=\"fa-solid fa-briefcase\"><\/i>\n                                    <span>B&amp;O Bau und Geb\u00e4udetechnik GmbH &amp; Co. KG<\/span>\n                                <\/div>\n                                                    <\/div>\n                    <\/a>\n                            <\/div>\n            <div class=\"swiper-pagination\"><\/div>\n        <\/div>\n    <\/div>\n<\/div>\n\n\n\n<div style=\"height:100px\" aria-hidden=\"true\" class=\"wp-block-spacer\"><\/div>\n\n\n\n<h4 class=\"wp-block-heading\">Gesch\u00e4ftsf\u00fchrung B&amp;O Bau und Geb\u00e4udetechnik<\/h4>\n\n\n\n<div id=\"cards-grid-carousel-block_fc51d7a1173ff454afcd65cb9b469e8c\"\n     data-columns=\"5\"\n     data-gap=\"24\"\n     data-swiper-config=\"\"\n     class=\"cards-grid-carousel-container is-grid left columns-5\">\n            <div class=\"grid-container\">\n            <div class=\"grid-wrapper\">\n                \n<div class=\"entry swiper-slide icon-image-card-container\" id=\"icon-image-card-69f1f3b973f12\">\n    <style>\n        #icon-image-card-69f1f3b973f12 {\n            --cardsTextColor: #241D4C;\n            --cardsBackgroundColor: #fffff;\n        }\n    <\/style>\n    <div class=\"entry-wrapper has_image\">\n        <div class=\"entry-fields\">\n            <div class=\"entry-content-wrapper\">\n                                    <div class=\"entry-image-wrapper\">\n                        <img decoding=\"async\" alt=\"Friederike M\u00fcnn\" sizes=\"(max-width: 1920px) 100vw, 1920px\" srcset=\"https:\/\/buo.de\/bau\/wp-content\/uploads\/sites\/2\/2025\/07\/GF-Prokurist-Friederike-Muenn-1920x1280.png 1920w, https:\/\/buo.de\/bau\/wp-content\/uploads\/sites\/2\/2025\/07\/GF-Prokurist-Friederike-Muenn-300x200.png 300w, https:\/\/buo.de\/bau\/wp-content\/uploads\/sites\/2\/2025\/07\/GF-Prokurist-Friederike-Muenn-1024x683.png 1024w, https:\/\/buo.de\/bau\/wp-content\/uploads\/sites\/2\/2025\/07\/GF-Prokurist-Friederike-Muenn-768x512.png 768w, https:\/\/buo.de\/bau\/wp-content\/uploads\/sites\/2\/2025\/07\/GF-Prokurist-Friederike-Muenn-1536x1024.png 1536w, https:\/\/buo.de\/bau\/wp-content\/uploads\/sites\/2\/2025\/07\/GF-Prokurist-Friederike-Muenn-2048x1365.png 2048w, https:\/\/buo.de\/bau\/wp-content\/uploads\/sites\/2\/2025\/07\/GF-Prokurist-Friederike-Muenn-1620x1080.png 1620w, https:\/\/buo.de\/bau\/wp-content\/uploads\/sites\/2\/2025\/07\/GF-Prokurist-Friederike-Muenn-1320x880.png 1320w\" src=\"https:\/\/buo.de\/bau\/wp-content\/uploads\/sites\/2\/2025\/07\/GF-Prokurist-Friederike-Muenn-1920x1280.png\" class=\"entry-image\">\n                    <\/div>\n                \n                <div class=\"entry-content left\">\n                    <div class=\"wysiwyg-content\"><p><strong>Dr. Friederike M\u00fcnn<\/strong><br \/>\nGesch\u00e4ftsf\u00fchrung<\/p>\n<\/div>\n\n                                    <\/div>\n            <\/div>\n        <\/div>\n    <\/div>\n<\/div>\n\n<div class=\"entry swiper-slide icon-image-card-container\" id=\"icon-image-card-69f1f3b973fde\">\n    <style>\n        #icon-image-card-69f1f3b973fde {\n            --cardsTextColor: #241D4C;\n            --cardsBackgroundColor: #fffff;\n        }\n    <\/style>\n    <div class=\"entry-wrapper has_image\">\n        <div class=\"entry-fields\">\n            <div class=\"entry-content-wrapper\">\n                                    <div class=\"entry-image-wrapper\">\n                        <img decoding=\"async\" alt=\"Peter M\u00fcnn\" sizes=\"(max-width: 1920px) 100vw, 1920px\" srcset=\"https:\/\/buo.de\/bau\/wp-content\/uploads\/sites\/2\/2025\/06\/Peter-Muenn-1920x1280.png 1920w, https:\/\/buo.de\/bau\/wp-content\/uploads\/sites\/2\/2025\/06\/Peter-Muenn-300x200.png 300w, https:\/\/buo.de\/bau\/wp-content\/uploads\/sites\/2\/2025\/06\/Peter-Muenn-1024x683.png 1024w, https:\/\/buo.de\/bau\/wp-content\/uploads\/sites\/2\/2025\/06\/Peter-Muenn-768x512.png 768w, https:\/\/buo.de\/bau\/wp-content\/uploads\/sites\/2\/2025\/06\/Peter-Muenn-1536x1024.png 1536w, https:\/\/buo.de\/bau\/wp-content\/uploads\/sites\/2\/2025\/06\/Peter-Muenn-2048x1365.png 2048w, https:\/\/buo.de\/bau\/wp-content\/uploads\/sites\/2\/2025\/06\/Peter-Muenn-1620x1080.png 1620w, https:\/\/buo.de\/bau\/wp-content\/uploads\/sites\/2\/2025\/06\/Peter-Muenn-1320x880.png 1320w\" src=\"https:\/\/buo.de\/bau\/wp-content\/uploads\/sites\/2\/2025\/06\/Peter-Muenn-1920x1280.png\" class=\"entry-image\">\n                    <\/div>\n                \n                <div class=\"entry-content left\">\n                    <div class=\"wysiwyg-content\"><p><strong>Peter M\u00fcnn<\/strong><br \/>\nGesch\u00e4ftsf\u00fchrung<\/p>\n<\/div>\n\n                                    <\/div>\n            <\/div>\n        <\/div>\n    <\/div>\n<\/div>\n\n<div class=\"entry swiper-slide icon-image-card-container\" id=\"icon-image-card-69f1f3b974016\">\n    <style>\n        #icon-image-card-69f1f3b974016 {\n            --cardsTextColor: #241D4C;\n            --cardsBackgroundColor: #fffff;\n        }\n    <\/style>\n    <div class=\"entry-wrapper has_image\">\n        <div class=\"entry-fields\">\n            <div class=\"entry-content-wrapper\">\n                                    <div class=\"entry-image-wrapper\">\n                        <img decoding=\"async\" alt=\"Frank Ronkartz\" sizes=\"(max-width: 1338px) 100vw, 1338px\" srcset=\"https:\/\/buo.de\/bau\/wp-content\/uploads\/sites\/2\/2025\/08\/Frank-Ronkartz-e1754050826317.png 1338w, https:\/\/buo.de\/bau\/wp-content\/uploads\/sites\/2\/2025\/08\/Frank-Ronkartz-e1754050826317-274x300.png 274w, https:\/\/buo.de\/bau\/wp-content\/uploads\/sites\/2\/2025\/08\/Frank-Ronkartz-e1754050826317-936x1024.png 936w, https:\/\/buo.de\/bau\/wp-content\/uploads\/sites\/2\/2025\/08\/Frank-Ronkartz-e1754050826317-768x840.png 768w, https:\/\/buo.de\/bau\/wp-content\/uploads\/sites\/2\/2025\/08\/Frank-Ronkartz-e1754050826317-987x1080.png 987w, https:\/\/buo.de\/bau\/wp-content\/uploads\/sites\/2\/2025\/08\/Frank-Ronkartz-e1754050826317-1320x1444.png 1320w\" src=\"https:\/\/buo.de\/bau\/wp-content\/uploads\/sites\/2\/2025\/08\/Frank-Ronkartz-e1754050826317.png\" class=\"entry-image\">\n                    <\/div>\n                \n                <div class=\"entry-content left\">\n                    <div class=\"wysiwyg-content\"><p><strong>Frank Ronkartz<\/strong><br \/>\nGesch\u00e4ftsf\u00fchrung<\/p>\n<\/div>\n\n                                    <\/div>\n            <\/div>\n        <\/div>\n    <\/div>\n<\/div>\n\n<div class=\"entry swiper-slide icon-image-card-container\" id=\"icon-image-card-69f1f3b974047\">\n    <style>\n        #icon-image-card-69f1f3b974047 {\n            --cardsTextColor: #241D4C;\n            --cardsBackgroundColor: #fffff;\n        }\n    <\/style>\n    <div class=\"entry-wrapper has_image\">\n        <div class=\"entry-fields\">\n            <div class=\"entry-content-wrapper\">\n                                    <div class=\"entry-image-wrapper\">\n                        <img decoding=\"async\" alt=\"Ragnar Ruhle\" sizes=\"(max-width: 479px) 100vw, 479px\" srcset=\"https:\/\/buo.de\/bau\/wp-content\/uploads\/sites\/2\/2025\/12\/Ragnar-Ruhle-e1765457610948.png 479w, https:\/\/buo.de\/bau\/wp-content\/uploads\/sites\/2\/2025\/12\/Ragnar-Ruhle-e1765457610948-274x300.png 274w\" src=\"https:\/\/buo.de\/bau\/wp-content\/uploads\/sites\/2\/2025\/12\/Ragnar-Ruhle-e1765457610948.png\" class=\"entry-image\">\n                    <\/div>\n                \n                <div class=\"entry-content left\">\n                    <div class=\"wysiwyg-content\"><p><strong>Ragnar Ruhle<\/strong><br \/>\nGesch\u00e4ftsf\u00fchrung<\/p>\n<\/div>\n\n                                    <\/div>\n            <\/div>\n        <\/div>\n    <\/div>\n<\/div>\n            <\/div>\n        <\/div>\n        <\/div>\n\n\n\n<div style=\"height:100px\" aria-hidden=\"true\" class=\"wp-block-spacer\"><\/div>\n\n\n\n<h4 class=\"wp-block-heading\">Prokuristen B&amp;O Bau und Geb\u00e4udetechnik<\/h4>\n\n\n\n<div id=\"cards-grid-carousel-block_22305bc8c4b988e2617fa6c60323d942\"\n     data-columns=\"5\"\n     data-gap=\"24\"\n     data-swiper-config=\"\"\n     class=\"cards-grid-carousel-container is-grid left columns-5\">\n            <div class=\"grid-container\">\n            <div class=\"grid-wrapper\">\n                \n<div class=\"entry swiper-slide icon-image-card-container\" id=\"icon-image-card-69f1f3b974504\">\n    <style>\n        #icon-image-card-69f1f3b974504 {\n            --cardsTextColor: #241d4c;\n            --cardsBackgroundColor: #ffffff;\n        }\n    <\/style>\n    <div class=\"entry-wrapper has_image\">\n        <div class=\"entry-fields\">\n            <div class=\"entry-content-wrapper\">\n                                    <div class=\"entry-image-wrapper\">\n                        <img decoding=\"async\" alt=\"Benjamin Baars\" sizes=\"(max-width: 1417px) 100vw, 1417px\" srcset=\"https:\/\/buo.de\/bau\/wp-content\/uploads\/sites\/2\/2025\/08\/Benjamin-Baars-e1754050948737.webp 1417w, https:\/\/buo.de\/bau\/wp-content\/uploads\/sites\/2\/2025\/08\/Benjamin-Baars-e1754050948737-300x282.webp 300w, https:\/\/buo.de\/bau\/wp-content\/uploads\/sites\/2\/2025\/08\/Benjamin-Baars-e1754050948737-1024x961.webp 1024w, https:\/\/buo.de\/bau\/wp-content\/uploads\/sites\/2\/2025\/08\/Benjamin-Baars-e1754050948737-768x721.webp 768w, https:\/\/buo.de\/bau\/wp-content\/uploads\/sites\/2\/2025\/08\/Benjamin-Baars-e1754050948737-1151x1080.webp 1151w, https:\/\/buo.de\/bau\/wp-content\/uploads\/sites\/2\/2025\/08\/Benjamin-Baars-e1754050948737-1320x1239.webp 1320w\" src=\"https:\/\/buo.de\/bau\/wp-content\/uploads\/sites\/2\/2025\/08\/Benjamin-Baars-e1754050948737.webp\" class=\"entry-image\">\n                    <\/div>\n                \n                <div class=\"entry-content left\">\n                    <div class=\"wysiwyg-content\"><p><strong>Benjamin Baars<\/strong><br \/>\nProkurist<br \/>\nKaufm\u00e4nnischer Leiter<\/p>\n<\/div>\n\n                                    <\/div>\n            <\/div>\n        <\/div>\n    <\/div>\n<\/div>\n\n<div class=\"entry swiper-slide icon-image-card-container\" id=\"icon-image-card-69f1f3b97456f\">\n    <style>\n        #icon-image-card-69f1f3b97456f {\n            --cardsTextColor: #241d4c;\n            --cardsBackgroundColor: #ffffff;\n        }\n    <\/style>\n    <div class=\"entry-wrapper has_image\">\n        <div class=\"entry-fields\">\n            <div class=\"entry-content-wrapper\">\n                                    <div class=\"entry-image-wrapper\">\n                        <img decoding=\"async\" alt=\"Lars Weichert\" sizes=\"(max-width: 1417px) 100vw, 1417px\" srcset=\"https:\/\/buo.de\/bau\/wp-content\/uploads\/sites\/2\/2025\/08\/Jens-Weichert.webp 1417w, https:\/\/buo.de\/bau\/wp-content\/uploads\/sites\/2\/2025\/08\/Jens-Weichert-225x300.webp 225w, https:\/\/buo.de\/bau\/wp-content\/uploads\/sites\/2\/2025\/08\/Jens-Weichert-768x1024.webp 768w, https:\/\/buo.de\/bau\/wp-content\/uploads\/sites\/2\/2025\/08\/Jens-Weichert-1152x1536.webp 1152w, https:\/\/buo.de\/bau\/wp-content\/uploads\/sites\/2\/2025\/08\/Jens-Weichert-810x1080.webp 810w, https:\/\/buo.de\/bau\/wp-content\/uploads\/sites\/2\/2025\/08\/Jens-Weichert-1320x1761.webp 1320w\" src=\"https:\/\/buo.de\/bau\/wp-content\/uploads\/sites\/2\/2025\/08\/Jens-Weichert.webp\" class=\"entry-image\">\n                    <\/div>\n                \n                <div class=\"entry-content left\">\n                    <div class=\"wysiwyg-content\"><p><strong>Lars Weichert<\/strong><br \/>\nProkurist<br \/>\nBereichsleitung Neubau<\/p>\n<\/div>\n\n                                    <\/div>\n            <\/div>\n        <\/div>\n    <\/div>\n<\/div>\n            <\/div>\n        <\/div>\n        <\/div>\n\n\n\n<div style=\"height:70px\" aria-hidden=\"true\" class=\"wp-block-spacer\"><\/div>\n\n\n\n<div id=\"cards-grid-carousel-block_519f97996fd416324d2ce776b8fa9cc3\"\n     data-columns=\"5\"\n     data-gap=\"24\"\n     data-swiper-config=\"\"\n     class=\"cards-grid-carousel-container is-grid left columns-5\">\n            <div class=\"grid-container\">\n            <div class=\"grid-wrapper\">\n                            <\/div>\n        <\/div>\n        <\/div>\n\n\n\n<div id=\"cards-grid-carousel-block_01778f0edca6c8760970dc83405435f6\"\n     data-columns=\"5\"\n     data-gap=\"32\"\n     data-swiper-config=\"\"\n     class=\"cards-grid-carousel-container is-grid left columns-5\">\n            <div class=\"grid-container\">\n            <div class=\"grid-wrapper\">\n                            <\/div>\n        <\/div>\n        <\/div>\n\n\n\n<div style=\"height:80px\" aria-hidden=\"true\" class=\"wp-block-spacer\"><\/div>\n\n\n <div class=\"brlbs-cmpnt-container brlbs-cmpnt-content-blocker brlbs-cmpnt-with-individual-styles\" data-pre-consent-check-visibility=\"transparent\" data-borlabs-cookie-content-blocker-id=\"googlemaps\" data-borlabs-cookie-content=\"ICAgIDxkaXYgaWQ9InRleHQtYW5kLW1hcC1ibG9ja19iOTNiNjI0NmY0ODE5ODU5YjU0YzEwMjQ2OWE5YjkyZCIKICAgICAgICAgY2xhc3M9InRleHQtYW5kLW1hcC1jb250YWluZXIgcnRsIj4KCiAgICAgICAgPHN0eWxlPgogICAgICAgICAgICAjdGV4dC1hbmQtbWFwLWJsb2NrX2I5M2I2MjQ2ZjQ4MTk4NTliNTRjMTAyNDY5YTliOTJkICAgICAgICAgICAgewogICAgICAgICAgICAgICAgLS10ZXh0QW5kTWFwQmFja2dyb3VuZENvbG9yOgogICAgICAgICAgICAjMjQxRDRDICAgICAgICAgICAgOwogICAgICAgICAgICAgICAgLS10ZXh0QW5kTWFwVGV4dENvbG9yOgogICAgICAgICAgICAjRkZGRkZGICAgICAgICAgICAgOwogICAgICAgICAgICB9CiAgICAgICAgPC9zdHlsZT4KCiAgICAgICAgPGRpdiBjbGFzcz0iaW1hZ2Utd3JhcHBlciBtYXAtd3JhcHBlciI+CiAgICAgICAgICAgIDxhIGhyZWY9IiNza2lwLXRleHQtYW5kLW1hcC1ibG9ja19iOTNiNjI0NmY0ODE5ODU5YjU0YzEwMjQ2OWE5YjkyZCIgY2xhc3M9InNyLW9ubHkiPkthcnRlIMO8YmVyc3ByaW5nZW48L2E+CiAgICAgICAgICAgIDxkaXYgY2xhc3M9Im1hcC1vdXRlciI+CiAgICAgICAgICAgICAgICA8ZGl2IGNsYXNzPSJidW8tdGV4dC1hbmQtbWFwIiBkYXRhLXpvb209IjE0IiBkYXRhLWJsb2NrLWlkPSJ0ZXh0LWFuZC1tYXAtYmxvY2tfYjkzYjYyNDZmNDgxOTg1OWI1NGMxMDI0NjlhOWI5MmQiPgogICAgICAgICAgICAgICAgICAgICAgICAgICAgICAgICAgICAgICAgICAgIDxkaXYgY2xhc3M9Im1hcmtlciIKICAgICAgICAgICAgICAgICAgICAgICAgICAgICBkYXRhLWlkPSJsb2NhdGlvbi0wIgogICAgICAgICAgICAgICAgICAgICAgICAgICAgIGRhdGEtbGF0PSI1Mi41NTA1MjczIgogICAgICAgICAgICAgICAgICAgICAgICAgICAgIGRhdGEtbG5nPSIxMy40NDg3NDcyIgogICAgICAgICAgICAgICAgICAgICAgICAgICAgIGRhdGEtaXMtcHJpbWFyeT0iMSI+CiAgICAgICAgICAgICAgICAgICAgICAgIDwvZGl2PgogICAgICAgICAgICAgICAgICAgICAgICAgICAgICAgICAgICAgICAgICAgICAgICA8ZGl2IGNsYXNzPSJtYXJrZXIiCiAgICAgICAgICAgICAgICAgICAgICAgICAgICAgZGF0YS1pZD0ibG9jYXRpb24tMSIKICAgICAgICAgICAgICAgICAgICAgICAgICAgICBkYXRhLWxhdD0iNTIuMzYxODM2OCIKICAgICAgICAgICAgICAgICAgICAgICAgICAgICBkYXRhLWxuZz0iMTMuMTM2NDg0NyIKICAgICAgICAgICAgICAgICAgICAgICAgICAgICBkYXRhLWlzLXByaW1hcnk9IjAiPgogICAgICAgICAgICAgICAgICAgICAgICA8L2Rpdj4KICAgICAgICAgICAgICAgICAgICAgICAgICAgICAgICAgICAgICAgIDwvZGl2PgogICAgICAgICAgICA8L2Rpdj4KICAgICAgICA8L2Rpdj4KCiAgICAgICAgPGRpdiBzdHlsZT0iICIKICAgICAgICAgICAgIGNsYXNzPSJ0ZXh0IgogICAgICAgICAgICAgaWQ9InNraXAtdGV4dC1hbmQtbWFwLWJsb2NrX2I5M2I2MjQ2ZjQ4MTk4NTliNTRjMTAyNDY5YTliOTJkIj4KICAgICAgICAgICAgPGRpdiBjbGFzcz0ibG9jYXRpb24tY29udGVudCI+CiAgICAgICAgICAgICAgICA8aDM+QiZhbXA7TyBCYXUgdW5kIEdlYsOkdWRldGVjaG5pazxiciAvPgpHbWJIICZhbXA7IENvLiBLRzwvaDM+CjxwPkLDtnJuZXN0cmHDn2UgMzctNDE8YnIgLz4KMTMwODYgQmVybGluPGJyIC8+CkRldXRzY2hsYW5kPC9wPgo8cD48YSBocmVmPSJ0ZWw6KzQ5IDMwIDc1NTQgMjIwIj4rNDkgMzAgNzU1NCAyMjA8L2E+PGJyIC8+CjxhIGhyZWY9Im1haWx0bzpiZXJsaW5AYm8tYmF1LmRlIj5iZXJsaW5AYm8tYmF1LmRlPC9hPjwvcD4KPHA+R2VzY2jDpGZ0c2bDvGhydW5nOjxiciAvPgpEci4gRnJpZWRlcmlrZSBNw7xubiwgUGV0ZXIgTcO8bm4sIEZyYW5rIFJvbmthcnR6LCBSYWduYXIgUnVobGU8L3A+CjxwPlByb2t1cmlzdGVuOjxiciAvPgpCZW5qYW1pbiBCYWFycywgTGFycyBXZWljaGVydDwvcD4KICAgICAgICAgICAgPC9kaXY+CiAgICAgICAgPC9kaXY+CiAgICA8L2Rpdj4K\"><div class=\"brlbs-cmpnt-cb-preset-a\"> <p class=\"brlbs-cmpnt-cb-description\">Um dies nutzen zu k\u00f6nnen, m\u00fcssen Cookies von Google Maps akzeptiert werden<\/p> <div class=\"brlbs-cmpnt-cb-buttons\"> <a class=\"brlbs-cmpnt-cb-btn\" href=\"#\" data-borlabs-cookie-accept-service role=\"button\" style=\"display: inherit\">Inhalte entsperren<\/a> <\/div> <a class=\"brlbs-cmpnt-cb-provider-toggle\" href=\"#\" data-borlabs-cookie-show-provider-information role=\"button\">Weitere Informationen<\/a> <\/div><\/div>\n\n\n<div style=\"height:80px\" aria-hidden=\"true\" class=\"wp-block-spacer\"><\/div>\n\n\n\n<h3 class=\"wp-block-heading\">Lassen Sie uns ins Gespr\u00e4ch kommen!<\/h3>\n\n\n<p>Sie haben Fragen zu unseren Leistungen oder m\u00f6chten ein gemeinsames Projekt ansto\u00dfen? Dann schreiben Sie uns \u2013 wir freuen uns auf Ihre Nachricht und melden uns zeitnah bei Ihnen zur\u00fcck.<\/p>\n\n\n<div class=\"wp-block-contact-form-7-contact-form-selector\">\n<div class=\"wpcf7 no-js\" id=\"wpcf7-f41302-o1\" lang=\"de-DE\" dir=\"ltr\" data-wpcf7-id=\"41302\">\n<div class=\"screen-reader-response\"><p role=\"status\" aria-live=\"polite\" aria-atomic=\"true\"><\/p> <ul><\/ul><\/div>\n<form action=\"\/bau\/wp-json\/wp\/v2\/unternehmen\/2847#wpcf7-f41302-o1\" method=\"post\" class=\"wpcf7-form init\" aria-label=\"Kontaktformular\" novalidate=\"novalidate\" data-status=\"init\">\n<fieldset class=\"hidden-fields-container\"><input type=\"hidden\" name=\"_wpcf7\" value=\"41302\" \/><input type=\"hidden\" name=\"_wpcf7_version\" value=\"6.1.5\" \/><input type=\"hidden\" name=\"_wpcf7_locale\" value=\"de_DE\" \/><input type=\"hidden\" name=\"_wpcf7_unit_tag\" value=\"wpcf7-f41302-o1\" \/><input type=\"hidden\" name=\"_wpcf7_container_post\" value=\"0\" \/><input type=\"hidden\" name=\"_wpcf7_posted_data_hash\" value=\"\" \/>\n<\/fieldset>\n<div class=\"form\">\n <div class=\"form-row\">\n  <!-- Anrede-Checkboxen -->\n  <div class=\"column-full\">\n    <label>Anrede*<\/label><br>\n    <span class=\"wpcf7-form-control-wrap\" data-name=\"anrede\"><span class=\"wpcf7-form-control wpcf7-checkbox wpcf7-validates-as-required\"><span class=\"wpcf7-list-item first\"><label><input type=\"checkbox\" name=\"anrede[]\" value=\"Herr\" \/><span class=\"wpcf7-list-item-label\">Herr<\/span><\/label><\/span><span class=\"wpcf7-list-item\"><label><input type=\"checkbox\" name=\"anrede[]\" value=\"Frau\" \/><span class=\"wpcf7-list-item-label\">Frau<\/span><\/label><\/span><span class=\"wpcf7-list-item last\"><label><input type=\"checkbox\" name=\"anrede[]\" value=\"Divers\" \/><span class=\"wpcf7-list-item-label\">Divers<\/span><\/label><\/span><\/span><\/span>\n  <\/div>\n <\/div>\n\n <div class=\"form-row\">\n  <div class=\"column-half\"><label>Ihr Vorname* <span class=\"wpcf7-form-control-wrap\" data-name=\"text-firstname\"><input size=\"40\" maxlength=\"400\" class=\"wpcf7-form-control wpcf7-text wpcf7-validates-as-required\" aria-required=\"true\" aria-invalid=\"false\" placeholder=\"Geben Sie Ihren Vornamen ein\" value=\"\" type=\"text\" name=\"text-firstname\" \/><\/span><\/label><\/div>\n  <div class=\"column-half\"><label>Ihr Nachname* <span class=\"wpcf7-form-control-wrap\" data-name=\"text-secondname\"><input size=\"40\" maxlength=\"400\" class=\"wpcf7-form-control wpcf7-text wpcf7-validates-as-required\" aria-required=\"true\" aria-invalid=\"false\" placeholder=\"Geben Sie Ihren Nachnamen ein\" value=\"\" type=\"text\" name=\"text-secondname\" \/><\/span><\/label><\/div>\n <\/div>\n\n <div class=\"form-row\">\n  <div class=\"column-half\"><label>Ihr Unternehmen* <span class=\"wpcf7-form-control-wrap\" data-name=\"text-company\"><input size=\"40\" maxlength=\"400\" class=\"wpcf7-form-control wpcf7-text wpcf7-validates-as-required\" aria-required=\"true\" aria-invalid=\"false\" placeholder=\"Geben Sie den Namen Ihres Unternehmens ein\" value=\"\" type=\"text\" name=\"text-company\" \/><\/span><\/label><\/div>\n  <div class=\"column-half\"><label>Ihre E-Mail-Adresse* <span class=\"wpcf7-form-control-wrap\" data-name=\"your-email\"><input size=\"40\" maxlength=\"400\" class=\"wpcf7-form-control wpcf7-email wpcf7-validates-as-required wpcf7-text wpcf7-validates-as-email\" aria-required=\"true\" aria-invalid=\"false\" placeholder=\"beispiel@email.com\" value=\"\" type=\"email\" name=\"your-email\" \/><\/span><\/label><\/div>\n <\/div>\n\n <div class=\"form-row\">\n  <!-- Position Textfeld -->\n  <div class=\"column-full\"><label>Ihre Position <span class=\"wpcf7-form-control-wrap\" data-name=\"text-position\"><input size=\"40\" maxlength=\"400\" class=\"wpcf7-form-control wpcf7-text\" aria-invalid=\"false\" placeholder=\"Geben Sie Ihre Position im Unternehmen ein\" value=\"\" type=\"text\" name=\"text-position\" \/><\/span><\/label><\/div>\n <\/div>\n\n <div class=\"form-row\">\n  <div class=\"column-full\"><label>Ihre Nachricht* <span class=\"wpcf7-form-control-wrap\" data-name=\"textarea-235\"><textarea cols=\"40\" rows=\"10\" maxlength=\"2000\" class=\"wpcf7-form-control wpcf7-textarea wpcf7-validates-as-required\" aria-required=\"true\" aria-invalid=\"false\" placeholder=\"Geben Sie Ihre Nachricht ein...\" name=\"textarea-235\"><\/textarea><\/span><\/label><\/div>\n <\/div>\n\n\n<div class=\"form-row\"> <!-- Datenschutz --> <div class=\"column-full\"> <label class=\"acceptance\"> <span class=\"wpcf7-form-control-wrap\" data-name=\"datenschutz\"><span class=\"wpcf7-form-control wpcf7-acceptance\"><span class=\"wpcf7-list-item\"><label><input type=\"checkbox\" name=\"datenschutz\" value=\"1\" aria-invalid=\"false\" \/><span class=\"wpcf7-list-item-label\">Ich akzeptiere die <a href=\".\/datenschutzerklaerung\" target=\"_blank\">Datenschutzbestimmungen<\/a> dieser Website und stimme der Verarbeitung meiner Daten zu.*<\/span><\/label><\/span><\/span><\/span> <\/label> <\/div> <\/div> <div class=\"form-row\"> <!-- Werbezwecke (freiwillig) --> <div class=\"column-full\"> <label> <span class=\"wpcf7-form-control-wrap\" data-name=\"Werbezwecke\"><span class=\"wpcf7-form-control wpcf7-checkbox\"><span class=\"wpcf7-list-item first last\"><label><input type=\"checkbox\" name=\"Werbezwecke[]\" value=\"Ich willige ein, weitergehende Informationen und Details in Form von Marketing-E-Mails oder Anrufen zu Produkten und Dienstleistungen von B&amp;O Bau zu erhalten. Meine Einwilligung kann ich jederzeit per E-Mail an unsubscribe@bo-bau.de widerrufen.\" \/><span class=\"wpcf7-list-item-label\">Ich willige ein, weitergehende Informationen und Details in Form von Marketing-E-Mails oder Anrufen zu Produkten und Dienstleistungen von B&amp;O Bau zu erhalten. Meine Einwilligung kann ich jederzeit per E-Mail an unsubscribe@bo-bau.de widerrufen.<\/span><\/label><\/span><\/span><\/span> <\/label> <\/div> <\/div> <div class=\"form-row submit\"> <input class=\"wpcf7-form-control wpcf7-submit has-spinner\" type=\"submit\" value=\"Nachricht senden\" \/> <\/div> <\/div><div class=\"wpcf7-response-output\" aria-hidden=\"true\"><\/div>\n<\/form>\n<\/div>\n<\/div>\n\n\n\n<p><\/p>\n","protected":false},"excerpt":{"rendered":"<p>Gegr\u00fcndet auf dem soliden Fundament eines Haustechnikunternehmens ist B&#038;O Bau und Geb\u00e4udetechnik in der Umsetzung von komplexen Wohngeb\u00e4udesanierungen Marktf\u00fchrer der Bundeshauptstadt. Mit jahrzehntelanger Erfahrung agieren heute alle Sparten \u2013 Geb\u00e4udeh\u00fclle, Geb\u00e4udetechnik HLS und Elektro sowie Neubau \u2013 als Innovationstreiber f\u00fcr ressourcenschonende Bauweisen und energetische Sanierungen in der Wohnungswirtschaft.<\/p>\n","protected":false},"featured_media":27054,"template":"","class_list":["post-2847","unternehmen","type-unternehmen","status-publish","has-post-thumbnail","hentry"],"acf":[],"yoast_head":"<!-- This site is optimized with the Yoast SEO plugin v27.1.1 - https:\/\/yoast.com\/product\/yoast-seo-wordpress\/ -->\n<title>B&amp;O Bau und Geb\u00e4udetechnik GmbH &amp; Co. KG -<\/title>\n<meta name=\"description\" content=\"Kompetenzzentrum f\u00fcr Haus- und Geb\u00e4udetechnik von B&amp;O Bau. Als General\u00fcbernehmer und Generalunternehmer treiben wir Innovationen in komplexen Sanierungsprojekten, im Neubau und in der Forschung voran.\" \/>\n<meta name=\"robots\" content=\"index, follow, max-snippet:-1, max-image-preview:large, max-video-preview:-1\" \/>\n<link rel=\"canonical\" href=\"https:\/\/buo.de\/bau\/unternehmen\/bo-bau-und-gebaeudetechnik-gmbh-co-kg\/\" \/>\n<meta property=\"og:locale\" content=\"de_DE\" \/>\n<meta property=\"og:type\" content=\"article\" \/>\n<meta property=\"og:title\" content=\"B&amp;O Bau und Geb\u00e4udetechnik GmbH &amp; Co. KG -\" \/>\n<meta property=\"og:description\" content=\"Kompetenzzentrum f\u00fcr Haus- und Geb\u00e4udetechnik von B&amp;O Bau. Als General\u00fcbernehmer und Generalunternehmer treiben wir Innovationen in komplexen Sanierungsprojekten, im Neubau und in der Forschung voran.\" \/>\n<meta property=\"og:url\" content=\"https:\/\/buo.de\/bau\/unternehmen\/bo-bau-und-gebaeudetechnik-gmbh-co-kg\/\" \/>\n<meta property=\"og:site_name\" content=\"B&amp;O Bau\" \/>\n<meta property=\"article:publisher\" content=\"https:\/\/www.youtube.com\/@BuOBau\" \/>\n<meta property=\"article:modified_time\" content=\"2026-04-24T16:54:53+00:00\" \/>\n<meta property=\"og:image\" content=\"https:\/\/buo.de\/bau\/wp-content\/uploads\/sites\/2\/2025\/02\/malikstudio-buo-berlin-2024-06-24-0019-scaled.jpg\" \/>\n\t<meta property=\"og:image:width\" content=\"2560\" \/>\n\t<meta property=\"og:image:height\" content=\"1917\" \/>\n\t<meta property=\"og:image:type\" content=\"image\/jpeg\" \/>\n<meta name=\"twitter:card\" content=\"summary_large_image\" \/>\n<meta name=\"twitter:label1\" content=\"Gesch\u00e4tzte Lesezeit\" \/>\n\t<meta name=\"twitter:data1\" content=\"1\u00a0Minute\" \/>\n<script type=\"application\/ld+json\" class=\"yoast-schema-graph\">{\"@context\":\"https:\/\/schema.org\",\"@graph\":[{\"@type\":\"WebPage\",\"@id\":\"https:\/\/buo.de\/bau\/unternehmen\/bo-bau-und-gebaeudetechnik-gmbh-co-kg\/\",\"url\":\"https:\/\/buo.de\/bau\/unternehmen\/bo-bau-und-gebaeudetechnik-gmbh-co-kg\/\",\"name\":\"B&amp;O Bau und Geb\u00e4udetechnik GmbH &amp; Co. KG -\",\"isPartOf\":{\"@id\":\"https:\/\/buo.de\/bau\/#website\"},\"primaryImageOfPage\":{\"@id\":\"https:\/\/buo.de\/bau\/unternehmen\/bo-bau-und-gebaeudetechnik-gmbh-co-kg\/#primaryimage\"},\"image\":{\"@id\":\"https:\/\/buo.de\/bau\/unternehmen\/bo-bau-und-gebaeudetechnik-gmbh-co-kg\/#primaryimage\"},\"thumbnailUrl\":\"https:\/\/buo.de\/bau\/wp-content\/uploads\/sites\/2\/2025\/02\/malikstudio-buo-berlin-2024-06-24-0019-scaled.jpg\",\"datePublished\":\"2024-02-09T09:32:00+00:00\",\"dateModified\":\"2026-04-24T16:54:53+00:00\",\"description\":\"Kompetenzzentrum f\u00fcr Haus- und Geb\u00e4udetechnik von B&O Bau. Als General\u00fcbernehmer und Generalunternehmer treiben wir Innovationen in komplexen Sanierungsprojekten, im Neubau und in der Forschung voran.\",\"breadcrumb\":{\"@id\":\"https:\/\/buo.de\/bau\/unternehmen\/bo-bau-und-gebaeudetechnik-gmbh-co-kg\/#breadcrumb\"},\"inLanguage\":\"de\",\"potentialAction\":[{\"@type\":\"ReadAction\",\"target\":[\"https:\/\/buo.de\/bau\/unternehmen\/bo-bau-und-gebaeudetechnik-gmbh-co-kg\/\"]}]},{\"@type\":\"ImageObject\",\"inLanguage\":\"de\",\"@id\":\"https:\/\/buo.de\/bau\/unternehmen\/bo-bau-und-gebaeudetechnik-gmbh-co-kg\/#primaryimage\",\"url\":\"https:\/\/buo.de\/bau\/wp-content\/uploads\/sites\/2\/2025\/02\/malikstudio-buo-berlin-2024-06-24-0019-scaled.jpg\",\"contentUrl\":\"https:\/\/buo.de\/bau\/wp-content\/uploads\/sites\/2\/2025\/02\/malikstudio-buo-berlin-2024-06-24-0019-scaled.jpg\",\"width\":2560,\"height\":1917,\"caption\":\"B&O Bau - Projekt Berlin\"},{\"@type\":\"BreadcrumbList\",\"@id\":\"https:\/\/buo.de\/bau\/unternehmen\/bo-bau-und-gebaeudetechnik-gmbh-co-kg\/#breadcrumb\",\"itemListElement\":[{\"@type\":\"ListItem\",\"position\":1,\"name\":\"Start\",\"item\":\"https:\/\/buo.de\/bau\/\"},{\"@type\":\"ListItem\",\"position\":2,\"name\":\"B&amp;O Bau und Geb\u00e4udetechnik GmbH &amp; Co. KG\"}]},{\"@type\":\"WebSite\",\"@id\":\"https:\/\/buo.de\/bau\/#website\",\"url\":\"https:\/\/buo.de\/bau\/\",\"name\":\"B&O Bau\",\"description\":\"Das Pilotprojekt\u202fumfasst eine dreigeschossige Nachverdichtung ohne Fl\u00e4chenversiegelung, gepaart mit einer f\u00fcnfgeschossigen seriellen Fassadensanierung im bewohnten Zustand.\u00a0\",\"publisher\":{\"@id\":\"https:\/\/buo.de\/bau\/#organization\"},\"potentialAction\":[{\"@type\":\"SearchAction\",\"target\":{\"@type\":\"EntryPoint\",\"urlTemplate\":\"https:\/\/buo.de\/bau\/?s={search_term_string}\"},\"query-input\":{\"@type\":\"PropertyValueSpecification\",\"valueRequired\":true,\"valueName\":\"search_term_string\"}}],\"inLanguage\":\"de\"},{\"@type\":\"Organization\",\"@id\":\"https:\/\/buo.de\/bau\/#organization\",\"name\":\"B&O Bau GmbH\",\"url\":\"https:\/\/buo.de\/bau\/\",\"logo\":{\"@type\":\"ImageObject\",\"inLanguage\":\"de\",\"@id\":\"https:\/\/buo.de\/bau\/#\/schema\/logo\/image\/\",\"url\":\"https:\/\/buo.de\/bau\/wp-content\/uploads\/sites\/2\/2026\/03\/Logo_BO_Bau_RGB-1.png\",\"contentUrl\":\"https:\/\/buo.de\/bau\/wp-content\/uploads\/sites\/2\/2026\/03\/Logo_BO_Bau_RGB-1.png\",\"width\":1095,\"height\":827,\"caption\":\"B&O Bau GmbH\"},\"image\":{\"@id\":\"https:\/\/buo.de\/bau\/#\/schema\/logo\/image\/\"},\"sameAs\":[\"https:\/\/www.youtube.com\/@BuOBau\",\"https:\/\/www.linkedin.com\/company\/18550887\/\"]}]}<\/script>\n<!-- \/ Yoast SEO plugin. -->","yoast_head_json":{"title":"B&amp;O Bau und Geb\u00e4udetechnik GmbH &amp; Co. KG -","description":"Kompetenzzentrum f\u00fcr Haus- und Geb\u00e4udetechnik von B&O Bau. Als General\u00fcbernehmer und Generalunternehmer treiben wir Innovationen in komplexen Sanierungsprojekten, im Neubau und in der Forschung voran.","robots":{"index":"index","follow":"follow","max-snippet":"max-snippet:-1","max-image-preview":"max-image-preview:large","max-video-preview":"max-video-preview:-1"},"canonical":"https:\/\/buo.de\/bau\/unternehmen\/bo-bau-und-gebaeudetechnik-gmbh-co-kg\/","og_locale":"de_DE","og_type":"article","og_title":"B&amp;O Bau und Geb\u00e4udetechnik GmbH &amp; Co. KG -","og_description":"Kompetenzzentrum f\u00fcr Haus- und Geb\u00e4udetechnik von B&O Bau. Als General\u00fcbernehmer und Generalunternehmer treiben wir Innovationen in komplexen Sanierungsprojekten, im Neubau und in der Forschung voran.","og_url":"https:\/\/buo.de\/bau\/unternehmen\/bo-bau-und-gebaeudetechnik-gmbh-co-kg\/","og_site_name":"B&O Bau","article_publisher":"https:\/\/www.youtube.com\/@BuOBau","article_modified_time":"2026-04-24T16:54:53+00:00","og_image":[{"width":2560,"height":1917,"url":"https:\/\/buo.de\/bau\/wp-content\/uploads\/sites\/2\/2025\/02\/malikstudio-buo-berlin-2024-06-24-0019-scaled.jpg","type":"image\/jpeg"}],"twitter_card":"summary_large_image","twitter_misc":{"Gesch\u00e4tzte Lesezeit":"1\u00a0Minute"},"schema":{"@context":"https:\/\/schema.org","@graph":[{"@type":"WebPage","@id":"https:\/\/buo.de\/bau\/unternehmen\/bo-bau-und-gebaeudetechnik-gmbh-co-kg\/","url":"https:\/\/buo.de\/bau\/unternehmen\/bo-bau-und-gebaeudetechnik-gmbh-co-kg\/","name":"B&amp;O Bau und Geb\u00e4udetechnik GmbH &amp; Co. KG -","isPartOf":{"@id":"https:\/\/buo.de\/bau\/#website"},"primaryImageOfPage":{"@id":"https:\/\/buo.de\/bau\/unternehmen\/bo-bau-und-gebaeudetechnik-gmbh-co-kg\/#primaryimage"},"image":{"@id":"https:\/\/buo.de\/bau\/unternehmen\/bo-bau-und-gebaeudetechnik-gmbh-co-kg\/#primaryimage"},"thumbnailUrl":"https:\/\/buo.de\/bau\/wp-content\/uploads\/sites\/2\/2025\/02\/malikstudio-buo-berlin-2024-06-24-0019-scaled.jpg","datePublished":"2024-02-09T09:32:00+00:00","dateModified":"2026-04-24T16:54:53+00:00","description":"Kompetenzzentrum f\u00fcr Haus- und Geb\u00e4udetechnik von B&O Bau. Als General\u00fcbernehmer und Generalunternehmer treiben wir Innovationen in komplexen Sanierungsprojekten, im Neubau und in der Forschung voran.","breadcrumb":{"@id":"https:\/\/buo.de\/bau\/unternehmen\/bo-bau-und-gebaeudetechnik-gmbh-co-kg\/#breadcrumb"},"inLanguage":"de","potentialAction":[{"@type":"ReadAction","target":["https:\/\/buo.de\/bau\/unternehmen\/bo-bau-und-gebaeudetechnik-gmbh-co-kg\/"]}]},{"@type":"ImageObject","inLanguage":"de","@id":"https:\/\/buo.de\/bau\/unternehmen\/bo-bau-und-gebaeudetechnik-gmbh-co-kg\/#primaryimage","url":"https:\/\/buo.de\/bau\/wp-content\/uploads\/sites\/2\/2025\/02\/malikstudio-buo-berlin-2024-06-24-0019-scaled.jpg","contentUrl":"https:\/\/buo.de\/bau\/wp-content\/uploads\/sites\/2\/2025\/02\/malikstudio-buo-berlin-2024-06-24-0019-scaled.jpg","width":2560,"height":1917,"caption":"B&O Bau - Projekt Berlin"},{"@type":"BreadcrumbList","@id":"https:\/\/buo.de\/bau\/unternehmen\/bo-bau-und-gebaeudetechnik-gmbh-co-kg\/#breadcrumb","itemListElement":[{"@type":"ListItem","position":1,"name":"Start","item":"https:\/\/buo.de\/bau\/"},{"@type":"ListItem","position":2,"name":"B&amp;O Bau und Geb\u00e4udetechnik GmbH &amp; Co. KG"}]},{"@type":"WebSite","@id":"https:\/\/buo.de\/bau\/#website","url":"https:\/\/buo.de\/bau\/","name":"B&O Bau","description":"Das Pilotprojekt\u202fumfasst eine dreigeschossige Nachverdichtung ohne Fl\u00e4chenversiegelung, gepaart mit einer f\u00fcnfgeschossigen seriellen Fassadensanierung im bewohnten Zustand.\u00a0","publisher":{"@id":"https:\/\/buo.de\/bau\/#organization"},"potentialAction":[{"@type":"SearchAction","target":{"@type":"EntryPoint","urlTemplate":"https:\/\/buo.de\/bau\/?s={search_term_string}"},"query-input":{"@type":"PropertyValueSpecification","valueRequired":true,"valueName":"search_term_string"}}],"inLanguage":"de"},{"@type":"Organization","@id":"https:\/\/buo.de\/bau\/#organization","name":"B&O Bau GmbH","url":"https:\/\/buo.de\/bau\/","logo":{"@type":"ImageObject","inLanguage":"de","@id":"https:\/\/buo.de\/bau\/#\/schema\/logo\/image\/","url":"https:\/\/buo.de\/bau\/wp-content\/uploads\/sites\/2\/2026\/03\/Logo_BO_Bau_RGB-1.png","contentUrl":"https:\/\/buo.de\/bau\/wp-content\/uploads\/sites\/2\/2026\/03\/Logo_BO_Bau_RGB-1.png","width":1095,"height":827,"caption":"B&O Bau GmbH"},"image":{"@id":"https:\/\/buo.de\/bau\/#\/schema\/logo\/image\/"},"sameAs":["https:\/\/www.youtube.com\/@BuOBau","https:\/\/www.linkedin.com\/company\/18550887\/"]}]}},"_links":{"self":[{"href":"https:\/\/buo.de\/bau\/wp-json\/wp\/v2\/unternehmen\/2847","targetHints":{"allow":["GET"]}}],"collection":[{"href":"https:\/\/buo.de\/bau\/wp-json\/wp\/v2\/unternehmen"}],"about":[{"href":"https:\/\/buo.de\/bau\/wp-json\/wp\/v2\/types\/unternehmen"}],"wp:featuredmedia":[{"embeddable":true,"href":"https:\/\/buo.de\/bau\/wp-json\/wp\/v2\/media\/27054"}],"wp:attachment":[{"href":"https:\/\/buo.de\/bau\/wp-json\/wp\/v2\/media?parent=2847"}],"curies":[{"name":"wp","href":"https:\/\/api.w.org\/{rel}","templated":true}]}}