{"id":2849,"date":"2024-02-09T10:39:58","date_gmt":"2024-02-09T09:39:58","guid":{"rendered":"https:\/\/buo.de\/bau\/?post_type=unternehmen&#038;p=2849"},"modified":"2026-04-21T13:22:27","modified_gmt":"2026-04-21T11:22:27","slug":"bo-bau-werke-gmbh","status":"publish","type":"unternehmen","link":"https:\/\/buo.de\/bau\/unternehmen\/bo-bau-werke-gmbh\/","title":{"rendered":"B&amp;O Bau Werke GmbH"},"content":{"rendered":"<div id=\"text-and-image-block_71cfb2766ddf936c012337ff65cac4ad\"\n     class=\"text-and-image-container ltr has_no_animation\">\n\n    <style>\n        #text-and-image-block_71cfb2766ddf936c012337ff65cac4ad {\n            --textAndImageHeight: 550px;\n            --textAndImageBackgroundColor: ;\n            --textAndImageTextColor: ;\n        }\n        @media screen and (max-width: 1024px) {\n        #text-and-image-block_71cfb2766ddf936c012337ff65cac4ad {\n            --textAndImageHeight: 300px;\n        }\n        }\n    <\/style>\n\n                <div class=\"image-wrapper cover\">\n                <div class=\"image-outer\">\n                                        <img decoding=\"async\" loading=\"lazy\" alt=\"B&amp;O Bau Werke GmbH Luftansicht\" style=\"height: var(--textAndImageHeight);object-position: center center\" sizes=\"(max-width: 1920px) 100vw, 1920px\" srcset=\"https:\/\/buo.de\/bau\/wp-content\/uploads\/sites\/2\/2025\/09\/BO-Werkseroeffnung@FFO-2024_280-1920x1279.webp 1920w, https:\/\/buo.de\/bau\/wp-content\/uploads\/sites\/2\/2025\/09\/BO-Werkseroeffnung@FFO-2024_280-300x200.webp 300w, https:\/\/buo.de\/bau\/wp-content\/uploads\/sites\/2\/2025\/09\/BO-Werkseroeffnung@FFO-2024_280-1024x682.webp 1024w, https:\/\/buo.de\/bau\/wp-content\/uploads\/sites\/2\/2025\/09\/BO-Werkseroeffnung@FFO-2024_280-768x512.webp 768w, https:\/\/buo.de\/bau\/wp-content\/uploads\/sites\/2\/2025\/09\/BO-Werkseroeffnung@FFO-2024_280-1536x1023.webp 1536w, https:\/\/buo.de\/bau\/wp-content\/uploads\/sites\/2\/2025\/09\/BO-Werkseroeffnung@FFO-2024_280-2048x1365.webp 2048w, https:\/\/buo.de\/bau\/wp-content\/uploads\/sites\/2\/2025\/09\/BO-Werkseroeffnung@FFO-2024_280-1621x1080.webp 1621w, https:\/\/buo.de\/bau\/wp-content\/uploads\/sites\/2\/2025\/09\/BO-Werkseroeffnung@FFO-2024_280-1320x880.webp 1320w\" src=\"https:\/\/buo.de\/bau\/wp-content\/uploads\/sites\/2\/2025\/09\/BO-Werkseroeffnung@FFO-2024_280-1920x1279.webp\" class=\"image\">\n                <\/div>\n            <\/div>\n                        <div class=\"text \">\n            <h2 class=\"over-content\">\u00dcber B&amp;O Bau Werke GmbH<\/h2>\n            <div class=\"content \"><h3><\/h3>\n<p>Seit dem 21. Januar 2026 firmiert die bisherige B&amp;O Holzbau GmbH unter dem neuen Namen B&amp;O Bau Werke GmbH und vereint damit zwei Produktionsbereiche unter einer Leitung. Den Holzbau in Frankfurt (Oder), spezialisiert auf die Produktion von Holzwand- und Holzfassadenelementen und den Balkonbau in Jacobsdorf.<\/p>\n<p>M\u00f6glich wurde das durch die \u00dcbernahme eines bestehenden Gesch\u00e4ftsbetreibes aus dem Bereich Metall\u2011 und Balkonbau, welcher in den vergangenen Jahren bereits zuverl\u00e4ssig hochwertige Balkonanlagen gefertigt hat. Mit der \u00dcbernahme ist auch ein erfahrenes Team zu uns gekommen, dass unsere Qualit\u00e4ts\u2011 und Leistungsstandards seit langem mitpr\u00e4gt.<\/p>\n<p>Beide Werke liegen nur rund zehn Kilometer auseinander \u2013 ein echter Vorteil. So k\u00f6nnen wir unsere Produktionsprozesse eng miteinander verzahnen und Holzwand , Fassaden und Balkonbauelemente effizient, hochwertig und mit kurzen Wegen fertigen.<\/p>\n<p>Mit rund 75 Fachkr\u00e4ften im Holzbau und einem wachsenden Team im Balkonbau mit aktuell 50 Mitarbeitenden entwickeln wir unsere Produktionskapazit\u00e4ten stetig weiter. Gemeinsam stehen wir als B&amp;O Bau Werke GmbH f\u00fcr zuverl\u00e4ssige Qualit\u00e4t, regeneratives Bauen und ein starkes Miteinander.<\/p>\n<\/div>\n\n            \n            <div class=\"read-more-content\"><\/div>\n                    <\/div>\n        <\/div>\n\n\n\n<div style=\"height:70px\" aria-hidden=\"true\" class=\"wp-block-spacer\"><\/div>\n\n\n<div id=\"text-and-image-block_d090a512f443751620c0a1b67e9f8150\"\n     class=\"text-and-image-container rtl has_no_animation\">\n\n    <style>\n        #text-and-image-block_d090a512f443751620c0a1b67e9f8150 {\n            --textAndImageHeight: 550px;\n            --textAndImageBackgroundColor: ;\n            --textAndImageTextColor: ;\n        }\n        @media screen and (max-width: 1024px) {\n        #text-and-image-block_d090a512f443751620c0a1b67e9f8150 {\n            --textAndImageHeight: 300px;\n        }\n        }\n    <\/style>\n\n                <div class=\"image-wrapper cover\">\n                <div class=\"image-outer\">\n                                        <img decoding=\"async\" loading=\"lazy\" alt=\"B&amp;O Bau Werke GmbH Produktion Wandelement\" style=\"height: var(--textAndImageHeight);object-position: center center\" sizes=\"(max-width: 1920px) 100vw, 1920px\" srcset=\"https:\/\/buo.de\/bau\/wp-content\/uploads\/sites\/2\/2025\/09\/BO-Werkseroeffnung@FFO-2024_194-1920x1281.webp 1920w, https:\/\/buo.de\/bau\/wp-content\/uploads\/sites\/2\/2025\/09\/BO-Werkseroeffnung@FFO-2024_194-300x200.webp 300w, https:\/\/buo.de\/bau\/wp-content\/uploads\/sites\/2\/2025\/09\/BO-Werkseroeffnung@FFO-2024_194-1024x683.webp 1024w, https:\/\/buo.de\/bau\/wp-content\/uploads\/sites\/2\/2025\/09\/BO-Werkseroeffnung@FFO-2024_194-768x513.webp 768w, https:\/\/buo.de\/bau\/wp-content\/uploads\/sites\/2\/2025\/09\/BO-Werkseroeffnung@FFO-2024_194-1536x1025.webp 1536w, https:\/\/buo.de\/bau\/wp-content\/uploads\/sites\/2\/2025\/09\/BO-Werkseroeffnung@FFO-2024_194-2048x1367.webp 2048w, https:\/\/buo.de\/bau\/wp-content\/uploads\/sites\/2\/2025\/09\/BO-Werkseroeffnung@FFO-2024_194-1618x1080.webp 1618w, https:\/\/buo.de\/bau\/wp-content\/uploads\/sites\/2\/2025\/09\/BO-Werkseroeffnung@FFO-2024_194-1320x881.webp 1320w\" src=\"https:\/\/buo.de\/bau\/wp-content\/uploads\/sites\/2\/2025\/09\/BO-Werkseroeffnung@FFO-2024_194-1920x1281.webp\" class=\"image\">\n                <\/div>\n            <\/div>\n                        <div class=\"text \">\n            <h2 class=\"over-content\">Holzwand- und Holzfassadenelemente f\u00fcr Neubau und Sanierung<\/h2>\n            <div class=\"content \"><h3><\/h3>\n<p>Seit 2021 fertigen wir in Frankfurt (Oder) hochpr\u00e4zise Holzwand- und Holzfassadenelemente f\u00fcr den Systemischen Neubau und die Systemische Sanierung \u2013 ausschlie\u00dflich f\u00fcr Projekte von B&amp;O Bau. Die Produktion basiert auf Holz aus regionaler Forstwirtschaft und erfolgt in einer 210 Meter langen, hochautomatisierten Fertigungslinie.<\/p>\n<p>Die moderne Fertigung ist auf Effizienz und minimalen Ressourceneinsatz ausgelegt. Mit einer Taktzeit von unter einer Stunde entstehen rund 19 m\u00b2 Wandfl\u00e4che. Aktuell fertigen wir etwa 40.000 bis 45.000 m\u00b2 Wandfl\u00e4che j\u00e4hrlich. Perspektivisch planen wir eine Jahresleistung von rund 80.000 m\u00b2. Grundlage daf\u00fcr sind digital gesteuerte Planungsprozesse, automatisierte Abl\u00e4ufe und ein pr\u00e4zises Baukastensystem.<\/p>\n<p>Mit dem Bau zweier zus\u00e4tzlicher Hallen in den Jahren 2023 und 2024\/2025 ist das Werk klar auf weiteres Wachstum ausgerichtet. Ziel ist es, die industrielle Fertigung von Holzbauelementen weiter zu skalieren \u2013 f\u00fcr zukunftsf\u00e4higes, Systemisches Bauen, mit klaren Kostenvorteilen und einer gleichbleibend hohen Ausf\u00fchrungsqualit\u00e4t.<\/p>\n<\/div>\n\n            \n            <div class=\"read-more-content\"><\/div>\n                    <\/div>\n        <\/div>\n\n\n\n<div style=\"height:100px\" aria-hidden=\"true\" class=\"wp-block-spacer\"><\/div>\n\n\n\n<h3 class=\"wp-block-heading\">\u00dcbersicht B&amp;O Bau Werke GmbH \u2013 Standort Frankfurt (Oder)<\/h3>\n\n\n\n<div class=\"wp-block-columns has-white-color has-gold-background-color has-text-color has-background is-rounded is-layout-flex wp-container-core-columns-is-layout-9d6595d7 wp-block-columns-is-layout-flex\">\n<div class=\"wp-block-column is-layout-flow wp-block-column-is-layout-flow\" style=\"flex-basis:100%\">\n<div class=\"wp-block-group is-layout-constrained wp-block-group-is-layout-constrained\">\n<div style=\"height:40px\" aria-hidden=\"true\" class=\"wp-block-spacer\"><\/div>\n\n\n    <div id=\"kennzahlen-block_56d4b8430288195f4a9ff28fa3094078\" class=\"stats-container gap-40 columns-3 has-animations\">\n        \n            <div class=\"entry\">\n                                    <div class=\"count counter\" data-stop=\"75\">&nbsp;<\/div>\n                                                <div class=\"description\">Mitarbeitende<\/div>\n            <\/div>\n\n            \n            <div class=\"entry\">\n                                    <div class=\"counter\">210 Meter <\/div>\n                                                <div class=\"description\">Fertigungslinie<\/div>\n            <\/div>\n\n            \n            <div class=\"entry\">\n                                    <div class=\"counter\">45.000 m\u00b2 <\/div>\n                                                <div class=\"description\">Wandfl\u00e4che j\u00e4hrlich<\/div>\n            <\/div>\n\n                <\/div>\n    \n\n\n<div style=\"height:40px\" aria-hidden=\"true\" class=\"wp-block-spacer\"><\/div>\n<\/div>\n<\/div>\n<\/div>\n\n\n\n<div style=\"height:100px\" aria-hidden=\"true\" class=\"wp-block-spacer\"><\/div>\n\n\n<div id=\"text-and-image-block_5277509408b4547d16a8b6762cc7032a\"\n     class=\"text-and-image-container rtl has_no_animation\">\n\n    <style>\n        #text-and-image-block_5277509408b4547d16a8b6762cc7032a {\n            --textAndImageHeight: 550px;\n            --textAndImageBackgroundColor: ;\n            --textAndImageTextColor: ;\n        }\n        @media screen and (max-width: 1024px) {\n        #text-and-image-block_5277509408b4547d16a8b6762cc7032a {\n            --textAndImageHeight: 300px;\n        }\n        }\n    <\/style>\n\n                <div class=\"image-wrapper cover\">\n                <div class=\"image-outer\">\n                                        <img decoding=\"async\" loading=\"lazy\" alt=\"B&amp;O Bau Werke GmbH - Lufaufnahme Werk Balkonbau in Jacobsdorf\" style=\"height: var(--textAndImageHeight);object-position: center center\" sizes=\"(max-width: 1920px) 100vw, 1920px\" srcset=\"https:\/\/buo.de\/bau\/wp-content\/uploads\/sites\/2\/2026\/03\/14-1920x1280.jpg 1920w, https:\/\/buo.de\/bau\/wp-content\/uploads\/sites\/2\/2026\/03\/14-300x200.jpg 300w, https:\/\/buo.de\/bau\/wp-content\/uploads\/sites\/2\/2026\/03\/14-1024x683.jpg 1024w, https:\/\/buo.de\/bau\/wp-content\/uploads\/sites\/2\/2026\/03\/14-768x512.jpg 768w, https:\/\/buo.de\/bau\/wp-content\/uploads\/sites\/2\/2026\/03\/14-1536x1024.jpg 1536w, https:\/\/buo.de\/bau\/wp-content\/uploads\/sites\/2\/2026\/03\/14-2048x1365.jpg 2048w, https:\/\/buo.de\/bau\/wp-content\/uploads\/sites\/2\/2026\/03\/14-1620x1080.jpg 1620w, https:\/\/buo.de\/bau\/wp-content\/uploads\/sites\/2\/2026\/03\/14-1320x880.jpg 1320w\" src=\"https:\/\/buo.de\/bau\/wp-content\/uploads\/sites\/2\/2026\/03\/14-1920x1280.jpg\" class=\"image\">\n                <\/div>\n            <\/div>\n                        <div class=\"text \">\n            <h2 class=\"over-content\">Werk Balkonbau in Jacobsdorf<\/h2>\n            <div class=\"content \"><h3><\/h3>\n<p>Mit der Gesch\u00e4fts\u00fcbernahme Anfang 2026 geh\u00f6rt das Balkonwerk in Jacobsdorf nun fest zu B&amp;O Bau Werke GmbH. Der traditionsreiche Betrieb steht f\u00fcr hochwertige Aluminium\u2011Balkonsysteme und individuelle L\u00f6sungen, die mit viel Erfahrung und Sorgfalt entstehen. Die Kolleginnen und Kollegen bringen ihr K\u00f6nnen und ihre Leidenschaft ein, um langlebige und montageeffiziente Systeme in zertifizierter Qualit\u00e4t zu fertigen.<\/p>\n<p>Das Portfolio reicht von Balkonen aller Art \u00fcber Gel\u00e4nder, Balkond\u00e4cher und Treppen bis hin zu Loggiakonstruktionen und vielf\u00e4ltigen Sonderl\u00f6sungen wie Vord\u00e4chern, Einhausungen oder Carports. Dabei kommt alles aus einer Hand, von der ersten Idee bis zur finalen Montage.<\/p>\n<p>Die Verbindung aus technischer Expertise, moderner Ausstattung und echter Begeisterung f\u00fcr Aluminiumkonstruktionen macht das Werk so besonders. Viele Profile entstehen in eigener Entwicklung, gefertigt wird ausschlie\u00dflich in Europa. So entstehen zuverl\u00e4ssige Ergebnisse \u2013 von gro\u00dfen Wohnanlagen bis zu individuellen Einzelprojekten. Als Teil der B&amp;O Bau Werke GmbH st\u00e4rkt das Balkonwerk unser gemeinsames Ziel: hochwertige L\u00f6sungen zu schaffen, die nachhaltig \u00fcberzeugen.<\/p>\n<\/div>\n\n            \n            <div class=\"read-more-content\"><\/div>\n                    <\/div>\n        <\/div>\n\n\n\n<div style=\"height:70px\" aria-hidden=\"true\" class=\"wp-block-spacer\"><\/div>\n\n\n\n<h4 class=\"wp-block-heading\">Unsere Referenzen<\/h4>\n\n\n\n<div id=\"buo-projects-grid-carousel-block_4f07fe4c70f99b2ee1d5ab26af8bf838\"\n     data-columns=\"5\"\n     data-gap=\"24\"\n     data-cta=\"Weiterlesen\"\n     data-filter-by=\"\"\n     data-filter-ids=\"\"\n     class=\"buo-projects-grid-carousel-container is-carousel columns-5 buo-projects-filter-overlay\">\n    <div class=\"buo-overlay\">\n        <div class=\"buo-overlay-content-wrapper\">\n            <div class=\"buo-overlay-content\">\n                <div class=\"buo-overlay-filter-content\">\n                    <div class=\"buo-mobile-filter-header\">\n                        <div class=\"buo-logo-wrapper\">\n                            <img decoding=\"async\" alt=\"Logo\" src=\"https:\/\/buo.de\/bau\/wp-content\/themes\/qbits-theme-buo-bau\/images\/logo.svg\">\n                        <\/div>\n                        <div class=\"buo-filter-close-wrapper\">\n                            <span class=\"buo-filter-close-button\"><\/span>\n                        <\/div>\n                    <\/div>\n\n                    <div class=\"buo-filter-wrapper\">\n                        \n    <div class=\"buo-projects-filter buo-outer-projects-filter-wrapper buo-filter-wrapper\">\n        <form action=\"https:\/\/buo.de\/bau\/unternehmen\/bo-bau-werke-gmbh\/\" method=\"get\" class=\"buo-projects-filter-wrapper\">\n                        <div class=\"buo-accordeon-container projekte\">\n                <div class=\"buo-accordeon-wrapper\">\n                    <div class=\"buo-accordeon\">\n\n                        <label class=\"buo-accordeon-title buo-single-checkbox\" for=\"buo-accordeon-Projekte\">\n                            <input checked id=\"buo-accordeon-Projekte\" class=\"buo-checkbox-group\" type=\"checkbox\">\n                            <span class=\"buo-checkbox-group-text\">Projekte<\/span>\n                        <\/label>\n\n                        <label for=\"buo-accordeon-trigger-Projekte\" class=\"buo-accordeon-trigger-label\"><\/label>\n\n                        <div class=\"buo-accordeon-content-wrapper\">\n                            <div class=\"buo-project-filter-prefix\">Projekte filtern:<\/div>\n\n                            <div class=\"buo-accordeon-content\">\n                                <div class=\"buo-content-wrapper\">\n                                    <label for=\"buo-select-all-projects\" class=\"buo-single-checkbox buo-select-all\">\n                                        <input  type=\"checkbox\" id=\"buo-select-all-projects\" name=\"select-all-projects\">\n                                        <span class=\"buo-checkbox-text\">Alle Projekte<\/span>\n                                    <\/label>\n                                <\/div>\n\n                                                                    <div class=\"buo-checkbox-wrapper buo-parent \">\n                                        <label for=\"buo-cat-13\" class=\"buo-single-checkbox buo-parent \">\n                                            <input  data-cat-id=\"project-cat-13\" type=\"checkbox\" id=\"buo-cat-13\" name=\"project[]\">\n                                            <span class=\"buo-checkbox-text\">Forschung<\/span>\n                                        <\/label>\n                                    <\/div>\n                                                                                                            <div class=\"buo-checkbox-wrapper buo-parent buo-has-children\">\n                                        <label for=\"buo-cat-5\" class=\"buo-single-checkbox buo-parent buo-has-children\">\n                                            <input  data-cat-id=\"project-cat-5\" type=\"checkbox\" id=\"buo-cat-5\" name=\"project[]\">\n                                            <span class=\"buo-checkbox-text\">Wohnraum erhalten<\/span>\n                                        <\/label>\n                                    <\/div>\n                                                                            <div class=\"buo-checkbox-wrapper\">\n                                            <label for=\"buo-cat-6\" class=\"buo-single-checkbox buo-child\">\n                                                <input checked data-cat-id=\"project-cat-6\" type=\"checkbox\" id=\"buo-cat-6\" name=\"project[]\">\n                                                <span class=\"buo-checkbox-text\">serielle Sanierung<\/span>\n                                            <\/label>\n                                        <\/div>\n                                                                                <div class=\"buo-checkbox-wrapper\">\n                                            <label for=\"buo-cat-8\" class=\"buo-single-checkbox buo-child\">\n                                                <input checked data-cat-id=\"project-cat-8\" type=\"checkbox\" id=\"buo-cat-8\" name=\"project[]\">\n                                                <span class=\"buo-checkbox-text\">Strangsanierung<\/span>\n                                            <\/label>\n                                        <\/div>\n                                                                                                                <div class=\"buo-checkbox-wrapper buo-parent buo-has-children\">\n                                        <label for=\"buo-cat-9\" class=\"buo-single-checkbox buo-parent buo-has-children\">\n                                            <input  data-cat-id=\"project-cat-9\" type=\"checkbox\" id=\"buo-cat-9\" name=\"project[]\">\n                                            <span class=\"buo-checkbox-text\">Wohnraum schaffen<\/span>\n                                        <\/label>\n                                    <\/div>\n                                                                            <div class=\"buo-checkbox-wrapper\">\n                                            <label for=\"buo-cat-11\" class=\"buo-single-checkbox buo-child\">\n                                                <input checked data-cat-id=\"project-cat-11\" type=\"checkbox\" id=\"buo-cat-11\" name=\"project[]\">\n                                                <span class=\"buo-checkbox-text\">Dachaufstockung<\/span>\n                                            <\/label>\n                                        <\/div>\n                                                                                <div class=\"buo-checkbox-wrapper\">\n                                            <label for=\"buo-cat-12\" class=\"buo-single-checkbox buo-child\">\n                                                <input checked data-cat-id=\"project-cat-12\" type=\"checkbox\" id=\"buo-cat-12\" name=\"project[]\">\n                                                <span class=\"buo-checkbox-text\">Parkplatz\u00fcberbauung<\/span>\n                                            <\/label>\n                                        <\/div>\n                                                                                <div class=\"buo-checkbox-wrapper\">\n                                            <label for=\"buo-cat-10\" class=\"buo-single-checkbox buo-child\">\n                                                <input checked data-cat-id=\"project-cat-10\" type=\"checkbox\" id=\"buo-cat-10\" name=\"project[]\">\n                                                <span class=\"buo-checkbox-text\">Systembau<\/span>\n                                            <\/label>\n                                        <\/div>\n                                                                                                        <\/div>\n                        <\/div>\n                    <\/div>\n                <\/div>\n            <\/div>\n        <\/form>\n    <\/div>\n    \n                    <\/div>\n\n                    <div class=\"buo-mobile-filter-footer\">\n                        <div class=\"buo-show-results-button-wrapper\">\n                            <button type=\"button\" class=\"buo-filter-close-button buo-button buo-results-button buo-active\">\n                                <span class=\"buo-total-projects-count\"><\/span> Projekte anzeigen                            <\/button>\n                        <\/div>\n                    <\/div>\n                <\/div>\n\n                <div class=\"buo-sort-and-filter-handler-wrapper buo-mobile-only\">\n                    <div class=\"buo-filter-button\">\n                        <i class=\"fa-regular fa-filter\"><\/i>\n                        <span class=\"buo-filter-button-text\">Filter<\/span>\n                    <\/div>\n                <\/div>\n            <\/div>\n        <\/div>\n    <\/div>\n            <div class=\"buo-carousel-container\">\n            <div class=\"buo-grid-carousel-posts-swiper swiper\">\n                \n\n\n    <div class=\"buo-projects-container swiper-wrapper\">\n        \n<a class=\"buo-projects-filter-card project-card swiper-slide\" data-terms=\"[&quot;project-cat-6&quot;,&quot;project-cat-5&quot;]\" data-id=\"27931\" href=\"https:\/\/buo.de\/bau\/referenzen\/serielle-sanierung-nach-dem-energiesprongprinzip\/\" target=\"_blank\">\n    <div class=\"entry-image-wrapper\">\n        <img decoding=\"async\" class=\"project-image\"\n             src=\"https:\/\/buo.de\/bau\/wp-content\/uploads\/sites\/2\/2025\/02\/malikstudio-buo-nuernberg-2024-06-26-5579-scaled.jpg\"\n             sizes=\"(max-width: 1920px) 100vw, 1920px\" srcset=\"https:\/\/buo.de\/bau\/wp-content\/uploads\/sites\/2\/2025\/02\/malikstudio-buo-nuernberg-2024-06-26-5579-scaled.jpg 2560w, https:\/\/buo.de\/bau\/wp-content\/uploads\/sites\/2\/2025\/02\/malikstudio-buo-nuernberg-2024-06-26-5579-300x200.jpg 300w, https:\/\/buo.de\/bau\/wp-content\/uploads\/sites\/2\/2025\/02\/malikstudio-buo-nuernberg-2024-06-26-5579-1024x683.jpg 1024w, https:\/\/buo.de\/bau\/wp-content\/uploads\/sites\/2\/2025\/02\/malikstudio-buo-nuernberg-2024-06-26-5579-768x512.jpg 768w, https:\/\/buo.de\/bau\/wp-content\/uploads\/sites\/2\/2025\/02\/malikstudio-buo-nuernberg-2024-06-26-5579-1536x1025.jpg 1536w, https:\/\/buo.de\/bau\/wp-content\/uploads\/sites\/2\/2025\/02\/malikstudio-buo-nuernberg-2024-06-26-5579-2048x1366.jpg 2048w, https:\/\/buo.de\/bau\/wp-content\/uploads\/sites\/2\/2025\/02\/malikstudio-buo-nuernberg-2024-06-26-5579-1619x1080.jpg 1619w\"\n             alt=\"Serielle Sanierung nach dem Energiesprongprinzip\"\n            loading=\"lazy\"        >\n        <div class=\"swiper-lazy-preloader\"><\/div>        <div class=\"project-linear-gradient\"><\/div>\n    <\/div>\n    <div class=\"project-content\">\n        <p class=\"project-term-name\">serielle Sanierung<\/p>\n        <div class=\"project-info\">\n            <p class=\"project-title\">Serielle Sanierung nach dem Energiesprongprinzip<\/p>\n            <p class=\"project-address\">Reinerzener Stra\u00dfe in Langwasser, N\u00fcrnberg<\/p>\n        <\/div>\n    <\/div>\n<\/a>\n\n<a class=\"buo-projects-filter-card project-card swiper-slide\" data-terms=\"[&quot;project-cat-10&quot;,&quot;project-cat-9&quot;]\" data-id=\"26827\" href=\"https:\/\/buo.de\/bau\/referenzen\/quartiersnachverdichtung-jaminpark-zwei-systemhaeuser-in-holzhybrid-bauweise\/\" target=\"_blank\">\n    <div class=\"entry-image-wrapper\">\n        <img decoding=\"async\" class=\"project-image\"\n             src=\"https:\/\/buo.de\/bau\/wp-content\/uploads\/sites\/2\/2025\/02\/malikstudio-buo-erlangen2-20241113-6916-scaled.jpg\"\n             sizes=\"(max-width: 1920px) 100vw, 1920px\" srcset=\"https:\/\/buo.de\/bau\/wp-content\/uploads\/sites\/2\/2025\/02\/malikstudio-buo-erlangen2-20241113-6916-scaled.jpg 2560w, https:\/\/buo.de\/bau\/wp-content\/uploads\/sites\/2\/2025\/02\/malikstudio-buo-erlangen2-20241113-6916-300x200.jpg 300w, https:\/\/buo.de\/bau\/wp-content\/uploads\/sites\/2\/2025\/02\/malikstudio-buo-erlangen2-20241113-6916-1024x683.jpg 1024w, https:\/\/buo.de\/bau\/wp-content\/uploads\/sites\/2\/2025\/02\/malikstudio-buo-erlangen2-20241113-6916-768x512.jpg 768w, https:\/\/buo.de\/bau\/wp-content\/uploads\/sites\/2\/2025\/02\/malikstudio-buo-erlangen2-20241113-6916-1536x1025.jpg 1536w, https:\/\/buo.de\/bau\/wp-content\/uploads\/sites\/2\/2025\/02\/malikstudio-buo-erlangen2-20241113-6916-2048x1366.jpg 2048w, https:\/\/buo.de\/bau\/wp-content\/uploads\/sites\/2\/2025\/02\/malikstudio-buo-erlangen2-20241113-6916-1619x1080.jpg 1619w\"\n             alt=\"Quartiersnachverdichtung Jaminpark \u2013 Zwei Systemh\u00e4user in Holzhybrid-Bauweise\"\n            loading=\"lazy\"        >\n        <div class=\"swiper-lazy-preloader\"><\/div>        <div class=\"project-linear-gradient\"><\/div>\n    <\/div>\n    <div class=\"project-content\">\n        <p class=\"project-term-name\">Systembau<\/p>\n        <div class=\"project-info\">\n            <p class=\"project-title\">Quartiersnachverdichtung Jaminpark \u2013 Zwei Systemh\u00e4user in Holzhybrid-Bauweise<\/p>\n            <p class=\"project-address\">Jaminpark,Hans-Geiger-Stra\u00dfe 39, Erlangen, Deutschland<\/p>\n        <\/div>\n    <\/div>\n<\/a>\n\n<a class=\"buo-projects-filter-card project-card swiper-slide\" data-terms=\"[&quot;project-cat-10&quot;,&quot;project-cat-9&quot;]\" data-id=\"26813\" href=\"https:\/\/buo.de\/bau\/referenzen\/jaminpark-jaminstr-4a-4b-4c-4d-wehneltstr-4a-4b-schaffung-neuen-wohnraums-in-gruenem-quartier\/\" target=\"_blank\">\n    <div class=\"entry-image-wrapper\">\n        <img decoding=\"async\" class=\"project-image\"\n             src=\"https:\/\/buo.de\/bau\/wp-content\/uploads\/sites\/2\/2025\/02\/malikstudio-buo-erlangen2-20241105-22-scaled.jpg\"\n             sizes=\"(max-width: 1920px) 100vw, 1920px\" srcset=\"https:\/\/buo.de\/bau\/wp-content\/uploads\/sites\/2\/2025\/02\/malikstudio-buo-erlangen2-20241105-22-scaled.jpg 2560w, https:\/\/buo.de\/bau\/wp-content\/uploads\/sites\/2\/2025\/02\/malikstudio-buo-erlangen2-20241105-22-300x225.jpg 300w, https:\/\/buo.de\/bau\/wp-content\/uploads\/sites\/2\/2025\/02\/malikstudio-buo-erlangen2-20241105-22-1024x767.jpg 1024w, https:\/\/buo.de\/bau\/wp-content\/uploads\/sites\/2\/2025\/02\/malikstudio-buo-erlangen2-20241105-22-768x575.jpg 768w, https:\/\/buo.de\/bau\/wp-content\/uploads\/sites\/2\/2025\/02\/malikstudio-buo-erlangen2-20241105-22-1536x1150.jpg 1536w, https:\/\/buo.de\/bau\/wp-content\/uploads\/sites\/2\/2025\/02\/malikstudio-buo-erlangen2-20241105-22-2048x1534.jpg 2048w, https:\/\/buo.de\/bau\/wp-content\/uploads\/sites\/2\/2025\/02\/malikstudio-buo-erlangen2-20241105-22-1442x1080.jpg 1442w\"\n             alt=\"Quartiersnachverdichtung Jaminpark \u2013 drei Systemh\u00e4user in Holzhybrid-Bauweise\"\n            loading=\"lazy\"        >\n        <div class=\"swiper-lazy-preloader\"><\/div>        <div class=\"project-linear-gradient\"><\/div>\n    <\/div>\n    <div class=\"project-content\">\n        <p class=\"project-term-name\">Systembau<\/p>\n        <div class=\"project-info\">\n            <p class=\"project-title\">Quartiersnachverdichtung Jaminpark \u2013 drei Systemh\u00e4user in Holzhybrid-Bauweise<\/p>\n            <p class=\"project-address\">Jaminpark, Jaminstr. 4a, 4b, 4c, 4d, Wehneltstr. 4a, 4b Erlangen, Deutschland <\/p>\n        <\/div>\n    <\/div>\n<\/a>\n\n<a class=\"buo-projects-filter-card project-card swiper-slide\" data-terms=\"[&quot;project-cat-11&quot;,&quot;project-cat-6&quot;]\" data-id=\"2762\" href=\"https:\/\/buo.de\/bau\/referenzen\/allacher-str\/\" target=\"_blank\">\n    <div class=\"entry-image-wrapper\">\n        <img decoding=\"async\" class=\"project-image\"\n             src=\"https:\/\/buo.de\/bau\/wp-content\/uploads\/sites\/2\/2025\/07\/BO-Bau-Bayern_Allacher-Strasse.png\"\n             sizes=\"(max-width: 1920px) 100vw, 1920px\" srcset=\"https:\/\/buo.de\/bau\/wp-content\/uploads\/sites\/2\/2025\/07\/BO-Bau-Bayern_Allacher-Strasse.png 1920w, https:\/\/buo.de\/bau\/wp-content\/uploads\/sites\/2\/2025\/07\/BO-Bau-Bayern_Allacher-Strasse-300x169.png 300w, https:\/\/buo.de\/bau\/wp-content\/uploads\/sites\/2\/2025\/07\/BO-Bau-Bayern_Allacher-Strasse-1024x576.png 1024w, https:\/\/buo.de\/bau\/wp-content\/uploads\/sites\/2\/2025\/07\/BO-Bau-Bayern_Allacher-Strasse-768x432.png 768w, https:\/\/buo.de\/bau\/wp-content\/uploads\/sites\/2\/2025\/07\/BO-Bau-Bayern_Allacher-Strasse-1536x864.png 1536w, https:\/\/buo.de\/bau\/wp-content\/uploads\/sites\/2\/2025\/07\/BO-Bau-Bayern_Allacher-Strasse-1320x743.png 1320w\"\n             alt=\"Allacher Stra\u00dfe \u2013 Aufstockung &#038; Modernisierung\"\n            loading=\"lazy\"        >\n        <div class=\"swiper-lazy-preloader\"><\/div>        <div class=\"project-linear-gradient\"><\/div>\n    <\/div>\n    <div class=\"project-content\">\n        <p class=\"project-term-name\">Dachaufstockung &amp; serielle Sanierung<\/p>\n        <div class=\"project-info\">\n            <p class=\"project-title\">Allacher Stra\u00dfe \u2013 Aufstockung &#038; Modernisierung<\/p>\n            <p class=\"project-address\">Allacher Str. 90\/92, M\u00fcnchen, Deutschland<\/p>\n        <\/div>\n    <\/div>\n<\/a>\n        <div class=\"buo-no-results\">\n            <div class=\"buo-no-results-headline\">\n                Keine Projekt gefunden            <\/div>\n\n            <div class=\"buo-no-results-below-headline\">\n                \u00c4ndern Sie die Filtereinstellungen, um mehr Projekte anzuzeigen.            <\/div>\n        <\/div>\n    <\/div>\n\n                <\/div>\n            <div class=\"swiper-pagination\"><\/div>\n        <\/div>\n        <\/div>\n\n\n\n<div class=\"wp-block-buttons is-content-justification-right is-layout-flex wp-container-core-buttons-is-layout-765c4724 wp-block-buttons-is-layout-flex\">\n<div class=\"wp-block-button\"><a class=\"wp-block-button__link wp-element-button\" href=\"https:\/\/buo.de\/bau\/referenzen\">Weitere Referenzen<\/a><\/div>\n<\/div>\n\n\n\n<div style=\"height:70px\" aria-hidden=\"true\" class=\"wp-block-spacer\"><\/div>\n\n\n<div id=\"text-and-image-block_75357e26ffaa6b3ff606eef8fbc41241\"\n     class=\"text-and-image-container ltr has_no_animation\">\n\n    <style>\n        #text-and-image-block_75357e26ffaa6b3ff606eef8fbc41241 {\n            --textAndImageHeight: 550px;\n            --textAndImageBackgroundColor: ;\n            --textAndImageTextColor: ;\n        }\n        @media screen and (max-width: 1024px) {\n        #text-and-image-block_75357e26ffaa6b3ff606eef8fbc41241 {\n            --textAndImageHeight: 300px;\n        }\n        }\n    <\/style>\n\n                <div class=\"image-wrapper cover\">\n                <div class=\"image-outer\">\n                                        <img decoding=\"async\" loading=\"lazy\" alt=\"Karriere bei B&amp;O Bau\" style=\"height: var(--textAndImageHeight);object-position: center center\" sizes=\"(max-width: 1920px) 100vw, 1920px\" srcset=\"https:\/\/buo.de\/bau\/wp-content\/uploads\/sites\/2\/2025\/07\/Job-Fotos-Obermonteur-Nr.-2-scaled-e1753886966613-1920x1175.jpg 1920w, https:\/\/buo.de\/bau\/wp-content\/uploads\/sites\/2\/2025\/07\/Job-Fotos-Obermonteur-Nr.-2-scaled-e1753886966613-300x184.jpg 300w, https:\/\/buo.de\/bau\/wp-content\/uploads\/sites\/2\/2025\/07\/Job-Fotos-Obermonteur-Nr.-2-scaled-e1753886966613-1024x626.jpg 1024w, https:\/\/buo.de\/bau\/wp-content\/uploads\/sites\/2\/2025\/07\/Job-Fotos-Obermonteur-Nr.-2-scaled-e1753886966613-768x470.jpg 768w, https:\/\/buo.de\/bau\/wp-content\/uploads\/sites\/2\/2025\/07\/Job-Fotos-Obermonteur-Nr.-2-scaled-e1753886966613-1536x940.jpg 1536w, https:\/\/buo.de\/bau\/wp-content\/uploads\/sites\/2\/2025\/07\/Job-Fotos-Obermonteur-Nr.-2-scaled-e1753886966613-2048x1253.jpg 2048w, https:\/\/buo.de\/bau\/wp-content\/uploads\/sites\/2\/2025\/07\/Job-Fotos-Obermonteur-Nr.-2-scaled-e1753886966613-1766x1080.jpg 1766w, https:\/\/buo.de\/bau\/wp-content\/uploads\/sites\/2\/2025\/07\/Job-Fotos-Obermonteur-Nr.-2-scaled-e1753886966613-1320x807.jpg 1320w\" src=\"https:\/\/buo.de\/bau\/wp-content\/uploads\/sites\/2\/2025\/07\/Job-Fotos-Obermonteur-Nr.-2-scaled-e1753886966613-1920x1175.jpg\" class=\"image\">\n                <\/div>\n            <\/div>\n                        <div class=\"text \">\n            <h2 class=\"over-content\">Karriere bei B&amp;O Bau Werke GmbH<\/h2>\n            <div class=\"content \"><h3><\/h3>\n<p>B&amp;O Bau Werke GmbH steht f\u00fcr moderne Bauprojekte im Bereich Neubau und Sanierung. An unseren Standorten in Frankfurt (Oder) und Jacobsdorf entwickeln und fertigen wir innovative Holzwand- und Holzfassadenelemente, die deutschlandweit in die Projekte von B&amp;O Bau einflie\u00dfen. Unser Erfolg basiert auf einem hohen Qualit\u00e4tsanspruch, innovativen Fertigungsprozessen und einem starken Team, das Handwerk, Technik und Digitalisierung miteinander verbindet.<\/p>\n<p>Um weiter zu wachsen, suchen wir motivierte Fachkr\u00e4fte, die die Zukunft des Bauens mit Holz aktiv mitgestalten m\u00f6chten. Ob Ausbildung oder Berufserfahrung \u2013 bei uns erwarten dich spannende Aufgaben, moderne Arbeitspl\u00e4tze und echte Perspektiven. Wenn du Lust hast, Verantwortung zu \u00fcbernehmen und gemeinsam mit uns weiterzubauen, freuen wir uns auf deine Bewerbung!<\/p>\n<\/div>\n\n            \n            <div class=\"read-more-content\"><\/div>\n            <a href=\"https:\/\/buo.de\/bau\/karriere\/jobs\/?company%5B%5D=B%26O+Holzbau+GmbH&#038;job_search_nonce=fde15d4fd1\" target=\"\" title=\"Karriere bei B&amp;O Bau Werke GmbH\" class=\"button\">Unsere Jobs<\/a>        <\/div>\n        <\/div>\n\n\n\n<div style=\"height:100px\" aria-hidden=\"true\" class=\"wp-block-spacer\"><\/div>\n\n\n\n<div class=\"jobteaser-container\">\n    <div class=\"jobteaser-wrapper\">\n        <div class=\"jobteaser-content\">\n            <h2 class=\"jobteaser-title\">Aktuelle Jobs<\/h2>\n            <p class=\"jobteaser-description\"><\/p>\n            <div class=\"button-wrapper\">\n                <a href=\"https:\/\/buo.de\/bau\/karriere\/jobs\/?text&amp;location&amp;lat&amp;lng&amp;zip&amp;street&amp;radius=5&amp;company%5B0%5D=B%26O+Bau+Werke+GmbH&amp;&amp;sort&amp;paged=0\" class=\"button jobteaser-button\">  Zu den Jobangeboten<\/a>\n            <\/div>\n        <\/div>\n        <div class=\"swiper\">\n            <div class=\"swiper-wrapper\">\n                                    <a class=\"swiper-slide\" target=\"_blank\" href=\"https:\/\/buo.de\/bau\/karriere\/job\/instandhalter-elektroniker-produktionsanlagen-holzbau-m-w-d\/\">\n                        <h4 class=\"job-title\">Instandhalter  \u2013 Elektroniker Produktionsanlagen Holzbau (m\/w\/d)<\/h4>\n\n                        \n                        <div class=\"job-details\">\n                                                            <div class=\"job-detail-item\">\n                                    <i class=\"fa-solid fa-location-dot\"><\/i>\n                                    <span>Frankfurt (Oder)<\/span>\n                                <\/div>\n                            \n                                                            <div class=\"job-detail-item\">\n                                    <i class=\"fa-solid fa-briefcase\"><\/i>\n                                    <span>B&amp;O Bau Werke GmbH<\/span>\n                                <\/div>\n                                                    <\/div>\n                    <\/a>\n                                    <a class=\"swiper-slide\" target=\"_blank\" href=\"https:\/\/buo.de\/bau\/karriere\/job\/instandhalter-mechatroniker-industriemechaniker-produktionsanlagen-m-w-d\/\">\n                        <h4 class=\"job-title\">Instandhalter  \u2013 Mechatroniker \/ Industriemechaniker Produktionsanlagen (m\/w\/d)<\/h4>\n\n                        \n                        <div class=\"job-details\">\n                                                            <div class=\"job-detail-item\">\n                                    <i class=\"fa-solid fa-location-dot\"><\/i>\n                                    <span>Frankfurt (Oder)<\/span>\n                                <\/div>\n                            \n                                                            <div class=\"job-detail-item\">\n                                    <i class=\"fa-solid fa-briefcase\"><\/i>\n                                    <span>B&amp;O Bau Werke GmbH<\/span>\n                                <\/div>\n                                                    <\/div>\n                    <\/a>\n                            <\/div>\n            <div class=\"swiper-pagination\"><\/div>\n        <\/div>\n    <\/div>\n<\/div>\n\n\n\n<div style=\"height:100px\" aria-hidden=\"true\" class=\"wp-block-spacer\"><\/div>\n\n\n\n<h4 class=\"wp-block-heading\">Gesch\u00e4ftsf\u00fchrung B&amp;O Bau Werke GmbH<\/h4>\n\n\n\n<div id=\"cards-grid-carousel-block_2d8561f27174081737f8906e1e52bfe4\"\n     data-columns=\"4\"\n     data-gap=\"24\"\n     data-swiper-config=\"\"\n     class=\"cards-grid-carousel-container is-grid left columns-4\">\n            <div class=\"grid-container\">\n            <div class=\"grid-wrapper\">\n                \n<div class=\"entry swiper-slide icon-image-card-container\" id=\"icon-image-card-69f5bec47729b\">\n    <style>\n        #icon-image-card-69f5bec47729b {\n            --cardsTextColor: #241d4c;\n            --cardsBackgroundColor: #ffffff;\n        }\n    <\/style>\n    <div class=\"entry-wrapper has_image\">\n        <div class=\"entry-fields\">\n            <div class=\"entry-content-wrapper\">\n                                    <div class=\"entry-image-wrapper\">\n                        <img decoding=\"async\" alt=\"\" sizes=\"(max-width: 1920px) 100vw, 1920px\" srcset=\"https:\/\/buo.de\/bau\/wp-content\/uploads\/sites\/2\/2025\/07\/Uwe-Dohrn_0755-1920x1280.png 1920w, https:\/\/buo.de\/bau\/wp-content\/uploads\/sites\/2\/2025\/07\/Uwe-Dohrn_0755-300x200.png 300w, https:\/\/buo.de\/bau\/wp-content\/uploads\/sites\/2\/2025\/07\/Uwe-Dohrn_0755-1024x683.png 1024w, https:\/\/buo.de\/bau\/wp-content\/uploads\/sites\/2\/2025\/07\/Uwe-Dohrn_0755-768x512.png 768w, https:\/\/buo.de\/bau\/wp-content\/uploads\/sites\/2\/2025\/07\/Uwe-Dohrn_0755-1536x1024.png 1536w, https:\/\/buo.de\/bau\/wp-content\/uploads\/sites\/2\/2025\/07\/Uwe-Dohrn_0755-2048x1366.png 2048w, https:\/\/buo.de\/bau\/wp-content\/uploads\/sites\/2\/2025\/07\/Uwe-Dohrn_0755-1620x1080.png 1620w, https:\/\/buo.de\/bau\/wp-content\/uploads\/sites\/2\/2025\/07\/Uwe-Dohrn_0755-1320x880.png 1320w\" src=\"https:\/\/buo.de\/bau\/wp-content\/uploads\/sites\/2\/2025\/07\/Uwe-Dohrn_0755-1920x1280.png\" class=\"entry-image\">\n                    <\/div>\n                \n                <div class=\"entry-content left\">\n                    <div class=\"wysiwyg-content\"><p><strong>Uwe Dohrn<br \/>\n<\/strong>Gesch\u00e4ftsf\u00fchrung<\/p>\n<\/div>\n\n                                    <\/div>\n            <\/div>\n        <\/div>\n    <\/div>\n<\/div>\n            <\/div>\n        <\/div>\n        <\/div>\n\n\n\n<div style=\"height:70px\" aria-hidden=\"true\" class=\"wp-block-spacer\"><\/div>\n\n\n\n<h4 class=\"wp-block-heading\">Werksleitung B&amp;O Bau Werke GmbH<\/h4>\n\n\n\n<div id=\"cards-grid-carousel-block_390e8594fd4def868cf5bc3a4b5de07b\"\n     data-columns=\"4\"\n     data-gap=\"24\"\n     data-swiper-config=\"\"\n     class=\"cards-grid-carousel-container is-grid left columns-4\">\n            <div class=\"grid-container\">\n            <div class=\"grid-wrapper\">\n                \n<div class=\"entry swiper-slide icon-image-card-container\" id=\"icon-image-card-69f5bec4777b6\">\n    <style>\n        #icon-image-card-69f5bec4777b6 {\n            --cardsTextColor: #241d4c;\n            --cardsBackgroundColor: #ffffff;\n        }\n    <\/style>\n    <div class=\"entry-wrapper has_image\">\n        <div class=\"entry-fields\">\n            <div class=\"entry-content-wrapper\">\n                                    <div class=\"entry-image-wrapper\">\n                        <img decoding=\"async\" alt=\"Peter Fehse\" sizes=\"(max-width: 1920px) 100vw, 1920px\" srcset=\"https:\/\/buo.de\/bau\/wp-content\/uploads\/sites\/2\/2025\/07\/Peter-Fehse-1920x1280.png 1920w, https:\/\/buo.de\/bau\/wp-content\/uploads\/sites\/2\/2025\/07\/Peter-Fehse-300x200.png 300w, https:\/\/buo.de\/bau\/wp-content\/uploads\/sites\/2\/2025\/07\/Peter-Fehse-1024x683.png 1024w, https:\/\/buo.de\/bau\/wp-content\/uploads\/sites\/2\/2025\/07\/Peter-Fehse-768x512.png 768w, https:\/\/buo.de\/bau\/wp-content\/uploads\/sites\/2\/2025\/07\/Peter-Fehse-1536x1024.png 1536w, https:\/\/buo.de\/bau\/wp-content\/uploads\/sites\/2\/2025\/07\/Peter-Fehse-2048x1366.png 2048w, https:\/\/buo.de\/bau\/wp-content\/uploads\/sites\/2\/2025\/07\/Peter-Fehse-1620x1080.png 1620w, https:\/\/buo.de\/bau\/wp-content\/uploads\/sites\/2\/2025\/07\/Peter-Fehse-1320x880.png 1320w\" src=\"https:\/\/buo.de\/bau\/wp-content\/uploads\/sites\/2\/2025\/07\/Peter-Fehse-1920x1280.png\" class=\"entry-image\">\n                    <\/div>\n                \n                <div class=\"entry-content left\">\n                    <div class=\"wysiwyg-content\"><p><strong>Peter Fehse<\/strong><br \/>\nWerksleitung Holzbau<\/p>\n<p>&nbsp;<\/p>\n<\/div>\n\n                                    <\/div>\n            <\/div>\n        <\/div>\n    <\/div>\n<\/div>\n            <\/div>\n        <\/div>\n        <\/div>\n\n\n\n<div id=\"cards-grid-carousel-block_639797750dce9fafbe409cede1b3beaa\"\n     data-columns=\"3\"\n     data-gap=\"32\"\n     data-swiper-config=\"\"\n     class=\"cards-grid-carousel-container is-grid left columns-3\">\n            <div class=\"grid-container\">\n            <div class=\"grid-wrapper\">\n                            <\/div>\n        <\/div>\n        <\/div>\n\n\n\n<div style=\"height:70px\" aria-hidden=\"true\" class=\"wp-block-spacer\"><\/div>\n\n\n\n<style>\n#content .info-container.has-mailpoet-form .wp-block-columns form.mailpoet_form .mailpoet_paragraph fieldset{ display:block !important; }\n<\/style>\n\n\n\n<div class=\"wp-block-columns is-layout-flex wp-container-core-columns-is-layout-9d6595d7 wp-block-columns-is-layout-flex\"><\/div>\n\n\n <div class=\"brlbs-cmpnt-container brlbs-cmpnt-content-blocker brlbs-cmpnt-with-individual-styles\" data-pre-consent-check-visibility=\"transparent\" data-borlabs-cookie-content-blocker-id=\"googlemaps\" data-borlabs-cookie-content=\"ICAgIDxkaXYgaWQ9InRleHQtYW5kLW1hcC1ibG9ja18zOWQ2MzdjMmZkMTI3Y2QwM2IyMWY4YTA5OWJkYTk5MiIKICAgICAgICAgY2xhc3M9InRleHQtYW5kLW1hcC1jb250YWluZXIgcnRsIj4KCiAgICAgICAgPHN0eWxlPgogICAgICAgICAgICAjdGV4dC1hbmQtbWFwLWJsb2NrXzM5ZDYzN2MyZmQxMjdjZDAzYjIxZjhhMDk5YmRhOTkyICAgICAgICAgICAgewogICAgICAgICAgICAgICAgLS10ZXh0QW5kTWFwQmFja2dyb3VuZENvbG9yOgogICAgICAgICAgICAjMjQxRDRDICAgICAgICAgICAgOwogICAgICAgICAgICAgICAgLS10ZXh0QW5kTWFwVGV4dENvbG9yOgogICAgICAgICAgICAjRkZGRkZGICAgICAgICAgICAgOwogICAgICAgICAgICB9CiAgICAgICAgPC9zdHlsZT4KCiAgICAgICAgPGRpdiBjbGFzcz0iaW1hZ2Utd3JhcHBlciBtYXAtd3JhcHBlciI+CiAgICAgICAgICAgIDxhIGhyZWY9IiNza2lwLXRleHQtYW5kLW1hcC1ibG9ja18zOWQ2MzdjMmZkMTI3Y2QwM2IyMWY4YTA5OWJkYTk5MiIgY2xhc3M9InNyLW9ubHkiPkthcnRlIMO8YmVyc3ByaW5nZW48L2E+CiAgICAgICAgICAgIDxkaXYgY2xhc3M9Im1hcC1vdXRlciI+CiAgICAgICAgICAgICAgICA8ZGl2IGNsYXNzPSJidW8tdGV4dC1hbmQtbWFwIiBkYXRhLXpvb209IjE0IiBkYXRhLWJsb2NrLWlkPSJ0ZXh0LWFuZC1tYXAtYmxvY2tfMzlkNjM3YzJmZDEyN2NkMDNiMjFmOGEwOTliZGE5OTIiPgogICAgICAgICAgICAgICAgICAgICAgICAgICAgICAgICAgICAgICAgICAgIDxkaXYgY2xhc3M9Im1hcmtlciIKICAgICAgICAgICAgICAgICAgICAgICAgICAgICBkYXRhLWlkPSJsb2NhdGlvbi0wIgogICAgICAgICAgICAgICAgICAgICAgICAgICAgIGRhdGEtbGF0PSI1Mi4zMDcyNDU3IgogICAgICAgICAgICAgICAgICAgICAgICAgICAgIGRhdGEtbG5nPSIxNC40ODAzMTc4IgogICAgICAgICAgICAgICAgICAgICAgICAgICAgIGRhdGEtaXMtcHJpbWFyeT0iMSI+CiAgICAgICAgICAgICAgICAgICAgICAgIDwvZGl2PgogICAgICAgICAgICAgICAgICAgICAgICAgICAgICAgICAgICAgICAgICAgICAgICA8ZGl2IGNsYXNzPSJtYXJrZXIiCiAgICAgICAgICAgICAgICAgICAgICAgICAgICAgZGF0YS1pZD0ibG9jYXRpb24tMSIKICAgICAgICAgICAgICAgICAgICAgICAgICAgICBkYXRhLWxhdD0iNTIuMzI0ODI3IgogICAgICAgICAgICAgICAgICAgICAgICAgICAgIGRhdGEtbG5nPSIxNC4zNDIyMTk4IgogICAgICAgICAgICAgICAgICAgICAgICAgICAgIGRhdGEtaXMtcHJpbWFyeT0iMCI+CiAgICAgICAgICAgICAgICAgICAgICAgIDwvZGl2PgogICAgICAgICAgICAgICAgICAgICAgICAgICAgICAgICAgICAgICAgPC9kaXY+CiAgICAgICAgICAgIDwvZGl2PgogICAgICAgIDwvZGl2PgoKICAgICAgICA8ZGl2IHN0eWxlPSIgIgogICAgICAgICAgICAgY2xhc3M9InRleHQiCiAgICAgICAgICAgICBpZD0ic2tpcC10ZXh0LWFuZC1tYXAtYmxvY2tfMzlkNjM3YzJmZDEyN2NkMDNiMjFmOGEwOTliZGE5OTIiPgogICAgICAgICAgICA8ZGl2IGNsYXNzPSJsb2NhdGlvbi1jb250ZW50Ij4KICAgICAgICAgICAgICAgIDxoMz5CJmFtcDtPIEJhdSBXZXJrZSBHbWJIPC9oMz4KPHA+Tmljb2xhdXMtQXVndXN0LU90dG8tU3RyYcOfZSA4PGJyIC8+CjE1MjM2IEZyYW5rZnVydCAoT2Rlcik8YnIgLz4KRGV1dHNjaGxhbmQ8L3A+CjxwPjxhIGhyZWY9Im1haWx0bzpob2x6YmF1QGJvLWJhdS5kZSI+aG9semJhdUBiby1iYXUuZGU8L2E+PGJyIC8+CjxhIGhyZWY9InRlbDorNDkgMzM1IDQwMTUgMjAiPis0OSAzMzUgNDAxNSAyMDwvYT48L3A+CjxwPkdlc2Now6RmdHNmw7xocnVuZzogVXdlIERvaHJuPGJyIC8+CldlcmtsZWl0dW5nOiBQZXRlciBGZWhzZTwvcD4KICAgICAgICAgICAgPC9kaXY+CiAgICAgICAgPC9kaXY+CiAgICA8L2Rpdj4K\"><div class=\"brlbs-cmpnt-cb-preset-a\"> <p class=\"brlbs-cmpnt-cb-description\">Um dies nutzen zu k\u00f6nnen, m\u00fcssen Cookies von Google Maps akzeptiert werden<\/p> <div class=\"brlbs-cmpnt-cb-buttons\"> <a class=\"brlbs-cmpnt-cb-btn\" href=\"#\" data-borlabs-cookie-accept-service role=\"button\" style=\"display: inherit\">Inhalte entsperren<\/a> <\/div> <a class=\"brlbs-cmpnt-cb-provider-toggle\" href=\"#\" data-borlabs-cookie-show-provider-information role=\"button\">Weitere Informationen<\/a> <\/div><\/div>\n\n\n<div style=\"height:70px\" aria-hidden=\"true\" class=\"wp-block-spacer\"><\/div>\n\n\n\n<h4 class=\"wp-block-heading\">Lassen Sie uns ins Gespr\u00e4ch kommen!<\/h4>\n\n\n<p>Sie haben Fragen zu unseren Leistungen oder m\u00f6chten ein gemeinsames Projekt ansto\u00dfen? Dann schreiben Sie uns \u2013 wir freuen uns auf Ihre Nachricht und melden uns zeitnah bei Ihnen zur\u00fcck.<\/p>\n\n\n<div class=\"wp-block-contact-form-7-contact-form-selector\">\n<div class=\"wpcf7 no-js\" id=\"wpcf7-f46485-o1\" lang=\"de-DE\" dir=\"ltr\" data-wpcf7-id=\"46485\">\n<div class=\"screen-reader-response\"><p role=\"status\" aria-live=\"polite\" aria-atomic=\"true\"><\/p> <ul><\/ul><\/div>\n<form action=\"\/bau\/wp-json\/wp\/v2\/unternehmen\/2849#wpcf7-f46485-o1\" method=\"post\" class=\"wpcf7-form init\" aria-label=\"Kontaktformular\" novalidate=\"novalidate\" data-status=\"init\">\n<fieldset class=\"hidden-fields-container\"><input type=\"hidden\" name=\"_wpcf7\" value=\"46485\" \/><input type=\"hidden\" name=\"_wpcf7_version\" value=\"6.1.5\" \/><input type=\"hidden\" name=\"_wpcf7_locale\" value=\"de_DE\" \/><input type=\"hidden\" name=\"_wpcf7_unit_tag\" value=\"wpcf7-f46485-o1\" \/><input type=\"hidden\" name=\"_wpcf7_container_post\" value=\"0\" \/><input type=\"hidden\" name=\"_wpcf7_posted_data_hash\" value=\"\" \/>\n<\/fieldset>\n<div class=\"form\">\n <div class=\"form-row\">\n  <!-- Anrede-Checkboxen -->\n  <div class=\"column-full\">\n    <label>Anrede*<\/label><br>\n    <span class=\"wpcf7-form-control-wrap\" data-name=\"anrede\"><span class=\"wpcf7-form-control wpcf7-checkbox wpcf7-validates-as-required\"><span class=\"wpcf7-list-item first\"><label><input type=\"checkbox\" name=\"anrede[]\" value=\"Herr\" \/><span class=\"wpcf7-list-item-label\">Herr<\/span><\/label><\/span><span class=\"wpcf7-list-item\"><label><input type=\"checkbox\" name=\"anrede[]\" value=\"Frau\" \/><span class=\"wpcf7-list-item-label\">Frau<\/span><\/label><\/span><span class=\"wpcf7-list-item last\"><label><input type=\"checkbox\" name=\"anrede[]\" value=\"Divers\" \/><span class=\"wpcf7-list-item-label\">Divers<\/span><\/label><\/span><\/span><\/span>\n  <\/div>\n <\/div>\n\n <div class=\"form-row\">\n  <div class=\"column-half\"><label>Ihr Vorname* <span class=\"wpcf7-form-control-wrap\" data-name=\"text-firstname\"><input size=\"40\" maxlength=\"400\" class=\"wpcf7-form-control wpcf7-text wpcf7-validates-as-required\" aria-required=\"true\" aria-invalid=\"false\" placeholder=\"Geben Sie Ihren Vornamen ein\" value=\"\" type=\"text\" name=\"text-firstname\" \/><\/span><\/label><\/div>\n  <div class=\"column-half\"><label>Ihr Nachname* <span class=\"wpcf7-form-control-wrap\" data-name=\"text-secondname\"><input size=\"40\" maxlength=\"400\" class=\"wpcf7-form-control wpcf7-text wpcf7-validates-as-required\" aria-required=\"true\" aria-invalid=\"false\" placeholder=\"Geben Sie Ihren Nachnamen ein\" value=\"\" type=\"text\" name=\"text-secondname\" \/><\/span><\/label><\/div>\n <\/div>\n\n <div class=\"form-row\">\n  <div class=\"column-half\"><label>Ihr Unternehmen* <span class=\"wpcf7-form-control-wrap\" data-name=\"text-company\"><input size=\"40\" maxlength=\"400\" class=\"wpcf7-form-control wpcf7-text wpcf7-validates-as-required\" aria-required=\"true\" aria-invalid=\"false\" placeholder=\"Geben Sie den Namen Ihres Unternehmens ein\" value=\"\" type=\"text\" name=\"text-company\" \/><\/span><\/label><\/div>\n  <div class=\"column-half\"><label>Ihre E-Mail-Adresse* <span class=\"wpcf7-form-control-wrap\" data-name=\"your-email\"><input size=\"40\" maxlength=\"400\" class=\"wpcf7-form-control wpcf7-email wpcf7-validates-as-required wpcf7-text wpcf7-validates-as-email\" aria-required=\"true\" aria-invalid=\"false\" placeholder=\"beispiel@email.com\" value=\"\" type=\"email\" name=\"your-email\" \/><\/span><\/label><\/div>\n <\/div>\n\n <div class=\"form-row\">\n  <!-- Position Textfeld -->\n  <div class=\"column-full\"><label>Ihre Position <span class=\"wpcf7-form-control-wrap\" data-name=\"text-position\"><input size=\"40\" maxlength=\"400\" class=\"wpcf7-form-control wpcf7-text\" aria-invalid=\"false\" placeholder=\"Geben Sie Ihre Position im Unternehmen ein\" value=\"\" type=\"text\" name=\"text-position\" \/><\/span><\/label><\/div>\n <\/div>\n\n <div class=\"form-row\">\n  <div class=\"column-full\"><label>Ihre Nachricht* <span class=\"wpcf7-form-control-wrap\" data-name=\"textarea-235\"><textarea cols=\"40\" rows=\"10\" maxlength=\"2000\" class=\"wpcf7-form-control wpcf7-textarea wpcf7-validates-as-required\" aria-required=\"true\" aria-invalid=\"false\" placeholder=\"Geben Sie Ihre Nachricht ein...\" name=\"textarea-235\"><\/textarea><\/span><\/label><\/div>\n <\/div>\n\n\n<div class=\"form-row\"> <!-- Datenschutz --> <div class=\"column-full\"> <label class=\"acceptance\"> <span class=\"wpcf7-form-control-wrap\" data-name=\"datenschutz\"><span class=\"wpcf7-form-control wpcf7-acceptance\"><span class=\"wpcf7-list-item\"><label><input type=\"checkbox\" name=\"datenschutz\" value=\"1\" aria-invalid=\"false\" \/><span class=\"wpcf7-list-item-label\">Ich akzeptiere die <a href=\".\/datenschutzerklaerung\" target=\"_blank\">Datenschutzbestimmungen<\/a> dieser Website und stimme der Verarbeitung meiner Daten zu.*<\/span><\/label><\/span><\/span><\/span> <\/label> <\/div> <\/div> <div class=\"form-row\"> <!-- Werbezwecke (freiwillig) --> <div class=\"column-full\"> <label> <span class=\"wpcf7-form-control-wrap\" data-name=\"Werbezwecke\"><span class=\"wpcf7-form-control wpcf7-checkbox\"><span class=\"wpcf7-list-item first last\"><label><input type=\"checkbox\" name=\"Werbezwecke[]\" value=\"Ich willige ein, weitergehende Informationen und Details in Form von Marketing-E-Mails oder Anrufen zu Produkten und Dienstleistungen von B&amp;O Bau zu erhalten. Meine Einwilligung kann ich jederzeit per E-Mail an unsubscribe@bo-bau.de widerrufen.\" \/><span class=\"wpcf7-list-item-label\">Ich willige ein, weitergehende Informationen und Details in Form von Marketing-E-Mails oder Anrufen zu Produkten und Dienstleistungen von B&amp;O Bau zu erhalten. Meine Einwilligung kann ich jederzeit per E-Mail an unsubscribe@bo-bau.de widerrufen.<\/span><\/label><\/span><\/span><\/span> <\/label> <\/div> <\/div> <div class=\"form-row submit\"> <input class=\"wpcf7-form-control wpcf7-submit has-spinner\" type=\"submit\" value=\"Nachricht senden\" \/> <\/div> <\/div><div class=\"wpcf7-response-output\" aria-hidden=\"true\"><\/div>\n<\/form>\n<\/div>\n<\/div>\n\n\n\n<p><\/p>\n","protected":false},"excerpt":{"rendered":"<p>B&#038;O Bau Werke GmbH vereint Holzbau und Balkonbau \u2013 an zwei Standorten in unmittelbarer N\u00e4he zueinander. Gemeinsam fertigen wir hochwertige Bauelemente f\u00fcr modernes, regeneratives und effizientes Bauen. Industriell stark, regional verwurzelt und mit einem Team, das jeden Tag Qualit\u00e4t m\u00f6glich macht.<\/p>\n","protected":false},"featured_media":0,"template":"","class_list":["post-2849","unternehmen","type-unternehmen","status-publish","hentry"],"acf":[],"yoast_head":"<!-- This site is optimized with the Yoast SEO plugin v27.1.1 - https:\/\/yoast.com\/product\/yoast-seo-wordpress\/ -->\n<title>B&amp;O Bau Werke GmbH -<\/title>\n<meta name=\"description\" content=\"Die B&amp;O Holzbau GmbH ist unsere Produktionsst\u00e4tte in Frankfurt (Oder) \u2013 hier entstehen Holzwand- und Holzfassadenelemente f\u00fcr den Seriellen Neubau und die Serielle Sanierung.\" \/>\n<meta name=\"robots\" content=\"index, follow, max-snippet:-1, max-image-preview:large, max-video-preview:-1\" \/>\n<link rel=\"canonical\" href=\"https:\/\/buo.de\/bau\/unternehmen\/bo-bau-werke-gmbh\/\" \/>\n<meta property=\"og:locale\" content=\"de_DE\" \/>\n<meta property=\"og:type\" content=\"article\" \/>\n<meta property=\"og:title\" content=\"B&amp;O Bau Werke GmbH -\" \/>\n<meta property=\"og:description\" content=\"Die B&amp;O Holzbau GmbH ist unsere Produktionsst\u00e4tte in Frankfurt (Oder) \u2013 hier entstehen Holzwand- und Holzfassadenelemente f\u00fcr den Seriellen Neubau und die Serielle Sanierung.\" \/>\n<meta property=\"og:url\" content=\"https:\/\/buo.de\/bau\/unternehmen\/bo-bau-werke-gmbh\/\" \/>\n<meta property=\"og:site_name\" content=\"B&amp;O Bau\" \/>\n<meta property=\"article:publisher\" content=\"https:\/\/www.youtube.com\/@BuOBau\" \/>\n<meta property=\"article:modified_time\" content=\"2026-04-21T11:22:27+00:00\" \/>\n<meta property=\"og:image\" content=\"https:\/\/buo.de\/bau\/wp-content\/uploads\/sites\/2\/2025\/07\/Holz_8_Bad_Aibling-1-1024x576.png\" \/>\n\t<meta property=\"og:image:width\" content=\"1024\" \/>\n\t<meta property=\"og:image:height\" content=\"576\" \/>\n\t<meta property=\"og:image:type\" content=\"image\/png\" \/>\n<meta name=\"twitter:card\" content=\"summary_large_image\" \/>\n<meta name=\"twitter:label1\" content=\"Gesch\u00e4tzte Lesezeit\" \/>\n\t<meta name=\"twitter:data1\" content=\"1\u00a0Minute\" \/>\n<script type=\"application\/ld+json\" class=\"yoast-schema-graph\">{\"@context\":\"https:\/\/schema.org\",\"@graph\":[{\"@type\":\"WebPage\",\"@id\":\"https:\/\/buo.de\/bau\/unternehmen\/bo-bau-werke-gmbh\/\",\"url\":\"https:\/\/buo.de\/bau\/unternehmen\/bo-bau-werke-gmbh\/\",\"name\":\"B&amp;O Bau Werke GmbH -\",\"isPartOf\":{\"@id\":\"https:\/\/buo.de\/bau\/#website\"},\"datePublished\":\"2024-02-09T09:39:58+00:00\",\"dateModified\":\"2026-04-21T11:22:27+00:00\",\"description\":\"Die B&O Holzbau GmbH ist unsere Produktionsst\u00e4tte in Frankfurt (Oder) \u2013 hier entstehen Holzwand- und Holzfassadenelemente f\u00fcr den Seriellen Neubau und die Serielle Sanierung.\",\"breadcrumb\":{\"@id\":\"https:\/\/buo.de\/bau\/unternehmen\/bo-bau-werke-gmbh\/#breadcrumb\"},\"inLanguage\":\"de\",\"potentialAction\":[{\"@type\":\"ReadAction\",\"target\":[\"https:\/\/buo.de\/bau\/unternehmen\/bo-bau-werke-gmbh\/\"]}]},{\"@type\":\"BreadcrumbList\",\"@id\":\"https:\/\/buo.de\/bau\/unternehmen\/bo-bau-werke-gmbh\/#breadcrumb\",\"itemListElement\":[{\"@type\":\"ListItem\",\"position\":1,\"name\":\"Start\",\"item\":\"https:\/\/buo.de\/bau\/\"},{\"@type\":\"ListItem\",\"position\":2,\"name\":\"B&amp;O Bau Werke GmbH\"}]},{\"@type\":\"WebSite\",\"@id\":\"https:\/\/buo.de\/bau\/#website\",\"url\":\"https:\/\/buo.de\/bau\/\",\"name\":\"B&O Bau\",\"description\":\"Das Pilotprojekt\u202fumfasst eine dreigeschossige Nachverdichtung ohne Fl\u00e4chenversiegelung, gepaart mit einer f\u00fcnfgeschossigen seriellen Fassadensanierung im bewohnten Zustand.\u00a0\",\"publisher\":{\"@id\":\"https:\/\/buo.de\/bau\/#organization\"},\"potentialAction\":[{\"@type\":\"SearchAction\",\"target\":{\"@type\":\"EntryPoint\",\"urlTemplate\":\"https:\/\/buo.de\/bau\/?s={search_term_string}\"},\"query-input\":{\"@type\":\"PropertyValueSpecification\",\"valueRequired\":true,\"valueName\":\"search_term_string\"}}],\"inLanguage\":\"de\"},{\"@type\":\"Organization\",\"@id\":\"https:\/\/buo.de\/bau\/#organization\",\"name\":\"B&O Bau GmbH\",\"url\":\"https:\/\/buo.de\/bau\/\",\"logo\":{\"@type\":\"ImageObject\",\"inLanguage\":\"de\",\"@id\":\"https:\/\/buo.de\/bau\/#\/schema\/logo\/image\/\",\"url\":\"https:\/\/buo.de\/bau\/wp-content\/uploads\/sites\/2\/2026\/03\/Logo_BO_Bau_RGB-1.png\",\"contentUrl\":\"https:\/\/buo.de\/bau\/wp-content\/uploads\/sites\/2\/2026\/03\/Logo_BO_Bau_RGB-1.png\",\"width\":1095,\"height\":827,\"caption\":\"B&O Bau GmbH\"},\"image\":{\"@id\":\"https:\/\/buo.de\/bau\/#\/schema\/logo\/image\/\"},\"sameAs\":[\"https:\/\/www.youtube.com\/@BuOBau\",\"https:\/\/www.linkedin.com\/company\/18550887\/\"]}]}<\/script>\n<!-- \/ Yoast SEO plugin. -->","yoast_head_json":{"title":"B&amp;O Bau Werke GmbH -","description":"Die B&O Holzbau GmbH ist unsere Produktionsst\u00e4tte in Frankfurt (Oder) \u2013 hier entstehen Holzwand- und Holzfassadenelemente f\u00fcr den Seriellen Neubau und die Serielle Sanierung.","robots":{"index":"index","follow":"follow","max-snippet":"max-snippet:-1","max-image-preview":"max-image-preview:large","max-video-preview":"max-video-preview:-1"},"canonical":"https:\/\/buo.de\/bau\/unternehmen\/bo-bau-werke-gmbh\/","og_locale":"de_DE","og_type":"article","og_title":"B&amp;O Bau Werke GmbH -","og_description":"Die B&O Holzbau GmbH ist unsere Produktionsst\u00e4tte in Frankfurt (Oder) \u2013 hier entstehen Holzwand- und Holzfassadenelemente f\u00fcr den Seriellen Neubau und die Serielle Sanierung.","og_url":"https:\/\/buo.de\/bau\/unternehmen\/bo-bau-werke-gmbh\/","og_site_name":"B&O Bau","article_publisher":"https:\/\/www.youtube.com\/@BuOBau","article_modified_time":"2026-04-21T11:22:27+00:00","og_image":[{"width":1024,"height":576,"url":"https:\/\/buo.de\/bau\/wp-content\/uploads\/sites\/2\/2025\/07\/Holz_8_Bad_Aibling-1-1024x576.png","type":"image\/png"}],"twitter_card":"summary_large_image","twitter_misc":{"Gesch\u00e4tzte Lesezeit":"1\u00a0Minute"},"schema":{"@context":"https:\/\/schema.org","@graph":[{"@type":"WebPage","@id":"https:\/\/buo.de\/bau\/unternehmen\/bo-bau-werke-gmbh\/","url":"https:\/\/buo.de\/bau\/unternehmen\/bo-bau-werke-gmbh\/","name":"B&amp;O Bau Werke GmbH -","isPartOf":{"@id":"https:\/\/buo.de\/bau\/#website"},"datePublished":"2024-02-09T09:39:58+00:00","dateModified":"2026-04-21T11:22:27+00:00","description":"Die B&O Holzbau GmbH ist unsere Produktionsst\u00e4tte in Frankfurt (Oder) \u2013 hier entstehen Holzwand- und Holzfassadenelemente f\u00fcr den Seriellen Neubau und die Serielle Sanierung.","breadcrumb":{"@id":"https:\/\/buo.de\/bau\/unternehmen\/bo-bau-werke-gmbh\/#breadcrumb"},"inLanguage":"de","potentialAction":[{"@type":"ReadAction","target":["https:\/\/buo.de\/bau\/unternehmen\/bo-bau-werke-gmbh\/"]}]},{"@type":"BreadcrumbList","@id":"https:\/\/buo.de\/bau\/unternehmen\/bo-bau-werke-gmbh\/#breadcrumb","itemListElement":[{"@type":"ListItem","position":1,"name":"Start","item":"https:\/\/buo.de\/bau\/"},{"@type":"ListItem","position":2,"name":"B&amp;O Bau Werke GmbH"}]},{"@type":"WebSite","@id":"https:\/\/buo.de\/bau\/#website","url":"https:\/\/buo.de\/bau\/","name":"B&O Bau","description":"Das Pilotprojekt\u202fumfasst eine dreigeschossige Nachverdichtung ohne Fl\u00e4chenversiegelung, gepaart mit einer f\u00fcnfgeschossigen seriellen Fassadensanierung im bewohnten Zustand.\u00a0","publisher":{"@id":"https:\/\/buo.de\/bau\/#organization"},"potentialAction":[{"@type":"SearchAction","target":{"@type":"EntryPoint","urlTemplate":"https:\/\/buo.de\/bau\/?s={search_term_string}"},"query-input":{"@type":"PropertyValueSpecification","valueRequired":true,"valueName":"search_term_string"}}],"inLanguage":"de"},{"@type":"Organization","@id":"https:\/\/buo.de\/bau\/#organization","name":"B&O Bau GmbH","url":"https:\/\/buo.de\/bau\/","logo":{"@type":"ImageObject","inLanguage":"de","@id":"https:\/\/buo.de\/bau\/#\/schema\/logo\/image\/","url":"https:\/\/buo.de\/bau\/wp-content\/uploads\/sites\/2\/2026\/03\/Logo_BO_Bau_RGB-1.png","contentUrl":"https:\/\/buo.de\/bau\/wp-content\/uploads\/sites\/2\/2026\/03\/Logo_BO_Bau_RGB-1.png","width":1095,"height":827,"caption":"B&O Bau GmbH"},"image":{"@id":"https:\/\/buo.de\/bau\/#\/schema\/logo\/image\/"},"sameAs":["https:\/\/www.youtube.com\/@BuOBau","https:\/\/www.linkedin.com\/company\/18550887\/"]}]}},"_links":{"self":[{"href":"https:\/\/buo.de\/bau\/wp-json\/wp\/v2\/unternehmen\/2849","targetHints":{"allow":["GET"]}}],"collection":[{"href":"https:\/\/buo.de\/bau\/wp-json\/wp\/v2\/unternehmen"}],"about":[{"href":"https:\/\/buo.de\/bau\/wp-json\/wp\/v2\/types\/unternehmen"}],"wp:attachment":[{"href":"https:\/\/buo.de\/bau\/wp-json\/wp\/v2\/media?parent=2849"}],"curies":[{"name":"wp","href":"https:\/\/api.w.org\/{rel}","templated":true}]}}