{"id":79788,"date":"2026-04-30T02:05:00","date_gmt":"2026-04-30T00:05:00","guid":{"rendered":"https:\/\/buo.de\/service\/karriere\/job\/maler-und-lackierer-m-w-d-fuer-die-wohnungsmodernisierung-in-frankfurt-oder-eisenhuettenstadt\/"},"modified":"2026-04-30T02:05:00","modified_gmt":"2026-04-30T00:05:00","slug":"maler-und-lackierer-m-w-d-fuer-die-wohnungsmodernisierung-in-frankfurt-oder-eisenhuettenstadt","status":"publish","type":"job","link":"https:\/\/buo.de\/service\/karriere\/job\/maler-und-lackierer-m-w-d-fuer-die-wohnungsmodernisierung-in-frankfurt-oder-eisenhuettenstadt\/","title":{"rendered":"Maler und Lackierer (m\/w\/d) f\u00fcr die Wohnungsmodernisierung in Frankfurt (Oder) \/ Eisenh\u00fcttenstadt"},"content":{"rendered":"<p>Gestalten Sie mit uns die Zukunft des Handwerks und Ihre eigene!<\/p>\n<h2>Ihre Aufgaben<\/h2>\n<ul>\n<li>Du \u00fcbernimmst Malerarbeiten in der Wohnungsmodernisierung.<\/li>\n<li>Du f\u00fchrst Spachtelarbeiten an W\u00e4nden und Decken der gesamten Wohnung sowie Schimmelsanierungen durch.<\/li>\n<li>Du \u00fcbernimmst Lackierarbeiten an T\u00fcren, Fenstern, Heizk\u00f6rpern etc. der gesamten Wohnung.<\/li>\n<li>Du tapezierst und streichst die gesamte Wohnung.<\/li>\n<li>Du verantwortest die Planung und Besorgung aller erforderlichen Werkzeuge und Materialien.<\/li>\n<\/ul>\n<h2>Ihr Profil<\/h2>\n<ul>\n<li>Du hast eine abgeschlossene Berufsausbildung als Maler und Lackierer (m\/w\/d) oder mehrj\u00e4hrige Berufserfahrung in diesem Bereich.<\/li>\n<li>Du bist im Besitz der F\u00fchrerscheinklasse B oder 3.<\/li>\n<li>Du verf\u00fcgst \u00fcber gute Deutschkenntnisse in Wort und Schrift.<\/li>\n<\/ul>\n<h2>Unser Angebot<\/h2>\n<ul>\n<li>Attraktive Bezahlung: Dein attraktives Gehalt erh\u00e4ltst du p\u00fcnktlich zum Monatsende.<\/li>\n<li>Sicherheit: Eine unbefristete Anstellung in einem krisensicheren Umfeld ist f\u00fcr uns selbstverst\u00e4ndlich. Zus\u00e4tzlich profitierst du von einer betrieblichen Altersvorsorge und einer Gruppenunfallversicherung.<\/li>\n<li>Top Ausstattung: Du bekommst ein vollausgestattetes Servicefahrzeug (nat\u00fcrlich inkl. Tankkarte) zur beruflichen Nutzung ab deinem Wohnort. Hochwertiges Werkzeug, Marken-Arbeitskleidung sowie ein modernes Tablet und Handy erh\u00e4ltst du ebenfalls ab deinem ersten Tag.\u00a0\u00a0<\/li>\n<li>Erholung: Bei uns genie\u00dft du 30 Tage Erholungsurlaub und Urlaubsgeld. F\u00fcr besondere Anl\u00e4sse erh\u00e4ltst du zus\u00e4tzliche freie Tage.\u00a0<\/li>\n<li>Weiterentwicklung: Mit einem auf dich zugeschnittenen Entwicklungsplan und regelm\u00e4\u00dfigen Feedbackgespr\u00e4chen kannst du dich pers\u00f6nlich und fachlich vollkommen entfalten. Bei guten Leistungen hast du auch die Chance auf eine finanzierte Meisterausbildung.<\/li>\n<li>Wohlf\u00fchlen: Mit unserer digitalen und mobilen Zeiterfassung genie\u00dft du maximale Freiheit f\u00fcr eine gute Work-Life-Balance. Hole dir deinen t\u00e4glichen Ausgleich mit einem JobRad oder profitiere von unserer Kooperation mit Urban Sports &amp; Egym Wellpass.<\/li>\n<li>Kindergartenzuschuss: Die Vereinbarkeit von Familie und Beruf ist uns wichtig. Deswegen unterst\u00fctzen wir dich monatlich mit einem steuerfreien Betrag in H\u00f6he von 100,00 Euro f\u00fcr Kinderbetreuungseinrichtungen.<\/li>\n<li>Noch mehr Benefits: Du kannst in \u00fcber 600 Shops verg\u00fcnstigt einkaufen und einmal j\u00e4hrlich mit deiner Familie von Angeboten im B&amp;O Parkhotel in Bad Aibling profitieren.<\/li>\n<\/ul>\n","protected":false},"featured_media":0,"template":"","class_list":["post-79788","job","type-job","status-publish","hentry"],"acf":[],"yoast_head":"<!-- This site is optimized with the Yoast SEO plugin v27.1.1 - https:\/\/yoast.com\/product\/yoast-seo-wordpress\/ -->\n<title>Maler und Lackierer (m\/w\/d) f\u00fcr die Wohnungsmodernisierung in Frankfurt (Oder) \/ Eisenh\u00fcttenstadt - B&amp;O Service<\/title>\n<meta name=\"robots\" content=\"index, follow, max-snippet:-1, max-image-preview:large, max-video-preview:-1\" \/>\n<link rel=\"canonical\" href=\"https:\/\/buo.de\/service\/karriere\/job\/maler-und-lackierer-m-w-d-fuer-die-wohnungsmodernisierung-in-frankfurt-oder-eisenhuettenstadt\/\" \/>\n<meta property=\"og:locale\" content=\"de_DE\" \/>\n<meta property=\"og:type\" content=\"article\" \/>\n<meta property=\"og:title\" content=\"Maler und Lackierer (m\/w\/d) f\u00fcr die Wohnungsmodernisierung in Frankfurt (Oder) \/ Eisenh\u00fcttenstadt - B&amp;O Service\" \/>\n<meta property=\"og:description\" content=\"Gestalten Sie mit uns die Zukunft des Handwerks und Ihre eigene! Ihre Aufgaben Du \u00fcbernimmst Malerarbeiten in der Wohnungsmodernisierung. Du f\u00fchrst Spachtelarbeiten an W\u00e4nden und Decken der gesamten Wohnung sowie Schimmelsanierungen durch. Du \u00fcbernimmst Lackierarbeiten an T\u00fcren, Fenstern, Heizk\u00f6rpern etc. der gesamten Wohnung. Du tapezierst und streichst die gesamte Wohnung. Du verantwortest die Planung und...\" \/>\n<meta property=\"og:url\" content=\"https:\/\/buo.de\/service\/karriere\/job\/maler-und-lackierer-m-w-d-fuer-die-wohnungsmodernisierung-in-frankfurt-oder-eisenhuettenstadt\/\" \/>\n<meta property=\"og:site_name\" content=\"B&amp;O Service\" \/>\n<meta name=\"twitter:card\" content=\"summary_large_image\" \/>\n<meta name=\"twitter:label1\" content=\"Gesch\u00e4tzte Lesezeit\" \/>\n\t<meta name=\"twitter:data1\" content=\"2\u00a0Minuten\" \/>\n<script type=\"application\/ld+json\" class=\"yoast-schema-graph\">{\"@context\":\"https:\/\/schema.org\",\"@graph\":[{\"@type\":\"WebPage\",\"@id\":\"https:\/\/buo.de\/service\/karriere\/job\/maler-und-lackierer-m-w-d-fuer-die-wohnungsmodernisierung-in-frankfurt-oder-eisenhuettenstadt\/\",\"url\":\"https:\/\/buo.de\/service\/karriere\/job\/maler-und-lackierer-m-w-d-fuer-die-wohnungsmodernisierung-in-frankfurt-oder-eisenhuettenstadt\/\",\"name\":\"Maler und Lackierer (m\/w\/d) f\u00fcr die Wohnungsmodernisierung in Frankfurt (Oder) \/ Eisenh\u00fcttenstadt - B&O Service\",\"isPartOf\":{\"@id\":\"https:\/\/buo.de\/service\/#website\"},\"datePublished\":\"2026-04-30T00:05:00+00:00\",\"breadcrumb\":{\"@id\":\"https:\/\/buo.de\/service\/karriere\/job\/maler-und-lackierer-m-w-d-fuer-die-wohnungsmodernisierung-in-frankfurt-oder-eisenhuettenstadt\/#breadcrumb\"},\"inLanguage\":\"de\",\"potentialAction\":[{\"@type\":\"ReadAction\",\"target\":[\"https:\/\/buo.de\/service\/karriere\/job\/maler-und-lackierer-m-w-d-fuer-die-wohnungsmodernisierung-in-frankfurt-oder-eisenhuettenstadt\/\"]}]},{\"@type\":\"BreadcrumbList\",\"@id\":\"https:\/\/buo.de\/service\/karriere\/job\/maler-und-lackierer-m-w-d-fuer-die-wohnungsmodernisierung-in-frankfurt-oder-eisenhuettenstadt\/#breadcrumb\",\"itemListElement\":[{\"@type\":\"ListItem\",\"position\":1,\"name\":\"Startseite\",\"item\":\"https:\/\/buo.de\/service\/\"},{\"@type\":\"ListItem\",\"position\":2,\"name\":\"Maler und Lackierer (m\/w\/d) f\u00fcr die Wohnungsmodernisierung in Frankfurt (Oder) \/ Eisenh\u00fcttenstadt\"}]},{\"@type\":\"WebSite\",\"@id\":\"https:\/\/buo.de\/service\/#website\",\"url\":\"https:\/\/buo.de\/service\/\",\"name\":\"B&O Service\",\"description\":\"\",\"potentialAction\":[{\"@type\":\"SearchAction\",\"target\":{\"@type\":\"EntryPoint\",\"urlTemplate\":\"https:\/\/buo.de\/service\/?s={search_term_string}\"},\"query-input\":{\"@type\":\"PropertyValueSpecification\",\"valueRequired\":true,\"valueName\":\"search_term_string\"}}],\"inLanguage\":\"de\"}]}<\/script>\n<!-- \/ Yoast SEO plugin. -->","yoast_head_json":{"title":"Maler und Lackierer (m\/w\/d) f\u00fcr die Wohnungsmodernisierung in Frankfurt (Oder) \/ Eisenh\u00fcttenstadt - B&O Service","robots":{"index":"index","follow":"follow","max-snippet":"max-snippet:-1","max-image-preview":"max-image-preview:large","max-video-preview":"max-video-preview:-1"},"canonical":"https:\/\/buo.de\/service\/karriere\/job\/maler-und-lackierer-m-w-d-fuer-die-wohnungsmodernisierung-in-frankfurt-oder-eisenhuettenstadt\/","og_locale":"de_DE","og_type":"article","og_title":"Maler und Lackierer (m\/w\/d) f\u00fcr die Wohnungsmodernisierung in Frankfurt (Oder) \/ Eisenh\u00fcttenstadt - B&O Service","og_description":"Gestalten Sie mit uns die Zukunft des Handwerks und Ihre eigene! Ihre Aufgaben Du \u00fcbernimmst Malerarbeiten in der Wohnungsmodernisierung. Du f\u00fchrst Spachtelarbeiten an W\u00e4nden und Decken der gesamten Wohnung sowie Schimmelsanierungen durch. Du \u00fcbernimmst Lackierarbeiten an T\u00fcren, Fenstern, Heizk\u00f6rpern etc. der gesamten Wohnung. Du tapezierst und streichst die gesamte Wohnung. Du verantwortest die Planung und...","og_url":"https:\/\/buo.de\/service\/karriere\/job\/maler-und-lackierer-m-w-d-fuer-die-wohnungsmodernisierung-in-frankfurt-oder-eisenhuettenstadt\/","og_site_name":"B&O Service","twitter_card":"summary_large_image","twitter_misc":{"Gesch\u00e4tzte Lesezeit":"2\u00a0Minuten"},"schema":{"@context":"https:\/\/schema.org","@graph":[{"@type":"WebPage","@id":"https:\/\/buo.de\/service\/karriere\/job\/maler-und-lackierer-m-w-d-fuer-die-wohnungsmodernisierung-in-frankfurt-oder-eisenhuettenstadt\/","url":"https:\/\/buo.de\/service\/karriere\/job\/maler-und-lackierer-m-w-d-fuer-die-wohnungsmodernisierung-in-frankfurt-oder-eisenhuettenstadt\/","name":"Maler und Lackierer (m\/w\/d) f\u00fcr die Wohnungsmodernisierung in Frankfurt (Oder) \/ Eisenh\u00fcttenstadt - B&O Service","isPartOf":{"@id":"https:\/\/buo.de\/service\/#website"},"datePublished":"2026-04-30T00:05:00+00:00","breadcrumb":{"@id":"https:\/\/buo.de\/service\/karriere\/job\/maler-und-lackierer-m-w-d-fuer-die-wohnungsmodernisierung-in-frankfurt-oder-eisenhuettenstadt\/#breadcrumb"},"inLanguage":"de","potentialAction":[{"@type":"ReadAction","target":["https:\/\/buo.de\/service\/karriere\/job\/maler-und-lackierer-m-w-d-fuer-die-wohnungsmodernisierung-in-frankfurt-oder-eisenhuettenstadt\/"]}]},{"@type":"BreadcrumbList","@id":"https:\/\/buo.de\/service\/karriere\/job\/maler-und-lackierer-m-w-d-fuer-die-wohnungsmodernisierung-in-frankfurt-oder-eisenhuettenstadt\/#breadcrumb","itemListElement":[{"@type":"ListItem","position":1,"name":"Startseite","item":"https:\/\/buo.de\/service\/"},{"@type":"ListItem","position":2,"name":"Maler und Lackierer (m\/w\/d) f\u00fcr die Wohnungsmodernisierung in Frankfurt (Oder) \/ Eisenh\u00fcttenstadt"}]},{"@type":"WebSite","@id":"https:\/\/buo.de\/service\/#website","url":"https:\/\/buo.de\/service\/","name":"B&O Service","description":"","potentialAction":[{"@type":"SearchAction","target":{"@type":"EntryPoint","urlTemplate":"https:\/\/buo.de\/service\/?s={search_term_string}"},"query-input":{"@type":"PropertyValueSpecification","valueRequired":true,"valueName":"search_term_string"}}],"inLanguage":"de"}]}},"_links":{"self":[{"href":"https:\/\/buo.de\/service\/wp-json\/wp\/v2\/job\/79788","targetHints":{"allow":["GET"]}}],"collection":[{"href":"https:\/\/buo.de\/service\/wp-json\/wp\/v2\/job"}],"about":[{"href":"https:\/\/buo.de\/service\/wp-json\/wp\/v2\/types\/job"}],"wp:attachment":[{"href":"https:\/\/buo.de\/service\/wp-json\/wp\/v2\/media?parent=79788"}],"curies":[{"name":"wp","href":"https:\/\/api.w.org\/{rel}","templated":true}]}}