{"id":3204,"date":"2024-03-11T14:47:48","date_gmt":"2024-03-11T13:47:48","guid":{"rendered":"https:\/\/buo.de\/service\/?page_id=3204"},"modified":"2026-02-24T14:47:32","modified_gmt":"2026-02-24T13:47:32","slug":"nachhaltigkeit","status":"publish","type":"page","link":"https:\/\/buo.de\/service\/nachhaltigkeit\/","title":{"rendered":"Nachhaltigkeit"},"content":{"rendered":"\n<div class=\"wp-block-columns has-dark-blue-background-color has-background has-full-width is-layout-flex wp-container-core-columns-is-layout-9d6595d7 wp-block-columns-is-layout-flex\">\n<div class=\"wp-block-column is-layout-flow wp-block-column-is-layout-flow\" style=\"flex-basis:100%\">\n<div class=\"wp-block-group is-layout-constrained wp-block-group-is-layout-constrained\">\n<div class=\"wp-block-columns has-white-color has-text-color is-layout-flex wp-container-core-columns-is-layout-9d6595d7 wp-block-columns-is-layout-flex\">\n<div class=\"wp-block-column is-layout-flow wp-block-column-is-layout-flow\">\n<div style=\"height:30px\" aria-hidden=\"true\" class=\"wp-block-spacer\"><\/div>\n\n\n\n<h2 class=\"wp-block-heading\">Gesunde Umwelt<\/h2>\n\n\n\n<h3 class=\"wp-block-heading\">F\u00fcr unsere Zukunft<\/h3>\n\n\n\n<p><\/p>\n\n\n\n<p><\/p>\n<\/div>\n\n\n\n<div class=\"wp-block-column is-layout-flow wp-block-column-is-layout-flow\">\n<div style=\"height:30px\" aria-hidden=\"true\" class=\"wp-block-spacer\"><\/div>\n\n\n\n<p>Wir verstehen Nachhaltigkeit in allen Bereichen, Environment, Social und Government (ESG) ,als strategische und gesellschaftliche Aufgabe und somit als Teil unserer langfristigen Unternehmensstrategie.<\/p>\n\n\n\n<p>\u201cBei allem, was man tut, das Ende zu bedenken,&nbsp;das ist Nachhaltigkeit.\u201d<\/p>\n\n\n\n<p>&#8211; Eric Schweitzer<\/p>\n\n\n\n<div style=\"height:20px\" aria-hidden=\"true\" class=\"wp-block-spacer\"><\/div>\n<\/div>\n<\/div>\n<\/div>\n<\/div>\n<\/div>\n\n\n\n<div style=\"height:136px\" aria-hidden=\"true\" class=\"wp-block-spacer\"><\/div>\n\n\n<div id=\"text-and-image-block_490a234ff8c8f82bfdf41642271522c2\"\n     class=\"text-and-image-container ltr has-highlighted-text slide_in_animation\">\n\n    <style>\n        #text-and-image-block_490a234ff8c8f82bfdf41642271522c2 {\n            --textAndImageHeight: 550px;\n            --textAndImageBackgroundColor: #241D4C;\n            --textAndImageTextColor: #FFFFFF;\n        }\n        @media screen and (max-width: 1024px) {\n        #text-and-image-block_490a234ff8c8f82bfdf41642271522c2 {\n            --textAndImageHeight: 300px;\n        }\n        }\n    <\/style>\n\n                <div class=\"image-wrapper cover\">\n                <div class=\"image-outer\">\n                                        <img decoding=\"async\" loading=\"lazy\" alt=\"\" style=\"height: var(--textAndImageHeight);object-position: center bottom\" sizes=\"(max-width: 1920px) 100vw, 1920px\" srcset=\"https:\/\/buo.de\/service\/wp-content\/uploads\/sites\/3\/2026\/01\/neueSocken-scaled-e1758088887147-1.jpg 1920w, https:\/\/buo.de\/service\/wp-content\/uploads\/sites\/3\/2026\/01\/neueSocken-scaled-e1758088887147-1-282x300.jpg 282w, https:\/\/buo.de\/service\/wp-content\/uploads\/sites\/3\/2026\/01\/neueSocken-scaled-e1758088887147-1-962x1024.jpg 962w, https:\/\/buo.de\/service\/wp-content\/uploads\/sites\/3\/2026\/01\/neueSocken-scaled-e1758088887147-1-768x818.jpg 768w, https:\/\/buo.de\/service\/wp-content\/uploads\/sites\/3\/2026\/01\/neueSocken-scaled-e1758088887147-1-1443x1536.jpg 1443w, https:\/\/buo.de\/service\/wp-content\/uploads\/sites\/3\/2026\/01\/neueSocken-scaled-e1758088887147-1-1014x1080.jpg 1014w, https:\/\/buo.de\/service\/wp-content\/uploads\/sites\/3\/2026\/01\/neueSocken-scaled-e1758088887147-1-1320x1405.jpg 1320w\" src=\"https:\/\/buo.de\/service\/wp-content\/uploads\/sites\/3\/2026\/01\/neueSocken-scaled-e1758088887147-1.jpg\" class=\"image\">\n                <\/div>\n            <\/div>\n                        <div class=\"text is-highlighted\">\n            <h2 class=\"over-content\"><\/h2>\n            <div class=\"content more-content-available\"><h3>Nachhaltigkeit<\/h3>\n<p>Als Unternehmen profitieren wir von guten gesellschaftlichen Rahmenbedingungen, einer gesunden Umwelt, einem guten Bildungssystem und demokratischen Prozessen. Gleichwohl stehen wir als B&amp;O Service in der Verantwortung. Denn Unternehmen k\u00f6nnen zur nachhaltigen Entwicklung einen gro\u00dfen Beitrag leisten und die globale Entwicklung positiv beeinflussen. Wir wollen daher bei der Gestaltung einer nachhaltigen und zukunftsf\u00e4higen Gesellschaft als Unternehmen vorangehen.<\/p>\n<p>Durch unsere Erfahrung und Branchenkenntnis k\u00f6nnen wir unsere Kunden optimal dabei unterst\u00fctzen, ihre Immobilien nachhaltig zu bewirtschaften. Wir stehen ihnen als zuverl\u00e4ssiger Dienstleister und Sparringspartner zur Seite.<\/p>\n<p><\/div>\n\n                            <button class=\"read-more-button\"><i class=\"fa-solid fa-chevron-right\"><\/i>WEITERLESEN<\/button>\n                \n            <div class=\"read-more-content\">Die 2023 verabschiedete Nachhaltigkeitsstrategie der B&amp;O Service ist fester Teil unserer Unternehmensstrategie. Sie wird flankiert durch ein interdisziplin\u00e4res ESG-Projektteam, welches auch f\u00fcr unseren ersten freiwilligen Nachhaltigkeitsbericht beim DNK (Deutscher Nachhaltigkeitskodes) im Gesch\u00e4ftsjahr 2022\/23 verantwortlich zeichnet.<\/p><\/div>\n                    <\/div>\n        <\/div>\n\n\n\n<div style=\"height:136px\" aria-hidden=\"true\" class=\"wp-block-spacer\"><\/div>\n\n\n<div id=\"text-and-image-block_95b7b61a6dbc8514c3df8ec744263b73\"\n     class=\"text-and-image-container rtl has-highlighted-text slide_in_animation\">\n\n    <style>\n        #text-and-image-block_95b7b61a6dbc8514c3df8ec744263b73 {\n            --textAndImageHeight: 550px;\n            --textAndImageBackgroundColor: #241D4C;\n            --textAndImageTextColor: #FFFFFF;\n        }\n        @media screen and (max-width: 1024px) {\n        #text-and-image-block_95b7b61a6dbc8514c3df8ec744263b73 {\n            --textAndImageHeight: 300px;\n        }\n        }\n    <\/style>\n\n                <div class=\"image-wrapper cover\">\n                <div class=\"image-outer\">\n                                        <img decoding=\"async\" loading=\"lazy\" alt=\"\" style=\"height: var(--textAndImageHeight);object-position: left top\" sizes=\"(max-width: 1920px) 100vw, 1920px\" srcset=\"https:\/\/buo.de\/service\/wp-content\/uploads\/sites\/3\/2024\/04\/Willen3-scaled.jpg 2560w, https:\/\/buo.de\/service\/wp-content\/uploads\/sites\/3\/2024\/04\/Willen3-300x225.jpg 300w, https:\/\/buo.de\/service\/wp-content\/uploads\/sites\/3\/2024\/04\/Willen3-1024x768.jpg 1024w, https:\/\/buo.de\/service\/wp-content\/uploads\/sites\/3\/2024\/04\/Willen3-768x576.jpg 768w, https:\/\/buo.de\/service\/wp-content\/uploads\/sites\/3\/2024\/04\/Willen3-1536x1152.jpg 1536w, https:\/\/buo.de\/service\/wp-content\/uploads\/sites\/3\/2024\/04\/Willen3-2048x1536.jpg 2048w, https:\/\/buo.de\/service\/wp-content\/uploads\/sites\/3\/2024\/04\/Willen3-1440x1080.jpg 1440w\" src=\"https:\/\/buo.de\/service\/wp-content\/uploads\/sites\/3\/2024\/04\/Willen3-scaled.jpg\" class=\"image\">\n                <\/div>\n            <\/div>\n                        <div class=\"text is-highlighted\">\n            <h2 class=\"over-content\"><\/h2>\n            <div class=\"content \"><h3>\u2026\u202fgeht uns alle an.<\/h3>\n<p>Unser Ziel ist es, unsere Leistungen nachhaltig, umwelt- und ressourcenschonend zu erbringen und dabei in der Branche voranzugehen.\u202fDas bringt eine enorme Verantwortung mit sich, denn wir sind noch am Beginn des Weges. Gerade in der Bau- und Immobilienbranche gibt es im Bereich Klima und Umwelt viel zu tun.<\/p>\n<p>Die Kernkompetenzen der B&amp;O Service liegen in der Werterhaltung von Immobilien und betreffen t\u00e4glich tausende Menschen in ihrem Wohnumfeld. Als starker Partner begleiten wir unsere Kunden mit innovativen Ideen im Bereich der Instandhaltung und Modernisierung von Wohnungen. Wir stellen uns der Herausforderung gemeinsam mit ihnen zukunftsf\u00e4hige und nachhaltige L\u00f6sungen zu entwickeln.<\/p>\n<\/div>\n\n            \n            <div class=\"read-more-content\"><\/div>\n            <a href=\"https:\/\/buo.de\/service\/wp-content\/uploads\/sites\/3\/2024\/03\/Nachhaltigkeitsstrategie.pdf\" target=\"_blank\" title=\"\" class=\"button\">Nachhaltigkeitsstrategie<\/a>        <\/div>\n        <\/div>\n\n\n\n<div style=\"height:136px\" aria-hidden=\"true\" class=\"wp-block-spacer\"><\/div>\n\n\n\n<div id=\"image-with-caption-block_7d1a0eabccbae70f043ef462af1e0bbe\" class=\"image-with-caption-container\"\n     data-align=\"\"\n     data-full-width=\"enabled\"\n     data-parallax=\"enabled\">\n    <div style=\"height:400px\"\n         class=\"image-wrapper\">\n\n                    <div style=\"background-image: url('https:\/\/buo.de\/service\/wp-content\/uploads\/sites\/3\/2024\/04\/carlos-muza-hpjSkU2UYSU-unsplash.jpg'); height: 400px\"\n                 class=\"caption-image-overlay\"><\/div>\n            \n    <\/div>\n    <\/div>\n\n\n\n<div class=\"wp-block-columns has-dark-blue-background-color has-background has-full-width is-layout-flex wp-container-core-columns-is-layout-9d6595d7 wp-block-columns-is-layout-flex\">\n<div class=\"wp-block-column is-layout-flow wp-block-column-is-layout-flow\" style=\"flex-basis:100%\">\n<div class=\"wp-block-group is-layout-constrained wp-block-group-is-layout-constrained\">\n<div class=\"wp-block-columns has-white-color has-text-color is-layout-flex wp-container-core-columns-is-layout-9d6595d7 wp-block-columns-is-layout-flex\">\n<div class=\"wp-block-column is-layout-flow wp-block-column-is-layout-flow\">\n<div style=\"height:30px\" aria-hidden=\"true\" class=\"wp-block-spacer\"><\/div>\n\n\n\n<h2 class=\"wp-block-heading\">Reporting<\/h2>\n\n\n\n<h3 class=\"wp-block-heading\">Gesch\u00e4ftsjahr 2024\/25<\/h3>\n\n\n\n<div style=\"height:40px\" aria-hidden=\"true\" class=\"wp-block-spacer\"><\/div>\n\n\n\n<hr class=\"wp-block-separator has-text-color has-soft-blue-color has-alpha-channel-opacity has-soft-blue-background-color has-background\"\/>\n<\/div>\n<\/div>\n<\/div>\n<\/div>\n<\/div>\n\n\n\n<div class=\"wp-block-columns has-white-color has-dark-blue-background-color has-text-color has-background has-full-width is-layout-flex wp-container-core-columns-is-layout-9d6595d7 wp-block-columns-is-layout-flex\">\n<div class=\"wp-block-column is-layout-flow wp-block-column-is-layout-flow\" style=\"flex-basis:33.33%\">\n<div style=\"height:10px\" aria-hidden=\"true\" class=\"wp-block-spacer\"><\/div>\n\n\n\n<p class=\"has-text-align-center counter has-8-xl-font-size\" style=\"line-height:1\"><strong>2024\/25<\/strong><\/p>\n\n\n\n<p class=\"has-text-align-center description has-white-color has-text-color has-link-color has-3-xl-font-size wp-elements-30fbe50587906e4cb71660cb75a75f75\"><strong>Nachhaltigkeitsbericht<\/strong><\/p>\n\n\n\n<div style=\"height:24px\" aria-hidden=\"true\" class=\"wp-block-spacer\"><\/div>\n\n\n\n<div class=\"wp-block-group is-content-justification-center is-nowrap is-layout-flex wp-container-core-group-is-layout-94bc23d7 wp-block-group-is-layout-flex\">\n<div class=\"wp-block-file aligncenter\"><a id=\"wp-block-file--media-71c42d92-c472-47a2-838b-42fc1e3bc93f\" href=\"https:\/\/buo.de\/service\/wp-content\/uploads\/sites\/3\/2026\/02\/Berichterstattung-zur-Nachhaltigkeit-BOService-2024_25.pdf\" target=\"_blank\" rel=\"noreferrer noopener\">Mehr lesen<\/a><\/div>\n\n\n\n<pre class=\"wp-block-code\"><code>\u203a<\/code><\/pre>\n<\/div>\n\n\n\n<div style=\"height:30px\" aria-hidden=\"true\" class=\"wp-block-spacer\"><\/div>\n<\/div>\n\n\n\n<div class=\"wp-block-column is-layout-flow wp-block-column-is-layout-flow\" style=\"flex-basis:33.33%\">\n<div style=\"height:10px\" aria-hidden=\"true\" class=\"wp-block-spacer\"><\/div>\n\n\n\n<p class=\"has-text-align-center counter has-8-xl-font-size\" style=\"line-height:1\"><strong>17<\/strong><\/p>\n\n\n\n<p class=\"has-text-align-center description has-white-color has-text-color has-link-color has-3-xl-font-size wp-elements-c65b625078854f5f5350df1bc5ca4fb9\"><strong>Nachhaltigkeitsziele der UN<\/strong><\/p>\n\n\n\n<div style=\"height:24px\" aria-hidden=\"true\" class=\"wp-block-spacer\"><\/div>\n\n\n\n<div class=\"wp-block-group is-content-justification-center is-nowrap is-layout-flex wp-container-core-group-is-layout-94bc23d7 wp-block-group-is-layout-flex\">\n<div class=\"wp-block-file aligncenter\"><a id=\"wp-block-file--media-4b8cf22f-fc17-4e8f-a61f-24df6be74180\" href=\"https:\/\/buo.de\/service\/wp-content\/uploads\/sites\/3\/2024\/04\/SDG-bei-BO.pdf\" target=\"_blank\" rel=\"noreferrer noopener\">Mehr lesen<\/a><\/div>\n\n\n\n<pre class=\"wp-block-code\"><code>\u203a<\/code><\/pre>\n<\/div>\n\n\n\n<div style=\"height:30px\" aria-hidden=\"true\" class=\"wp-block-spacer\"><\/div>\n<\/div>\n\n\n\n<div class=\"wp-block-column is-layout-flow wp-block-column-is-layout-flow\" style=\"flex-basis:33.33%\">\n<div style=\"height:10px\" aria-hidden=\"true\" class=\"wp-block-spacer\"><\/div>\n\n\n\n<p class=\"has-text-align-center counter has-8-xl-font-size\" style=\"line-height:1\"><strong>55%<\/strong><\/p>\n\n\n\n<p class=\"has-text-align-center description has-white-color has-text-color has-link-color has-3-xl-font-size wp-elements-c643b574ea937a3611da0e9ec1f125d4\"><strong><strong>CO<sub>2<\/sub><\/strong>-Emissionsreduktion<\/strong> <strong>bis 2030<\/strong><\/p>\n\n\n\n<div style=\"height:24px\" aria-hidden=\"true\" class=\"wp-block-spacer\"><\/div>\n\n\n\n<div class=\"wp-block-group is-content-justification-center is-nowrap is-layout-flex wp-container-core-group-is-layout-94bc23d7 wp-block-group-is-layout-flex\">\n<div class=\"wp-block-file aligncenter\"><a id=\"wp-block-file--media-1f6082dd-d5b5-4cec-a5ce-adf010a6fd9d\" href=\"https:\/\/buo.de\/service\/wp-content\/uploads\/sites\/3\/2024\/03\/Nachhaltigkeitsstrategie.pdf\" target=\"_blank\" rel=\"noreferrer noopener\">Mehr lesen<\/a><\/div>\n\n\n\n<pre class=\"wp-block-code\"><code>\u203a<\/code><\/pre>\n<\/div>\n\n\n\n<div style=\"height:30px\" aria-hidden=\"true\" class=\"wp-block-spacer\"><\/div>\n<\/div>\n<\/div>\n\n\n\n<div style=\"height:136px\" aria-hidden=\"true\" class=\"wp-block-spacer\"><\/div>\n\n\n<div id=\"text-and-image-block_9c10dd9d7dc7b7b26f81439c7a48dd43\"\n     class=\"text-and-image-container ltr has-highlighted-text slide_in_animation\">\n\n    <style>\n        #text-and-image-block_9c10dd9d7dc7b7b26f81439c7a48dd43 {\n            --textAndImageHeight: 550px;\n            --textAndImageBackgroundColor: #241D4C;\n            --textAndImageTextColor: #FFFFFF;\n        }\n        @media screen and (max-width: 1024px) {\n        #text-and-image-block_9c10dd9d7dc7b7b26f81439c7a48dd43 {\n            --textAndImageHeight: 300px;\n        }\n        }\n    <\/style>\n\n                <div class=\"image-wrapper cover\">\n                <div class=\"image-outer\">\n                                        <img decoding=\"async\" loading=\"lazy\" alt=\"\" style=\"height: var(--textAndImageHeight);object-position: left top\" sizes=\"(max-width: 1920px) 100vw, 1920px\" srcset=\"https:\/\/buo.de\/service\/wp-content\/uploads\/sites\/3\/2024\/04\/2635424-scaled.jpg 2560w, https:\/\/buo.de\/service\/wp-content\/uploads\/sites\/3\/2024\/04\/2635424-300x200.jpg 300w, https:\/\/buo.de\/service\/wp-content\/uploads\/sites\/3\/2024\/04\/2635424-1024x683.jpg 1024w, https:\/\/buo.de\/service\/wp-content\/uploads\/sites\/3\/2024\/04\/2635424-768x512.jpg 768w, https:\/\/buo.de\/service\/wp-content\/uploads\/sites\/3\/2024\/04\/2635424-1536x1024.jpg 1536w, https:\/\/buo.de\/service\/wp-content\/uploads\/sites\/3\/2024\/04\/2635424-2048x1365.jpg 2048w, https:\/\/buo.de\/service\/wp-content\/uploads\/sites\/3\/2024\/04\/2635424-1620x1080.jpg 1620w\" src=\"https:\/\/buo.de\/service\/wp-content\/uploads\/sites\/3\/2024\/04\/2635424-scaled.jpg\" class=\"image\">\n                <\/div>\n            <\/div>\n                        <div class=\"text is-highlighted\">\n            <h2 class=\"over-content\"><\/h2>\n            <div class=\"content more-content-available\"><h3>Menschenrechte<\/h3>\n<p>Seit vielen Jahren steht die B&amp;O Service als Dienstleister der Wohnungswirtschaft f\u00fcr Qualit\u00e4t in der Instandhaltung und Wohnungsmodernisierung.<\/p>\n<p>Mit unseren Leistungen beeinflussen wir das t\u00e4gliche Leben vieler Mieter:innen in ihrer unmittelbaren Wohnumgebung und \u00fcbernehmen damit Verantwortung f\u00fcr Menschen und ihre Umwelt. Daher ist der verantwortungsvolle Umgang mit Menschen, Umwelt und Ressourcen ein fester Teil unseres Selbstverst\u00e4ndnisses.<\/p>\n<p>Als Unternehmen mit hohen Anspr\u00fcchen an Compliance, Sorgfalt und Integrit\u00e4t ist es uns ein besonderes Anliegen, menschenrechtliche Risiken in unseren T\u00e4tigkeitsfeldern sowie in unserer Lieferkette zu identifizieren und diesen angemessen entgegenzuwirken.<\/p>\n<p><\/div>\n\n                            <button class=\"read-more-button\"><i class=\"fa-solid fa-chevron-right\"><\/i>WEITERLESEN<\/button>\n                \n            <div class=\"read-more-content\">Dies spiegelt sich auch in unserer Grundsatzerkl\u00e4rung und unserem Code of Conduct wider.<\/p><\/div>\n                    <\/div>\n        <\/div>\n\n\n\n<div style=\"height:136px\" aria-hidden=\"true\" class=\"wp-block-spacer\"><\/div>\n\n\n<div id=\"text-and-image-block_fbe10081d6bd3f24ceb6f4c5b614a598\"\n     class=\"text-and-image-container rtl has-highlighted-text slide_in_animation\">\n\n    <style>\n        #text-and-image-block_fbe10081d6bd3f24ceb6f4c5b614a598 {\n            --textAndImageHeight: 550px;\n            --textAndImageBackgroundColor: #241D4C;\n            --textAndImageTextColor: #FFFFFF;\n        }\n        @media screen and (max-width: 1024px) {\n        #text-and-image-block_fbe10081d6bd3f24ceb6f4c5b614a598 {\n            --textAndImageHeight: 300px;\n        }\n        }\n    <\/style>\n\n                <div class=\"image-wrapper cover\">\n                <div class=\"image-outer\">\n                                        <img decoding=\"async\" loading=\"lazy\" alt=\"\" style=\"height: var(--textAndImageHeight);object-position: center center\" sizes=\"(max-width: 1920px) 100vw, 1920px\" srcset=\"https:\/\/buo.de\/service\/wp-content\/uploads\/sites\/3\/2024\/04\/DSC05255_neu-scaled.jpg 2560w, https:\/\/buo.de\/service\/wp-content\/uploads\/sites\/3\/2024\/04\/DSC05255_neu-300x200.jpg 300w, https:\/\/buo.de\/service\/wp-content\/uploads\/sites\/3\/2024\/04\/DSC05255_neu-1024x683.jpg 1024w, https:\/\/buo.de\/service\/wp-content\/uploads\/sites\/3\/2024\/04\/DSC05255_neu-768x512.jpg 768w, https:\/\/buo.de\/service\/wp-content\/uploads\/sites\/3\/2024\/04\/DSC05255_neu-1536x1024.jpg 1536w, https:\/\/buo.de\/service\/wp-content\/uploads\/sites\/3\/2024\/04\/DSC05255_neu-2048x1365.jpg 2048w, https:\/\/buo.de\/service\/wp-content\/uploads\/sites\/3\/2024\/04\/DSC05255_neu-1620x1080.jpg 1620w\" src=\"https:\/\/buo.de\/service\/wp-content\/uploads\/sites\/3\/2024\/04\/DSC05255_neu-scaled.jpg\" class=\"image\">\n                <\/div>\n            <\/div>\n                        <div class=\"text is-highlighted\">\n            <h2 class=\"over-content\"><\/h2>\n            <div class=\"content more-content-available\"><h3><span class=\"TextRun SCXW193475791 BCX8\" lang=\"DE-DE\" xml:lang=\"DE-DE\" data-contrast=\"auto\"><span class=\"NormalTextRun SCXW193475791 BCX8\">Lieferkettensorgfaltsgesetz (<\/span><span class=\"NormalTextRun SpellingErrorV2Themed SCXW193475791 BCX8\">LkSG<\/span><span class=\"NormalTextRun SCXW193475791 BCX8\">)<\/span><\/span><span class=\"EOP SCXW193475791 BCX8\" data-ccp-props=\"{&quot;201341983&quot;:0,&quot;335559739&quot;:160,&quot;335559740&quot;:259}\">\u00a0<\/span><\/h3>\n<p><span data-contrast=\"auto\">Die B&amp;O Service bekennt sich zu rechtm\u00e4\u00dfigem Verhalten und einer werteorientierten Unternehmensf\u00fchrung in allen Vertragsbeziehungen und \u00fcbernimmt Verantwortung entlang der Lieferketten. Wir setzen auf langj\u00e4hrige Partnerschaften, in denen Gesch\u00e4ftst\u00e4tigkeiten integer und verantwortungsbewusst ausge\u00fcbt und anwendbare Gesetze zur Achtung der menschenrechts- und umweltbezogenen Belange befolgt und geachtet werden.<\/span><span data-ccp-props=\"{&quot;201341983&quot;:0,&quot;335559739&quot;:160,&quot;335559740&quot;:259}\">\u00a0<\/span><\/p>\n<p><span data-contrast=\"auto\">Dabei orientiert sich B&amp;O Service an den Leitprinzipien f\u00fcr Wirtschaft und Menschenrechte der UN und deren Umsetzung anhand des Nationalen Aktionsplans Wirtschaft und Menschenrechte (NAP) und au\u00dferdem an:<\/span><span data-ccp-props=\"{&quot;201341983&quot;:0,&quot;335559739&quot;:160,&quot;335559740&quot;:259}\">\u00a0<\/span><\/div>\n\n                            <button class=\"read-more-button\"><i class=\"fa-solid fa-chevron-right\"><\/i>WEITERLESEN<\/button>\n                \n            <div class=\"read-more-content\"><\/p>\n<p><span data-contrast=\"auto\">Darauf basieren auch unsere \u201cGrundsatzerkl\u00e4rung Menschenrechte und soziale Verantwortung\u201d, sowie die \u201cVerfahrensordnung zum Beschwerdeverfahren\u201d (Hinweisgebersystem).<\/span><span data-ccp-props=\"{&quot;201341983&quot;:0,&quot;335559739&quot;:160,&quot;335559740&quot;:259}\">\u00a0<\/span><\/p>\n<p><span data-contrast=\"auto\">In diesen Dokumenten k\u00f6nnen sich unsere Mitarbeitenden und externe Stakeholder sowie auch externe Dritte umfassend und transparent \u00fcber Grunds\u00e4tze und Verfahren der B&amp;O Service informieren.<\/span><span data-ccp-props=\"{&quot;201341983&quot;:0,&quot;335559739&quot;:160,&quot;335559740&quot;:259}\">\u00a0<\/span><\/p>\n<\/div>\n                    <\/div>\n        <\/div>\n\n\n\n<div style=\"height:136px\" aria-hidden=\"true\" class=\"wp-block-spacer\"><\/div>\n\n\n<div id=\"text-and-image-block_536b3c3b8fcac896d127e0beb1c1af13\"\n     class=\"text-and-image-container ltr has-highlighted-text slide_in_animation\">\n\n    <style>\n        #text-and-image-block_536b3c3b8fcac896d127e0beb1c1af13 {\n            --textAndImageHeight: 550px;\n            --textAndImageBackgroundColor: #241D4C;\n            --textAndImageTextColor: #FFFFFF;\n        }\n        @media screen and (max-width: 1024px) {\n        #text-and-image-block_536b3c3b8fcac896d127e0beb1c1af13 {\n            --textAndImageHeight: 300px;\n        }\n        }\n    <\/style>\n\n                <div class=\"image-wrapper cover\">\n                <div class=\"image-outer\">\n                                        <img decoding=\"async\" loading=\"lazy\" alt=\"\" style=\"height: var(--textAndImageHeight);object-position: right top\" sizes=\"(max-width: 1920px) 100vw, 1920px\" srcset=\"https:\/\/buo.de\/service\/wp-content\/uploads\/sites\/3\/2025\/09\/OS46754-1920x1280.jpg 1920w, https:\/\/buo.de\/service\/wp-content\/uploads\/sites\/3\/2025\/09\/OS46754-300x200.jpg 300w, https:\/\/buo.de\/service\/wp-content\/uploads\/sites\/3\/2025\/09\/OS46754-1024x683.jpg 1024w, https:\/\/buo.de\/service\/wp-content\/uploads\/sites\/3\/2025\/09\/OS46754-768x512.jpg 768w, https:\/\/buo.de\/service\/wp-content\/uploads\/sites\/3\/2025\/09\/OS46754-1536x1024.jpg 1536w, https:\/\/buo.de\/service\/wp-content\/uploads\/sites\/3\/2025\/09\/OS46754-2048x1365.jpg 2048w, https:\/\/buo.de\/service\/wp-content\/uploads\/sites\/3\/2025\/09\/OS46754-1620x1080.jpg 1620w, https:\/\/buo.de\/service\/wp-content\/uploads\/sites\/3\/2025\/09\/OS46754-1320x880.jpg 1320w\" src=\"https:\/\/buo.de\/service\/wp-content\/uploads\/sites\/3\/2025\/09\/OS46754-1920x1280.jpg\" class=\"image\">\n                <\/div>\n            <\/div>\n                        <div class=\"text is-highlighted\">\n            <h2 class=\"over-content\"><\/h2>\n            <div class=\"content more-content-available\"><h3>Compliance Hinweisgebersystem<\/h3>\n<p>Die B&amp;O Service verf\u00fcgt seit 2021 \u00fcber ein Compliance Hinweisgebersystem (Beschwerdeverfahren). Dieses webbasierte Hinweisgebersystem steht jederzeit allen Mitarbeitenden, Stakeholdern und externen Dritten offen, welche Regelverst\u00f6\u00dfe (auch anonym) melden und Abhilfe einfordern m\u00f6chten. Hinweise werden durch die\/den Compliance Beauftragte:n und unsere Menschenrechtsbeauftragten bearbeitet. Die Hinweisgebende werden \u00fcber die Bearbeitung und das Ergebnis informiert.<\/p>\n<p>Bei allen Ma\u00dfnahmen sch\u00fctzen wir die Identit\u00e4t der Hinweisgebenden sowie auch berechtigte Interessen der Lieferanten und Rechte von Mitarbeitenden, insbesondere bez\u00fcglich des Schutzes von Daten und Gesch\u00e4ftsgeheimnissen.<\/div>\n\n                            <button class=\"read-more-button\"><i class=\"fa-solid fa-chevron-right\"><\/i>WEITERLESEN<\/button>\n                \n            <div class=\"read-more-content\"><\/p>\n<p>Alternativ zum Beschwerdesystem k\u00f6nnen alle Hinweise auch durch direkte Kontaktaufnahme der\/dem Menschenrechtsbeauftragte:n bzw. Verantwortliche:n f\u00fcr Compliance mitgeteilt werden.<\/p>\n<p><a href=\"mailto:socialcompliance@boservice.de\">\u00a0\u202fsocialcompliance@boservice.de\u00a0<\/a><\/p>\n<p>Alternativ k\u00f6nnen Beschwerden auch per Post eingereicht werden.<\/p>\n<p>B&amp;O Service SE<br \/>\nBereich Compliance \/ Menschenrechte<br \/>\nDietrich-Bonhoeffer-Stra\u00dfe 13a<br \/>\n83043 Bad Aibling<\/p>\n<\/div>\n            <a href=\"https:\/\/boservice.hintbox.de\/\" target=\"_blank\" title=\"\" class=\"button\">Hinweisgebersystem<\/a>        <\/div>\n        <\/div>\n\n\n\n<div style=\"height:136px\" aria-hidden=\"true\" class=\"wp-block-spacer\"><\/div>\n\n\n\n<div class=\"wp-block-columns are-vertically-aligned-center is-layout-flex wp-container-core-columns-is-layout-9d6595d7 wp-block-columns-is-layout-flex\">\n<div class=\"wp-block-column is-vertically-aligned-center is-layout-flow wp-block-column-is-layout-flow\">\n<section id=\"info-container-block_36711364750009952d1742798ce201f9\"\n         class=\"info-container\"\n         style=\"\"\n         role=\"region\"\n         aria-labelledby=\"info-container-title\"\n>\n    \n    <div class=\"info-container-content\">\n        <div class=\"acf-innerblocks-container\">\n\n<h2 class=\"wp-block-heading has-full-width\">Dokumente<\/h2>\n\n\n\n<div class=\"wp-block-columns alignwide is-layout-flex wp-container-core-columns-is-layout-9d6595d7 wp-block-columns-is-layout-flex\">\n<div class=\"wp-block-column is-layout-flow wp-block-column-is-layout-flow\" style=\"flex-basis:100%\">\n<div class=\"wp-block-group has-full-width is-content-justification-left is-nowrap is-layout-flex wp-container-core-group-is-layout-f56a869c wp-block-group-is-layout-flex\">\n<p class=\"has-text-align-left description has-3-xl-font-size\"><strong><a data-highlighted href=\"https:\/\/buo.de\/service\/wp-content\/uploads\/sites\/3\/2024\/03\/20240117_BO_Grundsatzerklaerung-LKSG_gezeichnet.pdf\" target=\"_blank\" rel=\"noreferrer noopener\">Grundsatzerkl\u00e4rung Menschenrechte<\/a><\/strong><\/p>\n\n\n\n<pre class=\"wp-block-code has-3-xl-font-size\"><code>\u203a<\/code><\/pre>\n<\/div>\n\n\n\n<div style=\"height:20px\" aria-hidden=\"true\" class=\"wp-block-spacer\"><\/div>\n\n\n\n<hr class=\"wp-block-separator has-text-color has-alpha-channel-opacity has-background\" style=\"background-color:#c9f2e2;color:#c9f2e2\"\/>\n\n\n\n<div style=\"height:20px\" aria-hidden=\"true\" class=\"wp-block-spacer\"><\/div>\n\n\n\n<div class=\"wp-block-group is-content-justification-left is-nowrap is-layout-flex wp-container-core-group-is-layout-f56a869c wp-block-group-is-layout-flex\">\n<p class=\"has-text-align-left description has-3-xl-font-size\"><strong><a data-highlighted href=\"https:\/\/buo.de\/service\/wp-content\/uploads\/sites\/3\/2024\/03\/20231113_Kodex_Geschaeftspartner_CoC_final.pdf\" target=\"_blank\" rel=\"noreferrer noopener\">Code of Conduct<\/a><\/strong><\/p>\n\n\n\n<pre class=\"wp-block-code has-3-xl-font-size\"><code>\u203a<\/code><\/pre>\n<\/div>\n\n\n\n<div style=\"height:20px\" aria-hidden=\"true\" class=\"wp-block-spacer\"><\/div>\n\n\n\n<hr class=\"wp-block-separator has-text-color has-alpha-channel-opacity has-background\" style=\"background-color:#c9f2e2;color:#c9f2e2\"\/>\n\n\n\n<div style=\"height:20px\" aria-hidden=\"true\" class=\"wp-block-spacer\"><\/div>\n\n\n\n<div class=\"wp-block-group is-content-justification-left is-nowrap is-layout-flex wp-container-core-group-is-layout-f56a869c wp-block-group-is-layout-flex\">\n<p class=\"has-text-align-left description has-3-xl-font-size\"><strong><strong><a data-highlighted href=\"https:\/\/buo.de\/service\/wp-content\/uploads\/sites\/3\/2024\/03\/20231020_BO_Verfahrensordnung-Hinweisgeber-LKSG.pdf\" target=\"_blank\" rel=\"noreferrer noopener\">Verfahrensordnung Hinweisgebersystem<\/a><\/strong><\/strong><\/p>\n\n\n\n<pre class=\"wp-block-code has-3-xl-font-size\"><code>\u203a<\/code><\/pre>\n<\/div>\n\n\n\n<div style=\"height:20px\" aria-hidden=\"true\" class=\"wp-block-spacer\"><\/div>\n<\/div>\n<\/div>\n\n<\/div>\n    <\/div>\n<\/section>\n<\/div>\n\n\n\n<div class=\"wp-block-column is-vertically-aligned-center is-layout-flow wp-block-column-is-layout-flow\">\n<figure class=\"wp-block-image size-large\"><img loading=\"lazy\" decoding=\"async\" width=\"1024\" height=\"576\" src=\"https:\/\/buo.de\/service\/wp-content\/uploads\/sites\/3\/2025\/09\/AdobeStock_578324932-1024x576.jpeg\" alt=\"\" class=\"wp-image-4659\" style=\"aspect-ratio:16\/9;object-fit:cover\" srcset=\"https:\/\/buo.de\/service\/wp-content\/uploads\/sites\/3\/2025\/09\/AdobeStock_578324932-1024x576.jpeg 1024w, https:\/\/buo.de\/service\/wp-content\/uploads\/sites\/3\/2025\/09\/AdobeStock_578324932-300x169.jpeg 300w, https:\/\/buo.de\/service\/wp-content\/uploads\/sites\/3\/2025\/09\/AdobeStock_578324932-768x432.jpeg 768w, https:\/\/buo.de\/service\/wp-content\/uploads\/sites\/3\/2025\/09\/AdobeStock_578324932-1536x864.jpeg 1536w, https:\/\/buo.de\/service\/wp-content\/uploads\/sites\/3\/2025\/09\/AdobeStock_578324932-2048x1152.jpeg 2048w, https:\/\/buo.de\/service\/wp-content\/uploads\/sites\/3\/2025\/09\/AdobeStock_578324932-1920x1080.jpeg 1920w, https:\/\/buo.de\/service\/wp-content\/uploads\/sites\/3\/2025\/09\/AdobeStock_578324932-1320x743.jpeg 1320w\" sizes=\"auto, (max-width: 1024px) 100vw, 1024px\" \/><\/figure>\n<\/div>\n<\/div>\n","protected":false},"excerpt":{"rendered":"<p>Gesunde Umwelt F\u00fcr unsere Zukunft Wir verstehen Nachhaltigkeit in allen Bereichen, Environment, Social und Government (ESG) ,als strategische und gesellschaftliche Aufgabe und somit als Teil unserer langfristigen Unternehmensstrategie. \u201cBei allem, was man tut, das Ende zu bedenken,&nbsp;das ist Nachhaltigkeit.\u201d &#8211; Eric Schweitzer Reporting Gesch\u00e4ftsjahr 2024\/25 2024\/25 Nachhaltigkeitsbericht 17 Nachhaltigkeitsziele der UN 55% CO2-Emissionsreduktion bis 2030<\/p>\n","protected":false},"author":8,"featured_media":0,"parent":0,"menu_order":0,"comment_status":"closed","ping_status":"closed","template":"","meta":{"_acf_changed":false,"_relevanssi_hide_post":"","_relevanssi_hide_content":"","_relevanssi_pin_for_all":"","_relevanssi_pin_keywords":"","_relevanssi_unpin_keywords":"","_relevanssi_related_keywords":"","_relevanssi_related_include_ids":"","_relevanssi_related_exclude_ids":"","_relevanssi_related_no_append":"","_relevanssi_related_not_related":"","_relevanssi_related_posts":"1,772","_relevanssi_noindex_reason":"","footnotes":""},"class_list":["post-3204","page","type-page","status-publish","hentry"],"acf":[],"yoast_head":"<!-- This site is optimized with the Yoast SEO plugin v27.1.1 - https:\/\/yoast.com\/product\/yoast-seo-wordpress\/ -->\n<title>Nachhaltigkeit und Verantwortung bei B&amp;O Service<\/title>\n<meta name=\"description\" content=\"Nachhaltigkeit ist Bestandteil der Unternehmensstrategie von B&amp;O Service und umfasst die Bereiche Environment, Social und Governance (ESG). Ziel ist die nachhaltige Bewirtschaftung, Instandhaltung und Modernisierung von Wohnimmobilien.\" \/>\n<meta name=\"robots\" content=\"index, follow, max-snippet:-1, max-image-preview:large, max-video-preview:-1\" \/>\n<link rel=\"canonical\" href=\"https:\/\/buo.de\/service\/nachhaltigkeit\/\" \/>\n<meta property=\"og:locale\" content=\"de_DE\" \/>\n<meta property=\"og:type\" content=\"article\" \/>\n<meta property=\"og:title\" content=\"Nachhaltigkeit und Verantwortung bei B&amp;O Service: Struktur, Verantwortung, Umsetzung\" \/>\n<meta property=\"og:description\" content=\"Nachhaltigkeit ist Bestandteil der Unternehmensstrategie von B&amp;O Service und umfasst die Bereiche Environment, Social und Governance (ESG). Ziel ist die nachhaltige Bewirtschaftung, Instandhaltung und Modernisierung von Wohnimmobilien.\" \/>\n<meta property=\"og:url\" content=\"https:\/\/buo.de\/service\/nachhaltigkeit\/\" \/>\n<meta property=\"og:site_name\" content=\"B&amp;O Service\" \/>\n<meta property=\"article:modified_time\" content=\"2026-02-24T13:47:32+00:00\" \/>\n<meta property=\"og:image\" content=\"https:\/\/buo.de\/service\/wp-content\/uploads\/sites\/3\/2024\/03\/Firefly-Nachhaltigkeit-47793.jpg\" \/>\n\t<meta property=\"og:image:width\" content=\"2048\" \/>\n\t<meta property=\"og:image:height\" content=\"2048\" \/>\n\t<meta property=\"og:image:type\" content=\"image\/jpeg\" \/>\n<meta name=\"twitter:card\" content=\"summary_large_image\" \/>\n<meta name=\"twitter:label1\" content=\"Gesch\u00e4tzte Lesezeit\" \/>\n\t<meta name=\"twitter:data1\" content=\"1\u00a0Minute\" \/>\n<script type=\"application\/ld+json\" class=\"yoast-schema-graph\">{\"@context\":\"https:\/\/schema.org\",\"@graph\":[{\"@type\":\"WebPage\",\"@id\":\"https:\/\/buo.de\/service\/nachhaltigkeit\/\",\"url\":\"https:\/\/buo.de\/service\/nachhaltigkeit\/\",\"name\":\"Nachhaltigkeit und Verantwortung bei B&O Service\",\"isPartOf\":{\"@id\":\"https:\/\/buo.de\/service\/#website\"},\"primaryImageOfPage\":{\"@id\":\"https:\/\/buo.de\/service\/nachhaltigkeit\/#primaryimage\"},\"image\":{\"@id\":\"https:\/\/buo.de\/service\/nachhaltigkeit\/#primaryimage\"},\"thumbnailUrl\":\"https:\/\/buo.de\/service\/wp-content\/uploads\/sites\/3\/2025\/09\/AdobeStock_578324932-1024x576.jpeg\",\"datePublished\":\"2024-03-11T13:47:48+00:00\",\"dateModified\":\"2026-02-24T13:47:32+00:00\",\"description\":\"Nachhaltigkeit ist Bestandteil der Unternehmensstrategie von B&O Service und umfasst die Bereiche Environment, Social und Governance (ESG). Ziel ist die nachhaltige Bewirtschaftung, Instandhaltung und Modernisierung von Wohnimmobilien.\",\"breadcrumb\":{\"@id\":\"https:\/\/buo.de\/service\/nachhaltigkeit\/#breadcrumb\"},\"inLanguage\":\"de\",\"potentialAction\":[{\"@type\":\"ReadAction\",\"target\":[\"https:\/\/buo.de\/service\/nachhaltigkeit\/\"]}]},{\"@type\":\"ImageObject\",\"inLanguage\":\"de\",\"@id\":\"https:\/\/buo.de\/service\/nachhaltigkeit\/#primaryimage\",\"url\":\"https:\/\/buo.de\/service\/wp-content\/uploads\/sites\/3\/2025\/09\/AdobeStock_578324932-scaled.jpeg\",\"contentUrl\":\"https:\/\/buo.de\/service\/wp-content\/uploads\/sites\/3\/2025\/09\/AdobeStock_578324932-scaled.jpeg\",\"width\":2560,\"height\":1440},{\"@type\":\"BreadcrumbList\",\"@id\":\"https:\/\/buo.de\/service\/nachhaltigkeit\/#breadcrumb\",\"itemListElement\":[{\"@type\":\"ListItem\",\"position\":1,\"name\":\"Startseite\",\"item\":\"https:\/\/buo.de\/service\/\"},{\"@type\":\"ListItem\",\"position\":2,\"name\":\"Nachhaltigkeit\"}]},{\"@type\":\"WebSite\",\"@id\":\"https:\/\/buo.de\/service\/#website\",\"url\":\"https:\/\/buo.de\/service\/\",\"name\":\"B&O Service\",\"description\":\"\",\"potentialAction\":[{\"@type\":\"SearchAction\",\"target\":{\"@type\":\"EntryPoint\",\"urlTemplate\":\"https:\/\/buo.de\/service\/?s={search_term_string}\"},\"query-input\":{\"@type\":\"PropertyValueSpecification\",\"valueRequired\":true,\"valueName\":\"search_term_string\"}}],\"inLanguage\":\"de\"}]}<\/script>\n<!-- \/ Yoast SEO plugin. -->","yoast_head_json":{"title":"Nachhaltigkeit und Verantwortung bei B&O Service","description":"Nachhaltigkeit ist Bestandteil der Unternehmensstrategie von B&O Service und umfasst die Bereiche Environment, Social und Governance (ESG). Ziel ist die nachhaltige Bewirtschaftung, Instandhaltung und Modernisierung von Wohnimmobilien.","robots":{"index":"index","follow":"follow","max-snippet":"max-snippet:-1","max-image-preview":"max-image-preview:large","max-video-preview":"max-video-preview:-1"},"canonical":"https:\/\/buo.de\/service\/nachhaltigkeit\/","og_locale":"de_DE","og_type":"article","og_title":"Nachhaltigkeit und Verantwortung bei B&O Service: Struktur, Verantwortung, Umsetzung","og_description":"Nachhaltigkeit ist Bestandteil der Unternehmensstrategie von B&O Service und umfasst die Bereiche Environment, Social und Governance (ESG). Ziel ist die nachhaltige Bewirtschaftung, Instandhaltung und Modernisierung von Wohnimmobilien.","og_url":"https:\/\/buo.de\/service\/nachhaltigkeit\/","og_site_name":"B&O Service","article_modified_time":"2026-02-24T13:47:32+00:00","og_image":[{"width":2048,"height":2048,"url":"https:\/\/buo.de\/service\/wp-content\/uploads\/sites\/3\/2024\/03\/Firefly-Nachhaltigkeit-47793.jpg","type":"image\/jpeg"}],"twitter_card":"summary_large_image","twitter_misc":{"Gesch\u00e4tzte Lesezeit":"1\u00a0Minute"},"schema":{"@context":"https:\/\/schema.org","@graph":[{"@type":"WebPage","@id":"https:\/\/buo.de\/service\/nachhaltigkeit\/","url":"https:\/\/buo.de\/service\/nachhaltigkeit\/","name":"Nachhaltigkeit und Verantwortung bei B&O Service","isPartOf":{"@id":"https:\/\/buo.de\/service\/#website"},"primaryImageOfPage":{"@id":"https:\/\/buo.de\/service\/nachhaltigkeit\/#primaryimage"},"image":{"@id":"https:\/\/buo.de\/service\/nachhaltigkeit\/#primaryimage"},"thumbnailUrl":"https:\/\/buo.de\/service\/wp-content\/uploads\/sites\/3\/2025\/09\/AdobeStock_578324932-1024x576.jpeg","datePublished":"2024-03-11T13:47:48+00:00","dateModified":"2026-02-24T13:47:32+00:00","description":"Nachhaltigkeit ist Bestandteil der Unternehmensstrategie von B&O Service und umfasst die Bereiche Environment, Social und Governance (ESG). Ziel ist die nachhaltige Bewirtschaftung, Instandhaltung und Modernisierung von Wohnimmobilien.","breadcrumb":{"@id":"https:\/\/buo.de\/service\/nachhaltigkeit\/#breadcrumb"},"inLanguage":"de","potentialAction":[{"@type":"ReadAction","target":["https:\/\/buo.de\/service\/nachhaltigkeit\/"]}]},{"@type":"ImageObject","inLanguage":"de","@id":"https:\/\/buo.de\/service\/nachhaltigkeit\/#primaryimage","url":"https:\/\/buo.de\/service\/wp-content\/uploads\/sites\/3\/2025\/09\/AdobeStock_578324932-scaled.jpeg","contentUrl":"https:\/\/buo.de\/service\/wp-content\/uploads\/sites\/3\/2025\/09\/AdobeStock_578324932-scaled.jpeg","width":2560,"height":1440},{"@type":"BreadcrumbList","@id":"https:\/\/buo.de\/service\/nachhaltigkeit\/#breadcrumb","itemListElement":[{"@type":"ListItem","position":1,"name":"Startseite","item":"https:\/\/buo.de\/service\/"},{"@type":"ListItem","position":2,"name":"Nachhaltigkeit"}]},{"@type":"WebSite","@id":"https:\/\/buo.de\/service\/#website","url":"https:\/\/buo.de\/service\/","name":"B&O Service","description":"","potentialAction":[{"@type":"SearchAction","target":{"@type":"EntryPoint","urlTemplate":"https:\/\/buo.de\/service\/?s={search_term_string}"},"query-input":{"@type":"PropertyValueSpecification","valueRequired":true,"valueName":"search_term_string"}}],"inLanguage":"de"}]}},"_links":{"self":[{"href":"https:\/\/buo.de\/service\/wp-json\/wp\/v2\/pages\/3204","targetHints":{"allow":["GET"]}}],"collection":[{"href":"https:\/\/buo.de\/service\/wp-json\/wp\/v2\/pages"}],"about":[{"href":"https:\/\/buo.de\/service\/wp-json\/wp\/v2\/types\/page"}],"author":[{"embeddable":true,"href":"https:\/\/buo.de\/service\/wp-json\/wp\/v2\/users\/8"}],"replies":[{"embeddable":true,"href":"https:\/\/buo.de\/service\/wp-json\/wp\/v2\/comments?post=3204"}],"version-history":[{"count":404,"href":"https:\/\/buo.de\/service\/wp-json\/wp\/v2\/pages\/3204\/revisions"}],"predecessor-version":[{"id":58330,"href":"https:\/\/buo.de\/service\/wp-json\/wp\/v2\/pages\/3204\/revisions\/58330"}],"wp:attachment":[{"href":"https:\/\/buo.de\/service\/wp-json\/wp\/v2\/media?parent=3204"}],"curies":[{"name":"wp","href":"https:\/\/api.w.org\/{rel}","templated":true}]}}