{"id":594,"date":"2026-08-24T09:18:40","date_gmt":"2026-08-24T07:18:40","guid":{"rendered":"https:\/\/buo.test.qbits.at\/service2026\/?page_id=594"},"modified":"2026-09-01T10:13:25","modified_gmt":"2026-09-01T08:13:25","slug":"exporeal","status":"publish","type":"page","link":"https:\/\/buo.de\/service\/exporeal\/","title":{"rendered":"B&amp;O Service auf der EXPO REAL 2026 in M\u00fcnchen"},"content":{"rendered":"<section id=\"hero-block_9d5d6ec14e29d03da41f1ac8b064adcc\" class=\"hero hero--fullscreen force-full-width hero--card-dark hero--has-media is-hyphenated\">\n    <div class=\"hero__frame\">\n                    <div class=\"hero__media\">\n                <img decoding=\"async\" width=\"1920\" height=\"1281\" src=\"https:\/\/buo.de\/service\/wp-content\/uploads\/sites\/6\/2026\/08\/malikstudio-buo-exporeal-2025-9606-1920x1281-1.webp\" class=\"attachment-full size-full\" alt=\"B&amp;O Service auf der Expo Real am Verb\u00e4nde+ Stand\" loading=\"eager\" fetchpriority=\"high\" srcset=\"https:\/\/buo.de\/service\/wp-content\/uploads\/sites\/6\/2026\/08\/malikstudio-buo-exporeal-2025-9606-1920x1281-1.webp 1920w, https:\/\/buo.de\/service\/wp-content\/uploads\/sites\/6\/2026\/08\/malikstudio-buo-exporeal-2025-9606-1920x1281-1-300x200.webp 300w, https:\/\/buo.de\/service\/wp-content\/uploads\/sites\/6\/2026\/08\/malikstudio-buo-exporeal-2025-9606-1920x1281-1-1024x683.webp 1024w, https:\/\/buo.de\/service\/wp-content\/uploads\/sites\/6\/2026\/08\/malikstudio-buo-exporeal-2025-9606-1920x1281-1-768x512.webp 768w, https:\/\/buo.de\/service\/wp-content\/uploads\/sites\/6\/2026\/08\/malikstudio-buo-exporeal-2025-9606-1920x1281-1-1536x1025.webp 1536w, https:\/\/buo.de\/service\/wp-content\/uploads\/sites\/6\/2026\/08\/malikstudio-buo-exporeal-2025-9606-1920x1281-1-1619x1080.webp 1619w\" sizes=\"(max-width: 1920px) 100vw, 1920px\" \/>                            <\/div>\n        \n        <div class=\"hero__inner\">\n            <div class=\"hero__card\">\n                <div class=\"hero__body\">\n                                            <h1 class=\"hero__headline\">B&amp;O Service auf der EXPO REAL 2026<\/h1>\n                                                                <p class=\"hero__subline\">05. &#8211; 07. Oktober 2026 in M\u00fcnchen<\/p>\n                    \n                    \n                                    <\/div>\n\n                \n                                    <span class=\"hero__tail\" aria-hidden=\"true\"><\/span>\n                            <\/div>\n        <\/div>\n    <\/div>\n<\/section>\n\n\n\n<div style=\"height:150px\" aria-hidden=\"true\" class=\"wp-block-spacer\"><\/div>\n\n\n<div class=\"text-and-gallery-container alignfull ltr has_no_animation is-hyphenated wp-block-acf-text-and-gallery\" id=\"text-and-gallery-block_33e5733dd611bde32647043b5360972f\">\n    <style>\n        #text-and-gallery-block_33e5733dd611bde32647043b5360972f {\n            --textAndGalleryHeight: 70vh;\n            --textAndGalleryBackgroundColor: #241D4C;\n            --textAndGalleryTextColor: #FFFFFF;\n        }\n        @media screen and (max-width: 1024px) {\n        #text-and-gallery-block_33e5733dd611bde32647043b5360972f {\n            --textAndGalleryHeight: 70vh;\n        }\n        }\n    <\/style>\n\n                <div class=\"swiper-container right center cover\">\n                <div class=\"swiper-wrapper\">\n                                            <div class=\"swiper-slide\">\n                                                        <img decoding=\"async\" loading=\"lazy\" alt=\"\" style=\"height: var(--textAndGalleryHeight);object-position: right center\" sizes=\"(max-width: 960px) 100vw, 960px\" srcset=\"https:\/\/buo.de\/service\/wp-content\/uploads\/sites\/6\/2026\/08\/malikstudio-exporeal-2025-39-event.jpg 960w, https:\/\/buo.de\/service\/wp-content\/uploads\/sites\/6\/2026\/08\/malikstudio-exporeal-2025-39-event-300x219.jpg 300w, https:\/\/buo.de\/service\/wp-content\/uploads\/sites\/6\/2026\/08\/malikstudio-exporeal-2025-39-event-768x560.jpg 768w\" src=\"https:\/\/buo.de\/service\/wp-content\/uploads\/sites\/6\/2026\/08\/malikstudio-exporeal-2025-39-event.jpg\" class=\"image\">\n                                                            <div class=\"swiper-lazy-preloader swiper-lazy-preloader-white\"><\/div>\n                            <\/div>\n                                        <\/div>\n                <div class=\"swiper-pagination\"><\/div>\n            <\/div>\n                        <div class=\"text \">\n                            <h2 class=\"over-content has-h-3-font-size\">\n                    <span class=\"over-content__highlight\">Zukunftsf\u00e4hige L\u00f6sungen<\/span>                     f\u00fcr die Wohnungs\u00adwirtschaft                <\/h2>\n                        <div class=\"content \"><div>\n<p>Treffen Sie B&amp;O Service auf der EXPO REAL 2026 in M\u00fcnchen. Vom\u00a0<strong>5. bis 7. Oktober 2026<\/strong> pr\u00e4sentieren wir als Teil des \u201eVerb\u00e4nde+\u201c &#8211; Gemeinschaftsstands in Halle C1 unsere L\u00f6sungen f\u00fcr die pauschale Instandhaltung und Modernisierung von Wohnungsbest\u00e4nden.<\/p>\n<p>B&amp;O Service verbindet echtes Handwerk mit digitalen Prozessen, modernen Tools und zentraler Steuerung. So organisieren wir Instandhaltung, Modernisierung und Mietenden-Service als ganzheitliches Leistungssystem f\u00fcr die Wohnungswirtschaft. Das schafft mehr Planbarkeit, reduziert Verwaltungsaufwand und sorgt f\u00fcr effiziente Abl\u00e4ufe entlang des gesamten Lebenszyklus von Wohnungsbest\u00e4nden.<\/p>\n<p><strong>Sie m\u00f6chten uns auf der EXPO REAL besuchen?<\/strong><br \/>\n<span style=\"color: #00d37f\"><a style=\"color: #00d37f\" href=\"https:\/\/exporeal.net\/de\/messe\/besucher\/\" target=\"_blank\" rel=\"noopener\"><strong>Hier<\/strong><\/a><\/span>\u00a0finden Sie Tickets sowie alle wichtigen Informationen zur Messe.<\/p>\n<\/div>\n<div><strong>Wir freuen uns auf Ihren Besuch in Halle C1, Stand 120.<\/strong><\/div>\n<\/div>\n\n            \n            <div class=\"read-more-content\"><\/div>\n                    <\/div>\n        <\/div>\n\n\n\n<div style=\"height:100px\" aria-hidden=\"true\" class=\"wp-block-spacer\"><\/div>\n\n\n<section class=\"typo-loop alignfull wp-block-acf-typo-loop\" id=\"typo-loop-block_18abacf5ac9ce26818794041f4449048\">\n    <div class=\"typo-loop__viewport\" style=\"--typo-loop-duration: 80s;\">\n                    <div class=\"typo-loop__track\" >\n                                    <span class=\"typo-loop__item\">\n                        <img decoding=\"async\" class=\"typo-loop__icon\" src=\"https:\/\/buo.de\/service\/wp-content\/themes\/qbits-theme-buo-service-2026\/images\/icons\/check-circle.svg\" alt=\"\" width=\"80\" height=\"75\" loading=\"lazy\">\n                        <span class=\"typo-loop__text\">Wohnungsmodernisierung<\/span>\n                    <\/span>\n                                    <span class=\"typo-loop__item\">\n                        <img decoding=\"async\" class=\"typo-loop__icon\" src=\"https:\/\/buo.de\/service\/wp-content\/themes\/qbits-theme-buo-service-2026\/images\/icons\/check-circle.svg\" alt=\"\" width=\"80\" height=\"75\" loading=\"lazy\">\n                        <span class=\"typo-loop__text\">Instandhaltungspauschale<\/span>\n                    <\/span>\n                                    <span class=\"typo-loop__item\">\n                        <img decoding=\"async\" class=\"typo-loop__icon\" src=\"https:\/\/buo.de\/service\/wp-content\/themes\/qbits-theme-buo-service-2026\/images\/icons\/check-circle.svg\" alt=\"\" width=\"80\" height=\"75\" loading=\"lazy\">\n                        <span class=\"typo-loop__text\">Wohnungswirtschaft<\/span>\n                    <\/span>\n                                    <span class=\"typo-loop__item\">\n                        <img decoding=\"async\" class=\"typo-loop__icon\" src=\"https:\/\/buo.de\/service\/wp-content\/themes\/qbits-theme-buo-service-2026\/images\/icons\/check-circle.svg\" alt=\"\" width=\"80\" height=\"75\" loading=\"lazy\">\n                        <span class=\"typo-loop__text\">Digital gesteuert<\/span>\n                    <\/span>\n                            <\/div>\n                    <div class=\"typo-loop__track\" aria-hidden=\"true\">\n                                    <span class=\"typo-loop__item\">\n                        <img decoding=\"async\" class=\"typo-loop__icon\" src=\"https:\/\/buo.de\/service\/wp-content\/themes\/qbits-theme-buo-service-2026\/images\/icons\/check-circle.svg\" alt=\"\" width=\"80\" height=\"75\" loading=\"lazy\">\n                        <span class=\"typo-loop__text\">Wohnungsmodernisierung<\/span>\n                    <\/span>\n                                    <span class=\"typo-loop__item\">\n                        <img decoding=\"async\" class=\"typo-loop__icon\" src=\"https:\/\/buo.de\/service\/wp-content\/themes\/qbits-theme-buo-service-2026\/images\/icons\/check-circle.svg\" alt=\"\" width=\"80\" height=\"75\" loading=\"lazy\">\n                        <span class=\"typo-loop__text\">Instandhaltungspauschale<\/span>\n                    <\/span>\n                                    <span class=\"typo-loop__item\">\n                        <img decoding=\"async\" class=\"typo-loop__icon\" src=\"https:\/\/buo.de\/service\/wp-content\/themes\/qbits-theme-buo-service-2026\/images\/icons\/check-circle.svg\" alt=\"\" width=\"80\" height=\"75\" loading=\"lazy\">\n                        <span class=\"typo-loop__text\">Wohnungswirtschaft<\/span>\n                    <\/span>\n                                    <span class=\"typo-loop__item\">\n                        <img decoding=\"async\" class=\"typo-loop__icon\" src=\"https:\/\/buo.de\/service\/wp-content\/themes\/qbits-theme-buo-service-2026\/images\/icons\/check-circle.svg\" alt=\"\" width=\"80\" height=\"75\" loading=\"lazy\">\n                        <span class=\"typo-loop__text\">Digital gesteuert<\/span>\n                    <\/span>\n                            <\/div>\n            <\/div>\n<\/section>\n\n\n\n<div style=\"height:100px\" aria-hidden=\"true\" class=\"wp-block-spacer\"><\/div>\n\n\n<div class=\"text-and-gallery-container alignfull rtl has_no_animation is-hyphenated wp-block-acf-text-and-gallery\" id=\"text-and-gallery-block_60868056ea4f46c3a3397799b3ef6fd5\">\n    <style>\n        #text-and-gallery-block_60868056ea4f46c3a3397799b3ef6fd5 {\n            --textAndGalleryHeight: 70vh;\n            --textAndGalleryBackgroundColor: #241D4C;\n            --textAndGalleryTextColor: #FFFFFF;\n        }\n        @media screen and (max-width: 1024px) {\n        #text-and-gallery-block_60868056ea4f46c3a3397799b3ef6fd5 {\n            --textAndGalleryHeight: 70vh;\n        }\n        }\n    <\/style>\n\n                <div class=\"swiper-container center center cover\">\n                <div class=\"swiper-wrapper\">\n                                            <div class=\"swiper-slide\">\n                                                        <img decoding=\"async\" loading=\"lazy\" alt=\"Diskussionsrunde auf der Expo Real am Stand von B&amp;O Service\" style=\"height: var(--textAndGalleryHeight);object-position: center center\" sizes=\"(max-width: 960px) 100vw, 960px\" srcset=\"https:\/\/buo.de\/service\/wp-content\/uploads\/sites\/6\/2026\/08\/malikstudio-exporeal-2025-36-event.jpg 960w, https:\/\/buo.de\/service\/wp-content\/uploads\/sites\/6\/2026\/08\/malikstudio-exporeal-2025-36-event-300x219.jpg 300w, https:\/\/buo.de\/service\/wp-content\/uploads\/sites\/6\/2026\/08\/malikstudio-exporeal-2025-36-event-768x560.jpg 768w\" src=\"https:\/\/buo.de\/service\/wp-content\/uploads\/sites\/6\/2026\/08\/malikstudio-exporeal-2025-36-event.jpg\" class=\"image\">\n                                                            <div class=\"swiper-lazy-preloader swiper-lazy-preloader-white\"><\/div>\n                            <\/div>\n                                        <\/div>\n                <div class=\"swiper-pagination\"><\/div>\n            <\/div>\n                        <div class=\"text \">\n                            <h2 class=\"over-content has-h-3-font-size\">\n                    <span class=\"over-content__highlight\">Austausch mit<\/span>                    unseren Expertinnen &amp; Experten                <\/h2>\n                        <div class=\"content \"><p>Die EXPO REAL bietet die ideale Gelegenheit, aktuelle Herausforderungen der Wohnungswirtschaft pers\u00f6nlich zu diskutieren. Tauschen Sie sich mit unseren Expertinnen und Experten zu Themen wie pauschale Instandhaltung, Wohnungsmodernisierung, Wohnungsservice und digitaler Prozesssteuerung aus.<\/p>\n<p>Erfahren Sie, wie sich Instandhaltungskosten planbarer gestalten, Leerstandszeiten reduzieren und Wohnungsbest\u00e4nde effizient bewirtschaften lassen.<\/p>\n<div>\n<div>Treffen Sie uns am \u201eVerb\u00e4nde+\u201c-Gemeinschaftsstand in <strong>Halle C1<\/strong>. Wir freuen uns auf Ihren Besuch!<\/div>\n<\/div>\n<\/div>\n\n            \n            <div class=\"read-more-content\"><\/div>\n                    <\/div>\n        <\/div>\n\n\n\n<div style=\"height:100px\" aria-hidden=\"true\" class=\"wp-block-spacer\"><\/div>\n\n\n\n<style>\n    #contact-form-block_87d3834d9cb55d23e6379e3764942f48 {\n        --contactFormCardBg: var(--gradient-midnight);\n        --contactFormTextColor: var(--white);\n            --contactFormBgImage: url('https:\/\/buo.de\/service\/wp-content\/uploads\/sites\/6\/2026\/08\/malikstudio-buo-exporeal-2025-9606-1920x1281-1.webp');\n        }\n<\/style>\n\n<div id=\"contact-form-block_87d3834d9cb55d23e6379e3764942f48\" class=\"contact-form-container force-full-width has-bg-image\">\n    <div class=\"contact-form-background\"><\/div>\n    <div class=\"contact-form-card\">\n                        <style id=\"wpforms-css-vars-596\">\n\t\t\t\t#wpforms-596 {\n\t\t\t\t--wpforms-field-size-input-height: 43px;\n--wpforms-field-size-input-spacing: 15px;\n--wpforms-field-size-font-size: 16px;\n--wpforms-field-size-line-height: 19px;\n--wpforms-field-size-padding-h: 14px;\n--wpforms-field-size-checkbox-size: 16px;\n--wpforms-field-size-sublabel-spacing: 5px;\n--wpforms-field-size-icon-size: 1;\n--wpforms-label-size-font-size: 16px;\n--wpforms-label-size-line-height: 19px;\n--wpforms-label-size-sublabel-font-size: 14px;\n--wpforms-label-size-sublabel-line-height: 17px;\n--wpforms-button-size-font-size: 17px;\n--wpforms-button-size-height: 41px;\n--wpforms-button-size-padding-h: 15px;\n--wpforms-button-size-margin-top: 10px;\n--wpforms-container-shadow-size-box-shadow: none;\n\t\t\t}\n\t\t\t<\/style><div class=\"wpforms-container wpforms-container-full wpforms-render-modern\" id=\"wpforms-596\"><form id=\"wpforms-form-596\" class=\"wpforms-validate wpforms-form\" data-formid=\"596\" method=\"post\" enctype=\"multipart\/form-data\" action=\"\/service\/wp-json\/wp\/v2\/pages\/594\" data-token=\"58887dc2a8eafa8c831a59bc1038596a\" data-token-time=\"1788653979\"><noscript class=\"wpforms-error-noscript\">Bitte aktiviere JavaScript in deinem Browser, um dieses Formular fertigzustellen.<\/noscript><div id=\"wpforms-error-noscript\" style=\"display: none;\">Bitte aktiviere JavaScript in deinem Browser, um dieses Formular fertigzustellen.<\/div><div class=\"wpforms-field-container\">\t\t<div id=\"wpforms-596-field_8-container\"\n\t\t\tclass=\"wpforms-field wpforms-field-text\"\n\t\t\tdata-field-type=\"text\"\n\t\t\tdata-field-id=\"8\"\n\t\t\t>\n\t\t\t<label class=\"wpforms-field-label\" for=\"wpforms-596-field_8\" >Unternehmen Ihr Ihre<\/label>\n\t\t\t<input type=\"text\" id=\"wpforms-596-field_8\" class=\"wpforms-field-medium\" name=\"wpforms[fields][8]\" >\n\t\t<\/div>\n\t\t<div id=\"wpforms-596-field_11-container\" class=\"wpforms-field wpforms-field-content\" data-field-type=\"content\" data-field-id=\"11\"><div id=\"wpforms-596-field_11\" class=\"wpforms-field-medium wpforms-field-row\" aria-errormessage=\"wpforms-596-field_11-error\"><h3>Sie haben Fragen rund um unsere Teilnahme an der EXPO REAL 2026?<\/h3>\n<p>Wir freuen uns auf Ihre Nachricht!<\/p>\n<div class=\"wpforms-field-content-display-frontend-clear\"><\/div><\/div><\/div><div id=\"wpforms-596-field_1-container\" class=\"wpforms-field wpforms-field-text wpforms-one-half wpforms-first\" data-field-type=\"text\" data-field-id=\"1\"><label class=\"wpforms-field-label\" for=\"wpforms-596-field_1\">Ihr Vorname <span class=\"wpforms-required-label\" aria-hidden=\"true\">*<\/span><\/label><input type=\"text\" id=\"wpforms-596-field_1\" class=\"wpforms-field-large wpforms-field-required\" name=\"wpforms[fields][1]\" placeholder=\"Geben Sie Ihren Vornamen ein\" aria-errormessage=\"wpforms-596-field_1-error\" required><\/div><div id=\"wpforms-596-field_2-container\" class=\"wpforms-field wpforms-field-text wpforms-one-half\" data-field-type=\"text\" data-field-id=\"2\"><label class=\"wpforms-field-label\" for=\"wpforms-596-field_2\">Ihr Nachname <span class=\"wpforms-required-label\" aria-hidden=\"true\">*<\/span><\/label><input type=\"text\" id=\"wpforms-596-field_2\" class=\"wpforms-field-large wpforms-field-required\" name=\"wpforms[fields][2]\" placeholder=\"Geben Sie Ihren Nachnamen ein\" aria-errormessage=\"wpforms-596-field_2-error\" required><\/div><div id=\"wpforms-596-field_3-container\" class=\"wpforms-field wpforms-field-text wpforms-one-half wpforms-first\" data-field-type=\"text\" data-field-id=\"3\"><label class=\"wpforms-field-label\" for=\"wpforms-596-field_3\">Ihr Unternehmen <span class=\"wpforms-required-label\" aria-hidden=\"true\">*<\/span><\/label><input type=\"text\" id=\"wpforms-596-field_3\" class=\"wpforms-field-large wpforms-field-required\" name=\"wpforms[fields][3]\" placeholder=\"Geben Sie den Namen Ihres Unternehmens ein\" aria-errormessage=\"wpforms-596-field_3-error\" required><\/div><div id=\"wpforms-596-field_4-container\" class=\"wpforms-field wpforms-field-email wpforms-one-half\" data-field-type=\"email\" data-field-id=\"4\"><label class=\"wpforms-field-label\" for=\"wpforms-596-field_4\">Ihre E-Mail-Adresse <span class=\"wpforms-required-label\" aria-hidden=\"true\">*<\/span><\/label><input type=\"email\" id=\"wpforms-596-field_4\" class=\"wpforms-field-large wpforms-field-required\" name=\"wpforms[fields][4]\" placeholder=\"Geben Sie Ihre E-Mail-Adresse ein\" spellcheck=\"false\" aria-errormessage=\"wpforms-596-field_4-error\" required><\/div><div id=\"wpforms-596-field_5-container\" class=\"wpforms-field wpforms-field-text wpforms-one-half wpforms-first\" data-field-type=\"text\" data-field-id=\"5\"><label class=\"wpforms-field-label\" for=\"wpforms-596-field_5\">Ihre Position<\/label><input type=\"text\" id=\"wpforms-596-field_5\" class=\"wpforms-field-large\" name=\"wpforms[fields][5]\" placeholder=\"Geben Sie Ihre Position im Unternehmen ein\" aria-errormessage=\"wpforms-596-field_5-error\" ><\/div><div id=\"wpforms-596-field_12-container\" class=\"wpforms-field wpforms-field-phone wpforms-one-half\" data-field-type=\"phone\" data-field-id=\"12\"><label class=\"wpforms-field-label\" for=\"wpforms-596-field_12\">Telefonnummer<\/label><input type=\"tel\" id=\"wpforms-596-field_12\" class=\"wpforms-field-large\" data-rule-int-phone-field=\"true\" name=\"wpforms[fields][12]\" placeholder=\"Geben Sie Ihre Telefonnummer ein\" aria-label=\"Telefonnummer\" aria-errormessage=\"wpforms-596-field_12-error\" ><\/div><div id=\"wpforms-596-field_6-container\" class=\"wpforms-field wpforms-field-checkbox\" data-field-type=\"checkbox\" data-field-id=\"6\"><fieldset><legend class=\"wpforms-field-label\">Produktinteresse <span class=\"wpforms-required-label\" aria-hidden=\"true\">*<\/span><\/legend><ul id=\"wpforms-596-field_6\" class=\"wpforms-field-required\"><li class=\"choice-1 depth-1\"><input type=\"checkbox\" id=\"wpforms-596-field_6_1\" name=\"wpforms[fields][6][]\" value=\"Pauschale Instandhaltung\" aria-errormessage=\"wpforms-596-field_6_1-error\" required ><label class=\"wpforms-field-label-inline\" for=\"wpforms-596-field_6_1\">Pauschale Instandhaltung<\/label><\/li><li class=\"choice-2 depth-1\"><input type=\"checkbox\" id=\"wpforms-596-field_6_2\" name=\"wpforms[fields][6][]\" value=\"Wohnungsmodernisierung\" aria-errormessage=\"wpforms-596-field_6_2-error\" required ><label class=\"wpforms-field-label-inline\" for=\"wpforms-596-field_6_2\">Wohnungsmodernisierung<\/label><\/li><\/ul><\/fieldset><\/div><div id=\"wpforms-596-field_7-container\" class=\"wpforms-field wpforms-field-textarea\" data-field-type=\"textarea\" data-field-id=\"7\"><label class=\"wpforms-field-label\" for=\"wpforms-596-field_7\">Ihre Nachricht <span class=\"wpforms-required-label\" aria-hidden=\"true\">*<\/span><\/label><textarea id=\"wpforms-596-field_7\" class=\"wpforms-field-large wpforms-field-required\" name=\"wpforms[fields][7]\" placeholder=\"Geben Sie Ihre Nachricht ein...\" aria-errormessage=\"wpforms-596-field_7-error\" required><\/textarea><\/div><div id=\"wpforms-596-field_14-container\" class=\"wpforms-field wpforms-field-checkbox\" data-field-type=\"checkbox\" data-field-id=\"14\"><fieldset><legend class=\"wpforms-field-label wpforms-label-hide\" aria-hidden=\"false\">Datenschutz <span class=\"wpforms-required-label\" aria-hidden=\"true\">*<\/span><\/legend><ul id=\"wpforms-596-field_14\" class=\"wpforms-field-required\"><li class=\"choice-3 depth-1\"><input type=\"checkbox\" id=\"wpforms-596-field_14_3\" name=\"wpforms[fields][14][]\" value=\"Ich akzeptiere die &lt;a href=&quot;https:\/\/buo.de\/service\/datenschutzerklaerung\/&quot; target=&quot;_blank&quot;&gt;Datenschutzhinweise&lt;\/a&gt; dieser Website und stimme der Verarbeitung meiner Daten zu. *\" aria-errormessage=\"wpforms-596-field_14_3-error\" required ><label class=\"wpforms-field-label-inline\" for=\"wpforms-596-field_14_3\">Ich akzeptiere die <a href=\"https:\/\/buo.de\/service\/datenschutzerklaerung\/\" target=\"_blank\">Datenschutzhinweise<\/a> dieser Website und stimme der Verarbeitung meiner Daten zu. *<\/label><\/li><\/ul><\/fieldset><\/div><div id=\"wpforms-596-field_9-container\" class=\"wpforms-field wpforms-field-checkbox\" data-field-type=\"checkbox\" data-field-id=\"9\"><fieldset><legend class=\"wpforms-field-label wpforms-label-hide\" aria-hidden=\"false\">Marketing-Einwilligung<\/legend><ul id=\"wpforms-596-field_9\"><li class=\"choice-1 depth-1\"><input type=\"checkbox\" id=\"wpforms-596-field_9_1\" name=\"wpforms[fields][9][]\" value=\"Ich willige ein, weitergehende Informationen und Details in Form von Marketing-E-Mails oder Anrufen zu Produkten und Dienstleistungen von B&amp;O Service zu erhalten. Meine Einwilligung kann ich jederzeit per E-Mail an unsubscribe@boservice.de widerrufen.\" aria-errormessage=\"wpforms-596-field_9_1-error\"  ><label class=\"wpforms-field-label-inline\" for=\"wpforms-596-field_9_1\">Ich willige ein, weitergehende Informationen und Details in Form von Marketing-E-Mails oder Anrufen zu Produkten und Dienstleistungen von B&amp;O Service zu erhalten. Meine Einwilligung kann ich jederzeit per E-Mail an unsubscribe@boservice.de widerrufen.<\/label><\/li><\/ul><\/fieldset><\/div><script>\n\t\t\t\t( function() {\n\t\t\t\t\tconst style = document.createElement( 'style' );\n\t\t\t\t\tstyle.appendChild( document.createTextNode( '#wpforms-596-field_8-container { position: absolute !important; overflow: hidden !important; display: inline !important; height: 1px !important; width: 1px !important; z-index: -1000 !important; padding: 0 !important; } #wpforms-596-field_8-container input { visibility: hidden; } #wpforms-conversational-form-page #wpforms-596-field_8-container label { counter-increment: none; }' ) );\n\t\t\t\t\tdocument.head.appendChild( style );\n\t\t\t\t\tdocument.currentScript?.remove();\n\t\t\t\t} )();\n\t\t\t<\/script><\/div><!-- .wpforms-field-container --><div class=\"wpforms-recaptcha-container wpforms-is-recaptcha wpforms-is-recaptcha-type-invisible\" ><div class=\"g-recaptcha\" data-sitekey=\"6LdYTaEtAAAAAIozJPfjfJYQwtdofm8nA8_C8gX4\" data-size=\"invisible\"><\/div><\/div><div class=\"wpforms-submit-container\" ><input type=\"hidden\" name=\"wpforms[id]\" value=\"596\"><input type=\"hidden\" name=\"page_title\" value=\"\"><input type=\"hidden\" name=\"page_url\" value=\"https:\/\/buo.de\/service\/wp-json\/wp\/v2\/pages\/594\"><input type=\"hidden\" name=\"url_referer\" value=\"\"><button type=\"submit\" name=\"wpforms[submit]\" id=\"wpforms-submit-596\" class=\"wpforms-submit small-button\" data-alt-text=\"Wird gesendet...\" data-submit-text=\"Nachricht senden\" aria-live=\"assertive\" value=\"wpforms-submit\">Nachricht senden<\/button><\/div><\/form><\/div>  <!-- .wpforms-container -->    <\/div>\n<\/div>\n\n\n\n<div style=\"height:100px\" aria-hidden=\"true\" class=\"wp-block-spacer\"><\/div>\n\n\n\n<div class=\"wp-block-columns is-layout-flex wp-container-core-columns-is-layout-7387b849 wp-block-columns-is-layout-flex\">\n<div class=\"wp-block-column is-layout-flow wp-block-column-is-layout-flow\" style=\"flex-basis:33.33%\">\n<h5 class=\"wp-block-heading\">Impressionen Expo Real 2025<\/h5>\n\n\n\n<figure class=\"wp-block-gallery has-nested-images columns-2 is-cropped wp-block-gallery-1 is-layout-flex wp-block-gallery-is-layout-flex\">\n<figure class=\"wp-block-image size-full is-style-default\"><img loading=\"lazy\" decoding=\"async\" width=\"960\" height=\"700\" data-id=\"604\" src=\"https:\/\/buo.de\/service\/wp-content\/uploads\/sites\/6\/2026\/08\/malikstudio-buo-exporeal-2025-0364-event.jpg\" alt=\"\" class=\"wp-image-604\" style=\"aspect-ratio:1\" srcset=\"https:\/\/buo.de\/service\/wp-content\/uploads\/sites\/6\/2026\/08\/malikstudio-buo-exporeal-2025-0364-event.jpg 960w, https:\/\/buo.de\/service\/wp-content\/uploads\/sites\/6\/2026\/08\/malikstudio-buo-exporeal-2025-0364-event-300x219.jpg 300w, https:\/\/buo.de\/service\/wp-content\/uploads\/sites\/6\/2026\/08\/malikstudio-buo-exporeal-2025-0364-event-768x560.jpg 768w\" sizes=\"auto, (max-width: 960px) 100vw, 960px\" \/><\/figure>\n\n\n\n<figure class=\"wp-block-image size-full\"><img loading=\"lazy\" decoding=\"async\" width=\"960\" height=\"700\" data-id=\"603\" src=\"https:\/\/buo.de\/service\/wp-content\/uploads\/sites\/6\/2026\/08\/malikstudio-buo-exporeal-2025-0352-event.jpg\" alt=\"\" class=\"wp-image-603\" style=\"aspect-ratio:1\" srcset=\"https:\/\/buo.de\/service\/wp-content\/uploads\/sites\/6\/2026\/08\/malikstudio-buo-exporeal-2025-0352-event.jpg 960w, https:\/\/buo.de\/service\/wp-content\/uploads\/sites\/6\/2026\/08\/malikstudio-buo-exporeal-2025-0352-event-300x219.jpg 300w, https:\/\/buo.de\/service\/wp-content\/uploads\/sites\/6\/2026\/08\/malikstudio-buo-exporeal-2025-0352-event-768x560.jpg 768w\" sizes=\"auto, (max-width: 960px) 100vw, 960px\" \/><\/figure>\n\n\n\n<figure class=\"wp-block-image size-full\"><img loading=\"lazy\" decoding=\"async\" width=\"960\" height=\"700\" data-id=\"610\" src=\"https:\/\/buo.de\/service\/wp-content\/uploads\/sites\/6\/2026\/08\/malikstudio-exporeal-2025-41-event.jpg\" alt=\"\" class=\"wp-image-610\" style=\"aspect-ratio:1\" srcset=\"https:\/\/buo.de\/service\/wp-content\/uploads\/sites\/6\/2026\/08\/malikstudio-exporeal-2025-41-event.jpg 960w, https:\/\/buo.de\/service\/wp-content\/uploads\/sites\/6\/2026\/08\/malikstudio-exporeal-2025-41-event-300x219.jpg 300w, https:\/\/buo.de\/service\/wp-content\/uploads\/sites\/6\/2026\/08\/malikstudio-exporeal-2025-41-event-768x560.jpg 768w\" sizes=\"auto, (max-width: 960px) 100vw, 960px\" \/><\/figure>\n\n\n\n<figure class=\"wp-block-image size-full\"><img loading=\"lazy\" decoding=\"async\" width=\"960\" height=\"700\" data-id=\"608\" src=\"https:\/\/buo.de\/service\/wp-content\/uploads\/sites\/6\/2026\/08\/malikstudio-exporeal-2025-38-event.jpg\" alt=\"\" class=\"wp-image-608\" style=\"aspect-ratio:1\" srcset=\"https:\/\/buo.de\/service\/wp-content\/uploads\/sites\/6\/2026\/08\/malikstudio-exporeal-2025-38-event.jpg 960w, https:\/\/buo.de\/service\/wp-content\/uploads\/sites\/6\/2026\/08\/malikstudio-exporeal-2025-38-event-300x219.jpg 300w, https:\/\/buo.de\/service\/wp-content\/uploads\/sites\/6\/2026\/08\/malikstudio-exporeal-2025-38-event-768x560.jpg 768w\" sizes=\"auto, (max-width: 960px) 100vw, 960px\" \/><\/figure>\n<\/figure>\n<\/div>\n\n\n\n<div class=\"wp-block-column is-vertically-aligned-stretch is-layout-flow wp-block-column-is-layout-flow\" style=\"flex-basis:66.66%\">\n<figure class=\"wp-block-embed is-type-video is-provider-youtube wp-block-embed-youtube wp-embed-aspect-16-9 wp-has-aspect-ratio\"><div class=\"wp-block-embed__wrapper\">\n <div class=\"brlbs-cmpnt-container brlbs-cmpnt-content-blocker brlbs-cmpnt-with-individual-styles\" data-borlabs-cookie-content-blocker-id=\"youtube-content-blocker\" data-borlabs-cookie-content=\"PGlmcmFtZSB0aXRsZT0iRVhQTyBSRUFMIDIwMjU6IFdpZSBmdW5rdGlvbmllcnQgQmVzdGFuZHNiZXdpcnRzY2hhZnR1bmc\/IiB3aWR0aD0iNTAwIiBoZWlnaHQ9IjI4MSIgc3JjPSJodHRwczovL3d3dy55b3V0dWJlLW5vY29va2llLmNvbS9lbWJlZC9nbFNGMWpRVVQ3UT9mZWF0dXJlPW9lbWJlZCIgZnJhbWVib3JkZXI9IjAiIGFsbG93PSJhY2NlbGVyb21ldGVyOyBhdXRvcGxheTsgY2xpcGJvYXJkLXdyaXRlOyBlbmNyeXB0ZWQtbWVkaWE7IGd5cm9zY29wZTsgcGljdHVyZS1pbi1waWN0dXJlOyB3ZWItc2hhcmUiIHJlZmVycmVycG9saWN5PSJzdHJpY3Qtb3JpZ2luLXdoZW4tY3Jvc3Mtb3JpZ2luIiBhbGxvd2Z1bGxzY3JlZW4+PC9pZnJhbWU+\"><div class=\"brlbs-cmpnt-cb-preset-c brlbs-cmpnt-cb-youtube\"> <div class=\"brlbs-cmpnt-cb-thumbnail\" style=\"background-image: url('https:\/\/buo.de\/service\/wp-content\/uploads\/borlabs-cookie\/6\/yt_glSF1jQUT7Q_hqdefault.jpg')\"><\/div> <div class=\"brlbs-cmpnt-cb-main\"> <div class=\"brlbs-cmpnt-cb-play-button\"><\/div> <div class=\"brlbs-cmpnt-cb-content\"> <p class=\"brlbs-cmpnt-cb-description\">Sie sehen gerade einen Platzhalterinhalt von <strong>YouTube<\/strong>. Um auf den eigentlichen Inhalt zuzugreifen, klicken Sie auf die Schaltfl\u00e4che unten. Bitte beachten Sie, dass dabei Daten an Drittanbieter weitergegeben werden.<\/p> <a class=\"brlbs-cmpnt-cb-provider-toggle\" href=\"#\" data-borlabs-cookie-show-provider-information role=\"button\">Mehr Informationen<\/a> <\/div> <div class=\"brlbs-cmpnt-cb-buttons\"> <a class=\"brlbs-cmpnt-cb-btn\" href=\"#\" data-borlabs-cookie-unblock role=\"button\">Inhalt entsperren<\/a> <a class=\"brlbs-cmpnt-cb-btn\" href=\"#\" data-borlabs-cookie-accept-service role=\"button\" style=\"display: inherit\">Erforderlichen Service akzeptieren und Inhalte entsperren<\/a> <\/div> <\/div> <\/div><\/div>\n<\/div><\/figure>\n<\/div>\n<\/div>\n\n\n\n<div style=\"height:120px\" aria-hidden=\"true\" class=\"wp-block-spacer\"><\/div>\n","protected":false},"excerpt":{"rendered":"<p>Impressionen Expo Real 2025<\/p>\n","protected":false},"author":18,"featured_media":214,"parent":0,"menu_order":1,"comment_status":"closed","ping_status":"closed","template":"","meta":{"_acf_changed":false,"footnotes":""},"class_list":["post-594","page","type-page","status-publish","has-post-thumbnail","hentry"],"acf":[],"yoast_head":"<!-- This site is optimized with the Yoast SEO plugin v28.3 - https:\/\/yoast.com\/product\/yoast-seo-wordpress\/ -->\n<title>B&amp;O Service auf der EXPO REAL 2026 in M\u00fcnchen -<\/title>\n<meta name=\"description\" content=\"Treffen Sie B&amp;O Service auf der EXPO REAL 2026 in M\u00fcnchen. Vom\u00a05. bis 7. Oktober 2026 pr\u00e4sentieren wir als Teil des \u201eVerb\u00e4nde+\u201c - Gemeinschaftsstands in Halle C1 unsere L\u00f6sungen f\u00fcr die pauschale Instandhaltung und Modernisierung von Wohnungsbest\u00e4nden.\" \/>\n<meta name=\"robots\" content=\"index, follow, max-snippet:-1, max-image-preview:large, max-video-preview:-1\" \/>\n<link rel=\"canonical\" href=\"https:\/\/buo.de\/service\/exporeal\/\" \/>\n<meta property=\"og:locale\" content=\"de_DE\" \/>\n<meta property=\"og:type\" content=\"article\" \/>\n<meta property=\"og:title\" content=\"B&amp;O Service auf der EXPO REAL 2026 in M\u00fcnchen -\" \/>\n<meta property=\"og:description\" content=\"Treffen Sie B&amp;O Service auf der EXPO REAL 2026 in M\u00fcnchen. Vom\u00a05. bis 7. Oktober 2026 pr\u00e4sentieren wir als Teil des \u201eVerb\u00e4nde+\u201c - Gemeinschaftsstands in Halle C1 unsere L\u00f6sungen f\u00fcr die pauschale Instandhaltung und Modernisierung von Wohnungsbest\u00e4nden.\" \/>\n<meta property=\"og:url\" content=\"https:\/\/buo.de\/service\/exporeal\/\" \/>\n<meta property=\"og:site_name\" content=\"B&amp;O Service\" \/>\n<meta property=\"article:modified_time\" content=\"2026-09-01T08:13:25+00:00\" \/>\n<meta property=\"og:image\" content=\"https:\/\/buo.de\/service\/wp-content\/uploads\/sites\/6\/2026\/08\/malikstudio-buo-exporeal-2025-9606-1920x1281-1.webp\" \/>\n\t<meta property=\"og:image:width\" content=\"1920\" \/>\n\t<meta property=\"og:image:height\" content=\"1281\" \/>\n\t<meta property=\"og:image:type\" content=\"image\/webp\" \/>\n<meta name=\"twitter:card\" content=\"summary_large_image\" \/>\n<meta name=\"twitter:label1\" content=\"Gesch\u00e4tzte Lesezeit\" \/>\n\t<meta name=\"twitter:data1\" content=\"2\u00a0Minuten\" \/>\n<script type=\"application\/ld+json\" class=\"yoast-schema-graph\">{\"@context\":\"https:\\\/\\\/schema.org\",\"@graph\":[{\"@type\":\"WebPage\",\"@id\":\"https:\\\/\\\/buo.de\\\/service\\\/exporeal\\\/\",\"url\":\"https:\\\/\\\/buo.de\\\/service\\\/exporeal\\\/\",\"name\":\"B&amp;O Service auf der EXPO REAL 2026 in M\u00fcnchen -\",\"isPartOf\":{\"@id\":\"https:\\\/\\\/buo.de\\\/service\\\/#website\"},\"primaryImageOfPage\":{\"@id\":\"https:\\\/\\\/buo.de\\\/service\\\/exporeal\\\/#primaryimage\"},\"image\":{\"@id\":\"https:\\\/\\\/buo.de\\\/service\\\/exporeal\\\/#primaryimage\"},\"thumbnailUrl\":\"https:\\\/\\\/buo.de\\\/service\\\/wp-content\\\/uploads\\\/sites\\\/6\\\/2026\\\/08\\\/malikstudio-buo-exporeal-2025-9606-1920x1281-1.webp\",\"datePublished\":\"2026-08-24T07:18:40+00:00\",\"dateModified\":\"2026-09-01T08:13:25+00:00\",\"description\":\"Treffen Sie B&O Service auf der EXPO REAL 2026 in M\u00fcnchen. Vom\u00a05. bis 7. Oktober 2026 pr\u00e4sentieren wir als Teil des \u201eVerb\u00e4nde+\u201c - Gemeinschaftsstands in Halle C1 unsere L\u00f6sungen f\u00fcr die pauschale Instandhaltung und Modernisierung von Wohnungsbest\u00e4nden.\",\"breadcrumb\":{\"@id\":\"https:\\\/\\\/buo.de\\\/service\\\/exporeal\\\/#breadcrumb\"},\"inLanguage\":\"de\",\"potentialAction\":[{\"@type\":\"ReadAction\",\"target\":[\"https:\\\/\\\/buo.de\\\/service\\\/exporeal\\\/\"]}]},{\"@type\":\"ImageObject\",\"inLanguage\":\"de\",\"@id\":\"https:\\\/\\\/buo.de\\\/service\\\/exporeal\\\/#primaryimage\",\"url\":\"https:\\\/\\\/buo.de\\\/service\\\/wp-content\\\/uploads\\\/sites\\\/6\\\/2026\\\/08\\\/malikstudio-buo-exporeal-2025-9606-1920x1281-1.webp\",\"contentUrl\":\"https:\\\/\\\/buo.de\\\/service\\\/wp-content\\\/uploads\\\/sites\\\/6\\\/2026\\\/08\\\/malikstudio-buo-exporeal-2025-9606-1920x1281-1.webp\",\"width\":1920,\"height\":1281,\"caption\":\"B&O Service auf der Expo Real am Verb\u00e4nde+ Stand\"},{\"@type\":\"BreadcrumbList\",\"@id\":\"https:\\\/\\\/buo.de\\\/service\\\/exporeal\\\/#breadcrumb\",\"itemListElement\":[{\"@type\":\"ListItem\",\"position\":1,\"name\":\"Start\",\"item\":\"https:\\\/\\\/buo.de\\\/service\\\/\"},{\"@type\":\"ListItem\",\"position\":2,\"name\":\"B&amp;O Service auf der EXPO REAL 2026 in M\u00fcnchen\"}]},{\"@type\":\"WebSite\",\"@id\":\"https:\\\/\\\/buo.de\\\/service\\\/#website\",\"url\":\"https:\\\/\\\/buo.de\\\/service\\\/\",\"name\":\"B&amp;O Service\",\"description\":\"\",\"potentialAction\":[{\"@type\":\"SearchAction\",\"target\":{\"@type\":\"EntryPoint\",\"urlTemplate\":\"https:\\\/\\\/buo.de\\\/service\\\/?s={search_term_string}\"},\"query-input\":{\"@type\":\"PropertyValueSpecification\",\"valueRequired\":true,\"valueName\":\"search_term_string\"}}],\"inLanguage\":\"de\"}]}<\/script>\n<!-- \/ Yoast SEO plugin. -->","yoast_head_json":{"title":"B&amp;O Service auf der EXPO REAL 2026 in M\u00fcnchen -","description":"Treffen Sie B&O Service auf der EXPO REAL 2026 in M\u00fcnchen. Vom\u00a05. bis 7. Oktober 2026 pr\u00e4sentieren wir als Teil des \u201eVerb\u00e4nde+\u201c - Gemeinschaftsstands in Halle C1 unsere L\u00f6sungen f\u00fcr die pauschale Instandhaltung und Modernisierung von Wohnungsbest\u00e4nden.","robots":{"index":"index","follow":"follow","max-snippet":"max-snippet:-1","max-image-preview":"max-image-preview:large","max-video-preview":"max-video-preview:-1"},"canonical":"https:\/\/buo.de\/service\/exporeal\/","og_locale":"de_DE","og_type":"article","og_title":"B&amp;O Service auf der EXPO REAL 2026 in M\u00fcnchen -","og_description":"Treffen Sie B&O Service auf der EXPO REAL 2026 in M\u00fcnchen. Vom\u00a05. bis 7. Oktober 2026 pr\u00e4sentieren wir als Teil des \u201eVerb\u00e4nde+\u201c - Gemeinschaftsstands in Halle C1 unsere L\u00f6sungen f\u00fcr die pauschale Instandhaltung und Modernisierung von Wohnungsbest\u00e4nden.","og_url":"https:\/\/buo.de\/service\/exporeal\/","og_site_name":"B&amp;O Service","article_modified_time":"2026-09-01T08:13:25+00:00","og_image":[{"width":1920,"height":1281,"url":"https:\/\/buo.de\/service\/wp-content\/uploads\/sites\/6\/2026\/08\/malikstudio-buo-exporeal-2025-9606-1920x1281-1.webp","type":"image\/webp"}],"twitter_card":"summary_large_image","twitter_misc":{"Gesch\u00e4tzte Lesezeit":"2\u00a0Minuten"},"schema":{"@context":"https:\/\/schema.org","@graph":[{"@type":"WebPage","@id":"https:\/\/buo.de\/service\/exporeal\/","url":"https:\/\/buo.de\/service\/exporeal\/","name":"B&amp;O Service auf der EXPO REAL 2026 in M\u00fcnchen -","isPartOf":{"@id":"https:\/\/buo.de\/service\/#website"},"primaryImageOfPage":{"@id":"https:\/\/buo.de\/service\/exporeal\/#primaryimage"},"image":{"@id":"https:\/\/buo.de\/service\/exporeal\/#primaryimage"},"thumbnailUrl":"https:\/\/buo.de\/service\/wp-content\/uploads\/sites\/6\/2026\/08\/malikstudio-buo-exporeal-2025-9606-1920x1281-1.webp","datePublished":"2026-08-24T07:18:40+00:00","dateModified":"2026-09-01T08:13:25+00:00","description":"Treffen Sie B&O Service auf der EXPO REAL 2026 in M\u00fcnchen. Vom\u00a05. bis 7. Oktober 2026 pr\u00e4sentieren wir als Teil des \u201eVerb\u00e4nde+\u201c - Gemeinschaftsstands in Halle C1 unsere L\u00f6sungen f\u00fcr die pauschale Instandhaltung und Modernisierung von Wohnungsbest\u00e4nden.","breadcrumb":{"@id":"https:\/\/buo.de\/service\/exporeal\/#breadcrumb"},"inLanguage":"de","potentialAction":[{"@type":"ReadAction","target":["https:\/\/buo.de\/service\/exporeal\/"]}]},{"@type":"ImageObject","inLanguage":"de","@id":"https:\/\/buo.de\/service\/exporeal\/#primaryimage","url":"https:\/\/buo.de\/service\/wp-content\/uploads\/sites\/6\/2026\/08\/malikstudio-buo-exporeal-2025-9606-1920x1281-1.webp","contentUrl":"https:\/\/buo.de\/service\/wp-content\/uploads\/sites\/6\/2026\/08\/malikstudio-buo-exporeal-2025-9606-1920x1281-1.webp","width":1920,"height":1281,"caption":"B&O Service auf der Expo Real am Verb\u00e4nde+ Stand"},{"@type":"BreadcrumbList","@id":"https:\/\/buo.de\/service\/exporeal\/#breadcrumb","itemListElement":[{"@type":"ListItem","position":1,"name":"Start","item":"https:\/\/buo.de\/service\/"},{"@type":"ListItem","position":2,"name":"B&amp;O Service auf der EXPO REAL 2026 in M\u00fcnchen"}]},{"@type":"WebSite","@id":"https:\/\/buo.de\/service\/#website","url":"https:\/\/buo.de\/service\/","name":"B&amp;O Service","description":"","potentialAction":[{"@type":"SearchAction","target":{"@type":"EntryPoint","urlTemplate":"https:\/\/buo.de\/service\/?s={search_term_string}"},"query-input":{"@type":"PropertyValueSpecification","valueRequired":true,"valueName":"search_term_string"}}],"inLanguage":"de"}]}},"_links":{"self":[{"href":"https:\/\/buo.de\/service\/wp-json\/wp\/v2\/pages\/594","targetHints":{"allow":["GET"]}}],"collection":[{"href":"https:\/\/buo.de\/service\/wp-json\/wp\/v2\/pages"}],"about":[{"href":"https:\/\/buo.de\/service\/wp-json\/wp\/v2\/types\/page"}],"author":[{"embeddable":true,"href":"https:\/\/buo.de\/service\/wp-json\/wp\/v2\/users\/18"}],"replies":[{"embeddable":true,"href":"https:\/\/buo.de\/service\/wp-json\/wp\/v2\/comments?post=594"}],"version-history":[{"count":28,"href":"https:\/\/buo.de\/service\/wp-json\/wp\/v2\/pages\/594\/revisions"}],"predecessor-version":[{"id":1234,"href":"https:\/\/buo.de\/service\/wp-json\/wp\/v2\/pages\/594\/revisions\/1234"}],"wp:featuredmedia":[{"embeddable":true,"href":"https:\/\/buo.de\/service\/wp-json\/wp\/v2\/media\/214"}],"wp:attachment":[{"href":"https:\/\/buo.de\/service\/wp-json\/wp\/v2\/media?parent=594"}],"curies":[{"name":"wp","href":"https:\/\/api.w.org\/{rel}","templated":true}]}}